{"id":25217,"date":"2026-08-04T09:00:13","date_gmt":"2026-08-04T09:00:13","guid":{"rendered":"https:\/\/www.avg.eu\/?post_type=vacatures&#038;p=25217"},"modified":"2026-09-02T08:26:25","modified_gmt":"2026-09-02T08:26:25","slug":"maschinist-m-w-d-brecheranlage-siebanlage","status":"publish","type":"vacatures","link":"https:\/\/www.avg.eu\/de\/karriere\/maschinist-brecher-und-siebanlage-duisburg\/","title":{"rendered":"Maschinist (m\/w\/d) f\u00fcr Brecher- und Siebanlage"},"content":{"rendered":"\t\t<div data-elementor-type=\"wp-post\" data-elementor-id=\"25217\" class=\"elementor elementor-25217\" data-elementor-post-type=\"vacatures\">\n\t\t\t\t<div class=\"elementor-element elementor-element-82d1f05 e-con-full e-flex e-con e-parent\" data-id=\"82d1f05\" data-element_type=\"container\" data-e-type=\"container\" data-settings=\"{&quot;background_background&quot;:&quot;classic&quot;}\">\n\t\t<div class=\"elementor-element elementor-element-d672fed default-padding-left-right e-flex e-con-boxed e-con e-child\" data-id=\"d672fed\" data-element_type=\"container\" data-e-type=\"container\">\n\t\t\t\t\t<div class=\"e-con-inner\">\n\t\t<div class=\"elementor-element elementor-element-d092b70 e-con-full e-flex e-con e-child\" data-id=\"d092b70\" data-element_type=\"container\" data-e-type=\"container\">\n\t\t\t\t<div class=\"elementor-element elementor-element-cad619b font-size-4 elementor-widget elementor-widget-heading\" data-id=\"cad619b\" data-element_type=\"widget\" data-e-type=\"widget\" data-widget_type=\"heading.default\">\n\t\t\t\t\t<h2 class=\"elementor-heading-title elementor-size-default\">Maschinist (m\/w\/d) f\u00fcr Brecher- und Siebanlage<\/h2>\t\t\t\t<\/div>\n\t\t\t\t<div class=\"elementor-element elementor-element-d0b2eed white-text font-size-2 p-remove-bottom-margin elementor-widget elementor-widget-text-editor\" data-id=\"d0b2eed\" data-element_type=\"widget\" data-e-type=\"widget\" data-widget_type=\"text-editor.default\">\n\t\t\t\t\t\t\t\t\t<p>Du willst Maschinen bedienen, mit anpacken und Verantwortung \u00fcbernehmen? Werde Maschinist:in bei AVG\u00a0<\/p>\t\t\t\t\t\t\t\t<\/div>\n\t\t\t\t<\/div>\n\t\t<div class=\"elementor-element elementor-element-7755ced e-con-full e-flex e-con e-child\" data-id=\"7755ced\" data-element_type=\"container\" data-e-type=\"container\">\n\t\t<div class=\"elementor-element elementor-element-0242314 e-con-full e-flex e-con e-child\" data-id=\"0242314\" data-element_type=\"container\" data-e-type=\"container\" data-settings=\"{&quot;background_background&quot;:&quot;classic&quot;}\">\n\t\t\t\t<div class=\"elementor-element elementor-element-a80473b font-size-3 elementor-widget elementor-widget-heading\" data-id=\"a80473b\" data-element_type=\"widget\" data-e-type=\"widget\" data-widget_type=\"heading.default\">\n\t\t\t\t\t<h3 class=\"elementor-heading-title elementor-size-default\">Hast Du Fragen?<\/h3>\t\t\t\t<\/div>\n\t\t<div class=\"elementor-element elementor-element-6685139 e-flex e-con-boxed e-con e-child\" data-id=\"6685139\" data-element_type=\"container\" data-e-type=\"container\">\n\t\t\t\t\t<div class=\"e-con-inner\">\n\t\t\t\t<div class=\"elementor-element elementor-element-7ae5496 elementor-widget elementor-widget-image\" data-id=\"7ae5496\" data-element_type=\"widget\" data-e-type=\"widget\" data-widget_type=\"image.default\">\n\t\t\t\t\t\t\t\t\t\t\t\t\t\t\t<img decoding=\"async\" width=\"85\" height=\"64\" src=\"https:\/\/www.avg.eu\/wp-content\/uploads\/2025\/06\/Lisa-contactblok-1.png\" class=\"attachment-large size-large wp-image-16572\" alt=\"\" \/>\t\t\t\t\t\t\t\t\t\t\t\t\t\t\t<\/div>\n\t\t\t\t<div class=\"elementor-element elementor-element-2762007 white-text p-remove-bottom-margin elementor-widget elementor-widget-text-editor\" data-id=\"2762007\" data-element_type=\"widget\" data-e-type=\"widget\" data-widget_type=\"text-editor.default\">\n\t\t\t\t\t\t\t\t\t<p>Lisa-Marie Cox<br \/><a href=\"tel:+49(0)2065774728\">+49(0)2065-774728<\/a><br \/><a href=\"mailto:bewerbungen@avg.eu\">bewerbungen@avg.eu<\/a><\/p>\t\t\t\t\t\t\t\t<\/div>\n\t\t\t\t\t<\/div>\n\t\t\t\t<\/div>\n\t\t\t\t<\/div>\n\t\t\t\t<\/div>\n\t\t\t\t\t<\/div>\n\t\t\t\t<\/div>\n\t\t\t\t<\/div>\n\t\t<div class=\"elementor-element elementor-element-3f9b38c e-con-full e-flex e-con e-parent\" data-id=\"3f9b38c\" data-element_type=\"container\" data-e-type=\"container\" data-settings=\"{&quot;background_background&quot;:&quot;classic&quot;}\">\n\t\t\t\t<\/div>\n\t\t<div class=\"elementor-element elementor-element-1ebbbc6 default-padding-left-right margin-top-6 margin-bottom-6 e-flex e-con-boxed e-con e-parent\" data-id=\"1ebbbc6\" data-element_type=\"container\" data-e-type=\"container\">\n\t\t\t\t\t<div class=\"e-con-inner\">\n\t\t<div class=\"elementor-element elementor-element-e4fa22a e-con-full e-flex e-con e-child\" data-id=\"e4fa22a\" data-element_type=\"container\" data-e-type=\"container\">\n\t\t\t\t<div class=\"elementor-element elementor-element-e718ec3 font-size-4 margin-bottom-1 elementor-widget elementor-widget-heading\" data-id=\"e718ec3\" data-element_type=\"widget\" data-e-type=\"widget\" data-widget_type=\"heading.default\">\n\t\t\t\t\t<h1 class=\"elementor-heading-title elementor-size-default\">Werde Maschinist (m\/w\/d) f\u00fcr Brecher- und Siebanlage bei AVG<\/h1>\t\t\t\t<\/div>\n\t\t\t\t<div class=\"elementor-element elementor-element-8729ab0 elementor-widget elementor-widget-text-editor\" data-id=\"8729ab0\" data-element_type=\"widget\" data-e-type=\"widget\" data-widget_type=\"text-editor.default\">\n\t\t\t\t\t\t\t\t\t<p><strong> Hast Du das Fingerspitzengef\u00fchl f\u00fcr gro\u00dfe Maschinen und ein H\u00e4ndchen f\u00fcr Technik? Wir suchen Verst\u00e4rkung f\u00fcr unseren Standort in Duisburg. Bei uns erwartet Dich ein abwechslungsreicher Alltag zwischen der Beschickung von Anlagen und der Wartung der Ger\u00e4te. Werde Teil eines motivierten Teams, das Zuverl\u00e4ssigkeit sch\u00e4tzt und gemeinsam anpackt.<\/strong><\/p><p><strong>Deine Aufgaben<\/strong><\/p><ul><li>Bedienen von Radlader und anderen standortbezogenen Ger\u00e4ten<\/li><li>Beladung von Fahrzeugen sowie Beschickung der Brecher- und Siebanlage<\/li><li>Durchf\u00fchrung von Reinigungs-, Reparatur- und Wartungsarbeiten<\/li><li>Fahrzeugpflege und kleine Reparaturarbeiten<\/li><li>Kontrolle, Reinigung und Pflege des Lagerplatzes<\/li><li>Einhaltung und Kontrolle der Getrennthaltung von Abfallarten<\/li><\/ul><p><strong>Dein Profil<\/strong><\/p><ul><li>Erfahrung im Umgang mit Radlader und anderen Maschinen<\/li><li>Technisches Verst\u00e4ndnis\u00a0und handwerkliches Geschick f\u00fcr Reparatur- und Wartungsarbeiten<\/li><li>Hohes Ma\u00df an Einsatzbereitschaft, Teamf\u00e4higkeit, Flexibilit\u00e4t<\/li><li>Zuverl\u00e4ssige, verantwortungsbewusste und selbstst\u00e4ndige Arbeitsweise<\/li><li>F\u00fchrerschein Kl. B (alt 3) \u2013 w\u00fcnschenswert, nicht zwingend erforderlich<\/li><\/ul>\t\t\t\t\t\t\t\t<\/div>\n\t\t\t\t<\/div>\n\t\t<div class=\"elementor-element elementor-element-c3b26b4 e-con-full e-flex e-con e-child\" data-id=\"c3b26b4\" data-element_type=\"container\" data-e-type=\"container\">\n\t\t\t\t<div class=\"elementor-element elementor-element-91d11ba font-size-2 margin-bottom-1 elementor-widget elementor-widget-heading\" data-id=\"91d11ba\" data-element_type=\"widget\" data-e-type=\"widget\" data-widget_type=\"heading.default\">\n\t\t\t\t\t<h2 class=\"elementor-heading-title elementor-size-default\">Eigenschaften<\/h2>\t\t\t\t<\/div>\n\t\t<div class=\"elementor-element elementor-element-f7a4614 e-flex e-con-boxed e-con e-child\" data-id=\"f7a4614\" data-element_type=\"container\" data-e-type=\"container\">\n\t\t\t\t\t<div class=\"e-con-inner\">\n\t\t\t\t<div class=\"elementor-element elementor-element-de457d7 elementor-widget elementor-widget-image\" data-id=\"de457d7\" data-element_type=\"widget\" data-e-type=\"widget\" data-widget_type=\"image.default\">\n\t\t\t\t\t\t\t\t\t\t\t\t\t\t\t<img fetchpriority=\"high\" decoding=\"async\" width=\"1024\" height=\"1024\" src=\"https:\/\/www.avg.eu\/wp-content\/uploads\/2023\/05\/recycling-icon-orange.svg\" class=\"attachment-large size-large wp-image-5692\" alt=\"\" \/>\t\t\t\t\t\t\t\t\t\t\t\t\t\t\t<\/div>\n\t\t\t\t<div class=\"elementor-element elementor-element-0d04144 font-color-1 font-size-1 elementor-widget elementor-widget-heading\" data-id=\"0d04144\" data-element_type=\"widget\" data-e-type=\"widget\" data-widget_type=\"heading.default\">\n\t\t\t\t\t<h5 class=\"elementor-heading-title elementor-size-default\"><a href=\"https:\/\/www.avg.eu\/de\/recycling\/\">Recycling<\/a><\/h5>\t\t\t\t<\/div>\n\t\t\t\t\t<\/div>\n\t\t\t\t<\/div>\n\t\t\t\t<div class=\"elementor-element elementor-element-865463c p-remove-bottom-margin elementor-widget elementor-widget-text-editor\" data-id=\"865463c\" data-element_type=\"widget\" data-e-type=\"widget\" data-widget_type=\"text-editor.default\">\n\t\t\t\t\t\t\t\t\t<p><strong>Standort<br \/><\/strong>Duisburg, Deutschland<br \/><a href=\"https:\/\/maps.app.goo.gl\/d7acnbNVr2vzsgUK8\">Mausegatt 40<\/a><\/p>\t\t\t\t\t\t\t\t<\/div>\n\t\t\t\t<div class=\"elementor-element elementor-element-77d2314 p-remove-bottom-margin elementor-widget elementor-widget-text-editor\" data-id=\"77d2314\" data-element_type=\"widget\" data-e-type=\"widget\" data-widget_type=\"text-editor.default\">\n\t\t\t\t\t\t\t\t\t<p><strong>Ab wann?<\/strong><br \/>ab sofort<\/p>\t\t\t\t\t\t\t\t<\/div>\n\t\t\t\t<div class=\"elementor-element elementor-element-74d09f0 p-remove-bottom-margin elementor-widget elementor-widget-text-editor\" data-id=\"74d09f0\" data-element_type=\"widget\" data-e-type=\"widget\" data-widget_type=\"text-editor.default\">\n\t\t\t\t\t\t\t\t\t<p><strong>Positionsbezeichnung<\/strong><br \/>Maschinist:in<\/p>\t\t\t\t\t\t\t\t<\/div>\n\t\t\t\t<div class=\"elementor-element elementor-element-4e4fa6a elementor-widget elementor-widget-text-editor\" data-id=\"4e4fa6a\" data-element_type=\"widget\" data-e-type=\"widget\" data-widget_type=\"text-editor.default\">\n\t\t\t\t\t\t\t\t\t<p><span class=\"notion-enable-hover\" data-token-index=\"0\"><strong>Interesse?<\/strong><br \/><\/span>Sch\u00f6n! Wir freuen uns auf Deine Bewerbung!<br \/>Nutze einfach unser Formular oder schicke Deine Bewerbung an <a href=\"mailto:bewerbungen@avg.eu\">bewerbungen@avg.eu<\/a><\/p>\t\t\t\t\t\t\t\t<\/div>\n\t\t\t\t<div class=\"elementor-element elementor-element-4bf6f67 elementor-widget elementor-widget-button\" data-id=\"4bf6f67\" data-element_type=\"widget\" data-e-type=\"widget\" data-widget_type=\"button.default\">\n\t\t\t\t\t\t\t\t\t\t<a class=\"elementor-button elementor-button-link elementor-size-sm\" href=\"https:\/\/www.avg.eu\/de\/formular\/maschinist-brecher-und-siebanlage-duisburg\/\">\n\t\t\t\t\t\t<span class=\"elementor-button-content-wrapper\">\n\t\t\t\t\t\t\t\t\t<span class=\"elementor-button-text\">Jetzt bewerben<\/span>\n\t\t\t\t\t<\/span>\n\t\t\t\t\t<\/a>\n\t\t\t\t\t\t\t\t<\/div>\n\t\t\t\t<\/div>\n\t\t\t\t\t<\/div>\n\t\t\t\t<\/div>\n\t\t<div class=\"elementor-element elementor-element-f4e4d39 e-flex e-con-boxed elementor-invisible e-con e-parent\" data-id=\"f4e4d39\" data-element_type=\"container\" data-e-type=\"container\" data-settings=\"{&quot;background_background&quot;:&quot;classic&quot;,&quot;animation&quot;:&quot;fadeInUp&quot;}\">\n\t\t\t\t\t<div class=\"e-con-inner\">\n\t\t\t\t\t<\/div>\n\t\t\t\t<\/div>\n\t\t<div class=\"elementor-element elementor-element-2c9ca7f default-padding-left-right padding-top-6 padding-bottom-6 e-flex e-con-boxed e-con e-parent\" data-id=\"2c9ca7f\" data-element_type=\"container\" data-e-type=\"container\" data-settings=\"{&quot;background_background&quot;:&quot;classic&quot;}\">\n\t\t\t\t\t<div class=\"e-con-inner\">\n\t\t<div class=\"elementor-element elementor-element-0b92261 e-con-full e-flex elementor-invisible e-con e-child\" data-id=\"0b92261\" data-element_type=\"container\" data-e-type=\"container\" data-settings=\"{&quot;animation&quot;:&quot;fadeInUp&quot;}\">\n\t\t\t\t<div class=\"elementor-element elementor-element-e2934d8 aspect-ratio-1-img elementor-widget elementor-widget-image\" data-id=\"e2934d8\" data-element_type=\"widget\" data-e-type=\"widget\" data-widget_type=\"image.default\">\n\t\t\t\t\t\t\t\t\t\t\t\t\t\t\t<img decoding=\"async\" width=\"1024\" height=\"683\" src=\"https:\/\/www.avg.eu\/wp-content\/uploads\/2026\/01\/Maschinist_AVG_Duisburg_Radlader_Gerat_Fahrzeug-1024x683.jpg\" class=\"attachment-large size-large wp-image-25220\" alt=\"\" srcset=\"https:\/\/www.avg.eu\/wp-content\/uploads\/2026\/01\/Maschinist_AVG_Duisburg_Radlader_Gerat_Fahrzeug-1024x683.jpg 1024w, https:\/\/www.avg.eu\/wp-content\/uploads\/2026\/01\/Maschinist_AVG_Duisburg_Radlader_Gerat_Fahrzeug-300x200.jpg 300w, https:\/\/www.avg.eu\/wp-content\/uploads\/2026\/01\/Maschinist_AVG_Duisburg_Radlader_Gerat_Fahrzeug-768x512.jpg 768w, https:\/\/www.avg.eu\/wp-content\/uploads\/2026\/01\/Maschinist_AVG_Duisburg_Radlader_Gerat_Fahrzeug-1536x1024.jpg 1536w, https:\/\/www.avg.eu\/wp-content\/uploads\/2026\/01\/Maschinist_AVG_Duisburg_Radlader_Gerat_Fahrzeug-2048x1365.jpg 2048w\" sizes=\"(max-width: 1024px) 100vw, 1024px\" \/>\t\t\t\t\t\t\t\t\t\t\t\t\t\t\t<\/div>\n\t\t\t\t<\/div>\n\t\t<div class=\"elementor-element elementor-element-8bd83cc e-con-full e-flex elementor-invisible e-con e-child\" data-id=\"8bd83cc\" data-element_type=\"container\" data-e-type=\"container\" data-settings=\"{&quot;animation&quot;:&quot;fadeInUp&quot;}\">\n\t\t\t\t<div class=\"elementor-element elementor-element-7c290c2 font-size-4 margin-bottom-1 elementor-widget elementor-widget-heading\" data-id=\"7c290c2\" data-element_type=\"widget\" data-e-type=\"widget\" data-widget_type=\"heading.default\">\n\t\t\t\t\t<h2 class=\"elementor-heading-title elementor-size-default\">Deine Vorteile bei AVG<\/h2>\t\t\t\t<\/div>\n\t\t<div class=\"elementor-element elementor-element-f596e63 e-con-full e-flex e-con e-child\" data-id=\"f596e63\" data-element_type=\"container\" data-e-type=\"container\">\n\t\t\t\t<div class=\"elementor-element elementor-element-fb30d3b elementor-widget elementor-widget-image\" data-id=\"fb30d3b\" data-element_type=\"widget\" data-e-type=\"widget\" data-widget_type=\"image.default\">\n\t\t\t\t\t\t\t\t\t\t\t\t\t\t\t<img loading=\"lazy\" decoding=\"async\" width=\"875\" height=\"1024\" src=\"https:\/\/www.avg.eu\/wp-content\/uploads\/2026\/05\/checkmark-avg.svg\" class=\"attachment-large size-large wp-image-26574\" alt=\"\" \/>\t\t\t\t\t\t\t\t\t\t\t\t\t\t\t<\/div>\n\t\t<div class=\"elementor-element elementor-element-53be6a9 e-con-full e-flex e-con e-child\" data-id=\"53be6a9\" data-element_type=\"container\" data-e-type=\"container\">\n\t\t\t\t<div class=\"elementor-element elementor-element-2513959 elementor-widget elementor-widget-heading\" data-id=\"2513959\" data-element_type=\"widget\" data-e-type=\"widget\" data-widget_type=\"heading.default\">\n\t\t\t\t\t<h2 class=\"elementor-heading-title elementor-size-default\">Attraktive Verg\u00fctung <\/h2>\t\t\t\t<\/div>\n\t\t\t\t<div class=\"elementor-element elementor-element-ea0fcff p-remove-bottom-margin elementor-widget elementor-widget-text-editor\" data-id=\"ea0fcff\" data-element_type=\"widget\" data-e-type=\"widget\" data-widget_type=\"text-editor.default\">\n\t\t\t\t\t\t\t\t\t<p>Leistungsgerechtes Gehalt inkl. \u00dcberstundenausgleich &amp; Urlaubsgeld (96 %).<\/p>\t\t\t\t\t\t\t\t<\/div>\n\t\t\t\t<\/div>\n\t\t\t\t<\/div>\n\t\t<div class=\"elementor-element elementor-element-734ab95 e-con-full e-flex e-con e-child\" data-id=\"734ab95\" data-element_type=\"container\" data-e-type=\"container\">\n\t\t\t\t<div class=\"elementor-element elementor-element-2ca73b9 elementor-widget elementor-widget-image\" data-id=\"2ca73b9\" data-element_type=\"widget\" data-e-type=\"widget\" data-widget_type=\"image.default\">\n\t\t\t\t\t\t\t\t\t\t\t\t\t\t\t<img loading=\"lazy\" decoding=\"async\" width=\"875\" height=\"1024\" src=\"https:\/\/www.avg.eu\/wp-content\/uploads\/2026\/05\/checkmark-avg.svg\" class=\"attachment-large size-large wp-image-26574\" alt=\"\" \/>\t\t\t\t\t\t\t\t\t\t\t\t\t\t\t<\/div>\n\t\t<div class=\"elementor-element elementor-element-256ab19 e-con-full e-flex e-con e-child\" data-id=\"256ab19\" data-element_type=\"container\" data-e-type=\"container\">\n\t\t\t\t<div class=\"elementor-element elementor-element-0bc707e elementor-widget elementor-widget-heading\" data-id=\"0bc707e\" data-element_type=\"widget\" data-e-type=\"widget\" data-widget_type=\"heading.default\">\n\t\t\t\t\t<h2 class=\"elementor-heading-title elementor-size-default\">Ideale Ausstattung <\/h2>\t\t\t\t<\/div>\n\t\t\t\t<div class=\"elementor-element elementor-element-d5b70e5 p-remove-bottom-margin elementor-widget elementor-widget-text-editor\" data-id=\"d5b70e5\" data-element_type=\"widget\" data-e-type=\"widget\" data-widget_type=\"text-editor.default\">\n\t\t\t\t\t\t\t\t\t<p>Arbeitskleidung, moderne Maschinen und Equipment.<\/p>\t\t\t\t\t\t\t\t<\/div>\n\t\t\t\t<\/div>\n\t\t\t\t<\/div>\n\t\t<div class=\"elementor-element elementor-element-8330f09 e-con-full e-flex e-con e-child\" data-id=\"8330f09\" data-element_type=\"container\" data-e-type=\"container\">\n\t\t\t\t<div class=\"elementor-element elementor-element-f4c04f9 elementor-widget elementor-widget-image\" data-id=\"f4c04f9\" data-element_type=\"widget\" data-e-type=\"widget\" data-widget_type=\"image.default\">\n\t\t\t\t\t\t\t\t\t\t\t\t\t\t\t<img loading=\"lazy\" decoding=\"async\" width=\"875\" height=\"1024\" src=\"https:\/\/www.avg.eu\/wp-content\/uploads\/2026\/05\/checkmark-avg.svg\" class=\"attachment-large size-large wp-image-26574\" alt=\"\" \/>\t\t\t\t\t\t\t\t\t\t\t\t\t\t\t<\/div>\n\t\t<div class=\"elementor-element elementor-element-963f4d6 e-con-full e-flex e-con e-child\" data-id=\"963f4d6\" data-element_type=\"container\" data-e-type=\"container\">\n\t\t\t\t<div class=\"elementor-element elementor-element-67ef3d7 elementor-widget elementor-widget-heading\" data-id=\"67ef3d7\" data-element_type=\"widget\" data-e-type=\"widget\" data-widget_type=\"heading.default\">\n\t\t\t\t\t<h2 class=\"elementor-heading-title elementor-size-default\">Zukunft absichern <\/h2>\t\t\t\t<\/div>\n\t\t\t\t<div class=\"elementor-element elementor-element-678dc51 p-remove-bottom-margin elementor-widget elementor-widget-text-editor\" data-id=\"678dc51\" data-element_type=\"widget\" data-e-type=\"widget\" data-widget_type=\"text-editor.default\">\n\t\t\t\t\t\t\t\t\t<p>Betriebliche Altersvorsorge &amp; Zuschuss zu verm\u00f6genswirksamen Leistungen.<\/p>\t\t\t\t\t\t\t\t<\/div>\n\t\t\t\t<\/div>\n\t\t\t\t<\/div>\n\t\t<div class=\"elementor-element elementor-element-7828fba e-con-full e-flex e-con e-child\" data-id=\"7828fba\" data-element_type=\"container\" data-e-type=\"container\">\n\t\t\t\t<div class=\"elementor-element elementor-element-3c9da8e elementor-widget elementor-widget-image\" data-id=\"3c9da8e\" data-element_type=\"widget\" data-e-type=\"widget\" data-widget_type=\"image.default\">\n\t\t\t\t\t\t\t\t\t\t\t\t\t\t\t<img loading=\"lazy\" decoding=\"async\" width=\"875\" height=\"1024\" src=\"https:\/\/www.avg.eu\/wp-content\/uploads\/2026\/05\/checkmark-avg.svg\" class=\"attachment-large size-large wp-image-26574\" alt=\"\" \/>\t\t\t\t\t\t\t\t\t\t\t\t\t\t\t<\/div>\n\t\t<div class=\"elementor-element elementor-element-45da46c e-con-full e-flex e-con e-child\" data-id=\"45da46c\" data-element_type=\"container\" data-e-type=\"container\">\n\t\t\t\t<div class=\"elementor-element elementor-element-9bab872 elementor-widget elementor-widget-heading\" data-id=\"9bab872\" data-element_type=\"widget\" data-e-type=\"widget\" data-widget_type=\"heading.default\">\n\t\t\t\t\t<h2 class=\"elementor-heading-title elementor-size-default\">Weiterentwicklung<\/h2>\t\t\t\t<\/div>\n\t\t\t\t<div class=\"elementor-element elementor-element-5599dff p-remove-bottom-margin elementor-widget elementor-widget-text-editor\" data-id=\"5599dff\" data-element_type=\"widget\" data-e-type=\"widget\" data-widget_type=\"text-editor.default\">\n\t\t\t\t\t\t\t\t\t<p>Individuelle Weiterbildungsm\u00f6glichkeiten &amp; Perspektiven.<\/p>\t\t\t\t\t\t\t\t<\/div>\n\t\t\t\t<\/div>\n\t\t\t\t<\/div>\n\t\t<div class=\"elementor-element elementor-element-7a54682 e-con-full e-flex e-con e-child\" data-id=\"7a54682\" data-element_type=\"container\" data-e-type=\"container\">\n\t\t\t\t<div class=\"elementor-element elementor-element-2ca5386 elementor-widget elementor-widget-image\" data-id=\"2ca5386\" data-element_type=\"widget\" data-e-type=\"widget\" data-widget_type=\"image.default\">\n\t\t\t\t\t\t\t\t\t\t\t\t\t\t\t<img loading=\"lazy\" decoding=\"async\" width=\"875\" height=\"1024\" src=\"https:\/\/www.avg.eu\/wp-content\/uploads\/2026\/05\/checkmark-avg.svg\" class=\"attachment-large size-large wp-image-26574\" alt=\"\" \/>\t\t\t\t\t\t\t\t\t\t\t\t\t\t\t<\/div>\n\t\t<div class=\"elementor-element elementor-element-2499472 e-con-full e-flex e-con e-child\" data-id=\"2499472\" data-element_type=\"container\" data-e-type=\"container\">\n\t\t\t\t<div class=\"elementor-element elementor-element-33e0e79 elementor-widget elementor-widget-heading\" data-id=\"33e0e79\" data-element_type=\"widget\" data-e-type=\"widget\" data-widget_type=\"heading.default\">\n\t\t\t\t\t<h2 class=\"elementor-heading-title elementor-size-default\">Weitere Extras f\u00fcr Dich <\/h2>\t\t\t\t<\/div>\n\t\t\t\t<div class=\"elementor-element elementor-element-6ee0a69 p-remove-bottom-margin elementor-widget elementor-widget-text-editor\" data-id=\"6ee0a69\" data-element_type=\"widget\" data-e-type=\"widget\" data-widget_type=\"text-editor.default\">\n\t\t\t\t\t\t\t\t\t<p>30 Tage Urlaub, Gruppenunfallversicherung, Jobrad, Mitarbeiterevents &amp; Mitarbeiter-werben-Mitarbeiter-Programm.<\/p>\t\t\t\t\t\t\t\t<\/div>\n\t\t\t\t<\/div>\n\t\t\t\t<\/div>\n\t\t<div class=\"elementor-element elementor-element-713575f e-con-full e-flex e-con e-child\" data-id=\"713575f\" data-element_type=\"container\" data-e-type=\"container\">\n\t\t<div class=\"elementor-element elementor-element-9c08226 e-con-full e-flex e-con e-child\" data-id=\"9c08226\" data-element_type=\"container\" data-e-type=\"container\">\n\t\t\t\t<div class=\"elementor-element elementor-element-a9a69c4 elementor-widget elementor-widget-image\" data-id=\"a9a69c4\" data-element_type=\"widget\" data-e-type=\"widget\" data-widget_type=\"image.default\">\n\t\t\t\t\t\t\t\t\t\t\t\t\t\t\t<img loading=\"lazy\" decoding=\"async\" width=\"875\" height=\"1024\" src=\"https:\/\/www.avg.eu\/wp-content\/uploads\/2026\/05\/checkmark-avg.svg\" class=\"attachment-large size-large wp-image-26574\" alt=\"\" \/>\t\t\t\t\t\t\t\t\t\t\t\t\t\t\t<\/div>\n\t\t<div class=\"elementor-element elementor-element-b8e7d34 e-con-full e-flex e-con e-child\" data-id=\"b8e7d34\" data-element_type=\"container\" data-e-type=\"container\">\n\t\t\t\t<div class=\"elementor-element elementor-element-3cae048 elementor-widget elementor-widget-heading\" data-id=\"3cae048\" data-element_type=\"widget\" data-e-type=\"widget\" data-widget_type=\"heading.default\">\n\t\t\t\t\t<h2 class=\"elementor-heading-title elementor-size-default\">Famili\u00e4re Unternehmenskultur <\/h2>\t\t\t\t<\/div>\n\t\t\t\t<div class=\"elementor-element elementor-element-d129285 p-remove-bottom-margin elementor-widget elementor-widget-text-editor\" data-id=\"d129285\" data-element_type=\"widget\" data-e-type=\"widget\" data-widget_type=\"text-editor.default\">\n\t\t\t\t\t\t\t\t\t<p>Du-Kultur in einem mittelst\u00e4ndischen deutsch-niederl\u00e4ndischen Familienunternehmen.<\/p>\t\t\t\t\t\t\t\t<\/div>\n\t\t\t\t<\/div>\n\t\t\t\t<\/div>\n\t\t\t\t<\/div>\n\t\t\t\t<\/div>\n\t\t\t\t\t<\/div>\n\t\t\t\t<\/div>\n\t\t<div class=\"elementor-element elementor-element-56c72ca default-padding-left-right margin-top-6 padding-bottom-6 e-flex e-con-boxed elementor-invisible e-con e-parent\" data-id=\"56c72ca\" data-element_type=\"container\" data-e-type=\"container\" data-settings=\"{&quot;animation&quot;:&quot;fadeInUp&quot;}\">\n\t\t\t\t\t<div class=\"e-con-inner\">\n\t\t<div class=\"elementor-element elementor-element-e5ad964 e-con-full e-flex e-con e-child\" data-id=\"e5ad964\" data-element_type=\"container\" data-e-type=\"container\">\n\t\t\t\t<div class=\"elementor-element elementor-element-c16d6ae font-size-4 margin-bottom-2 elementor-widget elementor-widget-heading\" data-id=\"c16d6ae\" data-element_type=\"widget\" data-e-type=\"widget\" data-widget_type=\"heading.default\">\n\t\t\t\t\t<h2 class=\"elementor-heading-title elementor-size-default\">Arbeiten bei AVG<\/h2>\t\t\t\t<\/div>\n\t\t\t\t<div class=\"elementor-element elementor-element-d6dde7e p-remove-bottom-margin margin-bottom-3 elementor-widget elementor-widget-text-editor\" data-id=\"d6dde7e\" data-element_type=\"widget\" data-e-type=\"widget\" data-widget_type=\"text-editor.default\">\n\t\t\t\t\t\t\t\t\t<p data-pm-slice=\"1 1 []\"><strong>Familiengef\u00fchl<\/strong>. So beschreiben uns sowohl deutsche als auch niederl\u00e4ndische Kolleginnen und Kollegen. Unseren Gesch\u00e4ftsf\u00fchrer nennt man einfach Ramon, bei Betriebsfeiern ist die Familie immer willkommen und Kolleginnen und Kollegen stehen einander mit offenem Ohr und helfender Hand zur Seite.\u00a0 Ob bei einer Deadline im Job oder einem Umzug zu Hause: Bei uns findest Du Kolleginnen und Kollegen, auf die Du bauen kannst.<\/p><p>Seit 1920 bauen wir Lebens- und Arbeitsr\u00e4ume und sorgen f\u00fcr Mobilit\u00e4t. Von der Pferdekutsche bis hin zu einem modernen Fuhrpark mit rund 70 LKWs und \u00fcber 300 Mitarbeitern. Wir sind in Deutschland und den Niederlanden vertreten, u. a. in Gennep, Kaatsheuvel, Goch, Rheinberg, Duisburg, Werl und Beckum.<\/p><p>Unsere St\u00e4rke liegt in unserer Vielfalt: AVG Beton, AVG Recycling, AVG Logistik, AVG Tiefbau, AVG Baustoffe und AVG Explosieven Opsporing<span style=\"font-style: inherit; font-weight: inherit;\">. Zusammen bilden wir die AVG-Gruppe, eine Unternehmensfamilie, auf die Sie sich verlassen k\u00f6nnen, genau wie Ihre Kollegen.<\/span><\/p>\t\t\t\t\t\t\t\t<\/div>\n\t\t\t\t<div class=\"elementor-element elementor-element-efff01f elementor-widget elementor-widget-button\" data-id=\"efff01f\" data-element_type=\"widget\" data-e-type=\"widget\" data-widget_type=\"button.default\">\n\t\t\t\t\t\t\t\t\t\t<a class=\"elementor-button elementor-button-link elementor-size-sm\" href=\"https:\/\/www.avg.eu\/de\/formular\/maschinist-holzaufbereitungsanlage\/\">\n\t\t\t\t\t\t<span class=\"elementor-button-content-wrapper\">\n\t\t\t\t\t\t\t\t\t<span class=\"elementor-button-text\">Teil des Teams werden<\/span>\n\t\t\t\t\t<\/span>\n\t\t\t\t\t<\/a>\n\t\t\t\t\t\t\t\t<\/div>\n\t\t\t\t<\/div>\n\t\t<div class=\"elementor-element elementor-element-be02fb0 e-con-full e-flex e-con e-child\" data-id=\"be02fb0\" data-element_type=\"container\" data-e-type=\"container\" data-settings=\"{&quot;background_background&quot;:&quot;classic&quot;}\">\n\t\t<div class=\"elementor-element elementor-element-568ac00 e-flex e-con-boxed e-con e-child\" data-id=\"568ac00\" data-element_type=\"container\" data-e-type=\"container\" data-settings=\"{&quot;background_background&quot;:&quot;classic&quot;}\">\n\t\t\t\t\t<div class=\"e-con-inner\">\n\t\t\t\t<div class=\"elementor-element elementor-element-ad0b508 aspect-ratio-2-img elementor-widget elementor-widget-image\" data-id=\"ad0b508\" data-element_type=\"widget\" data-e-type=\"widget\" data-widget_type=\"image.default\">\n\t\t\t\t\t\t\t\t\t\t\t\t\t\t\t<img loading=\"lazy\" decoding=\"async\" width=\"1024\" height=\"683\" src=\"https:\/\/www.avg.eu\/wp-content\/uploads\/2024\/05\/laden_02-1024x683.jpg\" class=\"attachment-large size-large wp-image-3065\" alt=\"\" srcset=\"https:\/\/www.avg.eu\/wp-content\/uploads\/2024\/05\/laden_02-1024x683.jpg 1024w, https:\/\/www.avg.eu\/wp-content\/uploads\/2024\/05\/laden_02-300x200.jpg 300w, https:\/\/www.avg.eu\/wp-content\/uploads\/2024\/05\/laden_02-768x512.jpg 768w, https:\/\/www.avg.eu\/wp-content\/uploads\/2024\/05\/laden_02-1536x1025.jpg 1536w, https:\/\/www.avg.eu\/wp-content\/uploads\/2024\/05\/laden_02.jpg 1920w\" sizes=\"(max-width: 1024px) 100vw, 1024px\" \/>\t\t\t\t\t\t\t\t\t\t\t\t\t\t\t<\/div>\n\t\t\t\t\t<\/div>\n\t\t\t\t<\/div>\n\t\t\t\t<\/div>\n\t\t\t\t\t<\/div>\n\t\t\t\t<\/div>\n\t\t\t\t<\/div>\n\t\t","protected":false},"excerpt":{"rendered":"<p>Hast Du das Fingerspitzengef\u00fchl f\u00fcr gro\u00dfe Maschinen und ein H\u00e4ndchen f\u00fcr Technik? Wir suchen Verst\u00e4rkung f\u00fcr unseren Standort in Duisburg. Bei uns erwartet Dich ein abwechslungsreicher Alltag zwischen der Beschickung von Anlagen und der Wartung der Ger\u00e4te. Werde Teil eines motivierten Teams, das Zuverl\u00e4ssigkeit sch\u00e4tzt und gemeinsam anpackt.<\/p>\n","protected":false},"featured_media":25219,"template":"elementor_header_footer","meta":{"_acf_changed":false,"inline_featured_image":false,"site-sidebar-layout":"no-sidebar","site-content-layout":"page-builder","ast-site-content-layout":"full-width-container","site-content-style":"unboxed","site-sidebar-style":"unboxed","ast-global-header-display":"","ast-banner-title-visibility":"","ast-main-header-display":"","ast-hfb-above-header-display":"","ast-hfb-below-header-display":"","ast-hfb-mobile-header-display":"","site-post-title":"","ast-breadcrumbs-content":"","ast-featured-img":"disabled","footer-sml-layout":"","ast-disable-related-posts":"","theme-transparent-header-meta":"default","adv-header-id-meta":"","stick-header-meta":"","header-above-stick-meta":"","header-main-stick-meta":"","header-below-stick-meta":"","astra-migrate-meta-layouts":"set","ast-page-background-enabled":"default","ast-page-background-meta":{"desktop":{"background-color":"var(--ast-global-color-4)","background-image":"","background-repeat":"repeat","background-position":"center center","background-size":"auto","background-attachment":"scroll","background-type":"","background-media":"","overlay-type":"","overlay-color":"","overlay-opacity":"","overlay-gradient":""},"tablet":{"background-color":"","background-image":"","background-repeat":"repeat","background-position":"center center","background-size":"auto","background-attachment":"scroll","background-type":"","background-media":"","overlay-type":"","overlay-color":"","overlay-opacity":"","overlay-gradient":""},"mobile":{"background-color":"","background-image":"","background-repeat":"repeat","background-position":"center center","background-size":"auto","background-attachment":"scroll","background-type":"","background-media":"","overlay-type":"","overlay-color":"","overlay-opacity":"","overlay-gradient":""}},"ast-content-background-meta":{"desktop":{"background-color":"var(--ast-global-color-5)","background-image":"","background-repeat":"repeat","background-position":"center center","background-size":"auto","background-attachment":"scroll","background-type":"","background-media":"","overlay-type":"","overlay-color":"","overlay-opacity":"","overlay-gradient":""},"tablet":{"background-color":"var(--ast-global-color-5)","background-image":"","background-repeat":"repeat","background-position":"center center","background-size":"auto","background-attachment":"scroll","background-type":"","background-media":"","overlay-type":"","overlay-color":"","overlay-opacity":"","overlay-gradient":""},"mobile":{"background-color":"var(--ast-global-color-5)","background-image":"","background-repeat":"repeat","background-position":"center center","background-size":"auto","background-attachment":"scroll","background-type":"","background-media":"","overlay-type":"","overlay-color":"","overlay-opacity":"","overlay-gradient":""}}},"categories":[54],"class_list":["post-25217","vacatures","type-vacatures","status-publish","has-post-thumbnail","hentry","category-recycling-projekte"],"acf":[],"yoast_head":"<!-- This site is optimized with the Yoast SEO plugin v28.3 - https:\/\/yoast.com\/product\/yoast-seo-wordpress\/ -->\n<title>Maschinist (m\/w\/d) f\u00fcr Brecher- und Siebanlage - AVG<\/title>\n<meta name=\"description\" content=\"Maschinist (m\/w\/d) Brecher- und Siebanlage in Duisburg gesucht \u2013 30 Urlaubstage &amp; attraktive Verg\u00fctung. Jetzt bei AVG bewerben!\" \/>\n<meta name=\"robots\" content=\"noindex, nofollow\" \/>\n<meta property=\"og:locale\" content=\"de_DE\" \/>\n<meta property=\"og:type\" content=\"article\" \/>\n<meta property=\"og:title\" content=\"Maschinist (m\/w\/d) f\u00fcr Brecher- und Siebanlage - AVG\" \/>\n<meta property=\"og:description\" content=\"Maschinist (m\/w\/d) Brecher- und Siebanlage in Duisburg gesucht \u2013 30 Urlaubstage &amp; attraktive Verg\u00fctung. Jetzt bei AVG bewerben!\" \/>\n<meta property=\"og:url\" content=\"https:\/\/www.avg.eu\/de\/karriere\/maschinist-brecher-und-siebanlage-duisburg\/\" \/>\n<meta property=\"og:site_name\" content=\"AVG\" \/>\n<meta property=\"article:publisher\" content=\"https:\/\/www.facebook.com\/AVG.Heijen\/\" \/>\n<meta property=\"article:modified_time\" content=\"2026-09-02T08:26:25+00:00\" \/>\n<meta property=\"og:image\" content=\"https:\/\/www.avg.eu\/wp-content\/uploads\/2026\/01\/Maschinist_Duisburg_Baustoffe_Recycling_.jpg\" \/>\n\t<meta property=\"og:image:width\" content=\"2000\" \/>\n\t<meta property=\"og:image:height\" content=\"1333\" \/>\n\t<meta property=\"og:image:type\" content=\"image\/jpeg\" \/>\n<meta name=\"twitter:card\" content=\"summary_large_image\" \/>\n<meta name=\"twitter:label1\" content=\"Gesch\u00e4tzte Lesezeit\" \/>\n\t<meta name=\"twitter:data1\" content=\"5\u00a0Minuten\" \/>\n<script type=\"application\/ld+json\" class=\"yoast-schema-graph\">{\"@context\":\"https:\\\/\\\/schema.org\",\"@graph\":[{\"@type\":\"WebPage\",\"@id\":\"https:\\\/\\\/www.avg.eu\\\/de\\\/karriere\\\/maschinist-brecher-und-siebanlage-duisburg\\\/\",\"url\":\"https:\\\/\\\/www.avg.eu\\\/de\\\/karriere\\\/maschinist-brecher-und-siebanlage-duisburg\\\/\",\"name\":\"Maschinist (m\\\/w\\\/d) f\u00fcr Brecher- und Siebanlage - AVG\",\"isPartOf\":{\"@id\":\"https:\\\/\\\/www.avg.eu\\\/de\\\/#website\"},\"primaryImageOfPage\":{\"@id\":\"https:\\\/\\\/www.avg.eu\\\/de\\\/karriere\\\/maschinist-brecher-und-siebanlage-duisburg\\\/#primaryimage\"},\"image\":{\"@id\":\"https:\\\/\\\/www.avg.eu\\\/de\\\/karriere\\\/maschinist-brecher-und-siebanlage-duisburg\\\/#primaryimage\"},\"thumbnailUrl\":\"https:\\\/\\\/www.avg.eu\\\/wp-content\\\/uploads\\\/2026\\\/01\\\/Maschinist_Duisburg_Baustoffe_Recycling_.jpg\",\"datePublished\":\"2026-08-04T09:00:13+00:00\",\"dateModified\":\"2026-09-02T08:26:25+00:00\",\"description\":\"Maschinist (m\\\/w\\\/d) Brecher- und Siebanlage in Duisburg gesucht \u2013 30 Urlaubstage & attraktive Verg\u00fctung. Jetzt bei AVG bewerben!\",\"breadcrumb\":{\"@id\":\"https:\\\/\\\/www.avg.eu\\\/de\\\/karriere\\\/maschinist-brecher-und-siebanlage-duisburg\\\/#breadcrumb\"},\"inLanguage\":\"de\",\"potentialAction\":[{\"@type\":\"ReadAction\",\"target\":[\"https:\\\/\\\/www.avg.eu\\\/de\\\/karriere\\\/maschinist-brecher-und-siebanlage-duisburg\\\/\"]}]},{\"@type\":\"ImageObject\",\"inLanguage\":\"de\",\"@id\":\"https:\\\/\\\/www.avg.eu\\\/de\\\/karriere\\\/maschinist-brecher-und-siebanlage-duisburg\\\/#primaryimage\",\"url\":\"https:\\\/\\\/www.avg.eu\\\/wp-content\\\/uploads\\\/2026\\\/01\\\/Maschinist_Duisburg_Baustoffe_Recycling_.jpg\",\"contentUrl\":\"https:\\\/\\\/www.avg.eu\\\/wp-content\\\/uploads\\\/2026\\\/01\\\/Maschinist_Duisburg_Baustoffe_Recycling_.jpg\",\"width\":2000,\"height\":1333},{\"@type\":\"BreadcrumbList\",\"@id\":\"https:\\\/\\\/www.avg.eu\\\/de\\\/karriere\\\/maschinist-brecher-und-siebanlage-duisburg\\\/#breadcrumb\",\"itemListElement\":[{\"@type\":\"ListItem\",\"position\":1,\"name\":\"Home\",\"item\":\"https:\\\/\\\/www.avg.eu\\\/\"},{\"@type\":\"ListItem\",\"position\":2,\"name\":\"Maschinist (m\\\/w\\\/d) f\u00fcr Brecher- und Siebanlage\"}]},{\"@type\":\"WebSite\",\"@id\":\"https:\\\/\\\/www.avg.eu\\\/de\\\/#website\",\"url\":\"https:\\\/\\\/www.avg.eu\\\/de\\\/\",\"name\":\"AVG\",\"description\":\"\",\"publisher\":{\"@id\":\"https:\\\/\\\/www.avg.eu\\\/de\\\/#organization\"},\"potentialAction\":[{\"@type\":\"SearchAction\",\"target\":{\"@type\":\"EntryPoint\",\"urlTemplate\":\"https:\\\/\\\/www.avg.eu\\\/de\\\/?s={search_term_string}\"},\"query-input\":{\"@type\":\"PropertyValueSpecification\",\"valueRequired\":true,\"valueName\":\"search_term_string\"}}],\"inLanguage\":\"de\"},{\"@type\":\"Organization\",\"@id\":\"https:\\\/\\\/www.avg.eu\\\/de\\\/#organization\",\"name\":\"AVG\",\"url\":\"https:\\\/\\\/www.avg.eu\\\/de\\\/\",\"logo\":{\"@type\":\"ImageObject\",\"inLanguage\":\"de\",\"@id\":\"https:\\\/\\\/www.avg.eu\\\/de\\\/#\\\/schema\\\/logo\\\/image\\\/\",\"url\":\"https:\\\/\\\/www.avg.eu\\\/wp-content\\\/uploads\\\/2024\\\/06\\\/logo-avg-1.png\",\"contentUrl\":\"https:\\\/\\\/www.avg.eu\\\/wp-content\\\/uploads\\\/2024\\\/06\\\/logo-avg-1.png\",\"width\":375,\"height\":219,\"caption\":\"AVG\"},\"image\":{\"@id\":\"https:\\\/\\\/www.avg.eu\\\/de\\\/#\\\/schema\\\/logo\\\/image\\\/\"},\"sameAs\":[\"https:\\\/\\\/www.facebook.com\\\/AVG.Heijen\\\/\",\"https:\\\/\\\/www.instagram.com\\\/avgheijen\\\/\",\"https:\\\/\\\/www.linkedin.com\\\/company\\\/avg-bv\\\/\",\"https:\\\/\\\/www.tiktok.com\\\/@avgheijen\"]}]}<\/script>\n<!-- \/ Yoast SEO plugin. -->","yoast_head_json":{"title":"Maschinist (m\/w\/d) f\u00fcr Brecher- und Siebanlage - AVG","description":"Maschinist (m\/w\/d) Brecher- und Siebanlage in Duisburg gesucht \u2013 30 Urlaubstage & attraktive Verg\u00fctung. Jetzt bei AVG bewerben!","robots":{"index":"noindex","follow":"nofollow"},"og_locale":"de_DE","og_type":"article","og_title":"Maschinist (m\/w\/d) f\u00fcr Brecher- und Siebanlage - AVG","og_description":"Maschinist (m\/w\/d) Brecher- und Siebanlage in Duisburg gesucht \u2013 30 Urlaubstage & attraktive Verg\u00fctung. Jetzt bei AVG bewerben!","og_url":"https:\/\/www.avg.eu\/de\/karriere\/maschinist-brecher-und-siebanlage-duisburg\/","og_site_name":"AVG","article_publisher":"https:\/\/www.facebook.com\/AVG.Heijen\/","article_modified_time":"2026-09-02T08:26:25+00:00","og_image":[{"width":2000,"height":1333,"url":"https:\/\/www.avg.eu\/wp-content\/uploads\/2026\/01\/Maschinist_Duisburg_Baustoffe_Recycling_.jpg","type":"image\/jpeg"}],"twitter_card":"summary_large_image","twitter_misc":{"Gesch\u00e4tzte Lesezeit":"5\u00a0Minuten"},"schema":{"@context":"https:\/\/schema.org","@graph":[{"@type":"WebPage","@id":"https:\/\/www.avg.eu\/de\/karriere\/maschinist-brecher-und-siebanlage-duisburg\/","url":"https:\/\/www.avg.eu\/de\/karriere\/maschinist-brecher-und-siebanlage-duisburg\/","name":"Maschinist (m\/w\/d) f\u00fcr Brecher- und Siebanlage - AVG","isPartOf":{"@id":"https:\/\/www.avg.eu\/de\/#website"},"primaryImageOfPage":{"@id":"https:\/\/www.avg.eu\/de\/karriere\/maschinist-brecher-und-siebanlage-duisburg\/#primaryimage"},"image":{"@id":"https:\/\/www.avg.eu\/de\/karriere\/maschinist-brecher-und-siebanlage-duisburg\/#primaryimage"},"thumbnailUrl":"https:\/\/www.avg.eu\/wp-content\/uploads\/2026\/01\/Maschinist_Duisburg_Baustoffe_Recycling_.jpg","datePublished":"2026-08-04T09:00:13+00:00","dateModified":"2026-09-02T08:26:25+00:00","description":"Maschinist (m\/w\/d) Brecher- und Siebanlage in Duisburg gesucht \u2013 30 Urlaubstage & attraktive Verg\u00fctung. Jetzt bei AVG bewerben!","breadcrumb":{"@id":"https:\/\/www.avg.eu\/de\/karriere\/maschinist-brecher-und-siebanlage-duisburg\/#breadcrumb"},"inLanguage":"de","potentialAction":[{"@type":"ReadAction","target":["https:\/\/www.avg.eu\/de\/karriere\/maschinist-brecher-und-siebanlage-duisburg\/"]}]},{"@type":"ImageObject","inLanguage":"de","@id":"https:\/\/www.avg.eu\/de\/karriere\/maschinist-brecher-und-siebanlage-duisburg\/#primaryimage","url":"https:\/\/www.avg.eu\/wp-content\/uploads\/2026\/01\/Maschinist_Duisburg_Baustoffe_Recycling_.jpg","contentUrl":"https:\/\/www.avg.eu\/wp-content\/uploads\/2026\/01\/Maschinist_Duisburg_Baustoffe_Recycling_.jpg","width":2000,"height":1333},{"@type":"BreadcrumbList","@id":"https:\/\/www.avg.eu\/de\/karriere\/maschinist-brecher-und-siebanlage-duisburg\/#breadcrumb","itemListElement":[{"@type":"ListItem","position":1,"name":"Home","item":"https:\/\/www.avg.eu\/"},{"@type":"ListItem","position":2,"name":"Maschinist (m\/w\/d) f\u00fcr Brecher- und Siebanlage"}]},{"@type":"WebSite","@id":"https:\/\/www.avg.eu\/de\/#website","url":"https:\/\/www.avg.eu\/de\/","name":"AVG","description":"","publisher":{"@id":"https:\/\/www.avg.eu\/de\/#organization"},"potentialAction":[{"@type":"SearchAction","target":{"@type":"EntryPoint","urlTemplate":"https:\/\/www.avg.eu\/de\/?s={search_term_string}"},"query-input":{"@type":"PropertyValueSpecification","valueRequired":true,"valueName":"search_term_string"}}],"inLanguage":"de"},{"@type":"Organization","@id":"https:\/\/www.avg.eu\/de\/#organization","name":"AVG","url":"https:\/\/www.avg.eu\/de\/","logo":{"@type":"ImageObject","inLanguage":"de","@id":"https:\/\/www.avg.eu\/de\/#\/schema\/logo\/image\/","url":"https:\/\/www.avg.eu\/wp-content\/uploads\/2024\/06\/logo-avg-1.png","contentUrl":"https:\/\/www.avg.eu\/wp-content\/uploads\/2024\/06\/logo-avg-1.png","width":375,"height":219,"caption":"AVG"},"image":{"@id":"https:\/\/www.avg.eu\/de\/#\/schema\/logo\/image\/"},"sameAs":["https:\/\/www.facebook.com\/AVG.Heijen\/","https:\/\/www.instagram.com\/avgheijen\/","https:\/\/www.linkedin.com\/company\/avg-bv\/","https:\/\/www.tiktok.com\/@avgheijen"]}]}},"_links":{"self":[{"href":"https:\/\/www.avg.eu\/de\/wp-json\/wp\/v2\/vacatures\/25217","targetHints":{"allow":["GET"]}}],"collection":[{"href":"https:\/\/www.avg.eu\/de\/wp-json\/wp\/v2\/vacatures"}],"about":[{"href":"https:\/\/www.avg.eu\/de\/wp-json\/wp\/v2\/types\/vacatures"}],"version-history":[{"count":6,"href":"https:\/\/www.avg.eu\/de\/wp-json\/wp\/v2\/vacatures\/25217\/revisions"}],"predecessor-version":[{"id":27949,"href":"https:\/\/www.avg.eu\/de\/wp-json\/wp\/v2\/vacatures\/25217\/revisions\/27949"}],"wp:featuredmedia":[{"embeddable":true,"href":"https:\/\/www.avg.eu\/de\/wp-json\/wp\/v2\/media\/25219"}],"wp:attachment":[{"href":"https:\/\/www.avg.eu\/de\/wp-json\/wp\/v2\/media?parent=25217"}],"wp:term":[{"taxonomy":"category","embeddable":true,"href":"https:\/\/www.avg.eu\/de\/wp-json\/wp\/v2\/categories?post=25217"}],"curies":[{"name":"wp","href":"https:\/\/api.w.org\/{rel}","templated":true}]}}