{"id":16979,"date":"2026-03-20T13:15:56","date_gmt":"2026-03-20T13:15:56","guid":{"rendered":"https:\/\/www.avg.eu\/?post_type=vacatures&#038;p=16979"},"modified":"2026-03-23T14:42:32","modified_gmt":"2026-03-23T14:42:32","slug":"polier","status":"publish","type":"vacatures","link":"https:\/\/www.avg.eu\/de\/karriere\/polier\/","title":{"rendered":"Polier (m\/w\/d)"},"content":{"rendered":"\t\t<div data-elementor-type=\"wp-post\" data-elementor-id=\"16979\" class=\"elementor elementor-16979\" data-elementor-post-type=\"vacatures\">\n\t\t\t\t<div class=\"elementor-element elementor-element-82d1f05 e-con-full e-flex e-con e-parent\" data-id=\"82d1f05\" data-element_type=\"container\" data-e-type=\"container\" data-settings=\"{&quot;background_background&quot;:&quot;classic&quot;}\">\n\t\t<div class=\"elementor-element elementor-element-d672fed default-padding-left-right e-flex e-con-boxed e-con e-child\" data-id=\"d672fed\" data-element_type=\"container\" data-e-type=\"container\">\n\t\t\t\t\t<div class=\"e-con-inner\">\n\t\t<div class=\"elementor-element elementor-element-d092b70 e-con-full e-flex e-con e-child\" data-id=\"d092b70\" data-element_type=\"container\" data-e-type=\"container\">\n\t\t\t\t<div class=\"elementor-element elementor-element-cad619b font-size-4 elementor-widget elementor-widget-heading\" data-id=\"cad619b\" data-element_type=\"widget\" data-e-type=\"widget\" data-widget_type=\"heading.default\">\n\t\t\t\t\t<h2 class=\"elementor-heading-title elementor-size-default\">Polier (m\/w\/d) <\/h2>\t\t\t\t<\/div>\n\t\t\t\t<div class=\"elementor-element elementor-element-d0b2eed white-text font-size-2 p-remove-bottom-margin elementor-widget elementor-widget-text-editor\" data-id=\"d0b2eed\" data-element_type=\"widget\" data-e-type=\"widget\" data-widget_type=\"text-editor.default\">\n\t\t\t\t\t\t\t\t\t<p>Als Polier (m\/w\/d) bei AVG koordinierst du den Baustellenbetrieb, f\u00fchrst Teams und sorgst f\u00fcr reibungslose Abl\u00e4ufe bei Projekten im Raum Duisburg und Umgebung.<\/p>\t\t\t\t\t\t\t\t<\/div>\n\t\t\t\t<\/div>\n\t\t<div class=\"elementor-element elementor-element-7755ced e-con-full e-flex e-con e-child\" data-id=\"7755ced\" data-element_type=\"container\" data-e-type=\"container\">\n\t\t<div class=\"elementor-element elementor-element-0242314 e-con-full e-flex e-con e-child\" data-id=\"0242314\" data-element_type=\"container\" data-e-type=\"container\" data-settings=\"{&quot;background_background&quot;:&quot;classic&quot;}\">\n\t\t\t\t<div class=\"elementor-element elementor-element-a80473b font-size-3 elementor-widget elementor-widget-heading\" data-id=\"a80473b\" data-element_type=\"widget\" data-e-type=\"widget\" data-widget_type=\"heading.default\">\n\t\t\t\t\t<h3 class=\"elementor-heading-title elementor-size-default\">Hast Du Fragen?<\/h3>\t\t\t\t<\/div>\n\t\t<div class=\"elementor-element elementor-element-6685139 e-flex e-con-boxed e-con e-child\" data-id=\"6685139\" data-element_type=\"container\" data-e-type=\"container\">\n\t\t\t\t\t<div class=\"e-con-inner\">\n\t\t\t\t<div class=\"elementor-element elementor-element-7ae5496 elementor-widget elementor-widget-image\" data-id=\"7ae5496\" data-element_type=\"widget\" data-e-type=\"widget\" data-widget_type=\"image.default\">\n\t\t\t\t\t\t\t\t\t\t\t\t\t\t\t<img decoding=\"async\" width=\"85\" height=\"64\" src=\"https:\/\/www.avg.eu\/wp-content\/uploads\/2025\/06\/Lisa-contactblok-1.png\" class=\"attachment-large size-large wp-image-16572\" alt=\"\" \/>\t\t\t\t\t\t\t\t\t\t\t\t\t\t\t<\/div>\n\t\t\t\t<div class=\"elementor-element elementor-element-2762007 white-text p-remove-bottom-margin elementor-widget elementor-widget-text-editor\" data-id=\"2762007\" data-element_type=\"widget\" data-e-type=\"widget\" data-widget_type=\"text-editor.default\">\n\t\t\t\t\t\t\t\t\t<p>Lisa-Marie Cox<br \/><a href=\"tel:+49(0)2065774728\">+49(0)2065-774728<\/a><br \/><a href=\"mailto:bewerbungen@avg.eu\">bewerbungen@avg.eu<\/a><\/p>\t\t\t\t\t\t\t\t<\/div>\n\t\t\t\t\t<\/div>\n\t\t\t\t<\/div>\n\t\t\t\t<\/div>\n\t\t\t\t<\/div>\n\t\t\t\t\t<\/div>\n\t\t\t\t<\/div>\n\t\t\t\t<\/div>\n\t\t<div class=\"elementor-element elementor-element-3f9b38c e-con-full e-flex e-con e-parent\" data-id=\"3f9b38c\" data-element_type=\"container\" data-e-type=\"container\" data-settings=\"{&quot;background_background&quot;:&quot;classic&quot;}\">\n\t\t\t\t<\/div>\n\t\t<div class=\"elementor-element elementor-element-1ebbbc6 default-padding-left-right margin-top-6 margin-bottom-6 e-flex e-con-boxed e-con e-parent\" data-id=\"1ebbbc6\" data-element_type=\"container\" data-e-type=\"container\">\n\t\t\t\t\t<div class=\"e-con-inner\">\n\t\t<div class=\"elementor-element elementor-element-e4fa22a e-con-full e-flex e-con e-child\" data-id=\"e4fa22a\" data-element_type=\"container\" data-e-type=\"container\">\n\t\t\t\t<div class=\"elementor-element elementor-element-e718ec3 font-size-4 margin-bottom-1 elementor-widget elementor-widget-heading\" data-id=\"e718ec3\" data-element_type=\"widget\" data-e-type=\"widget\" data-widget_type=\"heading.default\">\n\t\t\t\t\t<h1 class=\"elementor-heading-title elementor-size-default\">Werde Polier (m\/w\/d) bei AVG<\/h1>\t\t\t\t<\/div>\n\t\t\t\t<div class=\"elementor-element elementor-element-8729ab0 elementor-widget elementor-widget-text-editor\" data-id=\"8729ab0\" data-element_type=\"widget\" data-e-type=\"widget\" data-widget_type=\"text-editor.default\">\n\t\t\t\t\t\t\t\t\t<p><strong>Du bist gern dort, wo\u2019s passiert: Mitten auf der Baustelle, mit \u00dcberblick, Verantwortung und einem Team, das auf Dich baut? Dann bist Du bei uns genau richtig. Ob mit fundierter Erfahrung oder mit ersten Praxiseinblicken, entscheidend ist, dass Du Verantwortung \u00fcbernehmen willst. Bei AVG baust Du nicht nur Infrastruktur, sondern ein Fundament aus Tatkraft, Best\u00e4ndigkeit und nachhaltiger Verantwortung f\u00fcr die Zukunft.\u00a0<\/strong><\/p><div class=\"LG-RichTextContent fr-view\"><h6><strong>DEINE AUFGABEN:<\/strong><\/h6><div><ul><li>Kontrolle des Betriebsablaufs auf der Baustelle<\/li><li>F\u00fchrung und Anleitung des Baustellenpersonals<\/li><li>Material-, Personal- und Maschineneinsatzplanung<\/li><li>\u00dcberwachung der Baustellen hinsichtlich Qualit\u00e4t, Sicherheit und Termintreue<\/li><li>Ansprechpartner f\u00fcr Bauherren, Auftraggeber und Subunternehmer<\/li><li>Durchf\u00fchrung von Baustellenbesprechungen und Dokumentation von Baufortschritten<\/li><li>Einsatzgebiet: Baustellen in Duisburg und Umgebung (bis zu 100 KM)<\/li><\/ul><\/div><\/div><div class=\"LG-RichTextContent fr-view\"><h6><strong>DEIN PROFIL:<\/strong><\/h6><div><ul><li>Gewerblich\/technische Ausbildung im Bauwesen<\/li><li>Fortbildung zum Polier oder Meister im Bereich Tief-\/Stra\u00dfenbau<\/li><li>Berufserfahrung im beschriebenen T\u00e4tigkeitsbereich<\/li><li>Grundkenntnisse im Umgang mit MS-Office<\/li><li>Flexibilit\u00e4t hinsichtlich des Einsatzortes<\/li><li>F\u00fchrerschein f\u00fcr PKW<\/li><\/ul><\/div><\/div>\t\t\t\t\t\t\t\t<\/div>\n\t\t\t\t<div class=\"elementor-element elementor-element-10cdc9e elementor-widget elementor-widget-text-editor\" data-id=\"10cdc9e\" data-element_type=\"widget\" data-e-type=\"widget\" data-widget_type=\"text-editor.default\">\n\t\t\t\t\t\t\t\t\t<h5 style=\"padding-left: 40px;\"><a href=\"#Vorteile\">\u2193 zu den Vorteilen<\/a><\/h5>\t\t\t\t\t\t\t\t<\/div>\n\t\t\t\t<\/div>\n\t\t<div class=\"elementor-element elementor-element-c3b26b4 e-con-full e-flex e-con e-child\" data-id=\"c3b26b4\" data-element_type=\"container\" data-e-type=\"container\">\n\t\t\t\t<div class=\"elementor-element elementor-element-91d11ba font-size-2 margin-bottom-1 elementor-widget elementor-widget-heading\" data-id=\"91d11ba\" data-element_type=\"widget\" data-e-type=\"widget\" data-widget_type=\"heading.default\">\n\t\t\t\t\t<h2 class=\"elementor-heading-title elementor-size-default\">Eigenschaften<\/h2>\t\t\t\t<\/div>\n\t\t<div class=\"elementor-element elementor-element-f7a4614 e-flex e-con-boxed e-con e-child\" data-id=\"f7a4614\" data-element_type=\"container\" data-e-type=\"container\">\n\t\t\t\t\t<div class=\"e-con-inner\">\n\t\t\t\t<div class=\"elementor-element elementor-element-de457d7 elementor-widget elementor-widget-image\" data-id=\"de457d7\" data-element_type=\"widget\" data-e-type=\"widget\" data-widget_type=\"image.default\">\n\t\t\t\t\t\t\t\t\t\t\t\t\t\t\t<img fetchpriority=\"high\" decoding=\"async\" width=\"1024\" height=\"1024\" src=\"https:\/\/www.avg.eu\/wp-content\/uploads\/2025\/02\/Tiefbau_ORA.svg\" class=\"attachment-large size-large wp-image-9461\" alt=\"\" \/>\t\t\t\t\t\t\t\t\t\t\t\t\t\t\t<\/div>\n\t\t\t\t<div class=\"elementor-element elementor-element-0d04144 font-color-1 font-size-1 elementor-widget elementor-widget-heading\" data-id=\"0d04144\" data-element_type=\"widget\" data-e-type=\"widget\" data-widget_type=\"heading.default\">\n\t\t\t\t\t<h5 class=\"elementor-heading-title elementor-size-default\"><a href=\"https:\/\/www.avg.eu\/de\/tiefbau\/\">Tiefbau<\/a><\/h5>\t\t\t\t<\/div>\n\t\t\t\t\t<\/div>\n\t\t\t\t<\/div>\n\t\t\t\t<div class=\"elementor-element elementor-element-865463c p-remove-bottom-margin elementor-widget elementor-widget-text-editor\" data-id=\"865463c\" data-element_type=\"widget\" data-e-type=\"widget\" data-widget_type=\"text-editor.default\">\n\t\t\t\t\t\t\t\t\t<p><strong>Standort<\/strong><br \/>Duisburg, Deutschland (+100 km)<\/p>\t\t\t\t\t\t\t\t<\/div>\n\t\t\t\t<div class=\"elementor-element elementor-element-77d2314 p-remove-bottom-margin elementor-widget elementor-widget-text-editor\" data-id=\"77d2314\" data-element_type=\"widget\" data-e-type=\"widget\" data-widget_type=\"text-editor.default\">\n\t\t\t\t\t\t\t\t\t<p><strong>Ab wann?<\/strong><br \/>ab sofort<\/p>\t\t\t\t\t\t\t\t<\/div>\n\t\t\t\t<div class=\"elementor-element elementor-element-3a75815 p-remove-bottom-margin elementor-widget elementor-widget-text-editor\" data-id=\"3a75815\" data-element_type=\"widget\" data-e-type=\"widget\" data-widget_type=\"text-editor.default\">\n\t\t\t\t\t\t\t\t\t<p><span class=\"notion-enable-hover\" data-token-index=\"0\"><strong>Interesse?<\/strong><br \/><\/span>Sch\u00f6n! Wir freuen uns auf Deine Bewerbung!<br \/>Nutze einfach unser Formular oder schicke Deine Bewerbung an <a href=\"mailto:bewerbungen@avg.eu\">bewerbungen@avg.eu<\/a><\/p>\t\t\t\t\t\t\t\t<\/div>\n\t\t\t\t<div class=\"elementor-element elementor-element-072b91f elementor-widget elementor-widget-button\" data-id=\"072b91f\" data-element_type=\"widget\" data-e-type=\"widget\" data-widget_type=\"button.default\">\n\t\t\t\t\t\t\t\t\t\t<a class=\"elementor-button elementor-button-link elementor-size-sm\" href=\"https:\/\/www.avg.eu\/de\/formular\/polier-mwd\/\">\n\t\t\t\t\t\t<span class=\"elementor-button-content-wrapper\">\n\t\t\t\t\t\t\t\t\t<span class=\"elementor-button-text\">Jetzt bewerben<\/span>\n\t\t\t\t\t<\/span>\n\t\t\t\t\t<\/a>\n\t\t\t\t\t\t\t\t<\/div>\n\t\t\t\t<\/div>\n\t\t\t\t\t<\/div>\n\t\t\t\t<\/div>\n\t\t<div class=\"elementor-element elementor-element-f4e4d39 e-flex e-con-boxed elementor-invisible e-con e-parent\" data-id=\"f4e4d39\" data-element_type=\"container\" data-e-type=\"container\" data-settings=\"{&quot;background_background&quot;:&quot;classic&quot;,&quot;animation&quot;:&quot;fadeInUp&quot;}\">\n\t\t\t\t\t<div class=\"e-con-inner\">\n\t\t\t\t\t<\/div>\n\t\t\t\t<\/div>\n\t\t<div class=\"elementor-element elementor-element-2c9ca7f default-padding-left-right padding-top-6 padding-bottom-6 e-flex e-con-boxed e-con e-parent\" data-id=\"2c9ca7f\" data-element_type=\"container\" data-e-type=\"container\" data-settings=\"{&quot;background_background&quot;:&quot;classic&quot;}\">\n\t\t\t\t\t<div class=\"e-con-inner\">\n\t\t<div class=\"elementor-element elementor-element-0b92261 e-con-full e-flex elementor-invisible e-con e-child\" data-id=\"0b92261\" data-element_type=\"container\" data-e-type=\"container\" data-settings=\"{&quot;animation&quot;:&quot;fadeInUp&quot;}\">\n\t\t\t\t<div class=\"elementor-element elementor-element-e2934d8 aspect-ratio-1-img elementor-widget elementor-widget-image\" data-id=\"e2934d8\" data-element_type=\"widget\" data-e-type=\"widget\" data-widget_type=\"image.default\">\n\t\t\t\t\t\t\t\t\t\t\t\t\t\t\t<img decoding=\"async\" width=\"1024\" height=\"683\" src=\"https:\/\/www.avg.eu\/wp-content\/uploads\/2026\/02\/Job_Stellenanzeige_Werkstudent_Tiefbau_Strassenbau_AVG_Duisburg-3-1024x683.jpg\" class=\"attachment-large size-large wp-image-25341\" alt=\"\" srcset=\"https:\/\/www.avg.eu\/wp-content\/uploads\/2026\/02\/Job_Stellenanzeige_Werkstudent_Tiefbau_Strassenbau_AVG_Duisburg-3-1024x683.jpg 1024w, https:\/\/www.avg.eu\/wp-content\/uploads\/2026\/02\/Job_Stellenanzeige_Werkstudent_Tiefbau_Strassenbau_AVG_Duisburg-3-300x200.jpg 300w, https:\/\/www.avg.eu\/wp-content\/uploads\/2026\/02\/Job_Stellenanzeige_Werkstudent_Tiefbau_Strassenbau_AVG_Duisburg-3-768x512.jpg 768w, https:\/\/www.avg.eu\/wp-content\/uploads\/2026\/02\/Job_Stellenanzeige_Werkstudent_Tiefbau_Strassenbau_AVG_Duisburg-3-1536x1024.jpg 1536w, https:\/\/www.avg.eu\/wp-content\/uploads\/2026\/02\/Job_Stellenanzeige_Werkstudent_Tiefbau_Strassenbau_AVG_Duisburg-3-2048x1365.jpg 2048w\" sizes=\"(max-width: 1024px) 100vw, 1024px\" \/>\t\t\t\t\t\t\t\t\t\t\t\t\t\t\t<\/div>\n\t\t\t\t<\/div>\n\t\t<div class=\"elementor-element elementor-element-8bd83cc e-con-full e-flex elementor-invisible e-con e-child\" data-id=\"8bd83cc\" data-element_type=\"container\" data-e-type=\"container\" data-settings=\"{&quot;animation&quot;:&quot;fadeInUp&quot;}\">\n\t\t\t\t<div class=\"elementor-element elementor-element-7c290c2 font-size-4 margin-bottom-1 elementor-widget elementor-widget-heading\" data-id=\"7c290c2\" data-element_type=\"widget\" data-e-type=\"widget\" data-widget_type=\"heading.default\">\n\t\t\t\t\t<h2 class=\"elementor-heading-title elementor-size-default\">Deine Vorteile bei AVG<\/h2>\t\t\t\t<\/div>\n\t\t<div class=\"elementor-element elementor-element-0518ce9 e-con-full e-flex e-con e-child\" data-id=\"0518ce9\" data-element_type=\"container\" data-e-type=\"container\">\n\t\t\t\t<div class=\"elementor-element elementor-element-346a196 elementor-widget elementor-widget-image\" data-id=\"346a196\" data-element_type=\"widget\" data-e-type=\"widget\" data-widget_type=\"image.default\">\n\t\t\t\t\t\t\t\t\t\t\t\t\t\t\t<img loading=\"lazy\" decoding=\"async\" width=\"875\" height=\"1024\" src=\"https:\/\/www.avg.eu\/wp-content\/uploads\/2024\/04\/checkmark-avg.svg\" class=\"attachment-large size-large wp-image-1561\" alt=\"\" \/>\t\t\t\t\t\t\t\t\t\t\t\t\t\t\t<\/div>\n\t\t<div class=\"elementor-element elementor-element-0e7f0a7 e-con-full e-flex e-con e-child\" data-id=\"0e7f0a7\" data-element_type=\"container\" data-e-type=\"container\">\n\t\t\t\t<div class=\"elementor-element elementor-element-430410f elementor-widget elementor-widget-heading\" data-id=\"430410f\" data-element_type=\"widget\" data-e-type=\"widget\" data-widget_type=\"heading.default\">\n\t\t\t\t\t<h2 class=\"elementor-heading-title elementor-size-default\">Sicherer Einstieg<\/h2>\t\t\t\t<\/div>\n\t\t\t\t<div class=\"elementor-element elementor-element-93062db p-remove-bottom-margin elementor-widget elementor-widget-text-editor\" data-id=\"93062db\" data-element_type=\"widget\" data-e-type=\"widget\" data-widget_type=\"text-editor.default\">\n\t\t\t\t\t\t\t\t\t<p>Du erh\u00e4ltst eine Einstiegspr\u00e4mie von 1.500\u20ac brutto und einen unbefristeten Arbeitsvertrag von Beginn an.<\/p>\t\t\t\t\t\t\t\t<\/div>\n\t\t\t\t<\/div>\n\t\t\t\t<\/div>\n\t\t<div class=\"elementor-element elementor-element-8ebc359 e-con-full e-flex e-con e-child\" data-id=\"8ebc359\" data-element_type=\"container\" data-e-type=\"container\">\n\t\t\t\t<div class=\"elementor-element elementor-element-74cde26 elementor-widget elementor-widget-image\" data-id=\"74cde26\" data-element_type=\"widget\" data-e-type=\"widget\" data-widget_type=\"image.default\">\n\t\t\t\t\t\t\t\t\t\t\t\t\t\t\t<img loading=\"lazy\" decoding=\"async\" width=\"875\" height=\"1024\" src=\"https:\/\/www.avg.eu\/wp-content\/uploads\/2024\/04\/checkmark-avg.svg\" class=\"attachment-large size-large wp-image-1561\" alt=\"\" \/>\t\t\t\t\t\t\t\t\t\t\t\t\t\t\t<\/div>\n\t\t<div class=\"elementor-element elementor-element-48df896 e-con-full e-flex e-con e-child\" data-id=\"48df896\" data-element_type=\"container\" data-e-type=\"container\">\n\t\t\t\t<div class=\"elementor-element elementor-element-6d49c8a elementor-widget elementor-widget-heading\" data-id=\"6d49c8a\" data-element_type=\"widget\" data-e-type=\"widget\" data-widget_type=\"heading.default\">\n\t\t\t\t\t<h2 class=\"elementor-heading-title elementor-size-default\">Attraktive Verg\u00fctung + Zuschl\u00e4ge<\/h2>\t\t\t\t<\/div>\n\t\t\t\t<div class=\"elementor-element elementor-element-d47871e p-remove-bottom-margin elementor-widget elementor-widget-text-editor\" data-id=\"d47871e\" data-element_type=\"widget\" data-e-type=\"widget\" data-widget_type=\"text-editor.default\">\n\t\t\t\t\t\t\t\t\t<p>Urlaubs- und Weihnachtsgeld (72 %) sowie verg\u00fctete Reisezeiten und zus\u00e4tzliche Spesen.<\/p>\t\t\t\t\t\t\t\t<\/div>\n\t\t\t\t<\/div>\n\t\t\t\t<\/div>\n\t\t<div class=\"elementor-element elementor-element-fd8eb3d e-con-full e-flex e-con e-child\" data-id=\"fd8eb3d\" data-element_type=\"container\" data-e-type=\"container\">\n\t\t\t\t<div class=\"elementor-element elementor-element-d652b43 elementor-widget elementor-widget-image\" data-id=\"d652b43\" data-element_type=\"widget\" data-e-type=\"widget\" data-widget_type=\"image.default\">\n\t\t\t\t\t\t\t\t\t\t\t\t\t\t\t<img loading=\"lazy\" decoding=\"async\" width=\"875\" height=\"1024\" src=\"https:\/\/www.avg.eu\/wp-content\/uploads\/2024\/04\/checkmark-avg.svg\" class=\"attachment-large size-large wp-image-1561\" alt=\"\" \/>\t\t\t\t\t\t\t\t\t\t\t\t\t\t\t<\/div>\n\t\t<div class=\"elementor-element elementor-element-fd9385a e-con-full e-flex e-con e-child\" data-id=\"fd9385a\" data-element_type=\"container\" data-e-type=\"container\">\n\t\t\t\t<div class=\"elementor-element elementor-element-5b9310e elementor-widget elementor-widget-heading\" data-id=\"5b9310e\" data-element_type=\"widget\" data-e-type=\"widget\" data-widget_type=\"heading.default\">\n\t\t\t\t\t<h2 class=\"elementor-heading-title elementor-size-default\">Firmenwagen<\/h2>\t\t\t\t<\/div>\n\t\t\t\t<div class=\"elementor-element elementor-element-4aaf91d p-remove-bottom-margin elementor-widget elementor-widget-text-editor\" data-id=\"4aaf91d\" data-element_type=\"widget\" data-e-type=\"widget\" data-widget_type=\"text-editor.default\">\n\t\t\t\t\t\t\t\t\t<p>Zum Einstieg erh\u00e4ltst du von uns deinen eigenen Firmenwagen zur beruflichen Nutzung.<\/p>\t\t\t\t\t\t\t\t<\/div>\n\t\t\t\t<\/div>\n\t\t\t\t<\/div>\n\t\t<div class=\"elementor-element elementor-element-58b1656 e-con-full e-flex e-con e-child\" data-id=\"58b1656\" data-element_type=\"container\" data-e-type=\"container\">\n\t\t\t\t<div class=\"elementor-element elementor-element-e464c82 elementor-widget elementor-widget-image\" data-id=\"e464c82\" data-element_type=\"widget\" data-e-type=\"widget\" data-widget_type=\"image.default\">\n\t\t\t\t\t\t\t\t\t\t\t\t\t\t\t<img loading=\"lazy\" decoding=\"async\" width=\"875\" height=\"1024\" src=\"https:\/\/www.avg.eu\/wp-content\/uploads\/2024\/04\/checkmark-avg.svg\" class=\"attachment-large size-large wp-image-1561\" alt=\"\" \/>\t\t\t\t\t\t\t\t\t\t\t\t\t\t\t<\/div>\n\t\t<div class=\"elementor-element elementor-element-7ae2b58 e-con-full e-flex e-con e-child\" data-id=\"7ae2b58\" data-element_type=\"container\" data-e-type=\"container\">\n\t\t\t\t<div class=\"elementor-element elementor-element-f9c3b6c elementor-widget elementor-widget-heading\" data-id=\"f9c3b6c\" data-element_type=\"widget\" data-e-type=\"widget\" data-widget_type=\"heading.default\">\n\t\t\t\t\t<h2 class=\"elementor-heading-title elementor-size-default\">Planbare Arbeitszeiten<\/h2>\t\t\t\t<\/div>\n\t\t\t\t<div class=\"elementor-element elementor-element-4834cd9 p-remove-bottom-margin elementor-widget elementor-widget-text-editor\" data-id=\"4834cd9\" data-element_type=\"widget\" data-e-type=\"widget\" data-widget_type=\"text-editor.default\">\n\t\t\t\t\t\t\t\t\t<p>Keine Montageeins\u00e4tze! Arbeite bei regionalen Eins\u00e4tze im Raum rund um Duisburg (+ ca. 100 km).<\/p>\t\t\t\t\t\t\t\t<\/div>\n\t\t\t\t<\/div>\n\t\t\t\t<\/div>\n\t\t<div class=\"elementor-element elementor-element-de9eda7 e-con-full e-flex e-con e-child\" data-id=\"de9eda7\" data-element_type=\"container\" data-e-type=\"container\">\n\t\t\t\t<div class=\"elementor-element elementor-element-d48e868 elementor-widget elementor-widget-image\" data-id=\"d48e868\" data-element_type=\"widget\" data-e-type=\"widget\" data-widget_type=\"image.default\">\n\t\t\t\t\t\t\t\t\t\t\t\t\t\t\t<img loading=\"lazy\" decoding=\"async\" width=\"875\" height=\"1024\" src=\"https:\/\/www.avg.eu\/wp-content\/uploads\/2024\/04\/checkmark-avg.svg\" class=\"attachment-large size-large wp-image-1561\" alt=\"\" \/>\t\t\t\t\t\t\t\t\t\t\t\t\t\t\t<\/div>\n\t\t<div class=\"elementor-element elementor-element-9cfff12 e-con-full e-flex e-con e-child\" data-id=\"9cfff12\" data-element_type=\"container\" data-e-type=\"container\">\n\t\t\t\t<div class=\"elementor-element elementor-element-94555fb elementor-widget elementor-widget-heading\" data-id=\"94555fb\" data-element_type=\"widget\" data-e-type=\"widget\" data-widget_type=\"heading.default\">\n\t\t\t\t\t<h2 class=\"elementor-heading-title elementor-size-default\">Entwicklung &amp; Perspektive<\/h2>\t\t\t\t<\/div>\n\t\t\t\t<div class=\"elementor-element elementor-element-48a61c8 p-remove-bottom-margin elementor-widget elementor-widget-text-editor\" data-id=\"48a61c8\" data-element_type=\"widget\" data-e-type=\"widget\" data-widget_type=\"text-editor.default\">\n\t\t\t\t\t\t\t\t\t<p>Individuelle Weiterbildungsm\u00f6glichkeiten, betriebliche Altersvorsorge (baV) und verm\u00f6genswirksamen Leistungen (VL).<\/p>\t\t\t\t\t\t\t\t<\/div>\n\t\t\t\t<\/div>\n\t\t\t\t<\/div>\n\t\t<div class=\"elementor-element elementor-element-418a778 e-con-full e-flex e-con e-child\" data-id=\"418a778\" data-element_type=\"container\" data-e-type=\"container\">\n\t\t\t\t<div class=\"elementor-element elementor-element-e86bb75 elementor-widget elementor-widget-image\" data-id=\"e86bb75\" data-element_type=\"widget\" data-e-type=\"widget\" data-widget_type=\"image.default\">\n\t\t\t\t\t\t\t\t\t\t\t\t\t\t\t<img loading=\"lazy\" decoding=\"async\" width=\"875\" height=\"1024\" src=\"https:\/\/www.avg.eu\/wp-content\/uploads\/2024\/04\/checkmark-avg.svg\" class=\"attachment-large size-large wp-image-1561\" alt=\"\" \/>\t\t\t\t\t\t\t\t\t\t\t\t\t\t\t<\/div>\n\t\t<div class=\"elementor-element elementor-element-6378e19 e-con-full e-flex e-con e-child\" data-id=\"6378e19\" data-element_type=\"container\" data-e-type=\"container\">\n\t\t\t\t<div class=\"elementor-element elementor-element-605ff3d elementor-widget elementor-widget-heading\" data-id=\"605ff3d\" data-element_type=\"widget\" data-e-type=\"widget\" data-widget_type=\"heading.default\">\n\t\t\t\t\t<h2 class=\"elementor-heading-title elementor-size-default\">Ideale Ausstattung<\/h2>\t\t\t\t<\/div>\n\t\t\t\t<div class=\"elementor-element elementor-element-59b10ab p-remove-bottom-margin elementor-widget elementor-widget-text-editor\" data-id=\"59b10ab\" data-element_type=\"widget\" data-e-type=\"widget\" data-widget_type=\"text-editor.default\">\n\t\t\t\t\t\t\t\t\t<p>Arbeitskleidung inkl. Sicherheitsschuhe, moderne Maschinen und Equipment. Wir sorgen daf\u00fcr, dass du bestens ausgestattet bist.<\/p>\t\t\t\t\t\t\t\t<\/div>\n\t\t\t\t<\/div>\n\t\t\t\t<\/div>\n\t\t<div class=\"elementor-element elementor-element-9d5e40e e-con-full e-flex e-con e-child\" data-id=\"9d5e40e\" data-element_type=\"container\" data-e-type=\"container\">\n\t\t\t\t<div class=\"elementor-element elementor-element-118516e elementor-widget elementor-widget-image\" data-id=\"118516e\" data-element_type=\"widget\" data-e-type=\"widget\" data-widget_type=\"image.default\">\n\t\t\t\t\t\t\t\t\t\t\t\t\t\t\t<img loading=\"lazy\" decoding=\"async\" width=\"875\" height=\"1024\" src=\"https:\/\/www.avg.eu\/wp-content\/uploads\/2024\/04\/checkmark-avg.svg\" class=\"attachment-large size-large wp-image-1561\" alt=\"\" \/>\t\t\t\t\t\t\t\t\t\t\t\t\t\t\t<\/div>\n\t\t<div class=\"elementor-element elementor-element-a65baa5 e-con-full e-flex e-con e-child\" data-id=\"a65baa5\" data-element_type=\"container\" data-e-type=\"container\">\n\t\t\t\t<div class=\"elementor-element elementor-element-b1ccf60 elementor-widget elementor-widget-heading\" data-id=\"b1ccf60\" data-element_type=\"widget\" data-e-type=\"widget\" data-widget_type=\"heading.default\">\n\t\t\t\t\t<h2 class=\"elementor-heading-title elementor-size-default\">Teamgeist &amp; Extras<\/h2>\t\t\t\t<\/div>\n\t\t\t\t<div class=\"elementor-element elementor-element-d5b24d8 p-remove-bottom-margin elementor-widget elementor-widget-text-editor\" data-id=\"d5b24d8\" data-element_type=\"widget\" data-e-type=\"widget\" data-widget_type=\"text-editor.default\">\n\t\t\t\t\t\t\t\t\t<p>Mitarbeiterevents der AVG-Gruppe und des Bau-Teams, Gruppenunfallversicherung, Boni f\u00fcr das Werben neuer Mitarbeiter<\/p>\t\t\t\t\t\t\t\t<\/div>\n\t\t\t\t<\/div>\n\t\t\t\t<\/div>\n\t\t\t\t<\/div>\n\t\t\t\t\t<\/div>\n\t\t\t\t<\/div>\n\t\t<div class=\"elementor-element elementor-element-56c72ca default-padding-left-right margin-top-6 padding-bottom-6 e-flex e-con-boxed elementor-invisible e-con e-parent\" data-id=\"56c72ca\" data-element_type=\"container\" data-e-type=\"container\" data-settings=\"{&quot;animation&quot;:&quot;fadeInUp&quot;}\">\n\t\t\t\t\t<div class=\"e-con-inner\">\n\t\t<div class=\"elementor-element elementor-element-e5ad964 e-con-full e-flex e-con e-child\" data-id=\"e5ad964\" data-element_type=\"container\" data-e-type=\"container\">\n\t\t\t\t<div class=\"elementor-element elementor-element-c16d6ae font-size-4 margin-bottom-2 elementor-widget elementor-widget-heading\" data-id=\"c16d6ae\" data-element_type=\"widget\" data-e-type=\"widget\" data-widget_type=\"heading.default\">\n\t\t\t\t\t<h2 class=\"elementor-heading-title elementor-size-default\">Arbeiten bei AVG<\/h2>\t\t\t\t<\/div>\n\t\t\t\t<div class=\"elementor-element elementor-element-d6dde7e p-remove-bottom-margin margin-bottom-3 elementor-widget elementor-widget-text-editor\" data-id=\"d6dde7e\" data-element_type=\"widget\" data-e-type=\"widget\" data-widget_type=\"text-editor.default\">\n\t\t\t\t\t\t\t\t\t<p data-pm-slice=\"1 1 []\"><strong>Familiengef\u00fchl<\/strong>. So beschreiben uns sowohl deutsche als auch niederl\u00e4ndische Kolleginnen und Kollegen. Unseren Gesch\u00e4ftsf\u00fchrer nennt man einfach Ramon, bei Betriebsfeiern ist die Familie immer willkommen und Kolleginnen und Kollegen stehen einander mit offenem Ohr und helfender Hand zur Seite.\u00a0 Ob bei einer Deadline im Job oder einem Umzug zu Hause: Bei uns findest Du Kolleginnen und Kollegen, auf die Du bauen kannst.<\/p><p>Seit 1920 bauen wir Lebens- und Arbeitsr\u00e4ume und sorgen f\u00fcr Mobilit\u00e4t. Von der Pferdekutsche bis hin zu einem modernen Fuhrpark mit rund 70 LKWs und \u00fcber 300 Mitarbeitern. Wir sind in Deutschland und den Niederlanden vertreten, u. a. in Gennep, Kaatsheuvel, Goch, Rheinberg, Duisburg, Werl und Beckum.<\/p><p>Unsere St\u00e4rke liegt in unserer Vielfalt: AVG Beton, AVG Recycling, AVG Logistik, AVG Tiefbau, AVG Baustoffe und AVG Explosieven Opsporing<span style=\"font-style: inherit; font-weight: inherit;\">. Zusammen bilden wir die AVG-Gruppe, eine Unternehmensfamilie, auf die Du Dich verlassen kannst, genau wie auf Deine Kollegen.<\/span><\/p>\t\t\t\t\t\t\t\t<\/div>\n\t\t\t\t<div class=\"elementor-element elementor-element-efff01f elementor-widget elementor-widget-button\" data-id=\"efff01f\" data-element_type=\"widget\" data-e-type=\"widget\" data-widget_type=\"button.default\">\n\t\t\t\t\t\t\t\t\t\t<a class=\"elementor-button elementor-button-link elementor-size-sm\" href=\"https:\/\/www.avg.eu\/de\/formular\/polier-mwd\/\">\n\t\t\t\t\t\t<span class=\"elementor-button-content-wrapper\">\n\t\t\t\t\t\t\t\t\t<span class=\"elementor-button-text\">Teil des Teams werden<\/span>\n\t\t\t\t\t<\/span>\n\t\t\t\t\t<\/a>\n\t\t\t\t\t\t\t\t<\/div>\n\t\t\t\t<\/div>\n\t\t<div class=\"elementor-element elementor-element-be02fb0 e-con-full e-flex e-con e-child\" data-id=\"be02fb0\" data-element_type=\"container\" data-e-type=\"container\" data-settings=\"{&quot;background_background&quot;:&quot;classic&quot;}\">\n\t\t<div class=\"elementor-element elementor-element-568ac00 e-flex e-con-boxed e-con e-child\" data-id=\"568ac00\" data-element_type=\"container\" data-e-type=\"container\" data-settings=\"{&quot;background_background&quot;:&quot;classic&quot;}\">\n\t\t\t\t\t<div class=\"e-con-inner\">\n\t\t\t\t<div class=\"elementor-element elementor-element-ad0b508 aspect-ratio-2-img elementor-widget elementor-widget-image\" data-id=\"ad0b508\" data-element_type=\"widget\" data-e-type=\"widget\" data-widget_type=\"image.default\">\n\t\t\t\t\t\t\t\t\t\t\t\t\t\t\t<img loading=\"lazy\" decoding=\"async\" width=\"1024\" height=\"623\" src=\"https:\/\/www.avg.eu\/wp-content\/uploads\/2025\/06\/Vacatures_AVG_Nederland_Duitsland-1024x623.png\" class=\"attachment-large size-large wp-image-16818\" alt=\"Vacatures binnen AVG. Op ons kun je bouwen. Familiebedrijf.\" srcset=\"https:\/\/www.avg.eu\/wp-content\/uploads\/2025\/06\/Vacatures_AVG_Nederland_Duitsland-1024x623.png 1024w, https:\/\/www.avg.eu\/wp-content\/uploads\/2025\/06\/Vacatures_AVG_Nederland_Duitsland-300x182.png 300w, https:\/\/www.avg.eu\/wp-content\/uploads\/2025\/06\/Vacatures_AVG_Nederland_Duitsland-768x467.png 768w, https:\/\/www.avg.eu\/wp-content\/uploads\/2025\/06\/Vacatures_AVG_Nederland_Duitsland-1536x934.png 1536w, https:\/\/www.avg.eu\/wp-content\/uploads\/2025\/06\/Vacatures_AVG_Nederland_Duitsland-2048x1246.png 2048w\" sizes=\"(max-width: 1024px) 100vw, 1024px\" \/>\t\t\t\t\t\t\t\t\t\t\t\t\t\t\t<\/div>\n\t\t\t\t\t<\/div>\n\t\t\t\t<\/div>\n\t\t\t\t<\/div>\n\t\t\t\t\t<\/div>\n\t\t\t\t<\/div>\n\t\t\t\t<\/div>\n\t\t","protected":false},"excerpt":{"rendered":"<p>Du hast den \u00dcberblick auf der Baustelle und f\u00fchrst dein Team mit Erfahrung? Als Polier (m\/w\/d) im Tief- und Stra\u00dfenbau koordinierst du Personal, Maschinen und Material, \u00fcberwachst den Baufortschritt und bist zentrale Ansprechperson f\u00fcr Auftraggeber und Subunternehmer. Bei uns erwarten dich spannende Projekte im Raum Duisburg, ein unbefristeter Vertrag, faire Verg\u00fctung, betriebliche Altersvorsorge und Fahrradleasing. Jetzt bewerben und Verantwortung \u00fcbernehmen!<\/p>\n","protected":false},"featured_media":14970,"template":"elementor_header_footer","meta":{"_acf_changed":false,"inline_featured_image":false,"site-sidebar-layout":"no-sidebar","site-content-layout":"page-builder","ast-site-content-layout":"full-width-container","site-content-style":"unboxed","site-sidebar-style":"unboxed","ast-global-header-display":"","ast-banner-title-visibility":"","ast-main-header-display":"","ast-hfb-above-header-display":"","ast-hfb-below-header-display":"","ast-hfb-mobile-header-display":"","site-post-title":"","ast-breadcrumbs-content":"","ast-featured-img":"disabled","footer-sml-layout":"","ast-disable-related-posts":"","theme-transparent-header-meta":"default","adv-header-id-meta":"","stick-header-meta":"","header-above-stick-meta":"","header-main-stick-meta":"","header-below-stick-meta":"","astra-migrate-meta-layouts":"set","ast-page-background-enabled":"default","ast-page-background-meta":{"desktop":{"background-color":"var(--ast-global-color-4)","background-image":"","background-repeat":"repeat","background-position":"center center","background-size":"auto","background-attachment":"scroll","background-type":"","background-media":"","overlay-type":"","overlay-color":"","overlay-opacity":"","overlay-gradient":""},"tablet":{"background-color":"","background-image":"","background-repeat":"repeat","background-position":"center center","background-size":"auto","background-attachment":"scroll","background-type":"","background-media":"","overlay-type":"","overlay-color":"","overlay-opacity":"","overlay-gradient":""},"mobile":{"background-color":"","background-image":"","background-repeat":"repeat","background-position":"center center","background-size":"auto","background-attachment":"scroll","background-type":"","background-media":"","overlay-type":"","overlay-color":"","overlay-opacity":"","overlay-gradient":""}},"ast-content-background-meta":{"desktop":{"background-color":"var(--ast-global-color-5)","background-image":"","background-repeat":"repeat","background-position":"center center","background-size":"auto","background-attachment":"scroll","background-type":"","background-media":"","overlay-type":"","overlay-color":"","overlay-opacity":"","overlay-gradient":""},"tablet":{"background-color":"var(--ast-global-color-5)","background-image":"","background-repeat":"repeat","background-position":"center center","background-size":"auto","background-attachment":"scroll","background-type":"","background-media":"","overlay-type":"","overlay-color":"","overlay-opacity":"","overlay-gradient":""},"mobile":{"background-color":"var(--ast-global-color-5)","background-image":"","background-repeat":"repeat","background-position":"center center","background-size":"auto","background-attachment":"scroll","background-type":"","background-media":"","overlay-type":"","overlay-color":"","overlay-opacity":"","overlay-gradient":""}}},"categories":[48],"class_list":["post-16979","vacatures","type-vacatures","status-publish","has-post-thumbnail","hentry","category-karriere-tiefbau"],"acf":[],"yoast_head":"<!-- This site is optimized with the Yoast SEO plugin v27.3 - https:\/\/yoast.com\/product\/yoast-seo-wordpress\/ -->\n<title>Polier (m\/w\/d) - AVG<\/title>\n<meta name=\"description\" content=\"Polier (m\/w\/d) im Raum Duisburg gesucht! \u00dcbernimm Verantwortung auf der Baustelle - mit unbefristetem Vertrag, guter Verg\u00fctung &amp; starkem Team\" \/>\n<meta name=\"robots\" content=\"index, follow, max-snippet:-1, max-image-preview:large, max-video-preview:-1\" \/>\n<link rel=\"canonical\" href=\"https:\/\/www.avg.eu\/de\/karriere\/polier\/\" \/>\n<meta property=\"og:locale\" content=\"de_DE\" \/>\n<meta property=\"og:type\" content=\"article\" \/>\n<meta property=\"og:title\" content=\"Polier (m\/w\/d) - AVG\" \/>\n<meta property=\"og:description\" content=\"Polier (m\/w\/d) im Raum Duisburg gesucht! \u00dcbernimm Verantwortung auf der Baustelle - mit unbefristetem Vertrag, guter Verg\u00fctung &amp; starkem Team\" \/>\n<meta property=\"og:url\" content=\"https:\/\/www.avg.eu\/de\/karriere\/polier\/\" \/>\n<meta property=\"og:site_name\" content=\"AVG\" \/>\n<meta property=\"article:publisher\" content=\"https:\/\/www.facebook.com\/AVG.Heijen\/\" \/>\n<meta property=\"article:modified_time\" content=\"2026-03-23T14:42:32+00:00\" \/>\n<meta property=\"og:image\" content=\"https:\/\/www.avg.eu\/wp-content\/uploads\/2025\/05\/AVG_familienuntemehmen_wohnviertal_Burgtbouw_projekt_Veltheim_03.jpg\" \/>\n\t<meta property=\"og:image:width\" content=\"2000\" \/>\n\t<meta property=\"og:image:height\" content=\"1333\" \/>\n\t<meta property=\"og:image:type\" content=\"image\/jpeg\" \/>\n<meta name=\"twitter:card\" content=\"summary_large_image\" \/>\n<meta name=\"twitter:label1\" content=\"Gesch\u00e4tzte Lesezeit\" \/>\n\t<meta name=\"twitter:data1\" content=\"3\u00a0Minuten\" \/>\n<script type=\"application\/ld+json\" class=\"yoast-schema-graph\">{\"@context\":\"https:\\\/\\\/schema.org\",\"@graph\":[{\"@type\":\"WebPage\",\"@id\":\"https:\\\/\\\/www.avg.eu\\\/de\\\/karriere\\\/polier\\\/\",\"url\":\"https:\\\/\\\/www.avg.eu\\\/de\\\/karriere\\\/polier\\\/\",\"name\":\"Polier (m\\\/w\\\/d) - AVG\",\"isPartOf\":{\"@id\":\"https:\\\/\\\/www.avg.eu\\\/de\\\/#website\"},\"primaryImageOfPage\":{\"@id\":\"https:\\\/\\\/www.avg.eu\\\/de\\\/karriere\\\/polier\\\/#primaryimage\"},\"image\":{\"@id\":\"https:\\\/\\\/www.avg.eu\\\/de\\\/karriere\\\/polier\\\/#primaryimage\"},\"thumbnailUrl\":\"https:\\\/\\\/www.avg.eu\\\/wp-content\\\/uploads\\\/2025\\\/05\\\/AVG_familienuntemehmen_wohnviertal_Burgtbouw_projekt_Veltheim_03.jpg\",\"datePublished\":\"2026-03-20T13:15:56+00:00\",\"dateModified\":\"2026-03-23T14:42:32+00:00\",\"description\":\"Polier (m\\\/w\\\/d) im Raum Duisburg gesucht! \u00dcbernimm Verantwortung auf der Baustelle - mit unbefristetem Vertrag, guter Verg\u00fctung & starkem Team\",\"breadcrumb\":{\"@id\":\"https:\\\/\\\/www.avg.eu\\\/de\\\/karriere\\\/polier\\\/#breadcrumb\"},\"inLanguage\":\"de\",\"potentialAction\":[{\"@type\":\"ReadAction\",\"target\":[\"https:\\\/\\\/www.avg.eu\\\/de\\\/karriere\\\/polier\\\/\"]}]},{\"@type\":\"ImageObject\",\"inLanguage\":\"de\",\"@id\":\"https:\\\/\\\/www.avg.eu\\\/de\\\/karriere\\\/polier\\\/#primaryimage\",\"url\":\"https:\\\/\\\/www.avg.eu\\\/wp-content\\\/uploads\\\/2025\\\/05\\\/AVG_familienuntemehmen_wohnviertal_Burgtbouw_projekt_Veltheim_03.jpg\",\"contentUrl\":\"https:\\\/\\\/www.avg.eu\\\/wp-content\\\/uploads\\\/2025\\\/05\\\/AVG_familienuntemehmen_wohnviertal_Burgtbouw_projekt_Veltheim_03.jpg\",\"width\":2000,\"height\":1333,\"caption\":\"AVG_familienuntemehmen_wohnviertal_Burgtbouw_projekt_Veltheim\"},{\"@type\":\"BreadcrumbList\",\"@id\":\"https:\\\/\\\/www.avg.eu\\\/de\\\/karriere\\\/polier\\\/#breadcrumb\",\"itemListElement\":[{\"@type\":\"ListItem\",\"position\":1,\"name\":\"Home\",\"item\":\"https:\\\/\\\/www.avg.eu\\\/\"},{\"@type\":\"ListItem\",\"position\":2,\"name\":\"Polier (m\\\/w\\\/d)\"}]},{\"@type\":\"WebSite\",\"@id\":\"https:\\\/\\\/www.avg.eu\\\/de\\\/#website\",\"url\":\"https:\\\/\\\/www.avg.eu\\\/de\\\/\",\"name\":\"AVG\",\"description\":\"\",\"publisher\":{\"@id\":\"https:\\\/\\\/www.avg.eu\\\/de\\\/#organization\"},\"potentialAction\":[{\"@type\":\"SearchAction\",\"target\":{\"@type\":\"EntryPoint\",\"urlTemplate\":\"https:\\\/\\\/www.avg.eu\\\/de\\\/?s={search_term_string}\"},\"query-input\":{\"@type\":\"PropertyValueSpecification\",\"valueRequired\":true,\"valueName\":\"search_term_string\"}}],\"inLanguage\":\"de\"},{\"@type\":\"Organization\",\"@id\":\"https:\\\/\\\/www.avg.eu\\\/de\\\/#organization\",\"name\":\"AVG\",\"url\":\"https:\\\/\\\/www.avg.eu\\\/de\\\/\",\"logo\":{\"@type\":\"ImageObject\",\"inLanguage\":\"de\",\"@id\":\"https:\\\/\\\/www.avg.eu\\\/de\\\/#\\\/schema\\\/logo\\\/image\\\/\",\"url\":\"https:\\\/\\\/www.avg.eu\\\/wp-content\\\/uploads\\\/2024\\\/06\\\/logo-avg-1.png\",\"contentUrl\":\"https:\\\/\\\/www.avg.eu\\\/wp-content\\\/uploads\\\/2024\\\/06\\\/logo-avg-1.png\",\"width\":375,\"height\":219,\"caption\":\"AVG\"},\"image\":{\"@id\":\"https:\\\/\\\/www.avg.eu\\\/de\\\/#\\\/schema\\\/logo\\\/image\\\/\"},\"sameAs\":[\"https:\\\/\\\/www.facebook.com\\\/AVG.Heijen\\\/\",\"https:\\\/\\\/www.instagram.com\\\/avgheijen\\\/\",\"https:\\\/\\\/www.linkedin.com\\\/company\\\/avg-bv\\\/\",\"https:\\\/\\\/www.tiktok.com\\\/@avgheijen\"]}]}<\/script>\n<!-- \/ Yoast SEO plugin. -->","yoast_head_json":{"title":"Polier (m\/w\/d) - AVG","description":"Polier (m\/w\/d) im Raum Duisburg gesucht! \u00dcbernimm Verantwortung auf der Baustelle - mit unbefristetem Vertrag, guter Verg\u00fctung & starkem Team","robots":{"index":"index","follow":"follow","max-snippet":"max-snippet:-1","max-image-preview":"max-image-preview:large","max-video-preview":"max-video-preview:-1"},"canonical":"https:\/\/www.avg.eu\/de\/karriere\/polier\/","og_locale":"de_DE","og_type":"article","og_title":"Polier (m\/w\/d) - AVG","og_description":"Polier (m\/w\/d) im Raum Duisburg gesucht! \u00dcbernimm Verantwortung auf der Baustelle - mit unbefristetem Vertrag, guter Verg\u00fctung & starkem Team","og_url":"https:\/\/www.avg.eu\/de\/karriere\/polier\/","og_site_name":"AVG","article_publisher":"https:\/\/www.facebook.com\/AVG.Heijen\/","article_modified_time":"2026-03-23T14:42:32+00:00","og_image":[{"width":2000,"height":1333,"url":"https:\/\/www.avg.eu\/wp-content\/uploads\/2025\/05\/AVG_familienuntemehmen_wohnviertal_Burgtbouw_projekt_Veltheim_03.jpg","type":"image\/jpeg"}],"twitter_card":"summary_large_image","twitter_misc":{"Gesch\u00e4tzte Lesezeit":"3\u00a0Minuten"},"schema":{"@context":"https:\/\/schema.org","@graph":[{"@type":"WebPage","@id":"https:\/\/www.avg.eu\/de\/karriere\/polier\/","url":"https:\/\/www.avg.eu\/de\/karriere\/polier\/","name":"Polier (m\/w\/d) - AVG","isPartOf":{"@id":"https:\/\/www.avg.eu\/de\/#website"},"primaryImageOfPage":{"@id":"https:\/\/www.avg.eu\/de\/karriere\/polier\/#primaryimage"},"image":{"@id":"https:\/\/www.avg.eu\/de\/karriere\/polier\/#primaryimage"},"thumbnailUrl":"https:\/\/www.avg.eu\/wp-content\/uploads\/2025\/05\/AVG_familienuntemehmen_wohnviertal_Burgtbouw_projekt_Veltheim_03.jpg","datePublished":"2026-03-20T13:15:56+00:00","dateModified":"2026-03-23T14:42:32+00:00","description":"Polier (m\/w\/d) im Raum Duisburg gesucht! \u00dcbernimm Verantwortung auf der Baustelle - mit unbefristetem Vertrag, guter Verg\u00fctung & starkem Team","breadcrumb":{"@id":"https:\/\/www.avg.eu\/de\/karriere\/polier\/#breadcrumb"},"inLanguage":"de","potentialAction":[{"@type":"ReadAction","target":["https:\/\/www.avg.eu\/de\/karriere\/polier\/"]}]},{"@type":"ImageObject","inLanguage":"de","@id":"https:\/\/www.avg.eu\/de\/karriere\/polier\/#primaryimage","url":"https:\/\/www.avg.eu\/wp-content\/uploads\/2025\/05\/AVG_familienuntemehmen_wohnviertal_Burgtbouw_projekt_Veltheim_03.jpg","contentUrl":"https:\/\/www.avg.eu\/wp-content\/uploads\/2025\/05\/AVG_familienuntemehmen_wohnviertal_Burgtbouw_projekt_Veltheim_03.jpg","width":2000,"height":1333,"caption":"AVG_familienuntemehmen_wohnviertal_Burgtbouw_projekt_Veltheim"},{"@type":"BreadcrumbList","@id":"https:\/\/www.avg.eu\/de\/karriere\/polier\/#breadcrumb","itemListElement":[{"@type":"ListItem","position":1,"name":"Home","item":"https:\/\/www.avg.eu\/"},{"@type":"ListItem","position":2,"name":"Polier (m\/w\/d)"}]},{"@type":"WebSite","@id":"https:\/\/www.avg.eu\/de\/#website","url":"https:\/\/www.avg.eu\/de\/","name":"AVG","description":"","publisher":{"@id":"https:\/\/www.avg.eu\/de\/#organization"},"potentialAction":[{"@type":"SearchAction","target":{"@type":"EntryPoint","urlTemplate":"https:\/\/www.avg.eu\/de\/?s={search_term_string}"},"query-input":{"@type":"PropertyValueSpecification","valueRequired":true,"valueName":"search_term_string"}}],"inLanguage":"de"},{"@type":"Organization","@id":"https:\/\/www.avg.eu\/de\/#organization","name":"AVG","url":"https:\/\/www.avg.eu\/de\/","logo":{"@type":"ImageObject","inLanguage":"de","@id":"https:\/\/www.avg.eu\/de\/#\/schema\/logo\/image\/","url":"https:\/\/www.avg.eu\/wp-content\/uploads\/2024\/06\/logo-avg-1.png","contentUrl":"https:\/\/www.avg.eu\/wp-content\/uploads\/2024\/06\/logo-avg-1.png","width":375,"height":219,"caption":"AVG"},"image":{"@id":"https:\/\/www.avg.eu\/de\/#\/schema\/logo\/image\/"},"sameAs":["https:\/\/www.facebook.com\/AVG.Heijen\/","https:\/\/www.instagram.com\/avgheijen\/","https:\/\/www.linkedin.com\/company\/avg-bv\/","https:\/\/www.tiktok.com\/@avgheijen"]}]}},"_links":{"self":[{"href":"https:\/\/www.avg.eu\/de\/wp-json\/wp\/v2\/vacatures\/16979","targetHints":{"allow":["GET"]}}],"collection":[{"href":"https:\/\/www.avg.eu\/de\/wp-json\/wp\/v2\/vacatures"}],"about":[{"href":"https:\/\/www.avg.eu\/de\/wp-json\/wp\/v2\/types\/vacatures"}],"version-history":[{"count":5,"href":"https:\/\/www.avg.eu\/de\/wp-json\/wp\/v2\/vacatures\/16979\/revisions"}],"predecessor-version":[{"id":26042,"href":"https:\/\/www.avg.eu\/de\/wp-json\/wp\/v2\/vacatures\/16979\/revisions\/26042"}],"wp:featuredmedia":[{"embeddable":true,"href":"https:\/\/www.avg.eu\/de\/wp-json\/wp\/v2\/media\/14970"}],"wp:attachment":[{"href":"https:\/\/www.avg.eu\/de\/wp-json\/wp\/v2\/media?parent=16979"}],"wp:term":[{"taxonomy":"category","embeddable":true,"href":"https:\/\/www.avg.eu\/de\/wp-json\/wp\/v2\/categories?post=16979"}],"curies":[{"name":"wp","href":"https:\/\/api.w.org\/{rel}","templated":true}]}}