{"id":16854,"date":"2026-08-02T09:30:23","date_gmt":"2026-08-02T09:30:23","guid":{"rendered":"https:\/\/www.avg.eu\/?post_type=vacatures&#038;p=16854"},"modified":"2026-08-04T07:37:14","modified_gmt":"2026-08-04T07:37:14","slug":"maschinist","status":"publish","type":"vacatures","link":"https:\/\/www.avg.eu\/de\/karriere\/maschinist\/","title":{"rendered":"Maschinist Tiefbau (m\/w\/d)"},"content":{"rendered":"\t\t<div data-elementor-type=\"wp-post\" data-elementor-id=\"16854\" class=\"elementor elementor-16854\" data-elementor-post-type=\"vacatures\">\n\t\t\t\t<div class=\"elementor-element elementor-element-82d1f05 e-con-full e-flex e-con e-parent\" data-id=\"82d1f05\" data-element_type=\"container\" data-e-type=\"container\" data-settings=\"{&quot;background_background&quot;:&quot;classic&quot;}\">\n\t\t<div class=\"elementor-element elementor-element-d672fed default-padding-left-right e-flex e-con-boxed e-con e-child\" data-id=\"d672fed\" data-element_type=\"container\" data-e-type=\"container\">\n\t\t\t\t\t<div class=\"e-con-inner\">\n\t\t<div class=\"elementor-element elementor-element-d092b70 e-con-full e-flex e-con e-child\" data-id=\"d092b70\" data-element_type=\"container\" data-e-type=\"container\">\n\t\t\t\t<div class=\"elementor-element elementor-element-cad619b font-size-4 elementor-widget elementor-widget-heading\" data-id=\"cad619b\" data-element_type=\"widget\" data-e-type=\"widget\" data-widget_type=\"heading.default\">\n\t\t\t\t\t<h2 class=\"elementor-heading-title elementor-size-default\">Maschinist Tiefbau (m\/w\/d)<\/h2>\t\t\t\t<\/div>\n\t\t\t\t<div class=\"elementor-element elementor-element-d0b2eed white-text font-size-2 p-remove-bottom-margin elementor-widget elementor-widget-text-editor\" data-id=\"d0b2eed\" data-element_type=\"widget\" data-e-type=\"widget\" data-widget_type=\"text-editor.default\">\n\t\t\t\t\t\t\t\t\t<p>Als Maschinistin oder Maschinist im Tiefbau bei <span style=\"text-decoration: underline;\"><a href=\"https:\/\/www.avg.eu\/de\/ueber-uns\/\">AVG<\/a><\/span> f\u00fchrst du moderne Baumaschinen wie Kettenbagger, Radlader und Walzen \u2013 f\u00fcr Erd- und Tiefbauprojekte in der Region.<\/p>\t\t\t\t\t\t\t\t<\/div>\n\t\t\t\t<\/div>\n\t\t<div class=\"elementor-element elementor-element-7755ced e-con-full e-flex e-con e-child\" data-id=\"7755ced\" data-element_type=\"container\" data-e-type=\"container\">\n\t\t<div class=\"elementor-element elementor-element-0242314 e-con-full e-flex e-con e-child\" data-id=\"0242314\" data-element_type=\"container\" data-e-type=\"container\" data-settings=\"{&quot;background_background&quot;:&quot;classic&quot;}\">\n\t\t\t\t<div class=\"elementor-element elementor-element-a80473b font-size-3 elementor-widget elementor-widget-heading\" data-id=\"a80473b\" data-element_type=\"widget\" data-e-type=\"widget\" data-widget_type=\"heading.default\">\n\t\t\t\t\t<h3 class=\"elementor-heading-title elementor-size-default\">Hast Du Fragen?<\/h3>\t\t\t\t<\/div>\n\t\t<div class=\"elementor-element elementor-element-6685139 e-flex e-con-boxed e-con e-child\" data-id=\"6685139\" data-element_type=\"container\" data-e-type=\"container\">\n\t\t\t\t\t<div class=\"e-con-inner\">\n\t\t\t\t<div class=\"elementor-element elementor-element-7ae5496 elementor-widget elementor-widget-image\" data-id=\"7ae5496\" data-element_type=\"widget\" data-e-type=\"widget\" data-widget_type=\"image.default\">\n\t\t\t\t\t\t\t\t\t\t\t\t\t\t\t<img decoding=\"async\" width=\"85\" height=\"64\" src=\"https:\/\/www.avg.eu\/wp-content\/uploads\/2025\/06\/Lisa-contactblok-1.png\" class=\"attachment-large size-large wp-image-16572\" alt=\"\" \/>\t\t\t\t\t\t\t\t\t\t\t\t\t\t\t<\/div>\n\t\t\t\t<div class=\"elementor-element elementor-element-2762007 white-text p-remove-bottom-margin elementor-widget elementor-widget-text-editor\" data-id=\"2762007\" data-element_type=\"widget\" data-e-type=\"widget\" data-widget_type=\"text-editor.default\">\n\t\t\t\t\t\t\t\t\t<p>Lisa-Marie Cox<br \/><a href=\"tel:+49(0)2065774728\">+49(0)2065-774728<\/a><br \/><a href=\"mailto:bewerbungen@avg.eu\">bewerbungen@avg.eu<\/a><\/p>\t\t\t\t\t\t\t\t<\/div>\n\t\t\t\t\t<\/div>\n\t\t\t\t<\/div>\n\t\t\t\t<\/div>\n\t\t\t\t<\/div>\n\t\t\t\t\t<\/div>\n\t\t\t\t<\/div>\n\t\t\t\t<\/div>\n\t\t<div class=\"elementor-element elementor-element-3f9b38c e-con-full e-flex e-con e-parent\" data-id=\"3f9b38c\" data-element_type=\"container\" data-e-type=\"container\" data-settings=\"{&quot;background_background&quot;:&quot;classic&quot;}\">\n\t\t\t\t<\/div>\n\t\t<div class=\"elementor-element elementor-element-c050a10 margin-top-2 default-padding-left-right e-flex e-con-boxed e-con e-parent\" data-id=\"c050a10\" data-element_type=\"container\" data-e-type=\"container\">\n\t\t\t\t\t<div class=\"e-con-inner\">\n\t\t\t\t<div class=\"elementor-element elementor-element-4041623 elementor-widget elementor-widget-text-editor\" data-id=\"4041623\" data-element_type=\"widget\" data-e-type=\"widget\" data-widget_type=\"text-editor.default\">\n\t\t\t\t\t\t\t\t\t<div><div class='breadcrumb'><a href='https:\/\/www.avg.eu\/de\/'>Home<\/a> > <a href='https:\/\/www.avg.eu\/de\/karriere'>Karriere<\/a> > Maschinist Tiefbau (m\/w\/d)<\/div><\/div>\t\t\t\t\t\t\t\t<\/div>\n\t\t\t\t\t<\/div>\n\t\t\t\t<\/div>\n\t\t<div class=\"elementor-element elementor-element-1ebbbc6 default-padding-left-right margin-top-6 margin-bottom-6 e-flex e-con-boxed e-con e-parent\" data-id=\"1ebbbc6\" data-element_type=\"container\" data-e-type=\"container\">\n\t\t\t\t\t<div class=\"e-con-inner\">\n\t\t<div class=\"elementor-element elementor-element-e4fa22a e-con-full e-flex e-con e-child\" data-id=\"e4fa22a\" data-element_type=\"container\" data-e-type=\"container\">\n\t\t\t\t<div class=\"elementor-element elementor-element-e718ec3 font-size-4 margin-bottom-1 elementor-widget elementor-widget-heading\" data-id=\"e718ec3\" data-element_type=\"widget\" data-e-type=\"widget\" data-widget_type=\"heading.default\">\n\t\t\t\t\t<h1 class=\"elementor-heading-title elementor-size-default\">Werde Maschinist im Tiefbau (m\/w\/d) bei AVG<\/h1>\t\t\t\t<\/div>\n\t\t\t\t<div class=\"elementor-element elementor-element-8729ab0 elementor-widget elementor-widget-text-editor\" data-id=\"8729ab0\" data-element_type=\"widget\" data-e-type=\"widget\" data-widget_type=\"text-editor.default\">\n\t\t\t\t\t\t\t\t\t<p><strong>Du willst Technik beherrschen, Verantwortung \u00fcbernehmen und t\u00e4glich sehen, was Du bewegt hast? Dann bist Du bei uns genau richtig.<\/strong><\/p><p>Als <strong>Maschinistin oder Maschinist im Tiefbau<\/strong>\u00a0arbeitest Du eigenverantwortlich mit modernem Equipment, unterst\u00fctzt Dein Team im Tiefbau und sorgst f\u00fcr reibungslose Abl\u00e4ufe. Dich erwarten ein sicherer Job, gute Ausstattung und ein faires Miteinander.<\/p><h6 data-start=\"928\" data-end=\"947\">DEINE AUFGABEN:<\/h6><ul data-start=\"949\" data-end=\"1365\"><li data-start=\"949\" data-end=\"1051\">Bedienung von Baumaschinen im Tiefbau (Kettenbagger, Radlader, Walzen)<\/li><li data-start=\"949\" data-end=\"1051\">Pflege und Wartung der Maschinen<\/li><li data-start=\"949\" data-end=\"1051\">Unterst\u00fctzung bei der Baustellenorganisation<\/li><li data-start=\"949\" data-end=\"1051\">Einhaltung von Sicherheitsvorgaben und technischen Standards<\/li><\/ul><h6 data-start=\"1372\" data-end=\"1388\">DEIN PROFIL:<\/h6><ul data-start=\"1390\" data-end=\"1816\"><li data-start=\"1390\" data-end=\"1475\">Abgeschlossene Ausbildung im Bauhauptgewerbe (z.\u202fB. Bauger\u00e4tef\u00fchrer)<\/li><li data-start=\"1390\" data-end=\"1475\">Erfahrung mit Baumaschinen w\u00fcnschenswert<\/li><li data-start=\"1390\" data-end=\"1475\">Technisches Verst\u00e4ndnis und Verantwortungsbewusstsein<\/li><li data-start=\"1390\" data-end=\"1475\">F\u00fchrerschein Klasse B<\/li><\/ul>\t\t\t\t\t\t\t\t<\/div>\n\t\t\t\t<\/div>\n\t\t<div class=\"elementor-element elementor-element-c3b26b4 e-con-full e-flex e-con e-child\" data-id=\"c3b26b4\" data-element_type=\"container\" data-e-type=\"container\">\n\t\t\t\t<div class=\"elementor-element elementor-element-91d11ba font-size-2 margin-bottom-1 elementor-widget elementor-widget-heading\" data-id=\"91d11ba\" data-element_type=\"widget\" data-e-type=\"widget\" data-widget_type=\"heading.default\">\n\t\t\t\t\t<h2 class=\"elementor-heading-title elementor-size-default\">Eigenschaften<\/h2>\t\t\t\t<\/div>\n\t\t<div class=\"elementor-element elementor-element-f7a4614 e-flex e-con-boxed e-con e-child\" data-id=\"f7a4614\" data-element_type=\"container\" data-e-type=\"container\">\n\t\t\t\t\t<div class=\"e-con-inner\">\n\t\t\t\t<div class=\"elementor-element elementor-element-de457d7 elementor-widget elementor-widget-image\" data-id=\"de457d7\" data-element_type=\"widget\" data-e-type=\"widget\" data-widget_type=\"image.default\">\n\t\t\t\t\t\t\t\t\t\t\t\t\t\t\t<img fetchpriority=\"high\" decoding=\"async\" width=\"1024\" height=\"1024\" src=\"https:\/\/www.avg.eu\/wp-content\/uploads\/2025\/02\/Tiefbau_ORA.svg\" class=\"attachment-large size-large wp-image-9461\" alt=\"\" \/>\t\t\t\t\t\t\t\t\t\t\t\t\t\t\t<\/div>\n\t\t\t\t<div class=\"elementor-element elementor-element-0d04144 font-color-1 font-size-1 elementor-widget elementor-widget-heading\" data-id=\"0d04144\" data-element_type=\"widget\" data-e-type=\"widget\" data-widget_type=\"heading.default\">\n\t\t\t\t\t<h5 class=\"elementor-heading-title elementor-size-default\"><a href=\"https:\/\/www.avg.eu\/de\/tiefbau\/\">Tiefbau<\/a><\/h5>\t\t\t\t<\/div>\n\t\t\t\t\t<\/div>\n\t\t\t\t<\/div>\n\t\t\t\t<div class=\"elementor-element elementor-element-865463c p-remove-bottom-margin elementor-widget elementor-widget-text-editor\" data-id=\"865463c\" data-element_type=\"widget\" data-e-type=\"widget\" data-widget_type=\"text-editor.default\">\n\t\t\t\t\t\t\t\t\t<p><strong>Standort<\/strong><br \/>Duisburg, Deutschland (+100 km)<\/p>\t\t\t\t\t\t\t\t<\/div>\n\t\t\t\t<div class=\"elementor-element elementor-element-77d2314 p-remove-bottom-margin elementor-widget elementor-widget-text-editor\" data-id=\"77d2314\" data-element_type=\"widget\" data-e-type=\"widget\" data-widget_type=\"text-editor.default\">\n\t\t\t\t\t\t\t\t\t<p><strong>Ab wann?<\/strong><br \/>ab sofort<\/p>\t\t\t\t\t\t\t\t<\/div>\n\t\t\t\t<div class=\"elementor-element elementor-element-74d09f0 p-remove-bottom-margin elementor-widget elementor-widget-text-editor\" data-id=\"74d09f0\" data-element_type=\"widget\" data-e-type=\"widget\" data-widget_type=\"text-editor.default\">\n\t\t\t\t\t\t\t\t\t<p><strong>Positionsbezeichnung<\/strong><br \/>Maschinist*in<\/p>\t\t\t\t\t\t\t\t<\/div>\n\t\t\t\t<div class=\"elementor-element elementor-element-8c00401 elementor-widget elementor-widget-text-editor\" data-id=\"8c00401\" data-element_type=\"widget\" data-e-type=\"widget\" data-widget_type=\"text-editor.default\">\n\t\t\t\t\t\t\t\t\t<p><strong>Interesse?<br \/><\/strong>Sch\u00f6n! Wir freuen uns auf Deine Bewerbung!<br \/>Nutze einfach unser Formular oder schicke Deine Bewerbung an <a href=\"mailto:bewerbungen@avg.eu\">bewerbungen@avg.eu<\/a><\/p>\t\t\t\t\t\t\t\t<\/div>\n\t\t\t\t<div class=\"elementor-element elementor-element-4858725 elementor-widget elementor-widget-button\" data-id=\"4858725\" data-element_type=\"widget\" data-e-type=\"widget\" data-widget_type=\"button.default\">\n\t\t\t\t\t\t\t\t\t\t<a class=\"elementor-button elementor-button-link elementor-size-sm\" href=\"https:\/\/www.avg.eu\/de\/formular\/maschinist-tiefbau\/\">\n\t\t\t\t\t\t<span class=\"elementor-button-content-wrapper\">\n\t\t\t\t\t\t\t\t\t<span class=\"elementor-button-text\">Jetzt bewerben<\/span>\n\t\t\t\t\t<\/span>\n\t\t\t\t\t<\/a>\n\t\t\t\t\t\t\t\t<\/div>\n\t\t\t\t<\/div>\n\t\t\t\t\t<\/div>\n\t\t\t\t<\/div>\n\t\t<div class=\"elementor-element elementor-element-f4e4d39 e-flex e-con-boxed elementor-invisible e-con e-parent\" data-id=\"f4e4d39\" data-element_type=\"container\" data-e-type=\"container\" data-settings=\"{&quot;background_background&quot;:&quot;classic&quot;,&quot;animation&quot;:&quot;fadeInUp&quot;}\">\n\t\t\t\t\t<div class=\"e-con-inner\">\n\t\t\t\t\t<\/div>\n\t\t\t\t<\/div>\n\t\t<div class=\"elementor-element elementor-element-2c9ca7f default-padding-left-right padding-top-6 padding-bottom-6 e-flex e-con-boxed e-con e-parent\" data-id=\"2c9ca7f\" data-element_type=\"container\" data-e-type=\"container\" data-settings=\"{&quot;background_background&quot;:&quot;classic&quot;}\">\n\t\t\t\t\t<div class=\"e-con-inner\">\n\t\t<div class=\"elementor-element elementor-element-0b92261 e-con-full e-flex elementor-invisible e-con e-child\" data-id=\"0b92261\" data-element_type=\"container\" data-e-type=\"container\" data-settings=\"{&quot;animation&quot;:&quot;fadeInUp&quot;}\">\n\t\t\t\t<div class=\"elementor-element elementor-element-e2934d8 aspect-ratio-1-img elementor-widget elementor-widget-image\" data-id=\"e2934d8\" data-element_type=\"widget\" data-e-type=\"widget\" data-widget_type=\"image.default\">\n\t\t\t\t\t\t\t\t\t\t\t\t\t\t\t<img decoding=\"async\" width=\"1024\" height=\"576\" src=\"https:\/\/www.avg.eu\/wp-content\/uploads\/2024\/06\/kanalisation_tiefbau_baustelle_kanalbauarbeiten_regen_05-1024x576.jpg\" class=\"attachment-large size-large wp-image-15263\" alt=\"kanalisation_tiefbau_baustelle_kanalbauarbeiten_regen_05\" srcset=\"https:\/\/www.avg.eu\/wp-content\/uploads\/2024\/06\/kanalisation_tiefbau_baustelle_kanalbauarbeiten_regen_05-1024x576.jpg 1024w, https:\/\/www.avg.eu\/wp-content\/uploads\/2024\/06\/kanalisation_tiefbau_baustelle_kanalbauarbeiten_regen_05-300x169.jpg 300w, https:\/\/www.avg.eu\/wp-content\/uploads\/2024\/06\/kanalisation_tiefbau_baustelle_kanalbauarbeiten_regen_05-768x432.jpg 768w, https:\/\/www.avg.eu\/wp-content\/uploads\/2024\/06\/kanalisation_tiefbau_baustelle_kanalbauarbeiten_regen_05-1536x864.jpg 1536w, https:\/\/www.avg.eu\/wp-content\/uploads\/2024\/06\/kanalisation_tiefbau_baustelle_kanalbauarbeiten_regen_05.jpg 1920w\" sizes=\"(max-width: 1024px) 100vw, 1024px\" \/>\t\t\t\t\t\t\t\t\t\t\t\t\t\t\t<\/div>\n\t\t\t\t<\/div>\n\t\t<div class=\"elementor-element elementor-element-8bd83cc e-con-full e-flex elementor-invisible e-con e-child\" data-id=\"8bd83cc\" data-element_type=\"container\" data-e-type=\"container\" data-settings=\"{&quot;animation&quot;:&quot;fadeInUp&quot;}\">\n\t\t\t\t<div class=\"elementor-element elementor-element-7c290c2 font-size-4 margin-bottom-1 elementor-widget elementor-widget-heading\" data-id=\"7c290c2\" data-element_type=\"widget\" data-e-type=\"widget\" data-widget_type=\"heading.default\">\n\t\t\t\t\t<h2 class=\"elementor-heading-title elementor-size-default\">Deine Vorteile bei AVG<\/h2>\t\t\t\t<\/div>\n\t\t<div class=\"elementor-element elementor-element-a94b42b e-flex e-con-boxed e-con e-child\" data-id=\"a94b42b\" data-element_type=\"container\" data-e-type=\"container\">\n\t\t\t\t\t<div class=\"e-con-inner\">\n\t\t\t\t<div class=\"elementor-element elementor-element-4d9dcf3 elementor-widget elementor-widget-image\" data-id=\"4d9dcf3\" data-element_type=\"widget\" data-e-type=\"widget\" data-widget_type=\"image.default\">\n\t\t\t\t\t\t\t\t\t\t\t\t\t\t\t<img loading=\"lazy\" decoding=\"async\" width=\"875\" height=\"1024\" src=\"https:\/\/www.avg.eu\/wp-content\/uploads\/2024\/04\/checkmark-avg.svg\" class=\"attachment-large size-large wp-image-1561\" alt=\"\" \/>\t\t\t\t\t\t\t\t\t\t\t\t\t\t\t<\/div>\n\t\t<div class=\"elementor-element elementor-element-3bb859b e-con-full e-flex e-con e-child\" data-id=\"3bb859b\" data-element_type=\"container\" data-e-type=\"container\">\n\t\t\t\t<div class=\"elementor-element elementor-element-fcad0f1 elementor-widget elementor-widget-heading\" data-id=\"fcad0f1\" data-element_type=\"widget\" data-e-type=\"widget\" data-widget_type=\"heading.default\">\n\t\t\t\t\t<h2 class=\"elementor-heading-title elementor-size-default\">Sicherer Einstieg <\/h2>\t\t\t\t<\/div>\n\t\t\t\t<div class=\"elementor-element elementor-element-2efb8d1 p-remove-bottom-margin elementor-widget elementor-widget-text-editor\" data-id=\"2efb8d1\" data-element_type=\"widget\" data-e-type=\"widget\" data-widget_type=\"text-editor.default\">\n\t\t\t\t\t\t\t\t\t<p>Unbefristeter Arbeitsvertrag ab dem ersten Tag<\/p>\t\t\t\t\t\t\t\t<\/div>\n\t\t\t\t<\/div>\n\t\t\t\t\t<\/div>\n\t\t\t\t<\/div>\n\t\t<div class=\"elementor-element elementor-element-706c741 e-con-full e-flex e-con e-child\" data-id=\"706c741\" data-element_type=\"container\" data-e-type=\"container\">\n\t\t\t\t<div class=\"elementor-element elementor-element-5c23d75 elementor-widget elementor-widget-image\" data-id=\"5c23d75\" data-element_type=\"widget\" data-e-type=\"widget\" data-widget_type=\"image.default\">\n\t\t\t\t\t\t\t\t\t\t\t\t\t\t\t<img loading=\"lazy\" decoding=\"async\" width=\"875\" height=\"1024\" src=\"https:\/\/www.avg.eu\/wp-content\/uploads\/2024\/04\/checkmark-avg.svg\" class=\"attachment-large size-large wp-image-1561\" alt=\"\" \/>\t\t\t\t\t\t\t\t\t\t\t\t\t\t\t<\/div>\n\t\t<div class=\"elementor-element elementor-element-2156602 e-con-full e-flex e-con e-child\" data-id=\"2156602\" data-element_type=\"container\" data-e-type=\"container\">\n\t\t\t\t<div class=\"elementor-element elementor-element-2b8897a elementor-widget elementor-widget-heading\" data-id=\"2b8897a\" data-element_type=\"widget\" data-e-type=\"widget\" data-widget_type=\"heading.default\">\n\t\t\t\t\t<h2 class=\"elementor-heading-title elementor-size-default\">Attraktive Verg\u00fctung <\/h2>\t\t\t\t<\/div>\n\t\t\t\t<div class=\"elementor-element elementor-element-1176c84 p-remove-bottom-margin elementor-widget elementor-widget-text-editor\" data-id=\"1176c84\" data-element_type=\"widget\" data-e-type=\"widget\" data-widget_type=\"text-editor.default\">\n\t\t\t\t\t\t\t\t\t<p>Leistungsgerechtes Gehalt inkl. Urlaubs- und Weihnachtsgeld sowie verg\u00fctete Reisezeit &amp; zus\u00e4tzliche Spesen<\/p>\t\t\t\t\t\t\t\t<\/div>\n\t\t\t\t<\/div>\n\t\t\t\t<\/div>\n\t\t<div class=\"elementor-element elementor-element-c3c8525 e-flex e-con-boxed e-con e-child\" data-id=\"c3c8525\" data-element_type=\"container\" data-e-type=\"container\">\n\t\t\t\t\t<div class=\"e-con-inner\">\n\t\t\t\t<div class=\"elementor-element elementor-element-6b2e2d7 elementor-widget elementor-widget-image\" data-id=\"6b2e2d7\" data-element_type=\"widget\" data-e-type=\"widget\" data-widget_type=\"image.default\">\n\t\t\t\t\t\t\t\t\t\t\t\t\t\t\t<img loading=\"lazy\" decoding=\"async\" width=\"875\" height=\"1024\" src=\"https:\/\/www.avg.eu\/wp-content\/uploads\/2024\/04\/checkmark-avg.svg\" class=\"attachment-large size-large wp-image-1561\" alt=\"\" \/>\t\t\t\t\t\t\t\t\t\t\t\t\t\t\t<\/div>\n\t\t<div class=\"elementor-element elementor-element-f63b42b e-con-full e-flex e-con e-child\" data-id=\"f63b42b\" data-element_type=\"container\" data-e-type=\"container\">\n\t\t\t\t<div class=\"elementor-element elementor-element-31383f5 elementor-widget elementor-widget-heading\" data-id=\"31383f5\" data-element_type=\"widget\" data-e-type=\"widget\" data-widget_type=\"heading.default\">\n\t\t\t\t\t<h2 class=\"elementor-heading-title elementor-size-default\">Firmenwagen <\/h2>\t\t\t\t<\/div>\n\t\t\t\t<div class=\"elementor-element elementor-element-d7705a8 p-remove-bottom-margin elementor-widget elementor-widget-text-editor\" data-id=\"d7705a8\" data-element_type=\"widget\" data-e-type=\"widget\" data-widget_type=\"text-editor.default\">\n\t\t\t\t\t\t\t\t\t<p>Eigener Firmenwagen zur beruflichen Nutzung nach Probezeit<\/p>\t\t\t\t\t\t\t\t<\/div>\n\t\t\t\t<\/div>\n\t\t\t\t\t<\/div>\n\t\t\t\t<\/div>\n\t\t<div class=\"elementor-element elementor-element-3e0431c e-flex e-con-boxed e-con e-child\" data-id=\"3e0431c\" data-element_type=\"container\" data-e-type=\"container\">\n\t\t\t\t\t<div class=\"e-con-inner\">\n\t\t\t\t<div class=\"elementor-element elementor-element-513b7f0 elementor-widget elementor-widget-image\" data-id=\"513b7f0\" data-element_type=\"widget\" data-e-type=\"widget\" data-widget_type=\"image.default\">\n\t\t\t\t\t\t\t\t\t\t\t\t\t\t\t<img loading=\"lazy\" decoding=\"async\" width=\"875\" height=\"1024\" src=\"https:\/\/www.avg.eu\/wp-content\/uploads\/2024\/04\/checkmark-avg.svg\" class=\"attachment-large size-large wp-image-1561\" alt=\"\" \/>\t\t\t\t\t\t\t\t\t\t\t\t\t\t\t<\/div>\n\t\t<div class=\"elementor-element elementor-element-bc0883a e-con-full e-flex e-con e-child\" data-id=\"bc0883a\" data-element_type=\"container\" data-e-type=\"container\">\n\t\t\t\t<div class=\"elementor-element elementor-element-bdf736a elementor-widget elementor-widget-heading\" data-id=\"bdf736a\" data-element_type=\"widget\" data-e-type=\"widget\" data-widget_type=\"heading.default\">\n\t\t\t\t\t<h2 class=\"elementor-heading-title elementor-size-default\">Planbare Arbeitszeiten <\/h2>\t\t\t\t<\/div>\n\t\t\t\t<div class=\"elementor-element elementor-element-f0557df p-remove-bottom-margin elementor-widget elementor-widget-text-editor\" data-id=\"f0557df\" data-element_type=\"widget\" data-e-type=\"widget\" data-widget_type=\"text-editor.default\">\n\t\t\t\t\t\t\t\t\t<p>Regionale Eins\u00e4tze im Raum Duisburg (+ca. 100 km), keine Montageeins\u00e4tze<\/p>\t\t\t\t\t\t\t\t<\/div>\n\t\t\t\t<\/div>\n\t\t\t\t\t<\/div>\n\t\t\t\t<\/div>\n\t\t<div class=\"elementor-element elementor-element-2a1381a e-flex e-con-boxed e-con e-child\" data-id=\"2a1381a\" data-element_type=\"container\" data-e-type=\"container\">\n\t\t\t\t\t<div class=\"e-con-inner\">\n\t\t\t\t<div class=\"elementor-element elementor-element-dd333d6 elementor-widget elementor-widget-image\" data-id=\"dd333d6\" data-element_type=\"widget\" data-e-type=\"widget\" data-widget_type=\"image.default\">\n\t\t\t\t\t\t\t\t\t\t\t\t\t\t\t<img loading=\"lazy\" decoding=\"async\" width=\"875\" height=\"1024\" src=\"https:\/\/www.avg.eu\/wp-content\/uploads\/2024\/04\/checkmark-avg.svg\" class=\"attachment-large size-large wp-image-1561\" alt=\"\" \/>\t\t\t\t\t\t\t\t\t\t\t\t\t\t\t<\/div>\n\t\t<div class=\"elementor-element elementor-element-5285394 e-con-full e-flex e-con e-child\" data-id=\"5285394\" data-element_type=\"container\" data-e-type=\"container\">\n\t\t\t\t<div class=\"elementor-element elementor-element-096f090 elementor-widget elementor-widget-heading\" data-id=\"096f090\" data-element_type=\"widget\" data-e-type=\"widget\" data-widget_type=\"heading.default\">\n\t\t\t\t\t<h2 class=\"elementor-heading-title elementor-size-default\">Ideale Ausstattung <\/h2>\t\t\t\t<\/div>\n\t\t\t\t<div class=\"elementor-element elementor-element-a0ef709 p-remove-bottom-margin elementor-widget elementor-widget-text-editor\" data-id=\"a0ef709\" data-element_type=\"widget\" data-e-type=\"widget\" data-widget_type=\"text-editor.default\">\n\t\t\t\t\t\t\t\t\t<p>Arbeitskleidung, moderne Maschinen und Equipment<\/p>\t\t\t\t\t\t\t\t<\/div>\n\t\t\t\t<\/div>\n\t\t\t\t\t<\/div>\n\t\t\t\t<\/div>\n\t\t<div class=\"elementor-element elementor-element-f786964 e-con-full e-flex e-con e-child\" data-id=\"f786964\" data-element_type=\"container\" data-e-type=\"container\">\n\t\t\t\t<div class=\"elementor-element elementor-element-ea57f20 elementor-widget elementor-widget-image\" data-id=\"ea57f20\" data-element_type=\"widget\" data-e-type=\"widget\" data-widget_type=\"image.default\">\n\t\t\t\t\t\t\t\t\t\t\t\t\t\t\t<img loading=\"lazy\" decoding=\"async\" width=\"875\" height=\"1024\" src=\"https:\/\/www.avg.eu\/wp-content\/uploads\/2024\/04\/checkmark-avg.svg\" class=\"attachment-large size-large wp-image-1561\" alt=\"\" \/>\t\t\t\t\t\t\t\t\t\t\t\t\t\t\t<\/div>\n\t\t<div class=\"elementor-element elementor-element-ff5689c e-con-full e-flex e-con e-child\" data-id=\"ff5689c\" data-element_type=\"container\" data-e-type=\"container\">\n\t\t\t\t<div class=\"elementor-element elementor-element-cabdfc9 elementor-widget elementor-widget-heading\" data-id=\"cabdfc9\" data-element_type=\"widget\" data-e-type=\"widget\" data-widget_type=\"heading.default\">\n\t\t\t\t\t<h2 class=\"elementor-heading-title elementor-size-default\">Zukunft absichern <\/h2>\t\t\t\t<\/div>\n\t\t\t\t<div class=\"elementor-element elementor-element-ad9f1e4 p-remove-bottom-margin elementor-widget elementor-widget-text-editor\" data-id=\"ad9f1e4\" data-element_type=\"widget\" data-e-type=\"widget\" data-widget_type=\"text-editor.default\">\n\t\t\t\t\t\t\t\t\t<p>Betriebliche Altersvorsorge &amp; Zuschuss zu verm\u00f6genswirksamen Leistungen<\/p>\t\t\t\t\t\t\t\t<\/div>\n\t\t\t\t<\/div>\n\t\t\t\t<\/div>\n\t\t<div class=\"elementor-element elementor-element-b20b1a2 e-con-full e-flex e-con e-child\" data-id=\"b20b1a2\" data-element_type=\"container\" data-e-type=\"container\">\n\t\t\t\t<div class=\"elementor-element elementor-element-d1cfb7d elementor-widget elementor-widget-image\" data-id=\"d1cfb7d\" data-element_type=\"widget\" data-e-type=\"widget\" data-widget_type=\"image.default\">\n\t\t\t\t\t\t\t\t\t\t\t\t\t\t\t<img loading=\"lazy\" decoding=\"async\" width=\"875\" height=\"1024\" src=\"https:\/\/www.avg.eu\/wp-content\/uploads\/2024\/04\/checkmark-avg.svg\" class=\"attachment-large size-large wp-image-1561\" alt=\"\" \/>\t\t\t\t\t\t\t\t\t\t\t\t\t\t\t<\/div>\n\t\t<div class=\"elementor-element elementor-element-83e22e8 e-con-full e-flex e-con e-child\" data-id=\"83e22e8\" data-element_type=\"container\" data-e-type=\"container\">\n\t\t\t\t<div class=\"elementor-element elementor-element-fffa652 elementor-widget elementor-widget-heading\" data-id=\"fffa652\" data-element_type=\"widget\" data-e-type=\"widget\" data-widget_type=\"heading.default\">\n\t\t\t\t\t<h2 class=\"elementor-heading-title elementor-size-default\">Weiterentwicklung <\/h2>\t\t\t\t<\/div>\n\t\t\t\t<div class=\"elementor-element elementor-element-824e05f p-remove-bottom-margin elementor-widget elementor-widget-text-editor\" data-id=\"824e05f\" data-element_type=\"widget\" data-e-type=\"widget\" data-widget_type=\"text-editor.default\">\n\t\t\t\t\t\t\t\t\t<p>Individuelle Weiterbildungsm\u00f6glichkeiten &amp; Perspektiven<\/p>\t\t\t\t\t\t\t\t<\/div>\n\t\t\t\t<\/div>\n\t\t\t\t<\/div>\n\t\t<div class=\"elementor-element elementor-element-b82514e e-con-full e-flex e-con e-child\" data-id=\"b82514e\" data-element_type=\"container\" data-e-type=\"container\">\n\t\t\t\t<div class=\"elementor-element elementor-element-56f7265 elementor-widget elementor-widget-image\" data-id=\"56f7265\" data-element_type=\"widget\" data-e-type=\"widget\" data-widget_type=\"image.default\">\n\t\t\t\t\t\t\t\t\t\t\t\t\t\t\t<img loading=\"lazy\" decoding=\"async\" width=\"875\" height=\"1024\" src=\"https:\/\/www.avg.eu\/wp-content\/uploads\/2024\/04\/checkmark-avg.svg\" class=\"attachment-large size-large wp-image-1561\" alt=\"\" \/>\t\t\t\t\t\t\t\t\t\t\t\t\t\t\t<\/div>\n\t\t<div class=\"elementor-element elementor-element-133d755 e-con-full e-flex e-con e-child\" data-id=\"133d755\" data-element_type=\"container\" data-e-type=\"container\">\n\t\t\t\t<div class=\"elementor-element elementor-element-6a80f4e elementor-widget elementor-widget-heading\" data-id=\"6a80f4e\" data-element_type=\"widget\" data-e-type=\"widget\" data-widget_type=\"heading.default\">\n\t\t\t\t\t<h2 class=\"elementor-heading-title elementor-size-default\">Weitere Extras f\u00fcr Dich <\/h2>\t\t\t\t<\/div>\n\t\t\t\t<div class=\"elementor-element elementor-element-783cf44 p-remove-bottom-margin elementor-widget elementor-widget-text-editor\" data-id=\"783cf44\" data-element_type=\"widget\" data-e-type=\"widget\" data-widget_type=\"text-editor.default\">\n\t\t\t\t\t\t\t\t\t<p>30 Tage Urlaub, Gruppenunfallversicherung, Jobrad, Mitarbeiterevents &amp; Mitarbeiter-werben-Mitarbeiter-Programm<\/p>\t\t\t\t\t\t\t\t<\/div>\n\t\t\t\t<\/div>\n\t\t\t\t<\/div>\n\t\t<div class=\"elementor-element elementor-element-48a2f7c e-con-full e-flex e-con e-child\" data-id=\"48a2f7c\" data-element_type=\"container\" data-e-type=\"container\">\n\t\t\t\t<div class=\"elementor-element elementor-element-24342ef elementor-widget elementor-widget-image\" data-id=\"24342ef\" data-element_type=\"widget\" data-e-type=\"widget\" data-widget_type=\"image.default\">\n\t\t\t\t\t\t\t\t\t\t\t\t\t\t\t<img loading=\"lazy\" decoding=\"async\" width=\"875\" height=\"1024\" src=\"https:\/\/www.avg.eu\/wp-content\/uploads\/2024\/04\/checkmark-avg.svg\" class=\"attachment-large size-large wp-image-1561\" alt=\"\" \/>\t\t\t\t\t\t\t\t\t\t\t\t\t\t\t<\/div>\n\t\t<div class=\"elementor-element elementor-element-93344c3 e-con-full e-flex e-con e-child\" data-id=\"93344c3\" data-element_type=\"container\" data-e-type=\"container\">\n\t\t\t\t<div class=\"elementor-element elementor-element-eedecf0 elementor-widget elementor-widget-heading\" data-id=\"eedecf0\" data-element_type=\"widget\" data-e-type=\"widget\" data-widget_type=\"heading.default\">\n\t\t\t\t\t<h2 class=\"elementor-heading-title elementor-size-default\">Famili\u00e4re Unternehmenskultur <\/h2>\t\t\t\t<\/div>\n\t\t\t\t<div class=\"elementor-element elementor-element-25cc06a p-remove-bottom-margin elementor-widget elementor-widget-text-editor\" data-id=\"25cc06a\" data-element_type=\"widget\" data-e-type=\"widget\" data-widget_type=\"text-editor.default\">\n\t\t\t\t\t\t\t\t\t<p>Du-Kultur in einem mittelst\u00e4ndischen deutsch-niederl\u00e4ndischen Familienunternehmen<\/p>\t\t\t\t\t\t\t\t<\/div>\n\t\t\t\t<\/div>\n\t\t\t\t<\/div>\n\t\t\t\t<\/div>\n\t\t\t\t\t<\/div>\n\t\t\t\t<\/div>\n\t\t<div class=\"elementor-element elementor-element-56c72ca default-padding-left-right margin-top-6 padding-bottom-6 e-flex e-con-boxed elementor-invisible e-con e-parent\" data-id=\"56c72ca\" data-element_type=\"container\" data-e-type=\"container\" data-settings=\"{&quot;animation&quot;:&quot;fadeInUp&quot;}\">\n\t\t\t\t\t<div class=\"e-con-inner\">\n\t\t<div class=\"elementor-element elementor-element-e5ad964 e-con-full e-flex e-con e-child\" data-id=\"e5ad964\" data-element_type=\"container\" data-e-type=\"container\">\n\t\t\t\t<div class=\"elementor-element elementor-element-c16d6ae font-size-4 margin-bottom-2 elementor-widget elementor-widget-heading\" data-id=\"c16d6ae\" data-element_type=\"widget\" data-e-type=\"widget\" data-widget_type=\"heading.default\">\n\t\t\t\t\t<h2 class=\"elementor-heading-title elementor-size-default\">Arbeiten bei AVG<\/h2>\t\t\t\t<\/div>\n\t\t\t\t<div class=\"elementor-element elementor-element-d6dde7e p-remove-bottom-margin margin-bottom-3 elementor-widget elementor-widget-text-editor\" data-id=\"d6dde7e\" data-element_type=\"widget\" data-e-type=\"widget\" data-widget_type=\"text-editor.default\">\n\t\t\t\t\t\t\t\t\t<p data-pm-slice=\"1 1 []\"><strong>Familiengef\u00fchl<\/strong>. So beschreiben uns sowohl deutsche als auch niederl\u00e4ndische Kolleginnen und Kollegen. Unseren Gesch\u00e4ftsf\u00fchrer nennt man einfach Ramon, bei Betriebsfeiern ist die Familie immer willkommen und Kolleginnen und Kollegen stehen einander mit offenem Ohr und helfender Hand zur Seite.\u00a0 Ob bei einer Deadline im Job oder einem Umzug zu Hause: Bei uns findest Du Kolleginnen und Kollegen, auf die Du bauen kannst.<\/p><p>Seit 1920 bauen wir Lebens- und Arbeitsr\u00e4ume und sorgen f\u00fcr Mobilit\u00e4t. Von der Pferdekutsche bis hin zu einem modernen Fuhrpark mit rund 70 LKWs und \u00fcber 300 Mitarbeitern. Wir sind in Deutschland und den Niederlanden vertreten, u. a. in Gennep, Kaatsheuvel, Goch, Rheinberg, Duisburg, Werl und Beckum.<\/p><p>Unsere St\u00e4rke liegt in unserer Vielfalt: AVG Beton, AVG Recycling, AVG Logistik, AVG Tiefbau, AVG Baustoffe und AVG Explosieven Opsporing<span style=\"font-style: inherit; font-weight: inherit;\">. Zusammen bilden wir die AVG-Gruppe, eine Unternehmensfamilie, auf die Du Dich verlassen kannst, genau wie auf Deine Kollegen.<\/span><\/p>\t\t\t\t\t\t\t\t<\/div>\n\t\t\t\t<div class=\"elementor-element elementor-element-efff01f elementor-widget elementor-widget-button\" data-id=\"efff01f\" data-element_type=\"widget\" data-e-type=\"widget\" data-widget_type=\"button.default\">\n\t\t\t\t\t\t\t\t\t\t<a class=\"elementor-button elementor-button-link elementor-size-sm\" href=\"https:\/\/www.avg.eu\/de\/formular\/maschinist-tiefbau\/\">\n\t\t\t\t\t\t<span class=\"elementor-button-content-wrapper\">\n\t\t\t\t\t\t\t\t\t<span class=\"elementor-button-text\">Teil des Teams werden<\/span>\n\t\t\t\t\t<\/span>\n\t\t\t\t\t<\/a>\n\t\t\t\t\t\t\t\t<\/div>\n\t\t\t\t<\/div>\n\t\t<div class=\"elementor-element elementor-element-be02fb0 e-con-full e-flex e-con e-child\" data-id=\"be02fb0\" data-element_type=\"container\" data-e-type=\"container\" data-settings=\"{&quot;background_background&quot;:&quot;classic&quot;}\">\n\t\t<div class=\"elementor-element elementor-element-568ac00 e-flex e-con-boxed e-con e-child\" data-id=\"568ac00\" data-element_type=\"container\" data-e-type=\"container\" data-settings=\"{&quot;background_background&quot;:&quot;classic&quot;}\">\n\t\t\t\t\t<div class=\"e-con-inner\">\n\t\t\t\t<div class=\"elementor-element elementor-element-ad0b508 aspect-ratio-2-img elementor-widget elementor-widget-image\" data-id=\"ad0b508\" data-element_type=\"widget\" data-e-type=\"widget\" data-widget_type=\"image.default\">\n\t\t\t\t\t\t\t\t\t\t\t\t\t\t\t<img loading=\"lazy\" decoding=\"async\" width=\"1024\" height=\"683\" src=\"https:\/\/www.avg.eu\/wp-content\/uploads\/2025\/12\/Haltern_Neubau_baustoffe_tiefbau_NordrheinWestfalen_Deutschland_05-1024x683.jpg\" class=\"attachment-large size-large wp-image-24828\" alt=\"\" srcset=\"https:\/\/www.avg.eu\/wp-content\/uploads\/2025\/12\/Haltern_Neubau_baustoffe_tiefbau_NordrheinWestfalen_Deutschland_05-1024x683.jpg 1024w, https:\/\/www.avg.eu\/wp-content\/uploads\/2025\/12\/Haltern_Neubau_baustoffe_tiefbau_NordrheinWestfalen_Deutschland_05-300x200.jpg 300w, https:\/\/www.avg.eu\/wp-content\/uploads\/2025\/12\/Haltern_Neubau_baustoffe_tiefbau_NordrheinWestfalen_Deutschland_05-768x512.jpg 768w, https:\/\/www.avg.eu\/wp-content\/uploads\/2025\/12\/Haltern_Neubau_baustoffe_tiefbau_NordrheinWestfalen_Deutschland_05-1536x1025.jpg 1536w, https:\/\/www.avg.eu\/wp-content\/uploads\/2025\/12\/Haltern_Neubau_baustoffe_tiefbau_NordrheinWestfalen_Deutschland_05.jpg 2000w\" sizes=\"(max-width: 1024px) 100vw, 1024px\" \/>\t\t\t\t\t\t\t\t\t\t\t\t\t\t\t<\/div>\n\t\t\t\t\t<\/div>\n\t\t\t\t<\/div>\n\t\t\t\t<\/div>\n\t\t\t\t\t<\/div>\n\t\t\t\t<\/div>\n\t\t\t\t<\/div>\n\t\t","protected":false},"excerpt":{"rendered":"<p>Du liebst gro\u00dfe Maschinen und sorgst f\u00fcr Bewegung auf der Baustelle? Als Maschinist Tiefbau (m\/w\/d) f\u00fchrst du Bagger, Radlader oder Walzen und h\u00e4ltst unsere Baustellen im Raum Duisburg am Laufen. Du k\u00fcmmerst dich um Wartung, beh\u00e4ltst den \u00dcberblick und arbeitest mit einem eingespielten Team. Freu dich auf moderne Maschinen, hochwertige Ausstattung, einen unbefristeten Vertrag und viele Extras \u2013 von betrieblicher Altersvorsorge bis Fahrradleasing. Jetzt bewerben und durchstarten!<\/p>\n","protected":false},"featured_media":23668,"template":"elementor_header_footer","meta":{"_acf_changed":false,"inline_featured_image":false,"site-sidebar-layout":"no-sidebar","site-content-layout":"page-builder","ast-site-content-layout":"full-width-container","site-content-style":"unboxed","site-sidebar-style":"unboxed","ast-global-header-display":"","ast-banner-title-visibility":"","ast-main-header-display":"","ast-hfb-above-header-display":"","ast-hfb-below-header-display":"","ast-hfb-mobile-header-display":"","site-post-title":"","ast-breadcrumbs-content":"","ast-featured-img":"disabled","footer-sml-layout":"","ast-disable-related-posts":"","theme-transparent-header-meta":"default","adv-header-id-meta":"","stick-header-meta":"","header-above-stick-meta":"","header-main-stick-meta":"","header-below-stick-meta":"","astra-migrate-meta-layouts":"set","ast-page-background-enabled":"default","ast-page-background-meta":{"desktop":{"background-color":"var(--ast-global-color-4)","background-image":"","background-repeat":"repeat","background-position":"center center","background-size":"auto","background-attachment":"scroll","background-type":"","background-media":"","overlay-type":"","overlay-color":"","overlay-opacity":"","overlay-gradient":""},"tablet":{"background-color":"","background-image":"","background-repeat":"repeat","background-position":"center center","background-size":"auto","background-attachment":"scroll","background-type":"","background-media":"","overlay-type":"","overlay-color":"","overlay-opacity":"","overlay-gradient":""},"mobile":{"background-color":"","background-image":"","background-repeat":"repeat","background-position":"center center","background-size":"auto","background-attachment":"scroll","background-type":"","background-media":"","overlay-type":"","overlay-color":"","overlay-opacity":"","overlay-gradient":""}},"ast-content-background-meta":{"desktop":{"background-color":"var(--ast-global-color-5)","background-image":"","background-repeat":"repeat","background-position":"center center","background-size":"auto","background-attachment":"scroll","background-type":"","background-media":"","overlay-type":"","overlay-color":"","overlay-opacity":"","overlay-gradient":""},"tablet":{"background-color":"var(--ast-global-color-5)","background-image":"","background-repeat":"repeat","background-position":"center center","background-size":"auto","background-attachment":"scroll","background-type":"","background-media":"","overlay-type":"","overlay-color":"","overlay-opacity":"","overlay-gradient":""},"mobile":{"background-color":"var(--ast-global-color-5)","background-image":"","background-repeat":"repeat","background-position":"center center","background-size":"auto","background-attachment":"scroll","background-type":"","background-media":"","overlay-type":"","overlay-color":"","overlay-opacity":"","overlay-gradient":""}}},"categories":[48],"class_list":["post-16854","vacatures","type-vacatures","status-publish","has-post-thumbnail","hentry","category-karriere-tiefbau"],"acf":[],"yoast_head":"<!-- This site is optimized with the Yoast SEO plugin v28.3 - https:\/\/yoast.com\/product\/yoast-seo-wordpress\/ -->\n<title>Maschinist Tiefbau (m\/w\/d) - AVG<\/title>\n<meta name=\"description\" content=\"Bewirb dich als Maschinist (m\/w\/d) im Tiefbau bei AVG in Duisburg - Unbefristet, faire Verg\u00fctung - ca. 100 km Umkreis\" \/>\n<meta name=\"robots\" content=\"index, follow, max-snippet:-1, max-image-preview:large, max-video-preview:-1\" \/>\n<link rel=\"canonical\" href=\"https:\/\/www.avg.eu\/de\/karriere\/maschinist\/\" \/>\n<meta property=\"og:locale\" content=\"de_DE\" \/>\n<meta property=\"og:type\" content=\"article\" \/>\n<meta property=\"og:title\" content=\"Maschinist Tiefbau (m\/w\/d) - AVG\" \/>\n<meta property=\"og:description\" content=\"Bewirb dich als Maschinist (m\/w\/d) im Tiefbau bei AVG in Duisburg - Unbefristet, faire Verg\u00fctung - ca. 100 km Umkreis\" \/>\n<meta property=\"og:url\" content=\"https:\/\/www.avg.eu\/de\/karriere\/maschinist\/\" \/>\n<meta property=\"og:site_name\" content=\"AVG\" \/>\n<meta property=\"article:publisher\" content=\"https:\/\/www.facebook.com\/AVG.Heijen\/\" \/>\n<meta property=\"article:modified_time\" content=\"2026-08-04T07:37:14+00:00\" \/>\n<meta property=\"og:image\" content=\"https:\/\/www.avg.eu\/wp-content\/uploads\/2025\/10\/AVG_Tiefbau_Herten_Toekomstbestendig_Infra_Civiele_Bouw_02.jpg\" \/>\n\t<meta property=\"og:image:width\" content=\"2000\" \/>\n\t<meta property=\"og:image:height\" content=\"1333\" \/>\n\t<meta property=\"og:image:type\" content=\"image\/jpeg\" \/>\n<meta name=\"twitter:card\" content=\"summary_large_image\" \/>\n<meta name=\"twitter:label1\" content=\"Gesch\u00e4tzte Lesezeit\" \/>\n\t<meta name=\"twitter:data1\" content=\"3\u00a0Minuten\" \/>\n<script type=\"application\/ld+json\" class=\"yoast-schema-graph\">{\"@context\":\"https:\\\/\\\/schema.org\",\"@graph\":[{\"@type\":\"WebPage\",\"@id\":\"https:\\\/\\\/www.avg.eu\\\/de\\\/karriere\\\/maschinist\\\/\",\"url\":\"https:\\\/\\\/www.avg.eu\\\/de\\\/karriere\\\/maschinist\\\/\",\"name\":\"Maschinist Tiefbau (m\\\/w\\\/d) - AVG\",\"isPartOf\":{\"@id\":\"https:\\\/\\\/www.avg.eu\\\/de\\\/#website\"},\"primaryImageOfPage\":{\"@id\":\"https:\\\/\\\/www.avg.eu\\\/de\\\/karriere\\\/maschinist\\\/#primaryimage\"},\"image\":{\"@id\":\"https:\\\/\\\/www.avg.eu\\\/de\\\/karriere\\\/maschinist\\\/#primaryimage\"},\"thumbnailUrl\":\"https:\\\/\\\/www.avg.eu\\\/wp-content\\\/uploads\\\/2025\\\/10\\\/AVG_Tiefbau_Herten_Toekomstbestendig_Infra_Civiele_Bouw_02.jpg\",\"datePublished\":\"2026-08-02T09:30:23+00:00\",\"dateModified\":\"2026-08-04T07:37:14+00:00\",\"description\":\"Bewirb dich als Maschinist (m\\\/w\\\/d) im Tiefbau bei AVG in Duisburg - Unbefristet, faire Verg\u00fctung - ca. 100 km Umkreis\",\"breadcrumb\":{\"@id\":\"https:\\\/\\\/www.avg.eu\\\/de\\\/karriere\\\/maschinist\\\/#breadcrumb\"},\"inLanguage\":\"de\",\"potentialAction\":[{\"@type\":\"ReadAction\",\"target\":[\"https:\\\/\\\/www.avg.eu\\\/de\\\/karriere\\\/maschinist\\\/\"]}]},{\"@type\":\"ImageObject\",\"inLanguage\":\"de\",\"@id\":\"https:\\\/\\\/www.avg.eu\\\/de\\\/karriere\\\/maschinist\\\/#primaryimage\",\"url\":\"https:\\\/\\\/www.avg.eu\\\/wp-content\\\/uploads\\\/2025\\\/10\\\/AVG_Tiefbau_Herten_Toekomstbestendig_Infra_Civiele_Bouw_02.jpg\",\"contentUrl\":\"https:\\\/\\\/www.avg.eu\\\/wp-content\\\/uploads\\\/2025\\\/10\\\/AVG_Tiefbau_Herten_Toekomstbestendig_Infra_Civiele_Bouw_02.jpg\",\"width\":2000,\"height\":1333,\"caption\":\"AVG_Tiefbau_Herten_Toekomstbestendig_Infra_Civiele_Bouw\"},{\"@type\":\"BreadcrumbList\",\"@id\":\"https:\\\/\\\/www.avg.eu\\\/de\\\/karriere\\\/maschinist\\\/#breadcrumb\",\"itemListElement\":[{\"@type\":\"ListItem\",\"position\":1,\"name\":\"Home\",\"item\":\"https:\\\/\\\/www.avg.eu\\\/\"},{\"@type\":\"ListItem\",\"position\":2,\"name\":\"Maschinist Tiefbau (m\\\/w\\\/d)\"}]},{\"@type\":\"WebSite\",\"@id\":\"https:\\\/\\\/www.avg.eu\\\/de\\\/#website\",\"url\":\"https:\\\/\\\/www.avg.eu\\\/de\\\/\",\"name\":\"AVG\",\"description\":\"\",\"publisher\":{\"@id\":\"https:\\\/\\\/www.avg.eu\\\/de\\\/#organization\"},\"potentialAction\":[{\"@type\":\"SearchAction\",\"target\":{\"@type\":\"EntryPoint\",\"urlTemplate\":\"https:\\\/\\\/www.avg.eu\\\/de\\\/?s={search_term_string}\"},\"query-input\":{\"@type\":\"PropertyValueSpecification\",\"valueRequired\":true,\"valueName\":\"search_term_string\"}}],\"inLanguage\":\"de\"},{\"@type\":\"Organization\",\"@id\":\"https:\\\/\\\/www.avg.eu\\\/de\\\/#organization\",\"name\":\"AVG\",\"url\":\"https:\\\/\\\/www.avg.eu\\\/de\\\/\",\"logo\":{\"@type\":\"ImageObject\",\"inLanguage\":\"de\",\"@id\":\"https:\\\/\\\/www.avg.eu\\\/de\\\/#\\\/schema\\\/logo\\\/image\\\/\",\"url\":\"https:\\\/\\\/www.avg.eu\\\/wp-content\\\/uploads\\\/2024\\\/06\\\/logo-avg-1.png\",\"contentUrl\":\"https:\\\/\\\/www.avg.eu\\\/wp-content\\\/uploads\\\/2024\\\/06\\\/logo-avg-1.png\",\"width\":375,\"height\":219,\"caption\":\"AVG\"},\"image\":{\"@id\":\"https:\\\/\\\/www.avg.eu\\\/de\\\/#\\\/schema\\\/logo\\\/image\\\/\"},\"sameAs\":[\"https:\\\/\\\/www.facebook.com\\\/AVG.Heijen\\\/\",\"https:\\\/\\\/www.instagram.com\\\/avgheijen\\\/\",\"https:\\\/\\\/www.linkedin.com\\\/company\\\/avg-bv\\\/\",\"https:\\\/\\\/www.tiktok.com\\\/@avgheijen\"]}]}<\/script>\n<!-- \/ Yoast SEO plugin. -->","yoast_head_json":{"title":"Maschinist Tiefbau (m\/w\/d) - AVG","description":"Bewirb dich als Maschinist (m\/w\/d) im Tiefbau bei AVG in Duisburg - Unbefristet, faire Verg\u00fctung - ca. 100 km Umkreis","robots":{"index":"index","follow":"follow","max-snippet":"max-snippet:-1","max-image-preview":"max-image-preview:large","max-video-preview":"max-video-preview:-1"},"canonical":"https:\/\/www.avg.eu\/de\/karriere\/maschinist\/","og_locale":"de_DE","og_type":"article","og_title":"Maschinist Tiefbau (m\/w\/d) - AVG","og_description":"Bewirb dich als Maschinist (m\/w\/d) im Tiefbau bei AVG in Duisburg - Unbefristet, faire Verg\u00fctung - ca. 100 km Umkreis","og_url":"https:\/\/www.avg.eu\/de\/karriere\/maschinist\/","og_site_name":"AVG","article_publisher":"https:\/\/www.facebook.com\/AVG.Heijen\/","article_modified_time":"2026-08-04T07:37:14+00:00","og_image":[{"width":2000,"height":1333,"url":"https:\/\/www.avg.eu\/wp-content\/uploads\/2025\/10\/AVG_Tiefbau_Herten_Toekomstbestendig_Infra_Civiele_Bouw_02.jpg","type":"image\/jpeg"}],"twitter_card":"summary_large_image","twitter_misc":{"Gesch\u00e4tzte Lesezeit":"3\u00a0Minuten"},"schema":{"@context":"https:\/\/schema.org","@graph":[{"@type":"WebPage","@id":"https:\/\/www.avg.eu\/de\/karriere\/maschinist\/","url":"https:\/\/www.avg.eu\/de\/karriere\/maschinist\/","name":"Maschinist Tiefbau (m\/w\/d) - AVG","isPartOf":{"@id":"https:\/\/www.avg.eu\/de\/#website"},"primaryImageOfPage":{"@id":"https:\/\/www.avg.eu\/de\/karriere\/maschinist\/#primaryimage"},"image":{"@id":"https:\/\/www.avg.eu\/de\/karriere\/maschinist\/#primaryimage"},"thumbnailUrl":"https:\/\/www.avg.eu\/wp-content\/uploads\/2025\/10\/AVG_Tiefbau_Herten_Toekomstbestendig_Infra_Civiele_Bouw_02.jpg","datePublished":"2026-08-02T09:30:23+00:00","dateModified":"2026-08-04T07:37:14+00:00","description":"Bewirb dich als Maschinist (m\/w\/d) im Tiefbau bei AVG in Duisburg - Unbefristet, faire Verg\u00fctung - ca. 100 km Umkreis","breadcrumb":{"@id":"https:\/\/www.avg.eu\/de\/karriere\/maschinist\/#breadcrumb"},"inLanguage":"de","potentialAction":[{"@type":"ReadAction","target":["https:\/\/www.avg.eu\/de\/karriere\/maschinist\/"]}]},{"@type":"ImageObject","inLanguage":"de","@id":"https:\/\/www.avg.eu\/de\/karriere\/maschinist\/#primaryimage","url":"https:\/\/www.avg.eu\/wp-content\/uploads\/2025\/10\/AVG_Tiefbau_Herten_Toekomstbestendig_Infra_Civiele_Bouw_02.jpg","contentUrl":"https:\/\/www.avg.eu\/wp-content\/uploads\/2025\/10\/AVG_Tiefbau_Herten_Toekomstbestendig_Infra_Civiele_Bouw_02.jpg","width":2000,"height":1333,"caption":"AVG_Tiefbau_Herten_Toekomstbestendig_Infra_Civiele_Bouw"},{"@type":"BreadcrumbList","@id":"https:\/\/www.avg.eu\/de\/karriere\/maschinist\/#breadcrumb","itemListElement":[{"@type":"ListItem","position":1,"name":"Home","item":"https:\/\/www.avg.eu\/"},{"@type":"ListItem","position":2,"name":"Maschinist Tiefbau (m\/w\/d)"}]},{"@type":"WebSite","@id":"https:\/\/www.avg.eu\/de\/#website","url":"https:\/\/www.avg.eu\/de\/","name":"AVG","description":"","publisher":{"@id":"https:\/\/www.avg.eu\/de\/#organization"},"potentialAction":[{"@type":"SearchAction","target":{"@type":"EntryPoint","urlTemplate":"https:\/\/www.avg.eu\/de\/?s={search_term_string}"},"query-input":{"@type":"PropertyValueSpecification","valueRequired":true,"valueName":"search_term_string"}}],"inLanguage":"de"},{"@type":"Organization","@id":"https:\/\/www.avg.eu\/de\/#organization","name":"AVG","url":"https:\/\/www.avg.eu\/de\/","logo":{"@type":"ImageObject","inLanguage":"de","@id":"https:\/\/www.avg.eu\/de\/#\/schema\/logo\/image\/","url":"https:\/\/www.avg.eu\/wp-content\/uploads\/2024\/06\/logo-avg-1.png","contentUrl":"https:\/\/www.avg.eu\/wp-content\/uploads\/2024\/06\/logo-avg-1.png","width":375,"height":219,"caption":"AVG"},"image":{"@id":"https:\/\/www.avg.eu\/de\/#\/schema\/logo\/image\/"},"sameAs":["https:\/\/www.facebook.com\/AVG.Heijen\/","https:\/\/www.instagram.com\/avgheijen\/","https:\/\/www.linkedin.com\/company\/avg-bv\/","https:\/\/www.tiktok.com\/@avgheijen"]}]}},"_links":{"self":[{"href":"https:\/\/www.avg.eu\/de\/wp-json\/wp\/v2\/vacatures\/16854","targetHints":{"allow":["GET"]}}],"collection":[{"href":"https:\/\/www.avg.eu\/de\/wp-json\/wp\/v2\/vacatures"}],"about":[{"href":"https:\/\/www.avg.eu\/de\/wp-json\/wp\/v2\/types\/vacatures"}],"version-history":[{"count":5,"href":"https:\/\/www.avg.eu\/de\/wp-json\/wp\/v2\/vacatures\/16854\/revisions"}],"predecessor-version":[{"id":27341,"href":"https:\/\/www.avg.eu\/de\/wp-json\/wp\/v2\/vacatures\/16854\/revisions\/27341"}],"wp:featuredmedia":[{"embeddable":true,"href":"https:\/\/www.avg.eu\/de\/wp-json\/wp\/v2\/media\/23668"}],"wp:attachment":[{"href":"https:\/\/www.avg.eu\/de\/wp-json\/wp\/v2\/media?parent=16854"}],"wp:term":[{"taxonomy":"category","embeddable":true,"href":"https:\/\/www.avg.eu\/de\/wp-json\/wp\/v2\/categories?post=16854"}],"curies":[{"name":"wp","href":"https:\/\/api.w.org\/{rel}","templated":true}]}}