{"id":23595,"date":"2025-12-08T12:57:28","date_gmt":"2025-12-08T12:57:28","guid":{"rendered":"https:\/\/www.avg.eu\/?post_type=projecten&#038;p=23595"},"modified":"2026-01-06T11:58:45","modified_gmt":"2026-01-06T11:58:45","slug":"avg-leistet-transportbeitrag-zum-grosten-mikrotunnel-belgiens","status":"publish","type":"projecten","link":"https:\/\/www.avg.eu\/de\/avg-leistet-transportbeitrag-zum-grosten-mikrotunnel-belgiens\/","title":{"rendered":"AVG leistet Transportbeitrag zum gr\u00f6\u00dften \u201eMikrotunnel\u201d Belgiens"},"content":{"rendered":"\t\t<div data-elementor-type=\"wp-post\" data-elementor-id=\"23595\" class=\"elementor elementor-23595 elementor-23593\" data-elementor-post-type=\"projecten\">\n\t\t\t\t<div class=\"elementor-element elementor-element-1a9cc09 e-con-full e-flex e-con e-parent\" data-id=\"1a9cc09\" data-element_type=\"container\" data-e-type=\"container\" data-settings=\"{&quot;background_background&quot;:&quot;classic&quot;}\">\n\t\t<div class=\"elementor-element elementor-element-15178b9 default-padding-left-right e-flex e-con-boxed e-con e-child\" data-id=\"15178b9\" data-element_type=\"container\" data-e-type=\"container\">\n\t\t\t\t\t<div class=\"e-con-inner\">\n\t\t<div class=\"elementor-element elementor-element-c084bb9 e-con-full e-flex e-con e-child\" data-id=\"c084bb9\" data-element_type=\"container\" data-e-type=\"container\">\n\t\t\t\t<div class=\"elementor-element elementor-element-60b8c04 font-size-4 elementor-widget elementor-widget-heading\" data-id=\"60b8c04\" data-element_type=\"widget\" data-e-type=\"widget\" data-widget_type=\"heading.default\">\n\t\t\t\t\t<h1 class=\"elementor-heading-title elementor-size-default\">AVG leistet Transportbeitrag zum gr\u00f6\u00dften \u201eMikrotunnel\u201d Belgiens<\/h1>\t\t\t\t<\/div>\n\t\t\t\t<div class=\"elementor-element elementor-element-4f3e8a5 white-text font-size-2 p-remove-bottom-margin elementor-widget elementor-widget-text-editor\" data-id=\"4f3e8a5\" data-element_type=\"widget\" data-e-type=\"widget\" data-widget_type=\"text-editor.default\">\n\t\t\t\t\t\t\t\t\t<p>Ein Mikrotunnel? Das klingt zun\u00e4chst nach einem kleinen Bauwerk. Aber lasst Euch nicht t\u00e4uschen! Der gr\u00f6\u00dfte und l\u00e4ngste Mikrotunnel Belgiens ist ein technisches Gro\u00dfprojekt. Und AVG hat k\u00fcrzlich einen wichtigen Beitrag dazu geleistet.<\/p>\t\t\t\t\t\t\t\t<\/div>\n\t\t\t\t<\/div>\n\t\t<div class=\"elementor-element elementor-element-2166736 elementor-hidden-tablet elementor-hidden-mobile e-flex e-con-boxed e-con e-child\" data-id=\"2166736\" data-element_type=\"container\" data-e-type=\"container\">\n\t\t\t\t\t<div class=\"e-con-inner\">\n\t\t\t\t\t<\/div>\n\t\t\t\t<\/div>\n\t\t\t\t\t<\/div>\n\t\t\t\t<\/div>\n\t\t\t\t<\/div>\n\t\t<div class=\"elementor-element elementor-element-05bba8e e-con-full e-flex e-con e-parent\" data-id=\"05bba8e\" data-element_type=\"container\" data-e-type=\"container\" data-settings=\"{&quot;background_background&quot;:&quot;classic&quot;}\">\n\t\t\t\t<div class=\"elementor-element elementor-element-b839f4c elementor-widget elementor-widget-image\" data-id=\"b839f4c\" data-element_type=\"widget\" data-e-type=\"widget\" data-widget_type=\"image.default\">\n\t\t\t\t\t\t\t\t\t\t\t\t\t\t\t\t<a href=\"#first-section\">\n\t\t\t\t\t\t\t<img decoding=\"async\" src=\"https:\/\/www.avg.eu\/wp-content\/uploads\/\/arrow-down.svg\" title=\"\" alt=\"\" loading=\"lazy\" \/>\t\t\t\t\t\t\t\t<\/a>\n\t\t\t\t\t\t\t\t\t\t\t\t\t\t\t<\/div>\n\t\t\t\t<\/div>\n\t\t<div class=\"elementor-element elementor-element-3d40367 margin-top-2 default-padding-left-right e-flex e-con-boxed e-con e-parent\" data-id=\"3d40367\" data-element_type=\"container\" data-e-type=\"container\">\n\t\t\t\t\t<div class=\"e-con-inner\">\n\t\t\t\t<div class=\"elementor-element elementor-element-2bcb33c elementor-widget elementor-widget-text-editor\" data-id=\"2bcb33c\" data-element_type=\"widget\" data-e-type=\"widget\" data-widget_type=\"text-editor.default\">\n\t\t\t\t\t\t\t\t\t<div><div class='breadcrumb'><a href='https:\/\/www.avg.eu\/de\/'>Home<\/a> > <a href='https:\/\/www.avg.eu\/de\/projekte'>Projekte<\/a> > AVG leistet Transportbeitrag zum gr\u00f6\u00dften \u201eMikrotunnel\u201d Belgiens<\/div><\/div>\t\t\t\t\t\t\t\t<\/div>\n\t\t\t\t\t<\/div>\n\t\t\t\t<\/div>\n\t\t<div class=\"elementor-element elementor-element-b85701c default-padding-left-right margin-top-6 margin-bottom-6 e-flex e-con-boxed elementor-invisible e-con e-parent\" data-id=\"b85701c\" data-element_type=\"container\" data-e-type=\"container\" data-settings=\"{&quot;animation&quot;:&quot;fadeInUp&quot;}\">\n\t\t\t\t\t<div class=\"e-con-inner\">\n\t\t<div class=\"elementor-element elementor-element-57adcb5 e-con-full e-flex e-con e-child\" data-id=\"57adcb5\" data-element_type=\"container\" data-e-type=\"container\">\n\t\t\t\t<div class=\"elementor-element elementor-element-997987f elementor-widget elementor-widget-menu-anchor\" data-id=\"997987f\" data-element_type=\"widget\" data-e-type=\"widget\" data-widget_type=\"menu-anchor.default\">\n\t\t\t\t\t\t\t<div class=\"elementor-menu-anchor\" id=\"first-section\"><\/div>\n\t\t\t\t\t\t<\/div>\n\t\t\t\t<div class=\"elementor-element elementor-element-7172194 elementor-widget elementor-widget-heading\" data-id=\"7172194\" data-element_type=\"widget\" data-e-type=\"widget\" data-widget_type=\"heading.default\">\n\t\t\t\t\t<h2 class=\"elementor-heading-title elementor-size-default\">Transport schwerer Bohrrohre<\/h2>\t\t\t\t<\/div>\n\t\t\t\t<div class=\"elementor-element elementor-element-cdd5b4c elementor-widget elementor-widget-text-editor\" data-id=\"cdd5b4c\" data-element_type=\"widget\" data-e-type=\"widget\" data-widget_type=\"text-editor.default\">\n\t\t\t\t\t\t\t\t\t<p>F\u00fcr dieses beeindruckende Projekt \u00fcbernahm AVG den Transport mehrerer Rohre, die jeweils 42.750 kg wiegen. Jedes Rohr mit einer beeindruckenden Breite von 3,80 Metern wurde mit einem 8-achsigen Tieflader von AVG Transport sicher von Deutschland nach Antwerpen bef\u00f6rdert. Insgesamt betrug das Gewicht pro Fahrt, inklusive Zugmaschine und Ladung, etwa 80 Tonnen.<\/p>\t\t\t\t\t\t\t\t<\/div>\n\t\t\t\t<div class=\"elementor-element elementor-element-884df45 elementor-widget elementor-widget-heading\" data-id=\"884df45\" data-element_type=\"widget\" data-e-type=\"widget\" data-widget_type=\"heading.default\">\n\t\t\t\t\t<h2 class=\"elementor-heading-title elementor-size-default\">Bohren unter der Schelde<\/h2>\t\t\t\t<\/div>\n\t\t\t\t<div class=\"elementor-element elementor-element-19a3320 elementor-widget elementor-widget-text-editor\" data-id=\"19a3320\" data-element_type=\"widget\" data-e-type=\"widget\" data-widget_type=\"text-editor.default\">\n\t\t\t\t\t\t\t\t\t<p data-start=\"928\" data-end=\"1240\">Die Tunnelbohrmaschine presst 322 dieser Betonrohre mit einem Gewicht von jeweils 42 Tonnen unter die Schelde. Die Rohre haben einen Durchmesser von fast 4 Metern und werden mit einer Geschwindigkeit von wenigen Millimetern pro Minute durch den Untergrund gepresst. Das Ziel dieses Mikrotunnels ist die Verlegung einer neuen unterirdischen Versorgungsleitung, die Abw\u00e4rme von den Verbrennungs\u00f6fen von Indaver zu Unternehmen wie Evonik am gegen\u00fcberliegenden Ufer der Schelde transportiert.<\/p>\t\t\t\t\t\t\t\t<\/div>\n\t\t\t\t<div class=\"elementor-element elementor-element-0c86645 elementor-widget elementor-widget-heading\" data-id=\"0c86645\" data-element_type=\"widget\" data-e-type=\"widget\" data-widget_type=\"heading.default\">\n\t\t\t\t\t<h2 class=\"elementor-heading-title elementor-size-default\">Beitrag zur nachhaltigen Energieversorgung<\/h2>\t\t\t\t<\/div>\n\t\t\t\t<div class=\"elementor-element elementor-element-2c5a1c7 elementor-widget elementor-widget-text-editor\" data-id=\"2c5a1c7\" data-element_type=\"widget\" data-e-type=\"widget\" data-widget_type=\"text-editor.default\">\n\t\t\t\t\t\t\t\t\t<p data-start=\"928\" data-end=\"1240\">Der neue Mikrotunnel ist Teil eines breiten Netzwerks, das nachhaltige Energie in Form von Dampf zu Industrieunternehmen transportiert. Das Projekt tr\u00e4gt dazu bei, den Verbrauch fossiler Brennstoffe zu reduzieren, da Unternehmen somit weniger abh\u00e4ngig von Erdgas sind. Mit unserem Transportbeitrag spielt AVG eine wichtige Rolle bei der Realisierung eines nachhaltigeren Energieversorgungssystems. Der Tunnel wird voraussichtlich Ende des Sommers fertiggestellt sein.<\/p>\t\t\t\t\t\t\t\t<\/div>\n\t\t\t\t<div class=\"elementor-element elementor-element-fffa579 elementor-widget elementor-widget-button\" data-id=\"fffa579\" data-element_type=\"widget\" data-e-type=\"widget\" data-widget_type=\"button.default\">\n\t\t\t\t\t\t\t\t\t\t<a class=\"elementor-button elementor-button-link elementor-size-sm\" href=\"https:\/\/www.avg.eu\/de\/kontakt\/\" target=\"_blank\">\n\t\t\t\t\t\t<span class=\"elementor-button-content-wrapper\">\n\t\t\t\t\t\t\t\t\t<span class=\"elementor-button-text\">Mehr Informationen?<\/span>\n\t\t\t\t\t<\/span>\n\t\t\t\t\t<\/a>\n\t\t\t\t\t\t\t\t<\/div>\n\t\t\t\t<\/div>\n\t\t<div class=\"elementor-element elementor-element-e538628 e-con-full e-flex e-con e-child\" data-id=\"e538628\" data-element_type=\"container\" data-e-type=\"container\">\n\t\t\t\t<div class=\"elementor-element elementor-element-59b1699 font-size-2 margin-bottom-1 elementor-widget elementor-widget-heading\" data-id=\"59b1699\" data-element_type=\"widget\" data-e-type=\"widget\" data-widget_type=\"heading.default\">\n\t\t\t\t\t<h2 class=\"elementor-heading-title elementor-size-default\">Besonderheiten<\/h2>\t\t\t\t<\/div>\n\t\t<div class=\"elementor-element elementor-element-160b1f0 e-flex e-con-boxed e-con e-child\" data-id=\"160b1f0\" data-element_type=\"container\" data-e-type=\"container\">\n\t\t\t\t\t<div class=\"e-con-inner\">\n\t\t\t\t<div class=\"elementor-element elementor-element-8d3cf1a elementor-widget elementor-widget-image\" data-id=\"8d3cf1a\" data-element_type=\"widget\" data-e-type=\"widget\" data-widget_type=\"image.default\">\n\t\t\t\t\t\t\t\t\t\t\t\t\t\t\t<img fetchpriority=\"high\" decoding=\"async\" width=\"1024\" height=\"648\" src=\"https:\/\/www.avg.eu\/wp-content\/uploads\/2024\/04\/transport-oranje-1.svg\" class=\"attachment-large size-large wp-image-2090\" alt=\"\" \/>\t\t\t\t\t\t\t\t\t\t\t\t\t\t\t<\/div>\n\t\t\t\t<div class=\"elementor-element elementor-element-696e6fe font-color-1 font-size-1 elementor-widget elementor-widget-heading\" data-id=\"696e6fe\" data-element_type=\"widget\" data-e-type=\"widget\" data-widget_type=\"heading.default\">\n\t\t\t\t\t<h5 class=\"elementor-heading-title elementor-size-default\">Logistik<\/h5>\t\t\t\t<\/div>\n\t\t\t\t\t<\/div>\n\t\t\t\t<\/div>\n\t\t\t\t<div class=\"elementor-element elementor-element-cf3bfee p-remove-bottom-margin elementor-widget elementor-widget-text-editor\" data-id=\"cf3bfee\" data-element_type=\"widget\" data-e-type=\"widget\" data-widget_type=\"text-editor.default\">\n\t\t\t\t\t\t\t\t\t<p><strong>Standort<\/strong><br \/>Antwerpen, Belgiens<\/p>\t\t\t\t\t\t\t\t<\/div>\n\t\t\t\t<div class=\"elementor-element elementor-element-3dff0b9 p-remove-bottom-margin elementor-widget elementor-widget-text-editor\" data-id=\"3dff0b9\" data-element_type=\"widget\" data-e-type=\"widget\" data-widget_type=\"text-editor.default\">\n\t\t\t\t\t\t\t\t\t<p><strong>Datum<\/strong><br \/>2025<\/p>\t\t\t\t\t\t\t\t<\/div>\n\t\t\t\t<div class=\"elementor-element elementor-element-42f17e9 p-remove-bottom-margin elementor-widget elementor-widget-text-editor\" data-id=\"42f17e9\" data-element_type=\"widget\" data-e-type=\"widget\" data-widget_type=\"text-editor.default\">\n\t\t\t\t\t\t\t\t\t<p><strong>Gemeinde<\/strong><br \/>Gemeinde Antwerpen<\/p>\t\t\t\t\t\t\t\t<\/div>\n\t\t\t\t<\/div>\n\t\t\t\t\t<\/div>\n\t\t\t\t<\/div>\n\t\t<div class=\"elementor-element elementor-element-c932ccd default-padding-left-right padding-top-3  padding-bottom-3 margin-bottom-6 e-flex e-con-boxed elementor-invisible e-con e-parent\" data-id=\"c932ccd\" data-element_type=\"container\" data-e-type=\"container\" data-settings=\"{&quot;background_background&quot;:&quot;classic&quot;,&quot;animation&quot;:&quot;fadeInUp&quot;}\">\n\t\t\t\t\t<div class=\"e-con-inner\">\n\t\t<div class=\"elementor-element elementor-element-bb4bbde e-con-full e-flex e-con e-child\" data-id=\"bb4bbde\" data-element_type=\"container\" data-e-type=\"container\">\n\t\t<div class=\"elementor-element elementor-element-9e12b5d e-flex e-con-boxed e-con e-child\" data-id=\"9e12b5d\" data-element_type=\"container\" data-e-type=\"container\">\n\t\t\t\t\t<div class=\"e-con-inner\">\n\t\t\t\t<div class=\"elementor-element elementor-element-1d25607 elementor-widget elementor-widget-counter\" data-id=\"1d25607\" data-element_type=\"widget\" data-e-type=\"widget\" data-widget_type=\"counter.default\">\n\t\t\t\t\t\t\t<div class=\"elementor-counter\">\n\t\t\t\t\t\t<div class=\"elementor-counter-number-wrapper\">\n\t\t\t\t<span class=\"elementor-counter-number-prefix\"><\/span>\n\t\t\t\t<span class=\"elementor-counter-number\" data-duration=\"5000\" data-to-value=\"322\" data-from-value=\"0\" data-delimiter=\".\">0<\/span>\n\t\t\t\t<span class=\"elementor-counter-number-suffix\"><\/span>\n\t\t\t<\/div>\n\t\t<\/div>\n\t\t\t\t\t\t<\/div>\n\t\t\t\t<div class=\"elementor-element elementor-element-979bf22 font-size-7 elementor-widget elementor-widget-heading\" data-id=\"979bf22\" data-element_type=\"widget\" data-e-type=\"widget\" data-widget_type=\"heading.default\">\n\t\t\t\t\t<h5 class=\"elementor-heading-title elementor-size-default\">Betonrohre transportiert<\/h5>\t\t\t\t<\/div>\n\t\t\t\t\t<\/div>\n\t\t\t\t<\/div>\n\t\t<div class=\"elementor-element elementor-element-3449fd7 e-flex e-con-boxed e-con e-child\" data-id=\"3449fd7\" data-element_type=\"container\" data-e-type=\"container\">\n\t\t\t\t\t<div class=\"e-con-inner\">\n\t\t\t\t<div class=\"elementor-element elementor-element-1ca5417 elementor-widget elementor-widget-counter\" data-id=\"1ca5417\" data-element_type=\"widget\" data-e-type=\"widget\" data-widget_type=\"counter.default\">\n\t\t\t\t\t\t\t<div class=\"elementor-counter\">\n\t\t\t\t\t\t<div class=\"elementor-counter-number-wrapper\">\n\t\t\t\t<span class=\"elementor-counter-number-prefix\"><\/span>\n\t\t\t\t<span class=\"elementor-counter-number\" data-duration=\"5000\" data-to-value=\"42750\" data-from-value=\"0\" data-delimiter=\".\">0<\/span>\n\t\t\t\t<span class=\"elementor-counter-number-suffix\"> kg<\/span>\n\t\t\t<\/div>\n\t\t<\/div>\n\t\t\t\t\t\t<\/div>\n\t\t\t\t<div class=\"elementor-element elementor-element-81cfe95 font-size-7 elementor-widget elementor-widget-heading\" data-id=\"81cfe95\" data-element_type=\"widget\" data-e-type=\"widget\" data-widget_type=\"heading.default\">\n\t\t\t\t\t<h5 class=\"elementor-heading-title elementor-size-default\">Pro Betonrohre<\/h5>\t\t\t\t<\/div>\n\t\t\t\t\t<\/div>\n\t\t\t\t<\/div>\n\t\t\t\t<\/div>\n\t\t\t\t\t<\/div>\n\t\t\t\t<\/div>\n\t\t<div class=\"elementor-element elementor-element-5d72281 default-padding-left-right e-flex e-con-boxed elementor-invisible e-con e-parent\" data-id=\"5d72281\" data-element_type=\"container\" data-e-type=\"container\" data-settings=\"{&quot;animation&quot;:&quot;fadeInUp&quot;}\">\n\t\t\t\t\t<div class=\"e-con-inner\">\n\t\t<div class=\"elementor-element elementor-element-4252e4b e-con-full e-flex e-con e-child\" data-id=\"4252e4b\" data-element_type=\"container\" data-e-type=\"container\">\n\t\t<div class=\"elementor-element elementor-element-5e79e08 e-con-full e-flex e-con e-child\" data-id=\"5e79e08\" data-element_type=\"container\" data-e-type=\"container\">\n\t\t\t\t<div class=\"elementor-element elementor-element-3f40d44 gallery-img elementor-widget elementor-widget-image\" data-id=\"3f40d44\" data-element_type=\"widget\" data-e-type=\"widget\" data-widget_type=\"image.default\">\n\t\t\t\t\t\t\t\t\t\t\t\t\t\t\t\t<a href=\"https:\/\/www.avg.eu\/wp-content\/uploads\/2025\/10\/AVG_Transportbeitrag_Mikrotunnel_Belgien_Infrastruktur_Tiefbau_02.jpg\" data-elementor-open-lightbox=\"yes\" data-e-action-hash=\"#elementor-action%3Aaction%3Dlightbox%26settings%3DeyJpZCI6MjM2MDcsInVybCI6Imh0dHBzOlwvXC93d3cuYXZnLmV1XC93cC1jb250ZW50XC91cGxvYWRzXC8yMDI1XC8xMFwvQVZHX1RyYW5zcG9ydGJlaXRyYWdfTWlrcm90dW5uZWxfQmVsZ2llbl9JbmZyYXN0cnVrdHVyX1RpZWZiYXVfMDIuanBnIn0%3D\">\n\t\t\t\t\t\t\t<img decoding=\"async\" width=\"1024\" height=\"682\" src=\"https:\/\/www.avg.eu\/wp-content\/uploads\/2025\/10\/AVG_Transportbeitrag_Mikrotunnel_Belgien_Infrastruktur_Tiefbau_02-1024x682.jpg\" class=\"attachment-large size-large wp-image-23607\" alt=\"AVG_Transportbeitrag_Mikrotunnel_Belgien_Infrastruktur_Tiefbau\" srcset=\"https:\/\/www.avg.eu\/wp-content\/uploads\/2025\/10\/AVG_Transportbeitrag_Mikrotunnel_Belgien_Infrastruktur_Tiefbau_02-1024x682.jpg 1024w, https:\/\/www.avg.eu\/wp-content\/uploads\/2025\/10\/AVG_Transportbeitrag_Mikrotunnel_Belgien_Infrastruktur_Tiefbau_02-300x200.jpg 300w, https:\/\/www.avg.eu\/wp-content\/uploads\/2025\/10\/AVG_Transportbeitrag_Mikrotunnel_Belgien_Infrastruktur_Tiefbau_02-768x512.jpg 768w, https:\/\/www.avg.eu\/wp-content\/uploads\/2025\/10\/AVG_Transportbeitrag_Mikrotunnel_Belgien_Infrastruktur_Tiefbau_02-1536x1024.jpg 1536w, https:\/\/www.avg.eu\/wp-content\/uploads\/2025\/10\/AVG_Transportbeitrag_Mikrotunnel_Belgien_Infrastruktur_Tiefbau_02.jpg 2000w\" sizes=\"(max-width: 1024px) 100vw, 1024px\" \/>\t\t\t\t\t\t\t\t<\/a>\n\t\t\t\t\t\t\t\t\t\t\t\t\t\t\t<\/div>\n\t\t\t\t<\/div>\n\t\t<div class=\"elementor-element elementor-element-042f36c e-con-full e-flex e-con e-child\" data-id=\"042f36c\" data-element_type=\"container\" data-e-type=\"container\">\n\t\t\t\t<div class=\"elementor-element elementor-element-f900fb8 gallery-img elementor-widget elementor-widget-image\" data-id=\"f900fb8\" data-element_type=\"widget\" data-e-type=\"widget\" data-widget_type=\"image.default\">\n\t\t\t\t\t\t\t\t\t\t\t\t\t\t\t\t<a href=\"https:\/\/www.avg.eu\/wp-content\/uploads\/2025\/10\/AVG_Transportbeitrag_Mikrotunnel_Belgien_Infrastruktur_Tiefbau_01.jpg\" data-elementor-open-lightbox=\"yes\" data-e-action-hash=\"#elementor-action%3Aaction%3Dlightbox%26settings%3DeyJpZCI6MjM2MDYsInVybCI6Imh0dHBzOlwvXC93d3cuYXZnLmV1XC93cC1jb250ZW50XC91cGxvYWRzXC8yMDI1XC8xMFwvQVZHX1RyYW5zcG9ydGJlaXRyYWdfTWlrcm90dW5uZWxfQmVsZ2llbl9JbmZyYXN0cnVrdHVyX1RpZWZiYXVfMDEuanBnIn0%3D\">\n\t\t\t\t\t\t\t<img decoding=\"async\" width=\"1024\" height=\"682\" src=\"https:\/\/www.avg.eu\/wp-content\/uploads\/2025\/10\/AVG_Transportbeitrag_Mikrotunnel_Belgien_Infrastruktur_Tiefbau_01-1024x682.jpg\" class=\"attachment-large size-large wp-image-23606\" alt=\"AVG_Transportbeitrag_Mikrotunnel_Belgien_Infrastruktur_Tiefbau\" srcset=\"https:\/\/www.avg.eu\/wp-content\/uploads\/2025\/10\/AVG_Transportbeitrag_Mikrotunnel_Belgien_Infrastruktur_Tiefbau_01-1024x682.jpg 1024w, https:\/\/www.avg.eu\/wp-content\/uploads\/2025\/10\/AVG_Transportbeitrag_Mikrotunnel_Belgien_Infrastruktur_Tiefbau_01-300x200.jpg 300w, https:\/\/www.avg.eu\/wp-content\/uploads\/2025\/10\/AVG_Transportbeitrag_Mikrotunnel_Belgien_Infrastruktur_Tiefbau_01-768x512.jpg 768w, https:\/\/www.avg.eu\/wp-content\/uploads\/2025\/10\/AVG_Transportbeitrag_Mikrotunnel_Belgien_Infrastruktur_Tiefbau_01-1536x1024.jpg 1536w, https:\/\/www.avg.eu\/wp-content\/uploads\/2025\/10\/AVG_Transportbeitrag_Mikrotunnel_Belgien_Infrastruktur_Tiefbau_01.jpg 2000w\" sizes=\"(max-width: 1024px) 100vw, 1024px\" \/>\t\t\t\t\t\t\t\t<\/a>\n\t\t\t\t\t\t\t\t\t\t\t\t\t\t\t<\/div>\n\t\t\t\t<\/div>\n\t\t\t\t<\/div>\n\t\t\t\t\t<\/div>\n\t\t\t\t<\/div>\n\t\t<div class=\"elementor-element elementor-element-866026b default-padding-left-right e-flex e-con-boxed elementor-invisible e-con e-parent\" data-id=\"866026b\" data-element_type=\"container\" data-e-type=\"container\" data-settings=\"{&quot;animation&quot;:&quot;fadeInUp&quot;}\">\n\t\t\t\t\t<div class=\"e-con-inner\">\n\t\t<div class=\"elementor-element elementor-element-0564ade e-con-full e-flex e-con e-child\" data-id=\"0564ade\" data-element_type=\"container\" data-e-type=\"container\">\n\t\t<div class=\"elementor-element elementor-element-bc4054d e-con-full e-flex e-con e-child\" data-id=\"bc4054d\" data-element_type=\"container\" data-e-type=\"container\">\n\t\t\t\t<\/div>\n\t\t<div class=\"elementor-element elementor-element-f669ee1 e-con-full e-flex e-con e-child\" data-id=\"f669ee1\" data-element_type=\"container\" data-e-type=\"container\">\n\t\t\t\t<div class=\"elementor-element elementor-element-009243d gallery-img elementor-widget elementor-widget-image\" data-id=\"009243d\" data-element_type=\"widget\" data-e-type=\"widget\" data-widget_type=\"image.default\">\n\t\t\t\t\t\t\t\t\t\t\t\t\t\t\t\t<a href=\"https:\/\/www.avg.eu\/wp-content\/uploads\/2025\/10\/AVG_Transportbeitrag_Mikrotunnel_Belgien_Infrastruktur_Tiefbau_03.jpg\" data-elementor-open-lightbox=\"yes\" data-e-action-hash=\"#elementor-action%3Aaction%3Dlightbox%26settings%3DeyJpZCI6MjM2MDgsInVybCI6Imh0dHBzOlwvXC93d3cuYXZnLmV1XC93cC1jb250ZW50XC91cGxvYWRzXC8yMDI1XC8xMFwvQVZHX1RyYW5zcG9ydGJlaXRyYWdfTWlrcm90dW5uZWxfQmVsZ2llbl9JbmZyYXN0cnVrdHVyX1RpZWZiYXVfMDMuanBnIn0%3D\">\n\t\t\t\t\t\t\t<img loading=\"lazy\" decoding=\"async\" width=\"1024\" height=\"682\" src=\"https:\/\/www.avg.eu\/wp-content\/uploads\/2025\/10\/AVG_Transportbeitrag_Mikrotunnel_Belgien_Infrastruktur_Tiefbau_03-1024x682.jpg\" class=\"attachment-large size-large wp-image-23608\" alt=\"AVG_Transportbeitrag_Mikrotunnel_Belgien_Infrastruktur_Tiefbau\" srcset=\"https:\/\/www.avg.eu\/wp-content\/uploads\/2025\/10\/AVG_Transportbeitrag_Mikrotunnel_Belgien_Infrastruktur_Tiefbau_03-1024x682.jpg 1024w, https:\/\/www.avg.eu\/wp-content\/uploads\/2025\/10\/AVG_Transportbeitrag_Mikrotunnel_Belgien_Infrastruktur_Tiefbau_03-300x200.jpg 300w, https:\/\/www.avg.eu\/wp-content\/uploads\/2025\/10\/AVG_Transportbeitrag_Mikrotunnel_Belgien_Infrastruktur_Tiefbau_03-768x512.jpg 768w, https:\/\/www.avg.eu\/wp-content\/uploads\/2025\/10\/AVG_Transportbeitrag_Mikrotunnel_Belgien_Infrastruktur_Tiefbau_03-1536x1024.jpg 1536w, https:\/\/www.avg.eu\/wp-content\/uploads\/2025\/10\/AVG_Transportbeitrag_Mikrotunnel_Belgien_Infrastruktur_Tiefbau_03.jpg 2000w\" sizes=\"(max-width: 1024px) 100vw, 1024px\" \/>\t\t\t\t\t\t\t\t<\/a>\n\t\t\t\t\t\t\t\t\t\t\t\t\t\t\t<\/div>\n\t\t\t\t<\/div>\n\t\t\t\t<\/div>\n\t\t\t\t\t<\/div>\n\t\t\t\t<\/div>\n\t\t\t\t<\/div>\n\t\t","protected":false},"featured_media":23607,"template":"elementor_header_footer","meta":{"_acf_changed":false,"inline_featured_image":false,"site-sidebar-layout":"no-sidebar","site-content-layout":"page-builder","ast-site-content-layout":"full-width-container","site-content-style":"unboxed","site-sidebar-style":"unboxed","ast-global-header-display":"","ast-banner-title-visibility":"","ast-main-header-display":"","ast-hfb-above-header-display":"","ast-hfb-below-header-display":"","ast-hfb-mobile-header-display":"","site-post-title":"","ast-breadcrumbs-content":"","ast-featured-img":"disabled","footer-sml-layout":"","ast-disable-related-posts":"","theme-transparent-header-meta":"default","adv-header-id-meta":"","stick-header-meta":"","header-above-stick-meta":"","header-main-stick-meta":"","header-below-stick-meta":"","astra-migrate-meta-layouts":"set","ast-page-background-enabled":"default","ast-page-background-meta":{"desktop":{"background-color":"var(--ast-global-color-4)","background-image":"","background-repeat":"repeat","background-position":"center center","background-size":"auto","background-attachment":"scroll","background-type":"","background-media":"","overlay-type":"","overlay-color":"","overlay-opacity":"","overlay-gradient":""},"tablet":{"background-color":"","background-image":"","background-repeat":"repeat","background-position":"center center","background-size":"auto","background-attachment":"scroll","background-type":"","background-media":"","overlay-type":"","overlay-color":"","overlay-opacity":"","overlay-gradient":""},"mobile":{"background-color":"","background-image":"","background-repeat":"repeat","background-position":"center center","background-size":"auto","background-attachment":"scroll","background-type":"","background-media":"","overlay-type":"","overlay-color":"","overlay-opacity":"","overlay-gradient":""}},"ast-content-background-meta":{"desktop":{"background-color":"var(--ast-global-color-5)","background-image":"","background-repeat":"repeat","background-position":"center center","background-size":"auto","background-attachment":"scroll","background-type":"","background-media":"","overlay-type":"","overlay-color":"","overlay-opacity":"","overlay-gradient":""},"tablet":{"background-color":"var(--ast-global-color-5)","background-image":"","background-repeat":"repeat","background-position":"center center","background-size":"auto","background-attachment":"scroll","background-type":"","background-media":"","overlay-type":"","overlay-color":"","overlay-opacity":"","overlay-gradient":""},"mobile":{"background-color":"var(--ast-global-color-5)","background-image":"","background-repeat":"repeat","background-position":"center center","background-size":"auto","background-attachment":"scroll","background-type":"","background-media":"","overlay-type":"","overlay-color":"","overlay-opacity":"","overlay-gradient":""}}},"categories":[179],"class_list":["post-23595","projecten","type-projecten","status-publish","has-post-thumbnail","hentry","category-projekte-logistik"],"acf":[],"yoast_head":"<!-- This site is optimized with the Yoast SEO plugin v27.3 - https:\/\/yoast.com\/product\/yoast-seo-wordpress\/ -->\n<title>AVG leistet Transportbeitrag zum gr\u00f6\u00dften \u201eMikrotunnel\u201d Belgiens<\/title>\n<meta name=\"description\" content=\"Ein Mikrotunnel? Das klingt zun\u00e4chst nach einem kleinen Bauwerk. Aber lasst Euch nicht t\u00e4uschen! Der gr\u00f6\u00dfte und l\u00e4ngste Mikrotunnel...\" \/>\n<meta name=\"robots\" content=\"index, follow, max-snippet:-1, max-image-preview:large, max-video-preview:-1\" \/>\n<link rel=\"canonical\" href=\"https:\/\/www.avg.eu\/de\/avg-leistet-transportbeitrag-zum-grosten-mikrotunnel-belgiens\/\" \/>\n<meta property=\"og:locale\" content=\"de_DE\" \/>\n<meta property=\"og:type\" content=\"article\" \/>\n<meta property=\"og:title\" content=\"AVG leistet Transportbeitrag zum gr\u00f6\u00dften \u201eMikrotunnel\u201d Belgiens\" \/>\n<meta property=\"og:description\" content=\"Ein Mikrotunnel? Das klingt zun\u00e4chst nach einem kleinen Bauwerk. Aber lasst Euch nicht t\u00e4uschen! Der gr\u00f6\u00dfte und l\u00e4ngste Mikrotunnel...\" \/>\n<meta property=\"og:url\" content=\"https:\/\/www.avg.eu\/de\/avg-leistet-transportbeitrag-zum-grosten-mikrotunnel-belgiens\/\" \/>\n<meta property=\"og:site_name\" content=\"AVG\" \/>\n<meta property=\"article:publisher\" content=\"https:\/\/www.facebook.com\/AVG.Heijen\/\" \/>\n<meta property=\"article:modified_time\" content=\"2026-01-06T11:58:45+00:00\" \/>\n<meta property=\"og:image\" content=\"https:\/\/www.avg.eu\/wp-content\/uploads\/2025\/10\/AVG_Transportbeitrag_Mikrotunnel_Belgien_Infrastruktur_Tiefbau_02.jpg\" \/>\n\t<meta property=\"og:image:width\" content=\"2000\" \/>\n\t<meta property=\"og:image:height\" content=\"1333\" \/>\n\t<meta property=\"og:image:type\" content=\"image\/jpeg\" \/>\n<meta name=\"twitter:card\" content=\"summary_large_image\" \/>\n<meta name=\"twitter:label1\" content=\"Gesch\u00e4tzte Lesezeit\" \/>\n\t<meta name=\"twitter:data1\" content=\"3\u00a0Minuten\" \/>\n<script type=\"application\/ld+json\" class=\"yoast-schema-graph\">{\"@context\":\"https:\\\/\\\/schema.org\",\"@graph\":[{\"@type\":\"WebPage\",\"@id\":\"https:\\\/\\\/www.avg.eu\\\/de\\\/avg-leistet-transportbeitrag-zum-grosten-mikrotunnel-belgiens\\\/\",\"url\":\"https:\\\/\\\/www.avg.eu\\\/de\\\/avg-leistet-transportbeitrag-zum-grosten-mikrotunnel-belgiens\\\/\",\"name\":\"AVG leistet Transportbeitrag zum gr\u00f6\u00dften \u201eMikrotunnel\u201d Belgiens\",\"isPartOf\":{\"@id\":\"https:\\\/\\\/www.avg.eu\\\/de\\\/#website\"},\"primaryImageOfPage\":{\"@id\":\"https:\\\/\\\/www.avg.eu\\\/de\\\/avg-leistet-transportbeitrag-zum-grosten-mikrotunnel-belgiens\\\/#primaryimage\"},\"image\":{\"@id\":\"https:\\\/\\\/www.avg.eu\\\/de\\\/avg-leistet-transportbeitrag-zum-grosten-mikrotunnel-belgiens\\\/#primaryimage\"},\"thumbnailUrl\":\"https:\\\/\\\/www.avg.eu\\\/wp-content\\\/uploads\\\/2025\\\/10\\\/AVG_Transportbeitrag_Mikrotunnel_Belgien_Infrastruktur_Tiefbau_02.jpg\",\"datePublished\":\"2025-12-08T12:57:28+00:00\",\"dateModified\":\"2026-01-06T11:58:45+00:00\",\"description\":\"Ein Mikrotunnel? Das klingt zun\u00e4chst nach einem kleinen Bauwerk. Aber lasst Euch nicht t\u00e4uschen! Der gr\u00f6\u00dfte und l\u00e4ngste Mikrotunnel...\",\"breadcrumb\":{\"@id\":\"https:\\\/\\\/www.avg.eu\\\/de\\\/avg-leistet-transportbeitrag-zum-grosten-mikrotunnel-belgiens\\\/#breadcrumb\"},\"inLanguage\":\"de\",\"potentialAction\":[{\"@type\":\"ReadAction\",\"target\":[\"https:\\\/\\\/www.avg.eu\\\/de\\\/avg-leistet-transportbeitrag-zum-grosten-mikrotunnel-belgiens\\\/\"]}]},{\"@type\":\"ImageObject\",\"inLanguage\":\"de\",\"@id\":\"https:\\\/\\\/www.avg.eu\\\/de\\\/avg-leistet-transportbeitrag-zum-grosten-mikrotunnel-belgiens\\\/#primaryimage\",\"url\":\"https:\\\/\\\/www.avg.eu\\\/wp-content\\\/uploads\\\/2025\\\/10\\\/AVG_Transportbeitrag_Mikrotunnel_Belgien_Infrastruktur_Tiefbau_02.jpg\",\"contentUrl\":\"https:\\\/\\\/www.avg.eu\\\/wp-content\\\/uploads\\\/2025\\\/10\\\/AVG_Transportbeitrag_Mikrotunnel_Belgien_Infrastruktur_Tiefbau_02.jpg\",\"width\":2000,\"height\":1333,\"caption\":\"AVG_Transportbeitrag_Mikrotunnel_Belgien_Infrastruktur_Tiefbau\"},{\"@type\":\"BreadcrumbList\",\"@id\":\"https:\\\/\\\/www.avg.eu\\\/de\\\/avg-leistet-transportbeitrag-zum-grosten-mikrotunnel-belgiens\\\/#breadcrumb\",\"itemListElement\":[{\"@type\":\"ListItem\",\"position\":1,\"name\":\"Home\",\"item\":\"https:\\\/\\\/www.avg.eu\\\/\"},{\"@type\":\"ListItem\",\"position\":2,\"name\":\"AVG leistet Transportbeitrag zum gr\u00f6\u00dften \u201eMikrotunnel\u201d Belgiens\"}]},{\"@type\":\"WebSite\",\"@id\":\"https:\\\/\\\/www.avg.eu\\\/de\\\/#website\",\"url\":\"https:\\\/\\\/www.avg.eu\\\/de\\\/\",\"name\":\"AVG\",\"description\":\"\",\"publisher\":{\"@id\":\"https:\\\/\\\/www.avg.eu\\\/de\\\/#organization\"},\"potentialAction\":[{\"@type\":\"SearchAction\",\"target\":{\"@type\":\"EntryPoint\",\"urlTemplate\":\"https:\\\/\\\/www.avg.eu\\\/de\\\/?s={search_term_string}\"},\"query-input\":{\"@type\":\"PropertyValueSpecification\",\"valueRequired\":true,\"valueName\":\"search_term_string\"}}],\"inLanguage\":\"de\"},{\"@type\":\"Organization\",\"@id\":\"https:\\\/\\\/www.avg.eu\\\/de\\\/#organization\",\"name\":\"AVG\",\"url\":\"https:\\\/\\\/www.avg.eu\\\/de\\\/\",\"logo\":{\"@type\":\"ImageObject\",\"inLanguage\":\"de\",\"@id\":\"https:\\\/\\\/www.avg.eu\\\/de\\\/#\\\/schema\\\/logo\\\/image\\\/\",\"url\":\"https:\\\/\\\/www.avg.eu\\\/wp-content\\\/uploads\\\/2024\\\/06\\\/logo-avg-1.png\",\"contentUrl\":\"https:\\\/\\\/www.avg.eu\\\/wp-content\\\/uploads\\\/2024\\\/06\\\/logo-avg-1.png\",\"width\":375,\"height\":219,\"caption\":\"AVG\"},\"image\":{\"@id\":\"https:\\\/\\\/www.avg.eu\\\/de\\\/#\\\/schema\\\/logo\\\/image\\\/\"},\"sameAs\":[\"https:\\\/\\\/www.facebook.com\\\/AVG.Heijen\\\/\",\"https:\\\/\\\/www.instagram.com\\\/avgheijen\\\/\",\"https:\\\/\\\/www.linkedin.com\\\/company\\\/avg-bv\\\/\",\"https:\\\/\\\/www.tiktok.com\\\/@avgheijen\"]}]}<\/script>\n<!-- \/ Yoast SEO plugin. -->","yoast_head_json":{"title":"AVG leistet Transportbeitrag zum gr\u00f6\u00dften \u201eMikrotunnel\u201d Belgiens","description":"Ein Mikrotunnel? Das klingt zun\u00e4chst nach einem kleinen Bauwerk. Aber lasst Euch nicht t\u00e4uschen! Der gr\u00f6\u00dfte und l\u00e4ngste Mikrotunnel...","robots":{"index":"index","follow":"follow","max-snippet":"max-snippet:-1","max-image-preview":"max-image-preview:large","max-video-preview":"max-video-preview:-1"},"canonical":"https:\/\/www.avg.eu\/de\/avg-leistet-transportbeitrag-zum-grosten-mikrotunnel-belgiens\/","og_locale":"de_DE","og_type":"article","og_title":"AVG leistet Transportbeitrag zum gr\u00f6\u00dften \u201eMikrotunnel\u201d Belgiens","og_description":"Ein Mikrotunnel? Das klingt zun\u00e4chst nach einem kleinen Bauwerk. Aber lasst Euch nicht t\u00e4uschen! Der gr\u00f6\u00dfte und l\u00e4ngste Mikrotunnel...","og_url":"https:\/\/www.avg.eu\/de\/avg-leistet-transportbeitrag-zum-grosten-mikrotunnel-belgiens\/","og_site_name":"AVG","article_publisher":"https:\/\/www.facebook.com\/AVG.Heijen\/","article_modified_time":"2026-01-06T11:58:45+00:00","og_image":[{"width":2000,"height":1333,"url":"https:\/\/www.avg.eu\/wp-content\/uploads\/2025\/10\/AVG_Transportbeitrag_Mikrotunnel_Belgien_Infrastruktur_Tiefbau_02.jpg","type":"image\/jpeg"}],"twitter_card":"summary_large_image","twitter_misc":{"Gesch\u00e4tzte Lesezeit":"3\u00a0Minuten"},"schema":{"@context":"https:\/\/schema.org","@graph":[{"@type":"WebPage","@id":"https:\/\/www.avg.eu\/de\/avg-leistet-transportbeitrag-zum-grosten-mikrotunnel-belgiens\/","url":"https:\/\/www.avg.eu\/de\/avg-leistet-transportbeitrag-zum-grosten-mikrotunnel-belgiens\/","name":"AVG leistet Transportbeitrag zum gr\u00f6\u00dften \u201eMikrotunnel\u201d Belgiens","isPartOf":{"@id":"https:\/\/www.avg.eu\/de\/#website"},"primaryImageOfPage":{"@id":"https:\/\/www.avg.eu\/de\/avg-leistet-transportbeitrag-zum-grosten-mikrotunnel-belgiens\/#primaryimage"},"image":{"@id":"https:\/\/www.avg.eu\/de\/avg-leistet-transportbeitrag-zum-grosten-mikrotunnel-belgiens\/#primaryimage"},"thumbnailUrl":"https:\/\/www.avg.eu\/wp-content\/uploads\/2025\/10\/AVG_Transportbeitrag_Mikrotunnel_Belgien_Infrastruktur_Tiefbau_02.jpg","datePublished":"2025-12-08T12:57:28+00:00","dateModified":"2026-01-06T11:58:45+00:00","description":"Ein Mikrotunnel? Das klingt zun\u00e4chst nach einem kleinen Bauwerk. Aber lasst Euch nicht t\u00e4uschen! Der gr\u00f6\u00dfte und l\u00e4ngste Mikrotunnel...","breadcrumb":{"@id":"https:\/\/www.avg.eu\/de\/avg-leistet-transportbeitrag-zum-grosten-mikrotunnel-belgiens\/#breadcrumb"},"inLanguage":"de","potentialAction":[{"@type":"ReadAction","target":["https:\/\/www.avg.eu\/de\/avg-leistet-transportbeitrag-zum-grosten-mikrotunnel-belgiens\/"]}]},{"@type":"ImageObject","inLanguage":"de","@id":"https:\/\/www.avg.eu\/de\/avg-leistet-transportbeitrag-zum-grosten-mikrotunnel-belgiens\/#primaryimage","url":"https:\/\/www.avg.eu\/wp-content\/uploads\/2025\/10\/AVG_Transportbeitrag_Mikrotunnel_Belgien_Infrastruktur_Tiefbau_02.jpg","contentUrl":"https:\/\/www.avg.eu\/wp-content\/uploads\/2025\/10\/AVG_Transportbeitrag_Mikrotunnel_Belgien_Infrastruktur_Tiefbau_02.jpg","width":2000,"height":1333,"caption":"AVG_Transportbeitrag_Mikrotunnel_Belgien_Infrastruktur_Tiefbau"},{"@type":"BreadcrumbList","@id":"https:\/\/www.avg.eu\/de\/avg-leistet-transportbeitrag-zum-grosten-mikrotunnel-belgiens\/#breadcrumb","itemListElement":[{"@type":"ListItem","position":1,"name":"Home","item":"https:\/\/www.avg.eu\/"},{"@type":"ListItem","position":2,"name":"AVG leistet Transportbeitrag zum gr\u00f6\u00dften \u201eMikrotunnel\u201d Belgiens"}]},{"@type":"WebSite","@id":"https:\/\/www.avg.eu\/de\/#website","url":"https:\/\/www.avg.eu\/de\/","name":"AVG","description":"","publisher":{"@id":"https:\/\/www.avg.eu\/de\/#organization"},"potentialAction":[{"@type":"SearchAction","target":{"@type":"EntryPoint","urlTemplate":"https:\/\/www.avg.eu\/de\/?s={search_term_string}"},"query-input":{"@type":"PropertyValueSpecification","valueRequired":true,"valueName":"search_term_string"}}],"inLanguage":"de"},{"@type":"Organization","@id":"https:\/\/www.avg.eu\/de\/#organization","name":"AVG","url":"https:\/\/www.avg.eu\/de\/","logo":{"@type":"ImageObject","inLanguage":"de","@id":"https:\/\/www.avg.eu\/de\/#\/schema\/logo\/image\/","url":"https:\/\/www.avg.eu\/wp-content\/uploads\/2024\/06\/logo-avg-1.png","contentUrl":"https:\/\/www.avg.eu\/wp-content\/uploads\/2024\/06\/logo-avg-1.png","width":375,"height":219,"caption":"AVG"},"image":{"@id":"https:\/\/www.avg.eu\/de\/#\/schema\/logo\/image\/"},"sameAs":["https:\/\/www.facebook.com\/AVG.Heijen\/","https:\/\/www.instagram.com\/avgheijen\/","https:\/\/www.linkedin.com\/company\/avg-bv\/","https:\/\/www.tiktok.com\/@avgheijen"]}]}},"_links":{"self":[{"href":"https:\/\/www.avg.eu\/de\/wp-json\/wp\/v2\/projecten\/23595","targetHints":{"allow":["GET"]}}],"collection":[{"href":"https:\/\/www.avg.eu\/de\/wp-json\/wp\/v2\/projecten"}],"about":[{"href":"https:\/\/www.avg.eu\/de\/wp-json\/wp\/v2\/types\/projecten"}],"version-history":[{"count":5,"href":"https:\/\/www.avg.eu\/de\/wp-json\/wp\/v2\/projecten\/23595\/revisions"}],"predecessor-version":[{"id":24641,"href":"https:\/\/www.avg.eu\/de\/wp-json\/wp\/v2\/projecten\/23595\/revisions\/24641"}],"wp:featuredmedia":[{"embeddable":true,"href":"https:\/\/www.avg.eu\/de\/wp-json\/wp\/v2\/media\/23607"}],"wp:attachment":[{"href":"https:\/\/www.avg.eu\/de\/wp-json\/wp\/v2\/media?parent=23595"}],"wp:term":[{"taxonomy":"category","embeddable":true,"href":"https:\/\/www.avg.eu\/de\/wp-json\/wp\/v2\/categories?post=23595"}],"curies":[{"name":"wp","href":"https:\/\/api.w.org\/{rel}","templated":true}]}}