{"id":19202,"date":"2025-07-17T12:33:01","date_gmt":"2025-07-17T12:33:01","guid":{"rendered":"https:\/\/www.avg.eu\/?post_type=projecten&#038;p=19202"},"modified":"2026-03-31T12:13:54","modified_gmt":"2026-03-31T12:13:54","slug":"de-hamer-und-avg-gemeinsam-stark-im-stein","status":"publish","type":"projecten","link":"https:\/\/www.avg.eu\/de\/projecten\/de-hamer-und-avg-gemeinsam-stark-im-stein\/","title":{"rendered":"De Hamer und AVG: Gemeinsam stark im Stein"},"content":{"rendered":"\t\t<div data-elementor-type=\"wp-post\" data-elementor-id=\"19202\" class=\"elementor elementor-19202 elementor-19200\" data-elementor-post-type=\"projecten\">\n\t\t\t\t<div class=\"elementor-element elementor-element-1a9cc09 e-con-full e-flex e-con e-parent\" data-id=\"1a9cc09\" data-element_type=\"container\" data-e-type=\"container\" data-settings=\"{&quot;background_background&quot;:&quot;classic&quot;}\">\n\t\t<div class=\"elementor-element elementor-element-15178b9 default-padding-left-right e-flex e-con-boxed e-con e-child\" data-id=\"15178b9\" data-element_type=\"container\" data-e-type=\"container\">\n\t\t\t\t\t<div class=\"e-con-inner\">\n\t\t<div class=\"elementor-element elementor-element-c084bb9 e-con-full e-flex e-con e-child\" data-id=\"c084bb9\" data-element_type=\"container\" data-e-type=\"container\">\n\t\t\t\t<div class=\"elementor-element elementor-element-60b8c04 font-size-4 elementor-widget elementor-widget-heading\" data-id=\"60b8c04\" data-element_type=\"widget\" data-e-type=\"widget\" data-widget_type=\"heading.default\">\n\t\t\t\t\t<h1 class=\"elementor-heading-title elementor-size-default\">De Hamer und AVG:\nGemeinsam stark im Stein<\/h1>\t\t\t\t<\/div>\n\t\t\t\t<div class=\"elementor-element elementor-element-4f3e8a5 white-text font-size-2 p-remove-bottom-margin elementor-widget elementor-widget-text-editor\" data-id=\"4f3e8a5\" data-element_type=\"widget\" data-e-type=\"widget\" data-widget_type=\"text-editor.default\">\n\t\t\t\t\t\t\t\t\t<p>Wenn man \u00fcber eine sauber verlegte Reihe aus<br data-start=\"306\" data-end=\"309\" \/>Betonpflastersteinen l\u00e4uft oder f\u00e4hrt, denkt man<br data-start=\"357\" data-end=\"360\" \/>wahrscheinlich nicht dar\u00fcber nach, was eigentlich in so<br data-start=\"415\" data-end=\"418\" \/>einem Stein steckt. Ein Pflasterstein wirkt vielleicht<br data-start=\"472\" data-end=\"475\" \/>simpel, aber darin steckt jede Menge Fachwissen,<br data-start=\"523\" data-end=\"526\" \/>Abstimmung \u2013 und Wiederverwendung. In Heumen<br data-start=\"570\" data-end=\"573\" \/>arbeiten <a href=\"https:\/\/www.dehamer.nl\/\">De Hamer<\/a> und AVG schon seit l\u00e4ngerem<br data-start=\"618\" data-end=\"621\" \/>zusammen an nachhaltigeren Pflasterl\u00f6sungen. Diese<br data-start=\"671\" data-end=\"674\" \/>Zusammenarbeit bildet wortw\u00f6rtlich und im<br data-start=\"715\" data-end=\"718\" \/>\u00fcbertragenen Sinne ein solides Fundament f\u00fcr die<br data-start=\"766\" data-end=\"769\" \/>Zukunft. Wir sprachen mit Glenn van Dooren (De<br data-start=\"815\" data-end=\"818\" \/>Hamer) und Jeroen van Heesch (AVG) \u00fcber die<br data-start=\"861\" data-end=\"864\" \/>Partnerschaft \u2013 und warum Kommunikation, Qualit\u00e4t<br data-start=\"913\" data-end=\"916\" \/>und Vertrauen dabei eine zentrale Rolle spielen.<\/p>\t\t\t\t\t\t\t\t<\/div>\n\t\t\t\t<\/div>\n\t\t<div class=\"elementor-element elementor-element-2166736 elementor-hidden-tablet elementor-hidden-mobile e-flex e-con-boxed e-con e-child\" data-id=\"2166736\" data-element_type=\"container\" data-e-type=\"container\">\n\t\t\t\t\t<div class=\"e-con-inner\">\n\t\t\t\t\t<\/div>\n\t\t\t\t<\/div>\n\t\t\t\t\t<\/div>\n\t\t\t\t<\/div>\n\t\t\t\t<\/div>\n\t\t<div class=\"elementor-element elementor-element-05bba8e e-con-full e-flex e-con e-parent\" data-id=\"05bba8e\" data-element_type=\"container\" data-e-type=\"container\" data-settings=\"{&quot;background_background&quot;:&quot;classic&quot;}\">\n\t\t\t\t<div class=\"elementor-element elementor-element-b839f4c elementor-widget elementor-widget-image\" data-id=\"b839f4c\" data-element_type=\"widget\" data-e-type=\"widget\" data-widget_type=\"image.default\">\n\t\t\t\t\t\t\t\t\t\t\t\t\t\t\t\t<a href=\"#first-section\">\n\t\t\t\t\t\t\t<img fetchpriority=\"high\" decoding=\"async\" width=\"1024\" height=\"1024\" src=\"https:\/\/www.avg.eu\/wp-content\/uploads\/2024\/04\/arrow-down.svg\" class=\"attachment-large size-large wp-image-24292\" alt=\"Scroll naar onder\" \/>\t\t\t\t\t\t\t\t<\/a>\n\t\t\t\t\t\t\t\t\t\t\t\t\t\t\t<\/div>\n\t\t\t\t<\/div>\n\t\t<div class=\"elementor-element elementor-element-3d40367 margin-top-2 default-padding-left-right e-flex e-con-boxed e-con e-parent\" data-id=\"3d40367\" data-element_type=\"container\" data-e-type=\"container\">\n\t\t\t\t\t<div class=\"e-con-inner\">\n\t\t\t\t<div class=\"elementor-element elementor-element-2bcb33c elementor-widget elementor-widget-text-editor\" data-id=\"2bcb33c\" data-element_type=\"widget\" data-e-type=\"widget\" data-widget_type=\"text-editor.default\">\n\t\t\t\t\t\t\t\t\t<div><div class='breadcrumb'><a href='https:\/\/www.avg.eu\/de\/'>Home<\/a> > <a href='https:\/\/www.avg.eu\/de\/projekte'>Projekte<\/a> > De Hamer und AVG: Gemeinsam stark im Stein<\/div><\/div>\t\t\t\t\t\t\t\t<\/div>\n\t\t\t\t\t<\/div>\n\t\t\t\t<\/div>\n\t\t<div class=\"elementor-element elementor-element-b85701c default-padding-left-right margin-top-6 margin-bottom-6 e-flex e-con-boxed elementor-invisible e-con e-parent\" data-id=\"b85701c\" data-element_type=\"container\" data-e-type=\"container\" data-settings=\"{&quot;animation&quot;:&quot;fadeInUp&quot;}\">\n\t\t\t\t\t<div class=\"e-con-inner\">\n\t\t<div class=\"elementor-element elementor-element-57adcb5 e-con-full e-flex e-con e-child\" data-id=\"57adcb5\" data-element_type=\"container\" data-e-type=\"container\">\n\t\t\t\t<div class=\"elementor-element elementor-element-997987f elementor-widget elementor-widget-menu-anchor\" data-id=\"997987f\" data-element_type=\"widget\" data-e-type=\"widget\" data-widget_type=\"menu-anchor.default\">\n\t\t\t\t\t\t\t<div class=\"elementor-menu-anchor\" id=\"first-section\"><\/div>\n\t\t\t\t\t\t<\/div>\n\t\t\t\t<div class=\"elementor-element elementor-element-4433dfb elementor-widget elementor-widget-heading\" data-id=\"4433dfb\" data-element_type=\"widget\" data-e-type=\"widget\" data-widget_type=\"heading.default\">\n\t\t\t\t\t<h2 class=\"elementor-heading-title elementor-size-default\">Jeder Standort mit eigenem Fokus<\/h2>\t\t\t\t<\/div>\n\t\t\t\t<div class=\"elementor-element elementor-element-c3278ce elementor-widget elementor-widget-text-editor\" data-id=\"c3278ce\" data-element_type=\"widget\" data-e-type=\"widget\" data-widget_type=\"text-editor.default\">\n\t\t\t\t\t\t\t\t\t<p data-start=\"968\" data-end=\"1653\">De Hamer ist seit Jahren ein etablierter Name im Bereich Infrastruktur. \u201eIn unserem Werk in Heumen stellen wir Betonprodukte f\u00fcr den \u00f6ffentlichen Raum und Gewerbegebiete her \u2013 zum Beispiel Betonsteine, Bordsteine, Gehwegplatten, Pflastersteine, Randsteine, Parkbordsteine und Kreisverkehrselemente\u201c, erkl\u00e4rt Glenn. Das Werk in Heumen ist Teil der BTE-Gruppe, einem Netzwerk von elf spezialisierten Betonwerken. \u201eJeder Standort hat dabei seinen eigenen Schwerpunkt: So stellen wir in Heumen und Waspik vor allem Pflasterprodukte her, w\u00e4hrend die Werke in Nijmegen und Dodewaard sich auf Entw\u00e4sserungselemente spezialisieren.\u201c<\/p>\t\t\t\t\t\t\t\t<\/div>\n\t\t\t\t<div class=\"elementor-element elementor-element-60b3081 elementor-widget elementor-widget-heading\" data-id=\"60b3081\" data-element_type=\"widget\" data-e-type=\"widget\" data-widget_type=\"heading.default\">\n\t\t\t\t\t<h2 class=\"elementor-heading-title elementor-size-default\">Vom Bauschutt zum Pflasterstein<\/h2>\t\t\t\t<\/div>\n\t\t\t\t<div class=\"elementor-element elementor-element-56f00f7 elementor-widget elementor-widget-text-editor\" data-id=\"56f00f7\" data-element_type=\"widget\" data-e-type=\"widget\" data-widget_type=\"text-editor.default\">\n\t\t\t\t\t\t\t\t\t<p data-start=\"968\" data-end=\"1653\">Bei De Hamer spielt die Wiederverwendung eine immer gr\u00f6\u00dfere Rolle in der Pflasterproduktion. \u201eJeder Stein besteht aus einem Unterbeton und einer Deckschicht\u201c, erkl\u00e4rt Glenn. \u201eIn den Unterbeton mischen wir recycelte Materialien, etwa das Betongranulat von AVG. Die Deckschicht besteht aus zertifizierten Prim\u00e4rstoffen und ist der teuerste Teil.\u201c Mittlerweile besteht etwa 15 % des Unterbetons aus AVG-Material \u2013 Tendenz steigend.<\/p>\t\t\t\t\t\t\t\t<\/div>\n\t\t\t\t<div class=\"elementor-element elementor-element-883481b elementor-widget elementor-widget-heading\" data-id=\"883481b\" data-element_type=\"widget\" data-e-type=\"widget\" data-widget_type=\"heading.default\">\n\t\t\t\t\t<h2 class=\"elementor-heading-title elementor-size-default\">Liebe zum Detail \u2013 vom Schutt bis zum Produkt<\/h2>\t\t\t\t<\/div>\n\t\t\t\t<div class=\"elementor-element elementor-element-34a56fd elementor-widget elementor-widget-text-editor\" data-id=\"34a56fd\" data-element_type=\"widget\" data-e-type=\"widget\" data-widget_type=\"text-editor.default\">\n\t\t\t\t\t\t\t\t\t<p data-start=\"968\" data-end=\"1653\">Betongranulat zu liefern, ist das eine \u2013 es f\u00fcr hochwertige Betonprodukte tauglich zu machen, etwas ganz anderes. \u201eF\u00fcr De Hamer ist es entscheidend, dass das Granulat weder zu trocken noch zu nass ist \u2013 idealerweise liegt der Feuchtigkeitsgehalt zwischen 6 und 9 %\u201c, erkl\u00e4rt Jeroen. \u201eAu\u00dferdem achten wir auf Verunreinigungen wie Stahlfasern oder Eisenreste. Diese k\u00f6nnen die Maschinen oder Pflastersteine besch\u00e4digen.\u201c Der Austausch dazu ist eng abgestimmt. Glenn: \u201eWenn mir etwas auff\u00e4llt, melde ich mich sofort. Dann wird Jeroen bei AVG aktiv und das Thema direkt aufgegriffen. Das macht die Zusammenarbeit so angenehm.\u201c<\/p>\t\t\t\t\t\t\t\t<\/div>\n\t\t\t\t<div class=\"elementor-element elementor-element-fd0500c elementor-widget elementor-widget-heading\" data-id=\"fd0500c\" data-element_type=\"widget\" data-e-type=\"widget\" data-widget_type=\"heading.default\">\n\t\t\t\t\t<h2 class=\"elementor-heading-title elementor-size-default\">Gleichbleibende Qualit\u00e4t braucht st\u00e4ndige Kommunikation<\/h2>\t\t\t\t<\/div>\n\t\t\t\t<div class=\"elementor-element elementor-element-67e40cc elementor-widget elementor-widget-text-editor\" data-id=\"67e40cc\" data-element_type=\"widget\" data-e-type=\"widget\" data-widget_type=\"text-editor.default\">\n\t\t\t\t\t\t\t\t\t<p data-start=\"2833\" data-end=\"3413\">Neben den Materiallieferungen basiert die Zusammenarbeit auf Vertrauen und Abstimmung. \u201eWir stehen fast t\u00e4glich in Kontakt \u2013 vom Feuchtigkeitsgehalt des Granulats bis hin zur sauberen Kippweise der Ladung. Selbst Anweisungen f\u00fcr den Fahrer sind in der Bestellmail enthalten\u201c, berichtet Jeroen. Und das zeigt Wirkung. Beide Seiten investieren in die gemeinsame Qualit\u00e4t. \u201eWir nehmen Proben, analysieren die Kornverteilung und tauschen Siebanalysen aus. So halten wir uns gegenseitig auf Trab\u201c, so Glenn.<\/p>\t\t\t\t\t\t\t\t<\/div>\n\t\t\t\t<div class=\"elementor-element elementor-element-d7f1192 elementor-widget elementor-widget-heading\" data-id=\"d7f1192\" data-element_type=\"widget\" data-e-type=\"widget\" data-widget_type=\"heading.default\">\n\t\t\t\t\t<h2 class=\"elementor-heading-title elementor-size-default\">Mit Blick in die Zukunft<\/h2>\t\t\t\t<\/div>\n\t\t\t\t<div class=\"elementor-element elementor-element-30c9244 elementor-widget elementor-widget-text-editor\" data-id=\"30c9244\" data-element_type=\"widget\" data-e-type=\"widget\" data-widget_type=\"text-editor.default\">\n\t\t\t\t\t\t\t\t\t<p data-start=\"3415\" data-end=\"4060\">Der Markt ist anspruchsvoll und Rohstoffe werden knapper. Trotzdem blicken De Hamer und AVG optimistisch nach vorn. Glenn: \u201eSolange wir auf Kontinuit\u00e4t und Qualit\u00e4t bauen k\u00f6nnen, sehe ich unsere Zusammenarbeit auch in f\u00fcnf Jahren noch als bestehend. Nat\u00fcrlich bleibt es ein Gesch\u00e4ft, aber die Partnerschaft steht an erster Stelle.\u201c Jeroen erg\u00e4nzt: \u201eWir sind stolz darauf, als Lieferant einen konkreten Beitrag zur Herstellung nachhaltigerer Betonprodukte zu leisten. Und es ist sch\u00f6n zu sehen, wie sich unser Einsatz \u2013 bis\u00a0 aufs Korn und den Feuchtigkeitswert genau \u2013 im Endprodukt widerspiegelt.\u201c<\/p>\t\t\t\t\t\t\t\t<\/div>\n\t\t\t\t<div class=\"elementor-element elementor-element-7d823c3 elementor-widget elementor-widget-button\" data-id=\"7d823c3\" data-element_type=\"widget\" data-e-type=\"widget\" data-widget_type=\"button.default\">\n\t\t\t\t\t\t\t\t\t\t<a class=\"elementor-button elementor-button-link elementor-size-sm\" href=\"https:\/\/www.avg.eu\/contact\/\" target=\"_blank\">\n\t\t\t\t\t\t<span class=\"elementor-button-content-wrapper\">\n\t\t\t\t\t\t\t\t\t<span class=\"elementor-button-text\">Mehr Informationen?<\/span>\n\t\t\t\t\t<\/span>\n\t\t\t\t\t<\/a>\n\t\t\t\t\t\t\t\t<\/div>\n\t\t\t\t<\/div>\n\t\t<div class=\"elementor-element elementor-element-e538628 e-con-full e-flex e-con e-child\" data-id=\"e538628\" data-element_type=\"container\" data-e-type=\"container\">\n\t\t\t\t<div class=\"elementor-element elementor-element-59b1699 font-size-2 margin-bottom-1 elementor-widget elementor-widget-heading\" data-id=\"59b1699\" data-element_type=\"widget\" data-e-type=\"widget\" data-widget_type=\"heading.default\">\n\t\t\t\t\t<h2 class=\"elementor-heading-title elementor-size-default\">Besonderheiten<\/h2>\t\t\t\t<\/div>\n\t\t<div class=\"elementor-element elementor-element-6272bb4 e-flex e-con-boxed e-con e-child\" data-id=\"6272bb4\" data-element_type=\"container\" data-e-type=\"container\">\n\t\t\t\t\t<div class=\"e-con-inner\">\n\t\t\t\t<div class=\"elementor-element elementor-element-79d0daa elementor-widget elementor-widget-image\" data-id=\"79d0daa\" data-element_type=\"widget\" data-e-type=\"widget\" data-widget_type=\"image.default\">\n\t\t\t\t\t\t\t\t\t\t\t\t\t\t\t<img decoding=\"async\" width=\"1024\" height=\"1024\" src=\"https:\/\/www.avg.eu\/wp-content\/uploads\/2024\/06\/Recycling_ORA.svg\" class=\"attachment-large size-large wp-image-24785\" alt=\"\" \/>\t\t\t\t\t\t\t\t\t\t\t\t\t\t\t<\/div>\n\t\t\t\t<div class=\"elementor-element elementor-element-7c2e40c font-color-1 font-size-1 elementor-widget elementor-widget-heading\" data-id=\"7c2e40c\" data-element_type=\"widget\" data-e-type=\"widget\" data-widget_type=\"heading.default\">\n\t\t\t\t\t<h5 class=\"elementor-heading-title elementor-size-default\">Recycling<\/h5>\t\t\t\t<\/div>\n\t\t\t\t\t<\/div>\n\t\t\t\t<\/div>\n\t\t\t\t<div class=\"elementor-element elementor-element-cf3bfee p-remove-bottom-margin elementor-widget elementor-widget-text-editor\" data-id=\"cf3bfee\" data-element_type=\"widget\" data-e-type=\"widget\" data-widget_type=\"text-editor.default\">\n\t\t\t\t\t\t\t\t\t<p><strong>Standort<\/strong><br \/>Heumen, die Niederlande<\/p>\t\t\t\t\t\t\t\t<\/div>\n\t\t\t\t<div class=\"elementor-element elementor-element-3dff0b9 p-remove-bottom-margin elementor-widget elementor-widget-text-editor\" data-id=\"3dff0b9\" data-element_type=\"widget\" data-e-type=\"widget\" data-widget_type=\"text-editor.default\">\n\t\t\t\t\t\t\t\t\t<p><strong>Datum<\/strong><br \/>2025<\/p>\t\t\t\t\t\t\t\t<\/div>\n\t\t\t\t<div class=\"elementor-element elementor-element-42f17e9 p-remove-bottom-margin elementor-widget elementor-widget-text-editor\" data-id=\"42f17e9\" data-element_type=\"widget\" data-e-type=\"widget\" data-widget_type=\"text-editor.default\">\n\t\t\t\t\t\t\t\t\t<p><strong>Gemeinde<\/strong><br \/>Gemeinde Heumen<\/p>\t\t\t\t\t\t\t\t<\/div>\n\t\t\t\t<\/div>\n\t\t\t\t\t<\/div>\n\t\t\t\t<\/div>\n\t\t<div class=\"elementor-element elementor-element-5d72281 default-padding-left-right e-flex e-con-boxed elementor-invisible e-con e-parent\" data-id=\"5d72281\" data-element_type=\"container\" data-e-type=\"container\" data-settings=\"{&quot;animation&quot;:&quot;fadeInUp&quot;}\">\n\t\t\t\t\t<div class=\"e-con-inner\">\n\t\t<div class=\"elementor-element elementor-element-4252e4b e-con-full e-flex e-con e-child\" data-id=\"4252e4b\" data-element_type=\"container\" data-e-type=\"container\">\n\t\t<div class=\"elementor-element elementor-element-5e79e08 e-con-full e-flex e-con e-child\" data-id=\"5e79e08\" data-element_type=\"container\" data-e-type=\"container\">\n\t\t\t\t<div class=\"elementor-element elementor-element-3f40d44 gallery-img elementor-widget elementor-widget-image\" data-id=\"3f40d44\" data-element_type=\"widget\" data-e-type=\"widget\" data-widget_type=\"image.default\">\n\t\t\t\t\t\t\t\t\t\t\t\t\t\t\t\t<a href=\"https:\/\/www.avg.eu\/wp-content\/uploads\/2025\/07\/AVG-plasterstein-dehamer-qualitat-bauschutt-heumen_02.jpg\" data-elementor-open-lightbox=\"yes\" data-e-action-hash=\"#elementor-action%3Aaction%3Dlightbox%26settings%3DeyJpZCI6MTkyMzYsInVybCI6Imh0dHBzOlwvXC93d3cuYXZnLmV1XC93cC1jb250ZW50XC91cGxvYWRzXC8yMDI1XC8wN1wvQVZHLXBsYXN0ZXJzdGVpbi1kZWhhbWVyLXF1YWxpdGF0LWJhdXNjaHV0dC1oZXVtZW5fMDIuanBnIn0%3D\">\n\t\t\t\t\t\t\t<img decoding=\"async\" width=\"1024\" height=\"682\" src=\"https:\/\/www.avg.eu\/wp-content\/uploads\/2025\/07\/AVG-plasterstein-dehamer-qualitat-bauschutt-heumen_02-1024x682.jpg\" class=\"attachment-large size-large wp-image-19236\" alt=\"AVG-plasterstein-dehamer-qualitat-bauschutt-heumen\" srcset=\"https:\/\/www.avg.eu\/wp-content\/uploads\/2025\/07\/AVG-plasterstein-dehamer-qualitat-bauschutt-heumen_02-1024x682.jpg 1024w, https:\/\/www.avg.eu\/wp-content\/uploads\/2025\/07\/AVG-plasterstein-dehamer-qualitat-bauschutt-heumen_02-300x200.jpg 300w, https:\/\/www.avg.eu\/wp-content\/uploads\/2025\/07\/AVG-plasterstein-dehamer-qualitat-bauschutt-heumen_02-768x512.jpg 768w, https:\/\/www.avg.eu\/wp-content\/uploads\/2025\/07\/AVG-plasterstein-dehamer-qualitat-bauschutt-heumen_02-1536x1024.jpg 1536w, https:\/\/www.avg.eu\/wp-content\/uploads\/2025\/07\/AVG-plasterstein-dehamer-qualitat-bauschutt-heumen_02.jpg 2000w\" sizes=\"(max-width: 1024px) 100vw, 1024px\" \/>\t\t\t\t\t\t\t\t<\/a>\n\t\t\t\t\t\t\t\t\t\t\t\t\t\t\t<\/div>\n\t\t\t\t<\/div>\n\t\t<div class=\"elementor-element elementor-element-042f36c e-con-full e-flex e-con e-child\" data-id=\"042f36c\" data-element_type=\"container\" data-e-type=\"container\">\n\t\t\t\t<div class=\"elementor-element elementor-element-f900fb8 gallery-img elementor-widget elementor-widget-image\" data-id=\"f900fb8\" data-element_type=\"widget\" data-e-type=\"widget\" data-widget_type=\"image.default\">\n\t\t\t\t\t\t\t\t\t\t\t\t\t\t\t\t<a href=\"https:\/\/www.avg.eu\/wp-content\/uploads\/2025\/07\/AVG-plasterstein-dehamer-qualitat-bauschutt-heumen_01.jpg\" data-elementor-open-lightbox=\"yes\" data-e-action-hash=\"#elementor-action%3Aaction%3Dlightbox%26settings%3DeyJpZCI6MTkyMzgsInVybCI6Imh0dHBzOlwvXC93d3cuYXZnLmV1XC93cC1jb250ZW50XC91cGxvYWRzXC8yMDI1XC8wN1wvQVZHLXBsYXN0ZXJzdGVpbi1kZWhhbWVyLXF1YWxpdGF0LWJhdXNjaHV0dC1oZXVtZW5fMDEuanBnIn0%3D\">\n\t\t\t\t\t\t\t<img loading=\"lazy\" decoding=\"async\" width=\"1024\" height=\"682\" src=\"https:\/\/www.avg.eu\/wp-content\/uploads\/2025\/07\/AVG-plasterstein-dehamer-qualitat-bauschutt-heumen_01-1024x682.jpg\" class=\"attachment-large size-large wp-image-19238\" alt=\"\" srcset=\"https:\/\/www.avg.eu\/wp-content\/uploads\/2025\/07\/AVG-plasterstein-dehamer-qualitat-bauschutt-heumen_01-1024x682.jpg 1024w, https:\/\/www.avg.eu\/wp-content\/uploads\/2025\/07\/AVG-plasterstein-dehamer-qualitat-bauschutt-heumen_01-300x200.jpg 300w, https:\/\/www.avg.eu\/wp-content\/uploads\/2025\/07\/AVG-plasterstein-dehamer-qualitat-bauschutt-heumen_01-768x512.jpg 768w, https:\/\/www.avg.eu\/wp-content\/uploads\/2025\/07\/AVG-plasterstein-dehamer-qualitat-bauschutt-heumen_01-1536x1024.jpg 1536w, https:\/\/www.avg.eu\/wp-content\/uploads\/2025\/07\/AVG-plasterstein-dehamer-qualitat-bauschutt-heumen_01.jpg 2000w\" sizes=\"(max-width: 1024px) 100vw, 1024px\" \/>\t\t\t\t\t\t\t\t<\/a>\n\t\t\t\t\t\t\t\t\t\t\t\t\t\t\t<\/div>\n\t\t\t\t<\/div>\n\t\t\t\t<\/div>\n\t\t\t\t\t<\/div>\n\t\t\t\t<\/div>\n\t\t<div class=\"elementor-element elementor-element-866026b default-padding-left-right e-flex e-con-boxed elementor-invisible e-con e-parent\" data-id=\"866026b\" data-element_type=\"container\" data-e-type=\"container\" data-settings=\"{&quot;animation&quot;:&quot;fadeInUp&quot;}\">\n\t\t\t\t\t<div class=\"e-con-inner\">\n\t\t<div class=\"elementor-element elementor-element-0564ade e-con-full e-flex e-con e-child\" data-id=\"0564ade\" data-element_type=\"container\" data-e-type=\"container\">\n\t\t<div class=\"elementor-element elementor-element-bc4054d e-con-full e-flex e-con e-child\" data-id=\"bc4054d\" data-element_type=\"container\" data-e-type=\"container\">\n\t\t\t\t<\/div>\n\t\t<div class=\"elementor-element elementor-element-f669ee1 e-con-full e-flex e-con e-child\" data-id=\"f669ee1\" data-element_type=\"container\" data-e-type=\"container\">\n\t\t\t\t<div class=\"elementor-element elementor-element-009243d gallery-img elementor-widget elementor-widget-image\" data-id=\"009243d\" data-element_type=\"widget\" data-e-type=\"widget\" data-widget_type=\"image.default\">\n\t\t\t\t\t\t\t\t\t\t\t\t\t\t\t\t<a href=\"https:\/\/www.avg.eu\/wp-content\/uploads\/2025\/07\/AVG-plasterstein-dehamer-qualitat-bauschutt-heumen_02.jpg\" data-elementor-open-lightbox=\"yes\" data-e-action-hash=\"#elementor-action%3Aaction%3Dlightbox%26settings%3DeyJpZCI6MTkyMzYsInVybCI6Imh0dHBzOlwvXC93d3cuYXZnLmV1XC93cC1jb250ZW50XC91cGxvYWRzXC8yMDI1XC8wN1wvQVZHLXBsYXN0ZXJzdGVpbi1kZWhhbWVyLXF1YWxpdGF0LWJhdXNjaHV0dC1oZXVtZW5fMDIuanBnIn0%3D\">\n\t\t\t\t\t\t\t<img decoding=\"async\" width=\"1024\" height=\"682\" src=\"https:\/\/www.avg.eu\/wp-content\/uploads\/2025\/07\/AVG-plasterstein-dehamer-qualitat-bauschutt-heumen_02-1024x682.jpg\" class=\"attachment-large size-large wp-image-19236\" alt=\"AVG-plasterstein-dehamer-qualitat-bauschutt-heumen\" srcset=\"https:\/\/www.avg.eu\/wp-content\/uploads\/2025\/07\/AVG-plasterstein-dehamer-qualitat-bauschutt-heumen_02-1024x682.jpg 1024w, https:\/\/www.avg.eu\/wp-content\/uploads\/2025\/07\/AVG-plasterstein-dehamer-qualitat-bauschutt-heumen_02-300x200.jpg 300w, https:\/\/www.avg.eu\/wp-content\/uploads\/2025\/07\/AVG-plasterstein-dehamer-qualitat-bauschutt-heumen_02-768x512.jpg 768w, https:\/\/www.avg.eu\/wp-content\/uploads\/2025\/07\/AVG-plasterstein-dehamer-qualitat-bauschutt-heumen_02-1536x1024.jpg 1536w, https:\/\/www.avg.eu\/wp-content\/uploads\/2025\/07\/AVG-plasterstein-dehamer-qualitat-bauschutt-heumen_02.jpg 2000w\" sizes=\"(max-width: 1024px) 100vw, 1024px\" \/>\t\t\t\t\t\t\t\t<\/a>\n\t\t\t\t\t\t\t\t\t\t\t\t\t\t\t<\/div>\n\t\t\t\t<\/div>\n\t\t\t\t<\/div>\n\t\t\t\t\t<\/div>\n\t\t\t\t<\/div>\n\t\t<div class=\"elementor-element elementor-element-b8f2261 padding-bottom-6 e-flex e-con-boxed e-con e-parent\" data-id=\"b8f2261\" data-element_type=\"container\" data-e-type=\"container\">\n\t\t\t\t\t<div class=\"e-con-inner\">\n\t\t\t\t\t<\/div>\n\t\t\t\t<\/div>\n\t\t\t\t<\/div>\n\t\t","protected":false},"featured_media":19233,"template":"elementor_header_footer","meta":{"_acf_changed":false,"inline_featured_image":false,"site-sidebar-layout":"no-sidebar","site-content-layout":"page-builder","ast-site-content-layout":"full-width-container","site-content-style":"unboxed","site-sidebar-style":"unboxed","ast-global-header-display":"","ast-banner-title-visibility":"","ast-main-header-display":"","ast-hfb-above-header-display":"","ast-hfb-below-header-display":"","ast-hfb-mobile-header-display":"","site-post-title":"","ast-breadcrumbs-content":"","ast-featured-img":"disabled","footer-sml-layout":"","ast-disable-related-posts":"","theme-transparent-header-meta":"default","adv-header-id-meta":"","stick-header-meta":"","header-above-stick-meta":"","header-main-stick-meta":"","header-below-stick-meta":"","astra-migrate-meta-layouts":"set","ast-page-background-enabled":"default","ast-page-background-meta":{"desktop":{"background-color":"var(--ast-global-color-4)","background-image":"","background-repeat":"repeat","background-position":"center center","background-size":"auto","background-attachment":"scroll","background-type":"","background-media":"","overlay-type":"","overlay-color":"","overlay-opacity":"","overlay-gradient":""},"tablet":{"background-color":"","background-image":"","background-repeat":"repeat","background-position":"center center","background-size":"auto","background-attachment":"scroll","background-type":"","background-media":"","overlay-type":"","overlay-color":"","overlay-opacity":"","overlay-gradient":""},"mobile":{"background-color":"","background-image":"","background-repeat":"repeat","background-position":"center center","background-size":"auto","background-attachment":"scroll","background-type":"","background-media":"","overlay-type":"","overlay-color":"","overlay-opacity":"","overlay-gradient":""}},"ast-content-background-meta":{"desktop":{"background-color":"var(--ast-global-color-5)","background-image":"","background-repeat":"repeat","background-position":"center center","background-size":"auto","background-attachment":"scroll","background-type":"","background-media":"","overlay-type":"","overlay-color":"","overlay-opacity":"","overlay-gradient":""},"tablet":{"background-color":"var(--ast-global-color-5)","background-image":"","background-repeat":"repeat","background-position":"center center","background-size":"auto","background-attachment":"scroll","background-type":"","background-media":"","overlay-type":"","overlay-color":"","overlay-opacity":"","overlay-gradient":""},"mobile":{"background-color":"var(--ast-global-color-5)","background-image":"","background-repeat":"repeat","background-position":"center center","background-size":"auto","background-attachment":"scroll","background-type":"","background-media":"","overlay-type":"","overlay-color":"","overlay-opacity":"","overlay-gradient":""}}},"categories":[54],"class_list":["post-19202","projecten","type-projecten","status-publish","has-post-thumbnail","hentry","category-recycling-projekte"],"acf":[],"yoast_head":"<!-- This site is optimized with the Yoast SEO plugin v27.3 - https:\/\/yoast.com\/product\/yoast-seo-wordpress\/ -->\n<title>De Hamer und AVG: Gemeinsam stark im Stein<\/title>\n<meta name=\"description\" content=\"Wenn man \u00fcber eine sauber verlegte Reihe aus Betonpflastersteinen l\u00e4uft oder f\u00e4hrt, denkt man wahrscheinlich nicht dar\u00fcber nach, was...\" \/>\n<meta name=\"robots\" content=\"index, follow, max-snippet:-1, max-image-preview:large, max-video-preview:-1\" \/>\n<link rel=\"canonical\" href=\"https:\/\/www.avg.eu\/de\/projecten\/de-hamer-und-avg-gemeinsam-stark-im-stein\/\" \/>\n<meta property=\"og:locale\" content=\"de_DE\" \/>\n<meta property=\"og:type\" content=\"article\" \/>\n<meta property=\"og:title\" content=\"De Hamer und AVG: Gemeinsam stark im Stein\" \/>\n<meta property=\"og:description\" content=\"Wenn man \u00fcber eine sauber verlegte Reihe aus Betonpflastersteinen l\u00e4uft oder f\u00e4hrt, denkt man wahrscheinlich nicht dar\u00fcber nach, was...\" \/>\n<meta property=\"og:url\" content=\"https:\/\/www.avg.eu\/de\/projecten\/de-hamer-und-avg-gemeinsam-stark-im-stein\/\" \/>\n<meta property=\"og:site_name\" content=\"AVG\" \/>\n<meta property=\"article:publisher\" content=\"https:\/\/www.facebook.com\/AVG.Heijen\/\" \/>\n<meta property=\"article:modified_time\" content=\"2026-03-31T12:13:54+00:00\" \/>\n<meta property=\"og:image\" content=\"https:\/\/www.avg.eu\/wp-content\/uploads\/2025\/07\/AVG-plasterstein-dehamer-qualitat-bauschutt-heumen_03.jpg\" \/>\n\t<meta property=\"og:image:width\" content=\"2000\" \/>\n\t<meta property=\"og:image:height\" content=\"1333\" \/>\n\t<meta property=\"og:image:type\" content=\"image\/jpeg\" \/>\n<meta name=\"twitter:card\" content=\"summary_large_image\" \/>\n<meta name=\"twitter:label1\" content=\"Gesch\u00e4tzte Lesezeit\" \/>\n\t<meta name=\"twitter:data1\" content=\"4\u00a0Minuten\" \/>\n<script type=\"application\/ld+json\" class=\"yoast-schema-graph\">{\"@context\":\"https:\\\/\\\/schema.org\",\"@graph\":[{\"@type\":\"WebPage\",\"@id\":\"https:\\\/\\\/www.avg.eu\\\/de\\\/projecten\\\/de-hamer-und-avg-gemeinsam-stark-im-stein\\\/\",\"url\":\"https:\\\/\\\/www.avg.eu\\\/de\\\/projecten\\\/de-hamer-und-avg-gemeinsam-stark-im-stein\\\/\",\"name\":\"De Hamer und AVG: Gemeinsam stark im Stein\",\"isPartOf\":{\"@id\":\"https:\\\/\\\/www.avg.eu\\\/de\\\/#website\"},\"primaryImageOfPage\":{\"@id\":\"https:\\\/\\\/www.avg.eu\\\/de\\\/projecten\\\/de-hamer-und-avg-gemeinsam-stark-im-stein\\\/#primaryimage\"},\"image\":{\"@id\":\"https:\\\/\\\/www.avg.eu\\\/de\\\/projecten\\\/de-hamer-und-avg-gemeinsam-stark-im-stein\\\/#primaryimage\"},\"thumbnailUrl\":\"https:\\\/\\\/www.avg.eu\\\/wp-content\\\/uploads\\\/2025\\\/07\\\/AVG-plasterstein-dehamer-qualitat-bauschutt-heumen_03.jpg\",\"datePublished\":\"2025-07-17T12:33:01+00:00\",\"dateModified\":\"2026-03-31T12:13:54+00:00\",\"description\":\"Wenn man \u00fcber eine sauber verlegte Reihe aus Betonpflastersteinen l\u00e4uft oder f\u00e4hrt, denkt man wahrscheinlich nicht dar\u00fcber nach, was...\",\"breadcrumb\":{\"@id\":\"https:\\\/\\\/www.avg.eu\\\/de\\\/projecten\\\/de-hamer-und-avg-gemeinsam-stark-im-stein\\\/#breadcrumb\"},\"inLanguage\":\"de\",\"potentialAction\":[{\"@type\":\"ReadAction\",\"target\":[\"https:\\\/\\\/www.avg.eu\\\/de\\\/projecten\\\/de-hamer-und-avg-gemeinsam-stark-im-stein\\\/\"]}]},{\"@type\":\"ImageObject\",\"inLanguage\":\"de\",\"@id\":\"https:\\\/\\\/www.avg.eu\\\/de\\\/projecten\\\/de-hamer-und-avg-gemeinsam-stark-im-stein\\\/#primaryimage\",\"url\":\"https:\\\/\\\/www.avg.eu\\\/wp-content\\\/uploads\\\/2025\\\/07\\\/AVG-plasterstein-dehamer-qualitat-bauschutt-heumen_03.jpg\",\"contentUrl\":\"https:\\\/\\\/www.avg.eu\\\/wp-content\\\/uploads\\\/2025\\\/07\\\/AVG-plasterstein-dehamer-qualitat-bauschutt-heumen_03.jpg\",\"width\":2000,\"height\":1333,\"caption\":\"AVG-plasterstein-dehamer-qualitat-bauschutt-heumen\"},{\"@type\":\"BreadcrumbList\",\"@id\":\"https:\\\/\\\/www.avg.eu\\\/de\\\/projecten\\\/de-hamer-und-avg-gemeinsam-stark-im-stein\\\/#breadcrumb\",\"itemListElement\":[{\"@type\":\"ListItem\",\"position\":1,\"name\":\"Home\",\"item\":\"https:\\\/\\\/www.avg.eu\\\/\"},{\"@type\":\"ListItem\",\"position\":2,\"name\":\"De Hamer und AVG: Gemeinsam stark im Stein\"}]},{\"@type\":\"WebSite\",\"@id\":\"https:\\\/\\\/www.avg.eu\\\/de\\\/#website\",\"url\":\"https:\\\/\\\/www.avg.eu\\\/de\\\/\",\"name\":\"AVG\",\"description\":\"\",\"publisher\":{\"@id\":\"https:\\\/\\\/www.avg.eu\\\/de\\\/#organization\"},\"potentialAction\":[{\"@type\":\"SearchAction\",\"target\":{\"@type\":\"EntryPoint\",\"urlTemplate\":\"https:\\\/\\\/www.avg.eu\\\/de\\\/?s={search_term_string}\"},\"query-input\":{\"@type\":\"PropertyValueSpecification\",\"valueRequired\":true,\"valueName\":\"search_term_string\"}}],\"inLanguage\":\"de\"},{\"@type\":\"Organization\",\"@id\":\"https:\\\/\\\/www.avg.eu\\\/de\\\/#organization\",\"name\":\"AVG\",\"url\":\"https:\\\/\\\/www.avg.eu\\\/de\\\/\",\"logo\":{\"@type\":\"ImageObject\",\"inLanguage\":\"de\",\"@id\":\"https:\\\/\\\/www.avg.eu\\\/de\\\/#\\\/schema\\\/logo\\\/image\\\/\",\"url\":\"https:\\\/\\\/www.avg.eu\\\/wp-content\\\/uploads\\\/2024\\\/06\\\/logo-avg-1.png\",\"contentUrl\":\"https:\\\/\\\/www.avg.eu\\\/wp-content\\\/uploads\\\/2024\\\/06\\\/logo-avg-1.png\",\"width\":375,\"height\":219,\"caption\":\"AVG\"},\"image\":{\"@id\":\"https:\\\/\\\/www.avg.eu\\\/de\\\/#\\\/schema\\\/logo\\\/image\\\/\"},\"sameAs\":[\"https:\\\/\\\/www.facebook.com\\\/AVG.Heijen\\\/\",\"https:\\\/\\\/www.instagram.com\\\/avgheijen\\\/\",\"https:\\\/\\\/www.linkedin.com\\\/company\\\/avg-bv\\\/\",\"https:\\\/\\\/www.tiktok.com\\\/@avgheijen\"]}]}<\/script>\n<!-- \/ Yoast SEO plugin. -->","yoast_head_json":{"title":"De Hamer und AVG: Gemeinsam stark im Stein","description":"Wenn man \u00fcber eine sauber verlegte Reihe aus Betonpflastersteinen l\u00e4uft oder f\u00e4hrt, denkt man wahrscheinlich nicht dar\u00fcber nach, was...","robots":{"index":"index","follow":"follow","max-snippet":"max-snippet:-1","max-image-preview":"max-image-preview:large","max-video-preview":"max-video-preview:-1"},"canonical":"https:\/\/www.avg.eu\/de\/projecten\/de-hamer-und-avg-gemeinsam-stark-im-stein\/","og_locale":"de_DE","og_type":"article","og_title":"De Hamer und AVG: Gemeinsam stark im Stein","og_description":"Wenn man \u00fcber eine sauber verlegte Reihe aus Betonpflastersteinen l\u00e4uft oder f\u00e4hrt, denkt man wahrscheinlich nicht dar\u00fcber nach, was...","og_url":"https:\/\/www.avg.eu\/de\/projecten\/de-hamer-und-avg-gemeinsam-stark-im-stein\/","og_site_name":"AVG","article_publisher":"https:\/\/www.facebook.com\/AVG.Heijen\/","article_modified_time":"2026-03-31T12:13:54+00:00","og_image":[{"width":2000,"height":1333,"url":"https:\/\/www.avg.eu\/wp-content\/uploads\/2025\/07\/AVG-plasterstein-dehamer-qualitat-bauschutt-heumen_03.jpg","type":"image\/jpeg"}],"twitter_card":"summary_large_image","twitter_misc":{"Gesch\u00e4tzte Lesezeit":"4\u00a0Minuten"},"schema":{"@context":"https:\/\/schema.org","@graph":[{"@type":"WebPage","@id":"https:\/\/www.avg.eu\/de\/projecten\/de-hamer-und-avg-gemeinsam-stark-im-stein\/","url":"https:\/\/www.avg.eu\/de\/projecten\/de-hamer-und-avg-gemeinsam-stark-im-stein\/","name":"De Hamer und AVG: Gemeinsam stark im Stein","isPartOf":{"@id":"https:\/\/www.avg.eu\/de\/#website"},"primaryImageOfPage":{"@id":"https:\/\/www.avg.eu\/de\/projecten\/de-hamer-und-avg-gemeinsam-stark-im-stein\/#primaryimage"},"image":{"@id":"https:\/\/www.avg.eu\/de\/projecten\/de-hamer-und-avg-gemeinsam-stark-im-stein\/#primaryimage"},"thumbnailUrl":"https:\/\/www.avg.eu\/wp-content\/uploads\/2025\/07\/AVG-plasterstein-dehamer-qualitat-bauschutt-heumen_03.jpg","datePublished":"2025-07-17T12:33:01+00:00","dateModified":"2026-03-31T12:13:54+00:00","description":"Wenn man \u00fcber eine sauber verlegte Reihe aus Betonpflastersteinen l\u00e4uft oder f\u00e4hrt, denkt man wahrscheinlich nicht dar\u00fcber nach, was...","breadcrumb":{"@id":"https:\/\/www.avg.eu\/de\/projecten\/de-hamer-und-avg-gemeinsam-stark-im-stein\/#breadcrumb"},"inLanguage":"de","potentialAction":[{"@type":"ReadAction","target":["https:\/\/www.avg.eu\/de\/projecten\/de-hamer-und-avg-gemeinsam-stark-im-stein\/"]}]},{"@type":"ImageObject","inLanguage":"de","@id":"https:\/\/www.avg.eu\/de\/projecten\/de-hamer-und-avg-gemeinsam-stark-im-stein\/#primaryimage","url":"https:\/\/www.avg.eu\/wp-content\/uploads\/2025\/07\/AVG-plasterstein-dehamer-qualitat-bauschutt-heumen_03.jpg","contentUrl":"https:\/\/www.avg.eu\/wp-content\/uploads\/2025\/07\/AVG-plasterstein-dehamer-qualitat-bauschutt-heumen_03.jpg","width":2000,"height":1333,"caption":"AVG-plasterstein-dehamer-qualitat-bauschutt-heumen"},{"@type":"BreadcrumbList","@id":"https:\/\/www.avg.eu\/de\/projecten\/de-hamer-und-avg-gemeinsam-stark-im-stein\/#breadcrumb","itemListElement":[{"@type":"ListItem","position":1,"name":"Home","item":"https:\/\/www.avg.eu\/"},{"@type":"ListItem","position":2,"name":"De Hamer und AVG: Gemeinsam stark im Stein"}]},{"@type":"WebSite","@id":"https:\/\/www.avg.eu\/de\/#website","url":"https:\/\/www.avg.eu\/de\/","name":"AVG","description":"","publisher":{"@id":"https:\/\/www.avg.eu\/de\/#organization"},"potentialAction":[{"@type":"SearchAction","target":{"@type":"EntryPoint","urlTemplate":"https:\/\/www.avg.eu\/de\/?s={search_term_string}"},"query-input":{"@type":"PropertyValueSpecification","valueRequired":true,"valueName":"search_term_string"}}],"inLanguage":"de"},{"@type":"Organization","@id":"https:\/\/www.avg.eu\/de\/#organization","name":"AVG","url":"https:\/\/www.avg.eu\/de\/","logo":{"@type":"ImageObject","inLanguage":"de","@id":"https:\/\/www.avg.eu\/de\/#\/schema\/logo\/image\/","url":"https:\/\/www.avg.eu\/wp-content\/uploads\/2024\/06\/logo-avg-1.png","contentUrl":"https:\/\/www.avg.eu\/wp-content\/uploads\/2024\/06\/logo-avg-1.png","width":375,"height":219,"caption":"AVG"},"image":{"@id":"https:\/\/www.avg.eu\/de\/#\/schema\/logo\/image\/"},"sameAs":["https:\/\/www.facebook.com\/AVG.Heijen\/","https:\/\/www.instagram.com\/avgheijen\/","https:\/\/www.linkedin.com\/company\/avg-bv\/","https:\/\/www.tiktok.com\/@avgheijen"]}]}},"_links":{"self":[{"href":"https:\/\/www.avg.eu\/de\/wp-json\/wp\/v2\/projecten\/19202","targetHints":{"allow":["GET"]}}],"collection":[{"href":"https:\/\/www.avg.eu\/de\/wp-json\/wp\/v2\/projecten"}],"about":[{"href":"https:\/\/www.avg.eu\/de\/wp-json\/wp\/v2\/types\/projecten"}],"version-history":[{"count":5,"href":"https:\/\/www.avg.eu\/de\/wp-json\/wp\/v2\/projecten\/19202\/revisions"}],"predecessor-version":[{"id":26135,"href":"https:\/\/www.avg.eu\/de\/wp-json\/wp\/v2\/projecten\/19202\/revisions\/26135"}],"wp:featuredmedia":[{"embeddable":true,"href":"https:\/\/www.avg.eu\/de\/wp-json\/wp\/v2\/media\/19233"}],"wp:attachment":[{"href":"https:\/\/www.avg.eu\/de\/wp-json\/wp\/v2\/media?parent=19202"}],"wp:term":[{"taxonomy":"category","embeddable":true,"href":"https:\/\/www.avg.eu\/de\/wp-json\/wp\/v2\/categories?post=19202"}],"curies":[{"name":"wp","href":"https:\/\/api.w.org\/{rel}","templated":true}]}}