{"id":19769,"date":"2025-07-30T12:07:10","date_gmt":"2025-07-30T12:07:10","guid":{"rendered":"https:\/\/www.avg.eu\/?post_type=product&#038;p=19769"},"modified":"2025-11-03T14:40:59","modified_gmt":"2025-11-03T14:40:59","slug":"kalk","status":"publish","type":"product","link":"https:\/\/www.avg.eu\/de\/kalk\/","title":{"rendered":"Kalk"},"content":{"rendered":"\t\t<div data-elementor-type=\"wp-post\" data-elementor-id=\"19769\" class=\"elementor elementor-19769\" data-elementor-post-type=\"product\">\n\t\t\t\t<div class=\"elementor-element elementor-element-29ca1e6 e-con-full e-flex e-con e-parent\" data-id=\"29ca1e6\" data-element_type=\"container\" data-e-type=\"container\" data-settings=\"{&quot;background_background&quot;:&quot;classic&quot;}\">\n\t\t<div class=\"elementor-element elementor-element-1cbfd0f default-padding-left-right e-flex e-con-boxed e-con e-child\" data-id=\"1cbfd0f\" data-element_type=\"container\" data-e-type=\"container\">\n\t\t\t\t\t<div class=\"e-con-inner\">\n\t\t<div class=\"elementor-element elementor-element-556bc3d e-con-full e-flex e-con e-child\" data-id=\"556bc3d\" data-element_type=\"container\" data-e-type=\"container\">\n\t\t\t\t<div class=\"elementor-element elementor-element-c75d871 font-size-4 elementor-widget elementor-widget-heading\" data-id=\"c75d871\" data-element_type=\"widget\" data-e-type=\"widget\" data-widget_type=\"heading.default\">\n\t\t\t\t\t<h1 class=\"elementor-heading-title elementor-size-default\">Kalk<\/h1>\t\t\t\t<\/div>\n\t\t\t\t<div class=\"elementor-element elementor-element-8d41003 white-text font-size-2 p-remove-bottom-margin elementor-widget elementor-widget-text-editor\" data-id=\"8d41003\" data-element_type=\"widget\" data-e-type=\"widget\" data-widget_type=\"text-editor.default\">\n\t\t\t\t\t\t\t\t\t<p>Sie suchen den passenden Kalk f\u00fcr Ihr Bau- oder Industrieprojekt? Als erfahrener Kalklieferant bieten wir Ihnen hochwertige Produkte, pers\u00f6nliche Beratung und eine zuverl\u00e4ssige <a href=\"https:\/\/www.avg.eu\/de\/logistik\/\" target=\"_blank\" rel=\"noopener\">Lieferung<\/a>.<\/p>\t\t\t\t\t\t\t\t<\/div>\n\t\t\t\t<\/div>\n\t\t<div class=\"elementor-element elementor-element-5c1d102 e-con-full e-flex e-con e-child\" data-id=\"5c1d102\" data-element_type=\"container\" data-e-type=\"container\">\n\t\t<div class=\"elementor-element elementor-element-dcb6b4e e-con-full e-flex e-con e-child\" data-id=\"dcb6b4e\" data-element_type=\"container\" data-e-type=\"container\">\n\t\t<div class=\"elementor-element elementor-element-67cfaf8 e-con-full top-contact-block e-flex e-con e-child\" data-id=\"67cfaf8\" data-element_type=\"container\" data-e-type=\"container\" data-settings=\"{&quot;background_background&quot;:&quot;classic&quot;}\">\n\t\t\t\t<div class=\"elementor-element elementor-element-bf26fba font-size-3 elementor-widget elementor-widget-heading\" data-id=\"bf26fba\" data-element_type=\"widget\" data-e-type=\"widget\" data-widget_type=\"heading.default\">\n\t\t\t\t\t<h3 class=\"elementor-heading-title elementor-size-default\">Haben Sie Fragen?<\/h3>\t\t\t\t<\/div>\n\t\t<div class=\"elementor-element elementor-element-841f08b e-flex e-con-boxed e-con e-child\" data-id=\"841f08b\" data-element_type=\"container\" data-e-type=\"container\">\n\t\t\t\t\t<div class=\"e-con-inner\">\n\t\t\t\t<div class=\"elementor-element elementor-element-ebdddfa elementor-widget elementor-widget-image\" data-id=\"ebdddfa\" data-element_type=\"widget\" data-e-type=\"widget\" data-widget_type=\"image.default\">\n\t\t\t\t\t\t\t\t\t\t\t\t\t\t\t<img decoding=\"async\" width=\"85\" height=\"64\" src=\"https:\/\/www.avg.eu\/wp-content\/uploads\/2025\/08\/Sebastian_V2-contactblok.png\" class=\"attachment-large size-large wp-image-21031\" alt=\"Sebastian_V2-contactblok\" \/>\t\t\t\t\t\t\t\t\t\t\t\t\t\t\t<\/div>\n\t\t\t\t<div class=\"elementor-element elementor-element-64ebaa1 white-text p-remove-bottom-margin elementor-widget elementor-widget-text-editor\" data-id=\"64ebaa1\" data-element_type=\"widget\" data-e-type=\"widget\" data-widget_type=\"text-editor.default\">\n\t\t\t\t\t\t\t\t\t<p>Sebastian Hamers<br \/><a href=\"tel:+49(0)17617747559\">+49(0)17617747559<\/a><br \/><a href=\"mailto:s.hamers@avg.eu\">s.hamers@avg.eu<\/a><\/p>\t\t\t\t\t\t\t\t<\/div>\n\t\t\t\t\t<\/div>\n\t\t\t\t<\/div>\n\t\t<div class=\"elementor-element elementor-element-e88e2cc e-flex e-con-boxed e-con e-child\" data-id=\"e88e2cc\" data-element_type=\"container\" data-e-type=\"container\">\n\t\t\t\t\t<div class=\"e-con-inner\">\n\t\t\t\t<div class=\"elementor-element elementor-element-f6e194c elementor-widget elementor-widget-image\" data-id=\"f6e194c\" data-element_type=\"widget\" data-e-type=\"widget\" data-widget_type=\"image.default\">\n\t\t\t\t\t\t\t\t\t\t\t\t\t\t\t<img decoding=\"async\" width=\"85\" height=\"64\" src=\"https:\/\/www.avg.eu\/wp-content\/uploads\/2025\/08\/IMG_6923-TemplateContactblok.png\" class=\"attachment-large size-large wp-image-20894\" alt=\"Torsten-contact\" \/>\t\t\t\t\t\t\t\t\t\t\t\t\t\t\t<\/div>\n\t\t\t\t<div class=\"elementor-element elementor-element-01cbf63 white-text p-remove-bottom-margin elementor-widget elementor-widget-text-editor\" data-id=\"01cbf63\" data-element_type=\"widget\" data-e-type=\"widget\" data-widget_type=\"text-editor.default\">\n\t\t\t\t\t\t\t\t\t<p>Torsten Soick<br \/><a href=\"tel:+49(0)17617747544\">+49(0)17617747544<\/a><br \/><a href=\"mailto:t.soick@avg.eu\">t.soick@avg.eu<\/a><\/p>\t\t\t\t\t\t\t\t<\/div>\n\t\t\t\t\t<\/div>\n\t\t\t\t<\/div>\n\t\t\t\t<\/div>\n\t\t\t\t<\/div>\n\t\t\t\t<\/div>\n\t\t\t\t\t<\/div>\n\t\t\t\t<\/div>\n\t\t\t\t<\/div>\n\t\t<div class=\"elementor-element elementor-element-1662482 e-con-full e-flex e-con e-parent\" data-id=\"1662482\" data-element_type=\"container\" data-e-type=\"container\" data-settings=\"{&quot;background_background&quot;:&quot;classic&quot;}\">\n\t\t\t\t<\/div>\n\t\t<div class=\"elementor-element elementor-element-162cd8f default-padding-left-right e-flex e-con-boxed e-con e-parent\" data-id=\"162cd8f\" data-element_type=\"container\" data-e-type=\"container\">\n\t\t\t\t\t<div class=\"e-con-inner\">\n\t\t\t\t<div class=\"elementor-element elementor-element-7c2bcb6 margin-top-2 elementor-widget elementor-widget-text-editor\" data-id=\"7c2bcb6\" data-element_type=\"widget\" data-e-type=\"widget\" data-widget_type=\"text-editor.default\">\n\t\t\t\t\t\t\t\t\t<div><div class='breadcrumb'><a href='https:\/\/www.avg.eu\/de\/'>Home<\/a> > <a href='https:\/\/www.avg.eu\/de\/baustoffe'>Baustoffe<\/a> > Kalk<\/div><\/div>\t\t\t\t\t\t\t\t<\/div>\n\t\t\t\t\t<\/div>\n\t\t\t\t<\/div>\n\t\t<div class=\"elementor-element elementor-element-99eeb5c default-padding-left-right margin-top-6 padding-bottom-6 e-flex e-con-boxed elementor-invisible e-con e-parent\" data-id=\"99eeb5c\" data-element_type=\"container\" data-e-type=\"container\" data-settings=\"{&quot;animation&quot;:&quot;fadeInUp&quot;,&quot;background_background&quot;:&quot;classic&quot;}\">\n\t\t\t\t\t<div class=\"e-con-inner\">\n\t\t<div class=\"elementor-element elementor-element-96741fa e-con-full e-flex e-con e-child\" data-id=\"96741fa\" data-element_type=\"container\" data-e-type=\"container\">\n\t\t<div class=\"elementor-element elementor-element-d8bf5fa e-flex e-con-boxed e-con e-child\" data-id=\"d8bf5fa\" data-element_type=\"container\" data-e-type=\"container\">\n\t\t\t\t\t<div class=\"e-con-inner\">\n\t\t\t\t<div class=\"elementor-element elementor-element-ecb0234 elementor-widget elementor-widget-image\" data-id=\"ecb0234\" data-element_type=\"widget\" data-e-type=\"widget\" data-widget_type=\"image.default\">\n\t\t\t\t\t\t\t\t\t\t\t\t\t\t\t<img fetchpriority=\"high\" decoding=\"async\" width=\"1024\" height=\"1024\" src=\"https:\/\/www.avg.eu\/wp-content\/uploads\/2023\/05\/baustoffe-orange.svg\" class=\"attachment-large size-large wp-image-5690\" alt=\"\" \/>\t\t\t\t\t\t\t\t\t\t\t\t\t\t\t<\/div>\n\t\t\t\t<div class=\"elementor-element elementor-element-b028210 font-size-4 elementor-widget-mobile__width-initial elementor-widget elementor-widget-heading\" data-id=\"b028210\" data-element_type=\"widget\" data-e-type=\"widget\" data-widget_type=\"heading.default\">\n\t\t\t\t\t<h2 class=\"elementor-heading-title elementor-size-default\">Kalk f\u00fcr Ihr\nBauprojekte<\/h2>\t\t\t\t<\/div>\n\t\t\t\t\t<\/div>\n\t\t\t\t<\/div>\n\t\t\t\t<div class=\"elementor-element elementor-element-2a3520e p-remove-bottom-margin margin-bottom-3 margin-top-2 elementor-widget elementor-widget-text-editor\" data-id=\"2a3520e\" data-element_type=\"widget\" data-e-type=\"widget\" data-widget_type=\"text-editor.default\">\n\t\t\t\t\t\t\t\t\t<p>Kalk ist ein vielseitiger <a href=\"https:\/\/www.avg.eu\/de\/baustoffe\" target=\"_blank\" rel=\"noopener\">Baustoff<\/a> mit jahrhundertealter Tradition. Er wird in der M\u00f6rtel- und Putzherstellung eingesetzt. Ebenso wie in der Kalksandsteinproduktion oder bei der Asphaltmodifikation. Auch in der Industrie findet Kalk in zahlreichen Prozessen Verwendung.<\/p><p>Dar\u00fcber hinaus tr\u00e4gt er zur Verbesserung der Festigkeit, Stabilit\u00e4t und Nachhaltigkeit von B\u00f6den im Erd-, Stra\u00dfen- und Wegebau bei. Auch die Reduzierung der Eluierbarkeit umweltrelevanter Stoffe in B\u00f6den l\u00e4sst sich mit Kalk erreichen.<\/p><p>Wir liefern Ihnen g\u00fcte\u00fcberwachte Kalkprodukte f\u00fcr verschiedenste Anwendungen \u2013 p\u00fcnktlich, flexibel und genau in der Form, die Sie ben\u00f6tigen.<\/p>\t\t\t\t\t\t\t\t<\/div>\n\t\t\t\t<\/div>\n\t\t<div class=\"elementor-element elementor-element-4c6b9ba e-con-full e-flex e-con e-child\" data-id=\"4c6b9ba\" data-element_type=\"container\" data-e-type=\"container\" data-settings=\"{&quot;background_background&quot;:&quot;classic&quot;}\">\n\t\t<div class=\"elementor-element elementor-element-995f3ff e-flex e-con-boxed e-con e-child\" data-id=\"995f3ff\" data-element_type=\"container\" data-e-type=\"container\" data-settings=\"{&quot;background_background&quot;:&quot;classic&quot;}\">\n\t\t\t\t\t<div class=\"e-con-inner\">\n\t\t\t\t<div class=\"elementor-element elementor-element-e168f26 aspect-ratio-2-img elementor-widget elementor-widget-image\" data-id=\"e168f26\" data-element_type=\"widget\" data-e-type=\"widget\" data-widget_type=\"image.default\">\n\t\t\t\t\t\t\t\t\t\t\t\t\t\t\t<img loading=\"lazy\" decoding=\"async\" width=\"1024\" height=\"772\" src=\"https:\/\/www.avg.eu\/wp-content\/uploads\/2025\/07\/kalk_baustoffe_mineralischer_silofahrzeug_Kalklieferung_Kalksteinmehl_1-1024x772.png\" class=\"attachment-large size-large wp-image-23796\" alt=\"kalk_baustoffe_mineralischer_silofahrzeug_Kalklieferung_Kalksteinmehl\" srcset=\"https:\/\/www.avg.eu\/wp-content\/uploads\/2025\/07\/kalk_baustoffe_mineralischer_silofahrzeug_Kalklieferung_Kalksteinmehl_1-1024x772.png 1024w, https:\/\/www.avg.eu\/wp-content\/uploads\/2025\/07\/kalk_baustoffe_mineralischer_silofahrzeug_Kalklieferung_Kalksteinmehl_1-300x226.png 300w, https:\/\/www.avg.eu\/wp-content\/uploads\/2025\/07\/kalk_baustoffe_mineralischer_silofahrzeug_Kalklieferung_Kalksteinmehl_1-768x579.png 768w, https:\/\/www.avg.eu\/wp-content\/uploads\/2025\/07\/kalk_baustoffe_mineralischer_silofahrzeug_Kalklieferung_Kalksteinmehl_1.png 1308w\" sizes=\"(max-width: 1024px) 100vw, 1024px\" \/>\t\t\t\t\t\t\t\t\t\t\t\t\t\t\t<\/div>\n\t\t\t\t\t<\/div>\n\t\t\t\t<\/div>\n\t\t\t\t<\/div>\n\t\t\t\t\t<\/div>\n\t\t\t\t<\/div>\n\t\t<div class=\"elementor-element elementor-element-5a10fc8 padding-top-4 padding-bottom-4 default-padding-left-right e-flex e-con-boxed elementor-invisible e-con e-parent\" data-id=\"5a10fc8\" data-element_type=\"container\" data-e-type=\"container\" data-settings=\"{&quot;background_background&quot;:&quot;classic&quot;,&quot;animation&quot;:&quot;fadeInUp&quot;}\">\n\t\t\t\t\t<div class=\"e-con-inner\">\n\t\t<div class=\"elementor-element elementor-element-7a44213 e-con-full e-flex e-con e-child\" data-id=\"7a44213\" data-element_type=\"container\" data-e-type=\"container\">\n\t\t\t\t<div class=\"elementor-element elementor-element-ef2950b font-size-4 margin-bottom-1 elementor-widget elementor-widget-heading\" data-id=\"ef2950b\" data-element_type=\"widget\" data-e-type=\"widget\" data-widget_type=\"heading.default\">\n\t\t\t\t\t<h2 class=\"elementor-heading-title elementor-size-default\">Kalkarten \u2013 die passende Wahl treffen\u200b<\/h2>\t\t\t\t<\/div>\n\t\t\t\t<\/div>\n\t\t<div class=\"elementor-element elementor-element-6ecc560 e-con-full padding-bottom-3 e-flex e-con e-child\" data-id=\"6ecc560\" data-element_type=\"container\" data-e-type=\"container\">\n\t\t<div class=\"elementor-element elementor-element-aa0732d e-flex e-con-boxed e-con e-child\" data-id=\"aa0732d\" data-element_type=\"container\" data-e-type=\"container\">\n\t\t\t\t\t<div class=\"e-con-inner\">\n\t\t\t\t<div class=\"elementor-element elementor-element-5599cd2 elementor-widget elementor-widget-image\" data-id=\"5599cd2\" data-element_type=\"widget\" data-e-type=\"widget\" data-widget_type=\"image.default\">\n\t\t\t\t\t\t\t\t\t\t\t\t\t\t\t<img loading=\"lazy\" decoding=\"async\" width=\"1024\" height=\"768\" src=\"https:\/\/www.avg.eu\/wp-content\/uploads\/2025\/07\/kalk_baustoffe_mineralischer_silofahrzeug_Kalklieferung_Kalksteinmehl_03-1024x768.jpg\" class=\"attachment-large size-large wp-image-23786\" alt=\"\" srcset=\"https:\/\/www.avg.eu\/wp-content\/uploads\/2025\/07\/kalk_baustoffe_mineralischer_silofahrzeug_Kalklieferung_Kalksteinmehl_03-1024x768.jpg 1024w, https:\/\/www.avg.eu\/wp-content\/uploads\/2025\/07\/kalk_baustoffe_mineralischer_silofahrzeug_Kalklieferung_Kalksteinmehl_03-300x225.jpg 300w, https:\/\/www.avg.eu\/wp-content\/uploads\/2025\/07\/kalk_baustoffe_mineralischer_silofahrzeug_Kalklieferung_Kalksteinmehl_03-768x576.jpg 768w, https:\/\/www.avg.eu\/wp-content\/uploads\/2025\/07\/kalk_baustoffe_mineralischer_silofahrzeug_Kalklieferung_Kalksteinmehl_03-1536x1153.jpg 1536w, https:\/\/www.avg.eu\/wp-content\/uploads\/2025\/07\/kalk_baustoffe_mineralischer_silofahrzeug_Kalklieferung_Kalksteinmehl_03-2048x1537.jpg 2048w\" sizes=\"(max-width: 1024px) 100vw, 1024px\" \/>\t\t\t\t\t\t\t\t\t\t\t\t\t\t\t<\/div>\n\t\t\t\t\t<\/div>\n\t\t\t\t<\/div>\n\t\t<div class=\"elementor-element elementor-element-83ea3ef e-con-full e-flex e-con e-child\" data-id=\"83ea3ef\" data-element_type=\"container\" data-e-type=\"container\">\n\t\t\t\t<div class=\"elementor-element elementor-element-86051aa white-text elementor-widget elementor-widget-text-editor\" data-id=\"86051aa\" data-element_type=\"widget\" data-e-type=\"widget\" data-widget_type=\"text-editor.default\">\n\t\t\t\t\t\t\t\t\t<p>Ob als Kalksteinmehl, Branntkalk oder Kalkhydrat \u2013 die richtige Kalkart ist entscheidend. Je nach Einsatzgebiet kommen unterschiedliche Produkte zum Tragen.<br \/>Unsere Fachleute beraten Sie gerne bei der Auswahl, damit Sie die optimale L\u00f6sung f\u00fcr Ihr Projekt erhalten.<\/p>\t\t\t\t\t\t\t\t<\/div>\n\t\t\t\t<div class=\"elementor-element elementor-element-f389f82 font-size-3 elementor-widget elementor-widget-heading\" data-id=\"f389f82\" data-element_type=\"widget\" data-e-type=\"widget\" data-widget_type=\"heading.default\">\n\t\t\t\t\t<h3 class=\"elementor-heading-title elementor-size-default\">Beratung durch geschultes Personal<\/h3>\t\t\t\t<\/div>\n\t\t\t\t<div class=\"elementor-element elementor-element-074155f white-text elementor-widget elementor-widget-text-editor\" data-id=\"074155f\" data-element_type=\"widget\" data-e-type=\"widget\" data-widget_type=\"text-editor.default\">\n\t\t\t\t\t\t\t\t\t<p>Unsere Mitarbeitenden verf\u00fcgen \u00fcber langj\u00e4hrige Erfahrung und tiefgehendes Fachwissen im Bereich<a href=\"https:\/\/www.avg.eu\/de\/baustoffe\" target=\"_blank\" rel=\"noopener\"> mineralischer Baustoffe<\/a>. Gemeinsam finden wir die Kalkprodukte, die am besten zu Ihren Anforderungen passen \u2013 vom klassischen Baukalk bis hin zu Spezialprodukten.<\/p>\t\t\t\t\t\t\t\t<\/div>\n\t\t\t\t<div class=\"elementor-element elementor-element-430fb57 elementor-widget elementor-widget-button\" data-id=\"430fb57\" data-element_type=\"widget\" data-e-type=\"widget\" data-widget_type=\"button.default\">\n\t\t\t\t\t\t\t\t\t\t<a class=\"elementor-button elementor-button-link elementor-size-sm\" href=\"#Kalkarten\">\n\t\t\t\t\t\t<span class=\"elementor-button-content-wrapper\">\n\t\t\t\t\t\t\t\t\t<span class=\"elementor-button-text\">Arten von Kalk im \u00dcberblick<\/span>\n\t\t\t\t\t<\/span>\n\t\t\t\t\t<\/a>\n\t\t\t\t\t\t\t\t<\/div>\n\t\t\t\t<\/div>\n\t\t\t\t<\/div>\n\t\t<div class=\"elementor-element elementor-element-636fc09 e-con-full padding-top-3 e-flex e-con e-child\" data-id=\"636fc09\" data-element_type=\"container\" data-e-type=\"container\">\n\t\t<div class=\"elementor-element elementor-element-1ca1f44 e-flex e-con-boxed e-con e-child\" data-id=\"1ca1f44\" data-element_type=\"container\" data-e-type=\"container\">\n\t\t\t\t\t<div class=\"e-con-inner\">\n\t\t\t\t<div class=\"elementor-element elementor-element-00ce1cf font-size-3 elementor-widget elementor-widget-heading\" data-id=\"00ce1cf\" data-element_type=\"widget\" data-e-type=\"widget\" data-widget_type=\"heading.default\">\n\t\t\t\t\t<h3 class=\"elementor-heading-title elementor-size-default\">Kalklieferung f\u00fcr Baustellen und Industrieanlagen\u200b<\/h3>\t\t\t\t<\/div>\n\t\t\t\t<div class=\"elementor-element elementor-element-a93cc16 white-text elementor-widget elementor-widget-text-editor\" data-id=\"a93cc16\" data-element_type=\"widget\" data-e-type=\"widget\" data-widget_type=\"text-editor.default\">\n\t\t\t\t\t\t\t\t\t<p>In enger Zusammenarbeit mit unserer <a class=\"notion-link-token notion-focusable-token notion-enable-hover\" tabindex=\"0\" href=\"https:\/\/www.avg.eu\/de\/ueber-uns\/avg-gruppe\" target=\"_blank\" rel=\"noopener noreferrer\" data-token-index=\"1\"><span class=\"link-annotation-unknown-block-id-1350223786\">AVG-Gruppe<\/span><\/a> und erfahrenen Partnern sorgen wir f\u00fcr eine reibungslose <a href=\"https:\/\/www.avg.eu\/de\/logistik\/\" target=\"_blank\" rel=\"noopener\">Logistik<\/a> \u2013 regional wie \u00fcberregional. Ob lose per <a href=\"https:\/\/www.avg.eu\/de\/logistik\/silotransport\/\" target=\"_blank\" rel=\"noopener\">Silofahrzeug<\/a> oder abgepackt im BigBag: Wir liefern genau dorthin, wo Sie den Kalk ben\u00f6tigen.<\/p><p>Zus\u00e4tzlich bieten wir die <a href=\"https:\/\/www.avg.eu\/de\/product\/baustellensilo-mieten\/\">Vermietung von Silos<\/a> an, inklusive Aufstellung und Abholung. So gew\u00e4hrleisten wir eine flexible und unkomplizierte Lagerung direkt auf Ihrer Baustelle oder im Werk.<\/p>\t\t\t\t\t\t\t\t<\/div>\n\t\t\t\t<div class=\"elementor-element elementor-element-31ddd81 elementor-widget elementor-widget-button\" data-id=\"31ddd81\" data-element_type=\"widget\" data-e-type=\"widget\" data-widget_type=\"button.default\">\n\t\t\t\t\t\t\t\t\t\t<a class=\"elementor-button elementor-button-link elementor-size-sm\" href=\"https:\/\/www.avg.eu\/de\/kontakt\/\">\n\t\t\t\t\t\t<span class=\"elementor-button-content-wrapper\">\n\t\t\t\t\t\t\t\t\t<span class=\"elementor-button-text\">Kontakt aufnehmen<\/span>\n\t\t\t\t\t<\/span>\n\t\t\t\t\t<\/a>\n\t\t\t\t\t\t\t\t<\/div>\n\t\t\t\t\t<\/div>\n\t\t\t\t<\/div>\n\t\t<div class=\"elementor-element elementor-element-fc4a70a e-flex e-con-boxed e-con e-child\" data-id=\"fc4a70a\" data-element_type=\"container\" data-e-type=\"container\">\n\t\t\t\t\t<div class=\"e-con-inner\">\n\t\t\t\t<div class=\"elementor-element elementor-element-48355a3 elementor-widget elementor-widget-image\" data-id=\"48355a3\" data-element_type=\"widget\" data-e-type=\"widget\" data-widget_type=\"image.default\">\n\t\t\t\t\t\t\t\t\t\t\t\t\t\t\t<img loading=\"lazy\" decoding=\"async\" width=\"1024\" height=\"682\" src=\"https:\/\/www.avg.eu\/wp-content\/uploads\/2025\/07\/kalk_baustoffe_mineralischer_silofahrzeug_Kalklieferung_Kalksteinmehl_09-1024x682.jpg\" class=\"attachment-large size-large wp-image-23787\" alt=\"\" srcset=\"https:\/\/www.avg.eu\/wp-content\/uploads\/2025\/07\/kalk_baustoffe_mineralischer_silofahrzeug_Kalklieferung_Kalksteinmehl_09-1024x682.jpg 1024w, https:\/\/www.avg.eu\/wp-content\/uploads\/2025\/07\/kalk_baustoffe_mineralischer_silofahrzeug_Kalklieferung_Kalksteinmehl_09-300x200.jpg 300w, https:\/\/www.avg.eu\/wp-content\/uploads\/2025\/07\/kalk_baustoffe_mineralischer_silofahrzeug_Kalklieferung_Kalksteinmehl_09-768x512.jpg 768w, https:\/\/www.avg.eu\/wp-content\/uploads\/2025\/07\/kalk_baustoffe_mineralischer_silofahrzeug_Kalklieferung_Kalksteinmehl_09-1536x1024.jpg 1536w, https:\/\/www.avg.eu\/wp-content\/uploads\/2025\/07\/kalk_baustoffe_mineralischer_silofahrzeug_Kalklieferung_Kalksteinmehl_09.jpg 2000w\" sizes=\"(max-width: 1024px) 100vw, 1024px\" \/>\t\t\t\t\t\t\t\t\t\t\t\t\t\t\t<\/div>\n\t\t\t\t\t<\/div>\n\t\t\t\t<\/div>\n\t\t\t\t<\/div>\n\t\t\t\t\t<\/div>\n\t\t\t\t<\/div>\n\t\t<div class=\"elementor-element elementor-element-6ec2f6b default-padding-left-right padding-top-6 padding-bottom-6 e-flex e-con-boxed e-con e-parent\" data-id=\"6ec2f6b\" data-element_type=\"container\" data-e-type=\"container\" data-settings=\"{&quot;background_background&quot;:&quot;classic&quot;}\">\n\t\t\t\t\t<div class=\"e-con-inner\">\n\t\t<div class=\"elementor-element elementor-element-10660cc e-con-full e-flex elementor-invisible e-con e-child\" data-id=\"10660cc\" data-element_type=\"container\" data-e-type=\"container\" data-settings=\"{&quot;animation&quot;:&quot;fadeInUp&quot;}\">\n\t\t\t\t<div class=\"elementor-element elementor-element-f8d44f0 font-size-4 margin-bottom-1 elementor-widget elementor-widget-heading\" data-id=\"f8d44f0\" data-element_type=\"widget\" data-e-type=\"widget\" data-widget_type=\"heading.default\">\n\t\t\t\t\t<h2 class=\"elementor-heading-title elementor-size-default\">Ihre Vorteile mit Kalk von AVG\u200b<\/h2>\t\t\t\t<\/div>\n\t\t<div class=\"elementor-element elementor-element-ab95f28 e-flex e-con-boxed e-con e-child\" data-id=\"ab95f28\" data-element_type=\"container\" data-e-type=\"container\">\n\t\t\t\t\t<div class=\"e-con-inner\">\n\t\t\t\t<div class=\"elementor-element elementor-element-ee0fa57 elementor-widget elementor-widget-image\" data-id=\"ee0fa57\" data-element_type=\"widget\" data-e-type=\"widget\" data-widget_type=\"image.default\">\n\t\t\t\t\t\t\t\t\t\t\t\t\t\t\t<img loading=\"lazy\" decoding=\"async\" width=\"875\" height=\"1024\" src=\"https:\/\/www.avg.eu\/wp-content\/uploads\/2024\/04\/checkmark-avg.svg\" class=\"attachment-large size-large wp-image-1561\" alt=\"\" \/>\t\t\t\t\t\t\t\t\t\t\t\t\t\t\t<\/div>\n\t\t<div class=\"elementor-element elementor-element-f3d0776 e-con-full e-flex e-con e-child\" data-id=\"f3d0776\" data-element_type=\"container\" data-e-type=\"container\">\n\t\t\t\t<div class=\"elementor-element elementor-element-25ad107 elementor-widget elementor-widget-heading\" data-id=\"25ad107\" data-element_type=\"widget\" data-e-type=\"widget\" data-widget_type=\"heading.default\">\n\t\t\t\t\t<h2 class=\"elementor-heading-title elementor-size-default\">Individuelle Beratung &amp; Fachkompetenz\u200b<\/h2>\t\t\t\t<\/div>\n\t\t\t\t<div class=\"elementor-element elementor-element-dea02a1 p-remove-bottom-margin elementor-widget elementor-widget-text-editor\" data-id=\"dea02a1\" data-element_type=\"widget\" data-e-type=\"widget\" data-widget_type=\"text-editor.default\">\n\t\t\t\t\t\t\t\t\t<p>Wir unterst\u00fctzen Sie bei der Auswahl des richtigen Kalks &#8211; mit Know-how, langj\u00e4hriger Erfahrung und Fokus auf Ihre Anforderungen.<\/p>\t\t\t\t\t\t\t\t<\/div>\n\t\t\t\t<\/div>\n\t\t\t\t\t<\/div>\n\t\t\t\t<\/div>\n\t\t<div class=\"elementor-element elementor-element-ff529c0 e-flex e-con-boxed e-con e-child\" data-id=\"ff529c0\" data-element_type=\"container\" data-e-type=\"container\">\n\t\t\t\t\t<div class=\"e-con-inner\">\n\t\t\t\t<div class=\"elementor-element elementor-element-8f98bf5 elementor-widget elementor-widget-image\" data-id=\"8f98bf5\" data-element_type=\"widget\" data-e-type=\"widget\" data-widget_type=\"image.default\">\n\t\t\t\t\t\t\t\t\t\t\t\t\t\t\t<img loading=\"lazy\" decoding=\"async\" width=\"875\" height=\"1024\" src=\"https:\/\/www.avg.eu\/wp-content\/uploads\/2024\/04\/checkmark-avg.svg\" class=\"attachment-large size-large wp-image-1561\" alt=\"\" \/>\t\t\t\t\t\t\t\t\t\t\t\t\t\t\t<\/div>\n\t\t<div class=\"elementor-element elementor-element-719dca0 e-con-full e-flex e-con e-child\" data-id=\"719dca0\" data-element_type=\"container\" data-e-type=\"container\">\n\t\t\t\t<div class=\"elementor-element elementor-element-24e7abb elementor-widget elementor-widget-heading\" data-id=\"24e7abb\" data-element_type=\"widget\" data-e-type=\"widget\" data-widget_type=\"heading.default\">\n\t\t\t\t\t<h2 class=\"elementor-heading-title elementor-size-default\">Flexible Lieferung \u2013 lose oder im BigBag<\/h2>\t\t\t\t<\/div>\n\t\t\t\t<div class=\"elementor-element elementor-element-73f58e4 p-remove-bottom-margin elementor-widget elementor-widget-text-editor\" data-id=\"73f58e4\" data-element_type=\"widget\" data-e-type=\"widget\" data-widget_type=\"text-editor.default\">\n\t\t\t\t\t\t\t\t\t<p>Ob Gro\u00dfprojekt oder Kleinbaustelle &#8211; wir liefern Kalkprodukte in der passenden Form. Unsere eigene Logistik erm\u00f6glicht zuverl\u00e4ssige, termingerechte Transporte.<\/p>\t\t\t\t\t\t\t\t<\/div>\n\t\t\t\t<\/div>\n\t\t\t\t\t<\/div>\n\t\t\t\t<\/div>\n\t\t<div class=\"elementor-element elementor-element-7cdac05 e-flex e-con-boxed e-con e-child\" data-id=\"7cdac05\" data-element_type=\"container\" data-e-type=\"container\">\n\t\t\t\t\t<div class=\"e-con-inner\">\n\t\t\t\t<div class=\"elementor-element elementor-element-3ab9be6 elementor-widget elementor-widget-image\" data-id=\"3ab9be6\" data-element_type=\"widget\" data-e-type=\"widget\" data-widget_type=\"image.default\">\n\t\t\t\t\t\t\t\t\t\t\t\t\t\t\t<img loading=\"lazy\" decoding=\"async\" width=\"875\" height=\"1024\" src=\"https:\/\/www.avg.eu\/wp-content\/uploads\/2024\/04\/checkmark-avg.svg\" class=\"attachment-large size-large wp-image-1561\" alt=\"\" \/>\t\t\t\t\t\t\t\t\t\t\t\t\t\t\t<\/div>\n\t\t<div class=\"elementor-element elementor-element-b75c13e e-con-full e-flex e-con e-child\" data-id=\"b75c13e\" data-element_type=\"container\" data-e-type=\"container\">\n\t\t\t\t<div class=\"elementor-element elementor-element-5ab885a elementor-widget elementor-widget-heading\" data-id=\"5ab885a\" data-element_type=\"widget\" data-e-type=\"widget\" data-widget_type=\"heading.default\">\n\t\t\t\t\t<h2 class=\"elementor-heading-title elementor-size-default\">Zuverl\u00e4ssigkeit, Qualit\u00e4t &amp; Sicherheit<\/h2>\t\t\t\t<\/div>\n\t\t\t\t<div class=\"elementor-element elementor-element-ecc07a0 p-remove-bottom-margin elementor-widget elementor-widget-text-editor\" data-id=\"ecc07a0\" data-element_type=\"widget\" data-e-type=\"widget\" data-widget_type=\"text-editor.default\">\n\t\t\t\t\t\t\t\t\t<p>Unsere Kalkprodukte erf\u00fcllen alle relevanten Normen, sind g\u00fcte\u00fcberwacht und werden regelm\u00e4\u00dfig kontrolliert &#8211; f\u00fcr konstant hohe Qualit\u00e4t.<\/p>\t\t\t\t\t\t\t\t<\/div>\n\t\t\t\t<\/div>\n\t\t\t\t\t<\/div>\n\t\t\t\t<\/div>\n\t\t<div class=\"elementor-element elementor-element-18ecb55 e-flex e-con-boxed e-con e-child\" data-id=\"18ecb55\" data-element_type=\"container\" data-e-type=\"container\">\n\t\t\t\t\t<div class=\"e-con-inner\">\n\t\t\t\t<div class=\"elementor-element elementor-element-4818bb7 elementor-widget elementor-widget-image\" data-id=\"4818bb7\" data-element_type=\"widget\" data-e-type=\"widget\" data-widget_type=\"image.default\">\n\t\t\t\t\t\t\t\t\t\t\t\t\t\t\t<img loading=\"lazy\" decoding=\"async\" width=\"875\" height=\"1024\" src=\"https:\/\/www.avg.eu\/wp-content\/uploads\/2024\/04\/checkmark-avg.svg\" class=\"attachment-large size-large wp-image-1561\" alt=\"\" \/>\t\t\t\t\t\t\t\t\t\t\t\t\t\t\t<\/div>\n\t\t<div class=\"elementor-element elementor-element-8b967db e-con-full e-flex e-con e-child\" data-id=\"8b967db\" data-element_type=\"container\" data-e-type=\"container\">\n\t\t\t\t<div class=\"elementor-element elementor-element-0847379 elementor-widget elementor-widget-heading\" data-id=\"0847379\" data-element_type=\"widget\" data-e-type=\"widget\" data-widget_type=\"heading.default\">\n\t\t\t\t\t<h2 class=\"elementor-heading-title elementor-size-default\">L\u00f6sungen f\u00fcr spezielle Anforderungen<\/h2>\t\t\t\t<\/div>\n\t\t\t\t<div class=\"elementor-element elementor-element-c4b2148 p-remove-bottom-margin elementor-widget elementor-widget-text-editor\" data-id=\"c4b2148\" data-element_type=\"widget\" data-e-type=\"widget\" data-widget_type=\"text-editor.default\">\n\t\t\t\t\t\t\t\t\t<p>Wir bieten flexible Produkt- und Lieferl\u00f6sungen \u2013 abgestimmt auf Ihr gew\u00fcnschtes Einsatzgebiet.<\/p>\t\t\t\t\t\t\t\t<\/div>\n\t\t\t\t<\/div>\n\t\t\t\t\t<\/div>\n\t\t\t\t<\/div>\n\t\t\t\t<\/div>\n\t\t\t\t\t<\/div>\n\t\t\t\t<\/div>\n\t\t<div class=\"elementor-element elementor-element-59686ae0 default-padding-left-right  e-flex e-con-boxed e-con e-parent\" data-id=\"59686ae0\" data-element_type=\"container\" data-e-type=\"container\" data-settings=\"{&quot;background_background&quot;:&quot;slideshow&quot;,&quot;background_slideshow_gallery&quot;:[{&quot;id&quot;:3395,&quot;url&quot;:&quot;https:\\\/\\\/www.avg.eu\\\/wp-content\\\/uploads\\\/2024\\\/06\\\/cta-gradient-bg.svg&quot;}],&quot;background_slideshow_loop&quot;:&quot;yes&quot;,&quot;background_slideshow_slide_duration&quot;:5000,&quot;background_slideshow_slide_transition&quot;:&quot;fade&quot;,&quot;background_slideshow_transition_duration&quot;:500}\">\n\t\t\t\t\t<div class=\"e-con-inner\">\n\t\t<div class=\"elementor-element elementor-element-2db63025 e-con-full e-flex e-con e-child\" data-id=\"2db63025\" data-element_type=\"container\" data-e-type=\"container\">\n\t\t\t\t<div class=\"elementor-element elementor-element-6a86314 elementor-widget__width-initial padding-top-5 elementor-widget elementor-widget-image\" data-id=\"6a86314\" data-element_type=\"widget\" data-e-type=\"widget\" data-widget_type=\"image.default\">\n\t\t\t\t\t\t\t\t\t\t\t\t\t\t\t<img loading=\"lazy\" decoding=\"async\" width=\"1024\" height=\"617\" src=\"https:\/\/www.avg.eu\/wp-content\/uploads\/2024\/04\/quote.svg\" class=\"attachment-large size-large wp-image-835\" alt=\"\" \/>\t\t\t\t\t\t\t\t\t\t\t\t\t\t\t<\/div>\n\t\t\t\t<div class=\"elementor-element elementor-element-778f1220 elementor-widget__width-initial elementor-widget-mobile__width-initial padding-top-5 elementor-widget elementor-widget-heading\" data-id=\"778f1220\" data-element_type=\"widget\" data-e-type=\"widget\" data-widget_type=\"heading.default\">\n\t\t\t\t\t<h5 class=\"elementor-heading-title elementor-size-default\">Handel und Logistik arbeiten bei uns Hand in Hand. Dadurch erreichen wir kosteng\u00fcnstige und zuverl\u00e4ssige Produktl\u00f6sungen in den Betonwerken und auf den Baustellen.<\/h5>\t\t\t\t<\/div>\n\t\t\t\t<\/div>\n\t\t<div class=\"elementor-element elementor-element-512cf43a e-con-full e-flex e-con e-child\" data-id=\"512cf43a\" data-element_type=\"container\" data-e-type=\"container\">\n\t\t\t\t<div class=\"elementor-element elementor-element-f744f46 elementor-widget-tablet__width-initial elementor-widget elementor-widget-spacer\" data-id=\"f744f46\" data-element_type=\"widget\" data-e-type=\"widget\" data-widget_type=\"spacer.default\">\n\t\t\t\t\t\t\t<div class=\"elementor-spacer\">\n\t\t\t<div class=\"elementor-spacer-inner\"><\/div>\n\t\t<\/div>\n\t\t\t\t\t\t<\/div>\n\t\t\t\t<div class=\"elementor-element elementor-element-b58c4d2 elementor-widget__width-initial elementor-widget elementor-widget-heading\" data-id=\"b58c4d2\" data-element_type=\"widget\" data-e-type=\"widget\" data-widget_type=\"heading.default\">\n\t\t\t\t\t<h2 class=\"elementor-heading-title elementor-size-default\">Konstantin Drettas<\/h2>\t\t\t\t<\/div>\n\t\t\t\t<\/div>\n\t\t<div class=\"elementor-element elementor-element-552f4a8 e-con-full e-flex e-con e-child\" data-id=\"552f4a8\" data-element_type=\"container\" data-e-type=\"container\">\n\t\t\t\t<div class=\"elementor-element elementor-element-117c0e40 elementor-widget-tablet__width-initial elementor-widget elementor-widget-spacer\" data-id=\"117c0e40\" data-element_type=\"widget\" data-e-type=\"widget\" data-widget_type=\"spacer.default\">\n\t\t\t\t\t\t\t<div class=\"elementor-spacer\">\n\t\t\t<div class=\"elementor-spacer-inner\"><\/div>\n\t\t<\/div>\n\t\t\t\t\t\t<\/div>\n\t\t\t\t<div class=\"elementor-element elementor-element-387e0f80 elementor-widget__width-initial padding-bottom-5 elementor-widget elementor-widget-text-editor\" data-id=\"387e0f80\" data-element_type=\"widget\" data-e-type=\"widget\" data-widget_type=\"text-editor.default\">\n\t\t\t\t\t\t\t\t\t<p>Gesch\u00e4ftsf\u00fchrer AVG Mineralische Baustoffe GmbH<\/p>\t\t\t\t\t\t\t\t<\/div>\n\t\t\t\t<\/div>\n\t\t\t\t\t<\/div>\n\t\t\t\t<\/div>\n\t\t<div class=\"elementor-element elementor-element-eeec184 default-padding-left-right padding-top-6 padding-bottom-6 e-flex e-con-boxed e-con e-parent\" data-id=\"eeec184\" data-element_type=\"container\" data-e-type=\"container\" data-settings=\"{&quot;background_background&quot;:&quot;classic&quot;}\">\n\t\t\t\t\t<div class=\"e-con-inner\">\n\t\t<div class=\"elementor-element elementor-element-38b82b1 e-con-full e-flex elementor-invisible e-con e-child\" data-id=\"38b82b1\" data-element_type=\"container\" data-e-type=\"container\" data-settings=\"{&quot;animation&quot;:&quot;fadeInUp&quot;}\">\n\t\t\t\t<div class=\"elementor-element elementor-element-8f759eb font-size-3 margin-bottom-1 elementor-widget elementor-widget-heading\" data-id=\"8f759eb\" data-element_type=\"widget\" data-e-type=\"widget\" data-widget_type=\"heading.default\">\n\t\t\t\t\t<h3 class=\"elementor-heading-title elementor-size-default\">Lose Kalklieferung per Silozug<\/h3>\t\t\t\t<\/div>\n\t\t\t\t<div class=\"elementor-element elementor-element-20de732 aspect-ratio-2-img margin-bottom-1 elementor-widget elementor-widget-image\" data-id=\"20de732\" data-element_type=\"widget\" data-e-type=\"widget\" data-widget_type=\"image.default\">\n\t\t\t\t\t\t\t\t\t\t\t\t\t\t\t<img loading=\"lazy\" decoding=\"async\" width=\"1024\" height=\"768\" src=\"https:\/\/www.avg.eu\/wp-content\/uploads\/2025\/07\/kalk_baustoff_mineralischer_silofahrzeug_5-1024x768.jpg\" class=\"attachment-large size-large wp-image-20073\" alt=\"\" srcset=\"https:\/\/www.avg.eu\/wp-content\/uploads\/2025\/07\/kalk_baustoff_mineralischer_silofahrzeug_5-1024x768.jpg 1024w, https:\/\/www.avg.eu\/wp-content\/uploads\/2025\/07\/kalk_baustoff_mineralischer_silofahrzeug_5-300x225.jpg 300w, https:\/\/www.avg.eu\/wp-content\/uploads\/2025\/07\/kalk_baustoff_mineralischer_silofahrzeug_5-768x576.jpg 768w, https:\/\/www.avg.eu\/wp-content\/uploads\/2025\/07\/kalk_baustoff_mineralischer_silofahrzeug_5-1536x1153.jpg 1536w, https:\/\/www.avg.eu\/wp-content\/uploads\/2025\/07\/kalk_baustoff_mineralischer_silofahrzeug_5-2048x1537.jpg 2048w\" sizes=\"(max-width: 1024px) 100vw, 1024px\" \/>\t\t\t\t\t\t\t\t\t\t\t\t\t\t\t<\/div>\n\t\t\t\t<div class=\"elementor-element elementor-element-4f7bffc elementor-widget elementor-widget-text-editor\" data-id=\"4f7bffc\" data-element_type=\"widget\" data-e-type=\"widget\" data-widget_type=\"text-editor.default\">\n\t\t\t\t\t\t\t\t\t<p>Wenn gr\u00f6\u00dfere Mengen ben\u00f6tigt werden, ist lose gelieferter Kalk die ideale Wahl. Mit unseren <a class=\"notion-link-token notion-focusable-token notion-enable-hover\" tabindex=\"0\" href=\"https:\/\/www.avg.eu\/de\/logistik\/silotransport\/\" target=\"_blank\" rel=\"noopener noreferrer\" data-token-index=\"1\"><span class=\"link-annotation-unknown-block-id--1549842731\">Silofahrzeugen<\/span><\/a> beliefern wir Ihre station\u00e4ren oder <a href=\"https:\/\/www.avg.eu\/de\/?post_type=product&amp;p=19820&amp;preview=true\">mobilen Silos<\/a> effizient, staubfrei und genau zum gew\u00fcnschten Zeitpunkt \u2013 perfekt f\u00fcr Mischwerke, Asphaltanlagen oder Baustellen.<\/p>\t\t\t\t\t\t\t\t<\/div>\n\t\t\t\t<div class=\"elementor-element elementor-element-6a96bb1 elementor-hidden-desktop elementor-hidden-tablet elementor-widget elementor-widget-spacer\" data-id=\"6a96bb1\" data-element_type=\"widget\" data-e-type=\"widget\" data-widget_type=\"spacer.default\">\n\t\t\t\t\t\t\t<div class=\"elementor-spacer\">\n\t\t\t<div class=\"elementor-spacer-inner\"><\/div>\n\t\t<\/div>\n\t\t\t\t\t\t<\/div>\n\t\t\t\t<\/div>\n\t\t<div class=\"elementor-element elementor-element-b2a6d7b e-con-full e-flex elementor-invisible e-con e-child\" data-id=\"b2a6d7b\" data-element_type=\"container\" data-e-type=\"container\" data-settings=\"{&quot;animation&quot;:&quot;fadeInUp&quot;}\">\n\t\t\t\t<div class=\"elementor-element elementor-element-7a6dded font-size-3 margin-bottom-1 elementor-widget elementor-widget-heading\" data-id=\"7a6dded\" data-element_type=\"widget\" data-e-type=\"widget\" data-widget_type=\"heading.default\">\n\t\t\t\t\t<h3 class=\"elementor-heading-title elementor-size-default\">Kalk in BigBags \u2013 praktisch &amp; flexibel<\/h3>\t\t\t\t<\/div>\n\t\t\t\t<div class=\"elementor-element elementor-element-90cff28 aspect-ratio-2-img margin-bottom-1 elementor-widget elementor-widget-image\" data-id=\"90cff28\" data-element_type=\"widget\" data-e-type=\"widget\" data-widget_type=\"image.default\">\n\t\t\t\t\t\t\t\t\t\t\t\t\t\t\t<img loading=\"lazy\" decoding=\"async\" width=\"1024\" height=\"683\" src=\"https:\/\/www.avg.eu\/wp-content\/uploads\/2025\/07\/kalk_baustoff_mineralischer_silofahrzeug_6-1-1024x683.jpg\" class=\"attachment-large size-large wp-image-20104\" alt=\"\" srcset=\"https:\/\/www.avg.eu\/wp-content\/uploads\/2025\/07\/kalk_baustoff_mineralischer_silofahrzeug_6-1-1024x683.jpg 1024w, https:\/\/www.avg.eu\/wp-content\/uploads\/2025\/07\/kalk_baustoff_mineralischer_silofahrzeug_6-1-300x200.jpg 300w, https:\/\/www.avg.eu\/wp-content\/uploads\/2025\/07\/kalk_baustoff_mineralischer_silofahrzeug_6-1-768x512.jpg 768w, https:\/\/www.avg.eu\/wp-content\/uploads\/2025\/07\/kalk_baustoff_mineralischer_silofahrzeug_6-1.jpg 1152w\" sizes=\"(max-width: 1024px) 100vw, 1024px\" \/>\t\t\t\t\t\t\t\t\t\t\t\t\t\t\t<\/div>\n\t\t\t\t<div class=\"elementor-element elementor-element-379f178 elementor-widget elementor-widget-text-editor\" data-id=\"379f178\" data-element_type=\"widget\" data-e-type=\"widget\" data-widget_type=\"text-editor.default\">\n\t\t\t\t\t\t\t\t\t<p>F\u00fcr kleinere Bauvorhaben oder wechselnde Einsatzorte liefern wir Kalkprodukte auch in robusten Big Bags. Diese L\u00f6sung erm\u00f6glicht eine einfache Lagerung, exakte Dosierung und flexible Handhabung \u2013 ideal bei begrenztem Platz.<\/p>\t\t\t\t\t\t\t\t<\/div>\n\t\t\t\t<\/div>\n\t\t\t\t\t<\/div>\n\t\t\t\t<\/div>\n\t\t<div class=\"elementor-element elementor-element-90259c1 default-padding-left-right padding-top-5 padding-bottom-5 e-flex e-con-boxed e-con e-parent\" data-id=\"90259c1\" data-element_type=\"container\" data-e-type=\"container\" id=\"Kalkarten\" data-settings=\"{&quot;background_background&quot;:&quot;classic&quot;}\">\n\t\t\t\t\t<div class=\"e-con-inner\">\n\t\t\t\t<div class=\"elementor-element elementor-element-415c6d9 font-size-3 margin-bottom-1 elementor-widget elementor-widget-heading\" data-id=\"415c6d9\" data-element_type=\"widget\" data-e-type=\"widget\" data-widget_type=\"heading.default\">\n\t\t\t\t\t<h3 class=\"elementor-heading-title elementor-size-default\">Kalksteinmehl, gebrannter und gel\u00f6schter Kalk im Detail<\/h3>\t\t\t\t<\/div>\n\t\t<div class=\"elementor-element elementor-element-6fe51ad e-grid e-con-full e-con e-child\" data-id=\"6fe51ad\" data-element_type=\"container\" data-e-type=\"container\" data-settings=\"{&quot;background_background&quot;:&quot;classic&quot;}\">\n\t\t\t\t<div class=\"elementor-element elementor-element-8fb5671 elementor-widget__width-initial white-text elementor-widget elementor-widget-text-editor\" data-id=\"8fb5671\" data-element_type=\"widget\" data-e-type=\"widget\" data-widget_type=\"text-editor.default\">\n\t\t\t\t\t\t\t\t\t<p>Kalk ist nicht gleich Kalk \u2013 je nach Herstellung und Zusammensetzung unterscheidet man zwischen <strong>Kalksteinmehl, gebranntem Kalk (Calciumoxid)<\/strong> und <strong data-start=\"370\" data-end=\"407\">gel\u00f6schtem Kalk (Calciumhydroxid)<\/strong>.<\/p>\t\t\t\t\t\t\t\t<\/div>\n\t\t\t\t<div class=\"elementor-element elementor-element-1cf7d3f white-text elementor-widget elementor-widget-n-accordion\" data-id=\"1cf7d3f\" data-element_type=\"widget\" data-e-type=\"widget\" data-settings=\"{&quot;default_state&quot;:&quot;all_collapsed&quot;,&quot;max_items_expended&quot;:&quot;multiple&quot;,&quot;n_accordion_animation_duration&quot;:{&quot;unit&quot;:&quot;ms&quot;,&quot;size&quot;:400,&quot;sizes&quot;:[]}}\" data-widget_type=\"nested-accordion.default\">\n\t\t\t\t\t\t\t<div class=\"e-n-accordion\" aria-label=\"Accordion. Open links with Enter or Space, close with Escape, and navigate with Arrow Keys\">\n\t\t\t\t\t\t<details id=\"e-n-accordion-item-3030\" class=\"e-n-accordion-item\" >\n\t\t\t\t<summary class=\"e-n-accordion-item-title\" data-accordion-index=\"1\" tabindex=\"0\" aria-expanded=\"false\" aria-controls=\"e-n-accordion-item-3030\" >\n\t\t\t\t\t<span class='e-n-accordion-item-title-header'><h3 class=\"e-n-accordion-item-title-text\"> <div style=\"color: white\">Kalksteinmehl<\/div> <\/h3><\/span>\n\t\t\t\t\t\t\t<span class='e-n-accordion-item-title-icon'>\n\t\t\t<span class='e-opened' ><\/span>\n\t\t\t<span class='e-closed'><svg xmlns=\"http:\/\/www.w3.org\/2000\/svg\" width=\"40\" height=\"68\" viewBox=\"0 0 40 68\" fill=\"none\"><g clip-path=\"url(#clip0_6702_543)\"><path d=\"M6.18399 67.6381L40 33.8221L40 33.816L6.18399 4.03252e-07L7.37433e-08 6.18399L27.632 33.816L7.32834e-07 61.4542L6.18399 67.6381Z\" fill=\"white\"><\/path><\/g><defs><clipPath id=\"clip0_6702_543\"><rect width=\"67.6381\" height=\"40\" fill=\"white\" transform=\"translate(40) rotate(90)\"><\/rect><\/clipPath><\/defs><\/svg><\/span>\n\t\t<\/span>\n\n\t\t\t\t\t\t<\/summary>\n\t\t\t\t<div role=\"region\" aria-labelledby=\"e-n-accordion-item-3030\" class=\"elementor-element elementor-element-fef9504 e-flex e-con-boxed e-con e-child\" data-id=\"fef9504\" data-element_type=\"container\" data-e-type=\"container\">\n\t\t\t\t\t<div class=\"e-con-inner\">\n\t\t\t\t<div class=\"elementor-element elementor-element-3625f11 elementor-widget elementor-widget-text-editor\" data-id=\"3625f11\" data-element_type=\"widget\" data-e-type=\"widget\" data-widget_type=\"text-editor.default\">\n\t\t\t\t\t\t\t\t\t<p><strong>Kalksteinmehl <\/strong>ist ein sehr feiner Rohstoff aus gemahlenem Kalkstein.<\/p>\t\t\t\t\t\t\t\t<\/div>\n\t\t\t\t\t<\/div>\n\t\t\t\t<\/div>\n\t\t\t\t\t<\/details>\n\t\t\t\t\t\t<details id=\"e-n-accordion-item-3031\" class=\"e-n-accordion-item\" >\n\t\t\t\t<summary class=\"e-n-accordion-item-title\" data-accordion-index=\"2\" tabindex=\"-1\" aria-expanded=\"false\" aria-controls=\"e-n-accordion-item-3031\" >\n\t\t\t\t\t<span class='e-n-accordion-item-title-header'><h3 class=\"e-n-accordion-item-title-text\"> <div style=\"color: white\">Gebrannter Kalk<\/div> <\/h3><\/span>\n\t\t\t\t\t\t\t<span class='e-n-accordion-item-title-icon'>\n\t\t\t<span class='e-opened' ><\/span>\n\t\t\t<span class='e-closed'><svg xmlns=\"http:\/\/www.w3.org\/2000\/svg\" width=\"40\" height=\"68\" viewBox=\"0 0 40 68\" fill=\"none\"><g clip-path=\"url(#clip0_6702_543)\"><path d=\"M6.18399 67.6381L40 33.8221L40 33.816L6.18399 4.03252e-07L7.37433e-08 6.18399L27.632 33.816L7.32834e-07 61.4542L6.18399 67.6381Z\" fill=\"white\"><\/path><\/g><defs><clipPath id=\"clip0_6702_543\"><rect width=\"67.6381\" height=\"40\" fill=\"white\" transform=\"translate(40) rotate(90)\"><\/rect><\/clipPath><\/defs><\/svg><\/span>\n\t\t<\/span>\n\n\t\t\t\t\t\t<\/summary>\n\t\t\t\t<div role=\"region\" aria-labelledby=\"e-n-accordion-item-3031\" class=\"elementor-element elementor-element-e8e368f e-con-full e-flex e-con e-child\" data-id=\"e8e368f\" data-element_type=\"container\" data-e-type=\"container\">\n\t\t\t\t<div class=\"elementor-element elementor-element-ecf7683 elementor-widget elementor-widget-text-editor\" data-id=\"ecf7683\" data-element_type=\"widget\" data-e-type=\"widget\" data-widget_type=\"text-editor.default\">\n\t\t\t\t\t\t\t\t\t<p><strong>Gebrannter Kalk<\/strong>, auch bekannt als Branntkalk, entsteht beim Brennen von Kalkstein bei hohen Temperaturen.<\/p><p><strong>Wei\u00dffeinkalk<\/strong><\/p><p>CL 70<br \/>CL 80<br \/>CL 90<\/p><p>Trasskalk<\/p>\t\t\t\t\t\t\t\t<\/div>\n\t\t\t\t<\/div>\n\t\t\t\t\t<\/details>\n\t\t\t\t\t\t<details id=\"e-n-accordion-item-3032\" class=\"e-n-accordion-item\" >\n\t\t\t\t<summary class=\"e-n-accordion-item-title\" data-accordion-index=\"3\" tabindex=\"-1\" aria-expanded=\"false\" aria-controls=\"e-n-accordion-item-3032\" >\n\t\t\t\t\t<span class='e-n-accordion-item-title-header'><h3 class=\"e-n-accordion-item-title-text\"> <span style=\"color: white\">Gel\u00f6schter Kalk<\/span> <\/h3><\/span>\n\t\t\t\t\t\t\t<span class='e-n-accordion-item-title-icon'>\n\t\t\t<span class='e-opened' ><\/span>\n\t\t\t<span class='e-closed'><svg xmlns=\"http:\/\/www.w3.org\/2000\/svg\" width=\"40\" height=\"68\" viewBox=\"0 0 40 68\" fill=\"none\"><g clip-path=\"url(#clip0_6702_543)\"><path d=\"M6.18399 67.6381L40 33.8221L40 33.816L6.18399 4.03252e-07L7.37433e-08 6.18399L27.632 33.816L7.32834e-07 61.4542L6.18399 67.6381Z\" fill=\"white\"><\/path><\/g><defs><clipPath id=\"clip0_6702_543\"><rect width=\"67.6381\" height=\"40\" fill=\"white\" transform=\"translate(40) rotate(90)\"><\/rect><\/clipPath><\/defs><\/svg><\/span>\n\t\t<\/span>\n\n\t\t\t\t\t\t<\/summary>\n\t\t\t\t<div role=\"region\" aria-labelledby=\"e-n-accordion-item-3032\" class=\"elementor-element elementor-element-5621eea e-con-full e-flex e-con e-child\" data-id=\"5621eea\" data-element_type=\"container\" data-e-type=\"container\">\n\t\t\t\t<div class=\"elementor-element elementor-element-623419b elementor-widget elementor-widget-text-editor\" data-id=\"623419b\" data-element_type=\"widget\" data-e-type=\"widget\" data-widget_type=\"text-editor.default\">\n\t\t\t\t\t\t\t\t\t<p><strong>Gel\u00f6schter Kalk<\/strong> ist die Bezeichnung f\u00fcr Calciumhydroxid, der durch die Reaktion von Branntkalk mit Wasser entsteht. Dieser Prozess wird als &#8220;L\u00f6schen&#8221; bezeichnet.<\/p><p><strong>Wei\u00dfkalkhydrat<\/strong><\/p><p><strong>Kalkhydrat<\/strong><\/p>\t\t\t\t\t\t\t\t<\/div>\n\t\t\t\t<\/div>\n\t\t\t\t\t<\/details>\n\t\t\t\t\t<\/div>\n\t\t\t\t\t\t<\/div>\n\t\t\t\t<\/div>\n\t\t\t\t\t<\/div>\n\t\t\t\t<\/div>\n\t\t<div class=\"elementor-element elementor-element-2272668 default-padding-left-right margin-top-6 padding-bottom-4 e-flex e-con-boxed elementor-invisible e-con e-parent\" data-id=\"2272668\" data-element_type=\"container\" data-e-type=\"container\" data-settings=\"{&quot;animation&quot;:&quot;fadeInUp&quot;}\">\n\t\t\t\t\t<div class=\"e-con-inner\">\n\t\t<div class=\"elementor-element elementor-element-e686135 e-con-full e-flex e-con e-child\" data-id=\"e686135\" data-element_type=\"container\" data-e-type=\"container\">\n\t\t\t\t<div class=\"elementor-element elementor-element-5de9bd3 font-size-4 margin-bottom-2 elementor-widget elementor-widget-heading\" data-id=\"5de9bd3\" data-element_type=\"widget\" data-e-type=\"widget\" data-widget_type=\"heading.default\">\n\t\t\t\t\t<h2 class=\"elementor-heading-title elementor-size-default\">Stabilit\u00e4t und Langlebigkeit<\/h2>\t\t\t\t<\/div>\n\t\t\t\t<div class=\"elementor-element elementor-element-f066109 p-remove-bottom-margin margin-bottom-3 elementor-widget elementor-widget-text-editor\" data-id=\"f066109\" data-element_type=\"widget\" data-e-type=\"widget\" data-widget_type=\"text-editor.default\">\n\t\t\t\t\t\t\t\t\t<p>Kalk ist im Erd- und Stra\u00dfenbau oft unverzichtbar, da er die Stabilit\u00e4t und Langlebigkeit von Bauwerken erh\u00f6ht. Gleichzeitig tr\u00e4gt Kalk durch seine Anwendungen in der Umwelttechnik (Abgas- und Abwassereinigung, Bodensanierung) aktiv zum Umweltschutz bei und bietet durch seine mineralischen Eigenschaften eine nachhaltige L\u00f6sung f\u00fcr viele Anwendungen.<\/p><p><span style=\"font-size: 16px;\">Informationen zu unserem unternehmensweiten Ansatz zu Nachhaltigkeit, Ressourcenschonung und Umweltmanagement finden Sie in unserem Nachhaltigkeitskompass.<\/span><\/p>\t\t\t\t\t\t\t\t<\/div>\n\t\t\t\t<div class=\"elementor-element elementor-element-0eed674 elementor-widget elementor-widget-button\" data-id=\"0eed674\" data-element_type=\"widget\" data-e-type=\"widget\" data-widget_type=\"button.default\">\n\t\t\t\t\t\t\t\t\t\t<a class=\"elementor-button elementor-button-link elementor-size-sm\" href=\"https:\/\/www.avg.eu\/de\/nachhaltigkeit\">\n\t\t\t\t\t\t<span class=\"elementor-button-content-wrapper\">\n\t\t\t\t\t\t\t\t\t<span class=\"elementor-button-text\">Unser Nachhaltigkeitskompass<\/span>\n\t\t\t\t\t<\/span>\n\t\t\t\t\t<\/a>\n\t\t\t\t\t\t\t\t<\/div>\n\t\t\t\t<\/div>\n\t\t<div class=\"elementor-element elementor-element-b8c0be8 e-con-full e-flex e-con e-child\" data-id=\"b8c0be8\" data-element_type=\"container\" data-e-type=\"container\" data-settings=\"{&quot;background_background&quot;:&quot;classic&quot;}\">\n\t\t<div class=\"elementor-element elementor-element-726e838 e-flex e-con-boxed e-con e-child\" data-id=\"726e838\" data-element_type=\"container\" data-e-type=\"container\" data-settings=\"{&quot;background_background&quot;:&quot;classic&quot;}\">\n\t\t\t\t\t<div class=\"e-con-inner\">\n\t\t\t\t<div class=\"elementor-element elementor-element-9105acb aspect-ratio-2-img elementor-widget elementor-widget-image\" data-id=\"9105acb\" data-element_type=\"widget\" data-e-type=\"widget\" data-widget_type=\"image.default\">\n\t\t\t\t\t\t\t\t\t\t\t\t\t\t\t<img loading=\"lazy\" decoding=\"async\" width=\"1024\" height=\"768\" src=\"https:\/\/www.avg.eu\/wp-content\/uploads\/2025\/07\/kalk_baustoffe_mineralischer_silofahrzeug_Kalklieferung_Kalksteinmehl_10-1024x768.jpg\" class=\"attachment-large size-large wp-image-23792\" alt=\"kalk_baustoffe_mineralischer_silofahrzeug_Kalklieferung_Kalksteinmehl\" srcset=\"https:\/\/www.avg.eu\/wp-content\/uploads\/2025\/07\/kalk_baustoffe_mineralischer_silofahrzeug_Kalklieferung_Kalksteinmehl_10-1024x768.jpg 1024w, https:\/\/www.avg.eu\/wp-content\/uploads\/2025\/07\/kalk_baustoffe_mineralischer_silofahrzeug_Kalklieferung_Kalksteinmehl_10-300x225.jpg 300w, https:\/\/www.avg.eu\/wp-content\/uploads\/2025\/07\/kalk_baustoffe_mineralischer_silofahrzeug_Kalklieferung_Kalksteinmehl_10-768x576.jpg 768w, https:\/\/www.avg.eu\/wp-content\/uploads\/2025\/07\/kalk_baustoffe_mineralischer_silofahrzeug_Kalklieferung_Kalksteinmehl_10-1536x1152.jpg 1536w, https:\/\/www.avg.eu\/wp-content\/uploads\/2025\/07\/kalk_baustoffe_mineralischer_silofahrzeug_Kalklieferung_Kalksteinmehl_10-2048x1536.jpg 2048w\" sizes=\"(max-width: 1024px) 100vw, 1024px\" \/>\t\t\t\t\t\t\t\t\t\t\t\t\t\t\t<\/div>\n\t\t\t\t\t<\/div>\n\t\t\t\t<\/div>\n\t\t\t\t<\/div>\n\t\t\t\t\t<\/div>\n\t\t\t\t<\/div>\n\t\t<div class=\"elementor-element elementor-element-45bd697 default-padding-left-right padding-bottom-6 e-flex e-con-boxed e-con e-parent\" data-id=\"45bd697\" data-element_type=\"container\" data-e-type=\"container\" data-settings=\"{&quot;background_background&quot;:&quot;classic&quot;}\">\n\t\t\t\t\t<div class=\"e-con-inner\">\n\t\t\t\t\t<\/div>\n\t\t\t\t<\/div>\n\t\t<div class=\"elementor-element elementor-element-58ad37e default-padding-left-right e-flex e-con-boxed elementor-invisible e-con e-child\" data-id=\"58ad37e\" data-element_type=\"container\" data-e-type=\"container\" data-settings=\"{&quot;background_background&quot;:&quot;classic&quot;,&quot;animation&quot;:&quot;fadeInUp&quot;}\">\n\t\t\t\t\t<div class=\"e-con-inner\">\n\t\t<div class=\"elementor-element elementor-element-a6ffd0d e-con-full elementor-hidden-tablet elementor-hidden-mobile e-flex e-con e-child\" data-id=\"a6ffd0d\" data-element_type=\"container\" data-e-type=\"container\" data-settings=\"{&quot;background_background&quot;:&quot;classic&quot;}\">\n\t\t\t\t<div class=\"elementor-element elementor-element-099409a elementor-absolute elementor-hidden-tablet elementor-hidden-mobile elementor-widget elementor-widget-image\" data-id=\"099409a\" data-element_type=\"widget\" data-e-type=\"widget\" id=\"Kontakt-Kalk\" data-settings=\"{&quot;_position&quot;:&quot;absolute&quot;}\" data-widget_type=\"image.default\">\n\t\t\t\t\t\t\t\t\t\t\t\t\t\t\t<img loading=\"lazy\" decoding=\"async\" width=\"490\" height=\"642\" src=\"https:\/\/www.avg.eu\/wp-content\/uploads\/2025\/08\/Sebastian-Template_CTA.png\" class=\"attachment-large size-large wp-image-21034\" alt=\"Sebastian-Template_CTA\" srcset=\"https:\/\/www.avg.eu\/wp-content\/uploads\/2025\/08\/Sebastian-Template_CTA.png 490w, https:\/\/www.avg.eu\/wp-content\/uploads\/2025\/08\/Sebastian-Template_CTA-229x300.png 229w\" sizes=\"(max-width: 490px) 100vw, 490px\" \/>\t\t\t\t\t\t\t\t\t\t\t\t\t\t\t<\/div>\n\t\t\t\t<\/div>\n\t\t<div class=\"elementor-element elementor-element-f9e1785 padding-top-5 padding-bottom-5 e-con-full e-flex e-con e-child\" data-id=\"f9e1785\" data-element_type=\"container\" data-e-type=\"container\">\n\t\t\t\t<div class=\"elementor-element elementor-element-d62fccb font-size-4 elementor-widget elementor-widget-heading\" data-id=\"d62fccb\" data-element_type=\"widget\" data-e-type=\"widget\" data-widget_type=\"heading.default\">\n\t\t\t\t\t<h3 class=\"elementor-heading-title elementor-size-default\">Wie k\u00f6nnen wir Ihnen helfen?<\/h3>\t\t\t\t<\/div>\n\t\t\t\t<div class=\"elementor-element elementor-element-f0d5a5b p-remove-bottom-margin white-text elementor-widget elementor-widget-text-editor\" data-id=\"f0d5a5b\" data-element_type=\"widget\" data-e-type=\"widget\" data-widget_type=\"text-editor.default\">\n\t\t\t\t\t\t\t\t\t<p>Sie planen ein Projekt oder ben\u00f6tigen Kalkprodukte, die genau zu Ihren Anforderungen passen?<br data-start=\"128\" data-end=\"131\" \/>Sprechen Sie mit unserem Fachteam. Wir beraten Sie pers\u00f6nlich und liefern zuverl\u00e4ssig.<\/p>\t\t\t\t\t\t\t\t<\/div>\n\t\t<div class=\"elementor-element elementor-element-966b616 e-flex e-con-boxed e-con e-child\" data-id=\"966b616\" data-element_type=\"container\" data-e-type=\"container\">\n\t\t\t\t\t<div class=\"e-con-inner\">\n\t\t<div class=\"elementor-element elementor-element-cfe12f5 e-con-full e-flex e-con e-child\" data-id=\"cfe12f5\" data-element_type=\"container\" data-e-type=\"container\">\n\t\t<div class=\"elementor-element elementor-element-8a8c35a e-con-full e-flex e-con e-child\" data-id=\"8a8c35a\" data-element_type=\"container\" data-e-type=\"container\">\n\t\t\t\t<div class=\"elementor-element elementor-element-f4c6e96 elementor-widget elementor-widget-image\" data-id=\"f4c6e96\" data-element_type=\"widget\" data-e-type=\"widget\" data-widget_type=\"image.default\">\n\t\t\t\t\t\t\t\t\t\t\t\t\t\t\t<img loading=\"lazy\" decoding=\"async\" width=\"1024\" height=\"1024\" src=\"https:\/\/www.avg.eu\/wp-content\/uploads\/2024\/04\/phone-white.svg\" class=\"attachment-large size-large wp-image-1324\" alt=\"\" \/>\t\t\t\t\t\t\t\t\t\t\t\t\t\t\t<\/div>\n\t\t\t\t<div class=\"elementor-element elementor-element-95d8cfd p-remove-bottom-margin white-link elementor-widget elementor-widget-text-editor\" data-id=\"95d8cfd\" data-element_type=\"widget\" data-e-type=\"widget\" data-widget_type=\"text-editor.default\">\n\t\t\t\t\t\t\t\t\t<p><a href=\"tel:+49(0)2065-774739\">+49(0)2065-774739<\/a><\/p>\t\t\t\t\t\t\t\t<\/div>\n\t\t\t\t<\/div>\n\t\t\t\t<div class=\"elementor-element elementor-element-d641b56 elementor-widget elementor-widget-button\" data-id=\"d641b56\" data-element_type=\"widget\" data-e-type=\"widget\" data-widget_type=\"button.default\">\n\t\t\t\t\t\t\t\t\t\t<a class=\"elementor-button elementor-button-link elementor-size-sm\" href=\"\/de\/kontakt\">\n\t\t\t\t\t\t<span class=\"elementor-button-content-wrapper\">\n\t\t\t\t\t\t\t\t\t<span class=\"elementor-button-text\">Jetzt kontaktieren<\/span>\n\t\t\t\t\t<\/span>\n\t\t\t\t\t<\/a>\n\t\t\t\t\t\t\t\t<\/div>\n\t\t\t\t<\/div>\n\t\t<div class=\"elementor-element elementor-element-1cbcf2b e-con-full e-flex e-con e-child\" data-id=\"1cbcf2b\" data-element_type=\"container\" data-e-type=\"container\">\n\t\t<div class=\"elementor-element elementor-element-dbdd1c2 e-con-full e-flex e-con e-child\" data-id=\"dbdd1c2\" data-element_type=\"container\" data-e-type=\"container\">\n\t\t\t\t<div class=\"elementor-element elementor-element-75f7bf6 elementor-widget elementor-widget-image\" data-id=\"75f7bf6\" data-element_type=\"widget\" data-e-type=\"widget\" data-widget_type=\"image.default\">\n\t\t\t\t\t\t\t\t\t\t\t\t\t\t\t<img loading=\"lazy\" decoding=\"async\" width=\"1024\" height=\"737\" src=\"https:\/\/www.avg.eu\/wp-content\/uploads\/2024\/04\/email-white.svg\" class=\"attachment-large size-large wp-image-1321\" alt=\"\" \/>\t\t\t\t\t\t\t\t\t\t\t\t\t\t\t<\/div>\n\t\t\t\t<div class=\"elementor-element elementor-element-e8b99c8 p-remove-bottom-margin white-link elementor-widget elementor-widget-text-editor\" data-id=\"e8b99c8\" data-element_type=\"widget\" data-e-type=\"widget\" data-widget_type=\"text-editor.default\">\n\t\t\t\t\t\t\t\t\t<p><a href=\"mailto:verkauf-mineralische@avg.eu\">verkauf-mineralische@avg.eu<\/a><\/p>\t\t\t\t\t\t\t\t<\/div>\n\t\t\t\t<\/div>\n\t\t\t\t<\/div>\n\t\t\t\t\t<\/div>\n\t\t\t\t<\/div>\n\t\t\t\t<\/div>\n\t\t\t\t\t<\/div>\n\t\t\t\t<\/div>\n\t\t\t\t<\/div>\n\t\t","protected":false},"excerpt":{"rendered":"<p>AVG Mineralische Baustoffe bietet zuverl\u00e4ssige Kalklieferung f\u00fcr Bau, Industrie und Umwelttechnik \u2013 mit pers\u00f6nlicher Beratung, flexibler Logistik und gepr\u00fcfter Produktqualit\u00e4t. Ob gebrannter oder gel\u00f6schter Kalk: Wir liefern passende L\u00f6sungen f\u00fcr M\u00f6rtel, Putz, Asphalt, Wasseraufbereitung und mehr.<\/p>\n","protected":false},"featured_media":20104,"template":"elementor_header_footer","meta":{"_acf_changed":false,"inline_featured_image":false,"site-sidebar-layout":"no-sidebar","site-content-layout":"page-builder","ast-site-content-layout":"full-width-container","site-content-style":"unboxed","site-sidebar-style":"unboxed","ast-global-header-display":"","ast-banner-title-visibility":"","ast-main-header-display":"","ast-hfb-above-header-display":"","ast-hfb-below-header-display":"","ast-hfb-mobile-header-display":"","site-post-title":"","ast-breadcrumbs-content":"","ast-featured-img":"disabled","footer-sml-layout":"","ast-disable-related-posts":"","theme-transparent-header-meta":"default","adv-header-id-meta":"","stick-header-meta":"","header-above-stick-meta":"","header-main-stick-meta":"","header-below-stick-meta":"","astra-migrate-meta-layouts":"set","ast-page-background-enabled":"default","ast-page-background-meta":{"desktop":{"background-color":"var(--ast-global-color-4)","background-image":"","background-repeat":"repeat","background-position":"center center","background-size":"auto","background-attachment":"scroll","background-type":"","background-media":"","overlay-type":"","overlay-color":"","overlay-opacity":"","overlay-gradient":""},"tablet":{"background-color":"","background-image":"","background-repeat":"repeat","background-position":"center center","background-size":"auto","background-attachment":"scroll","background-type":"","background-media":"","overlay-type":"","overlay-color":"","overlay-opacity":"","overlay-gradient":""},"mobile":{"background-color":"","background-image":"","background-repeat":"repeat","background-position":"center center","background-size":"auto","background-attachment":"scroll","background-type":"","background-media":"","overlay-type":"","overlay-color":"","overlay-opacity":"","overlay-gradient":""}},"ast-content-background-meta":{"desktop":{"background-color":"var(--ast-global-color-5)","background-image":"","background-repeat":"repeat","background-position":"center center","background-size":"auto","background-attachment":"scroll","background-type":"","background-media":"","overlay-type":"","overlay-color":"","overlay-opacity":"","overlay-gradient":""},"tablet":{"background-color":"var(--ast-global-color-5)","background-image":"","background-repeat":"repeat","background-position":"center center","background-size":"auto","background-attachment":"scroll","background-type":"","background-media":"","overlay-type":"","overlay-color":"","overlay-opacity":"","overlay-gradient":""},"mobile":{"background-color":"var(--ast-global-color-5)","background-image":"","background-repeat":"repeat","background-position":"center center","background-size":"auto","background-attachment":"scroll","background-type":"","background-media":"","overlay-type":"","overlay-color":"","overlay-opacity":"","overlay-gradient":""}}},"categories":[118],"class_list":["post-19769","product","type-product","status-publish","has-post-thumbnail","hentry","category-baustoffe-de-3"],"acf":[],"yoast_head":"<!-- This site is optimized with the Yoast SEO plugin v27.3 - https:\/\/yoast.com\/product\/yoast-seo-wordpress\/ -->\n<title>Kalk kaufen - gel\u00f6schter &amp; gebrannter \u2013 p\u00fcnktliche Lieferung | AVG<\/title>\n<meta name=\"description\" content=\"Kalk kaufen bei AVG Mineralische Baustoffe: Gel\u00f6schter &amp; gebrannter Kalk, pers\u00f6nliche Beratung &amp; zuverl\u00e4ssige Lieferung f\u00fcr Bau und Industrie.\" \/>\n<meta name=\"robots\" content=\"index, follow, max-snippet:-1, max-image-preview:large, max-video-preview:-1\" \/>\n<link rel=\"canonical\" href=\"https:\/\/www.avg.eu\/de\/kalk\/\" \/>\n<meta property=\"og:locale\" content=\"de_DE\" \/>\n<meta property=\"og:type\" content=\"article\" \/>\n<meta property=\"og:title\" content=\"Kalk kaufen - gel\u00f6schter &amp; gebrannter \u2013 p\u00fcnktliche Lieferung | AVG\" \/>\n<meta property=\"og:description\" content=\"Kalk kaufen bei AVG Mineralische Baustoffe: Gel\u00f6schter &amp; gebrannter Kalk, pers\u00f6nliche Beratung &amp; zuverl\u00e4ssige Lieferung f\u00fcr Bau und Industrie.\" \/>\n<meta property=\"og:url\" content=\"https:\/\/www.avg.eu\/de\/kalk\/\" \/>\n<meta property=\"og:site_name\" content=\"AVG\" \/>\n<meta property=\"article:publisher\" content=\"https:\/\/www.facebook.com\/AVG.Heijen\/\" \/>\n<meta property=\"article:modified_time\" content=\"2025-11-03T14:40:59+00:00\" \/>\n<meta property=\"og:image\" content=\"https:\/\/www.avg.eu\/wp-content\/uploads\/2025\/07\/kalk_baustoff_mineralischer_silofahrzeug_6-1.jpg\" \/>\n\t<meta property=\"og:image:width\" content=\"1152\" \/>\n\t<meta property=\"og:image:height\" content=\"768\" \/>\n\t<meta property=\"og:image:type\" content=\"image\/jpeg\" \/>\n<meta name=\"twitter:card\" content=\"summary_large_image\" \/>\n<meta name=\"twitter:label1\" content=\"Gesch\u00e4tzte Lesezeit\" \/>\n\t<meta name=\"twitter:data1\" content=\"8\u00a0Minuten\" \/>\n<script type=\"application\/ld+json\" class=\"yoast-schema-graph\">{\"@context\":\"https:\\\/\\\/schema.org\",\"@graph\":[{\"@type\":\"WebPage\",\"@id\":\"https:\\\/\\\/www.avg.eu\\\/de\\\/kalk\\\/\",\"url\":\"https:\\\/\\\/www.avg.eu\\\/de\\\/kalk\\\/\",\"name\":\"Kalk kaufen - gel\u00f6schter & gebrannter \u2013 p\u00fcnktliche Lieferung | AVG\",\"isPartOf\":{\"@id\":\"https:\\\/\\\/www.avg.eu\\\/de\\\/#website\"},\"primaryImageOfPage\":{\"@id\":\"https:\\\/\\\/www.avg.eu\\\/de\\\/kalk\\\/#primaryimage\"},\"image\":{\"@id\":\"https:\\\/\\\/www.avg.eu\\\/de\\\/kalk\\\/#primaryimage\"},\"thumbnailUrl\":\"https:\\\/\\\/www.avg.eu\\\/wp-content\\\/uploads\\\/2025\\\/07\\\/kalk_baustoff_mineralischer_silofahrzeug_6-1.jpg\",\"datePublished\":\"2025-07-30T12:07:10+00:00\",\"dateModified\":\"2025-11-03T14:40:59+00:00\",\"description\":\"Kalk kaufen bei AVG Mineralische Baustoffe: Gel\u00f6schter & gebrannter Kalk, pers\u00f6nliche Beratung & zuverl\u00e4ssige Lieferung f\u00fcr Bau und Industrie.\",\"breadcrumb\":{\"@id\":\"https:\\\/\\\/www.avg.eu\\\/de\\\/kalk\\\/#breadcrumb\"},\"inLanguage\":\"de\",\"potentialAction\":[{\"@type\":\"ReadAction\",\"target\":[\"https:\\\/\\\/www.avg.eu\\\/de\\\/kalk\\\/\"]}]},{\"@type\":\"ImageObject\",\"inLanguage\":\"de\",\"@id\":\"https:\\\/\\\/www.avg.eu\\\/de\\\/kalk\\\/#primaryimage\",\"url\":\"https:\\\/\\\/www.avg.eu\\\/wp-content\\\/uploads\\\/2025\\\/07\\\/kalk_baustoff_mineralischer_silofahrzeug_6-1.jpg\",\"contentUrl\":\"https:\\\/\\\/www.avg.eu\\\/wp-content\\\/uploads\\\/2025\\\/07\\\/kalk_baustoff_mineralischer_silofahrzeug_6-1.jpg\",\"width\":1152,\"height\":768},{\"@type\":\"BreadcrumbList\",\"@id\":\"https:\\\/\\\/www.avg.eu\\\/de\\\/kalk\\\/#breadcrumb\",\"itemListElement\":[{\"@type\":\"ListItem\",\"position\":1,\"name\":\"Home\",\"item\":\"https:\\\/\\\/www.avg.eu\\\/\"},{\"@type\":\"ListItem\",\"position\":2,\"name\":\"Kalk\"}]},{\"@type\":\"WebSite\",\"@id\":\"https:\\\/\\\/www.avg.eu\\\/de\\\/#website\",\"url\":\"https:\\\/\\\/www.avg.eu\\\/de\\\/\",\"name\":\"AVG\",\"description\":\"\",\"publisher\":{\"@id\":\"https:\\\/\\\/www.avg.eu\\\/de\\\/#organization\"},\"potentialAction\":[{\"@type\":\"SearchAction\",\"target\":{\"@type\":\"EntryPoint\",\"urlTemplate\":\"https:\\\/\\\/www.avg.eu\\\/de\\\/?s={search_term_string}\"},\"query-input\":{\"@type\":\"PropertyValueSpecification\",\"valueRequired\":true,\"valueName\":\"search_term_string\"}}],\"inLanguage\":\"de\"},{\"@type\":\"Organization\",\"@id\":\"https:\\\/\\\/www.avg.eu\\\/de\\\/#organization\",\"name\":\"AVG\",\"url\":\"https:\\\/\\\/www.avg.eu\\\/de\\\/\",\"logo\":{\"@type\":\"ImageObject\",\"inLanguage\":\"de\",\"@id\":\"https:\\\/\\\/www.avg.eu\\\/de\\\/#\\\/schema\\\/logo\\\/image\\\/\",\"url\":\"https:\\\/\\\/www.avg.eu\\\/wp-content\\\/uploads\\\/2024\\\/06\\\/logo-avg-1.png\",\"contentUrl\":\"https:\\\/\\\/www.avg.eu\\\/wp-content\\\/uploads\\\/2024\\\/06\\\/logo-avg-1.png\",\"width\":375,\"height\":219,\"caption\":\"AVG\"},\"image\":{\"@id\":\"https:\\\/\\\/www.avg.eu\\\/de\\\/#\\\/schema\\\/logo\\\/image\\\/\"},\"sameAs\":[\"https:\\\/\\\/www.facebook.com\\\/AVG.Heijen\\\/\",\"https:\\\/\\\/www.instagram.com\\\/avgheijen\\\/\",\"https:\\\/\\\/www.linkedin.com\\\/company\\\/avg-bv\\\/\",\"https:\\\/\\\/www.tiktok.com\\\/@avgheijen\"]}]}<\/script>\n<!-- \/ Yoast SEO plugin. -->","yoast_head_json":{"title":"Kalk kaufen - gel\u00f6schter & gebrannter \u2013 p\u00fcnktliche Lieferung | AVG","description":"Kalk kaufen bei AVG Mineralische Baustoffe: Gel\u00f6schter & gebrannter Kalk, pers\u00f6nliche Beratung & zuverl\u00e4ssige Lieferung f\u00fcr Bau und Industrie.","robots":{"index":"index","follow":"follow","max-snippet":"max-snippet:-1","max-image-preview":"max-image-preview:large","max-video-preview":"max-video-preview:-1"},"canonical":"https:\/\/www.avg.eu\/de\/kalk\/","og_locale":"de_DE","og_type":"article","og_title":"Kalk kaufen - gel\u00f6schter & gebrannter \u2013 p\u00fcnktliche Lieferung | AVG","og_description":"Kalk kaufen bei AVG Mineralische Baustoffe: Gel\u00f6schter & gebrannter Kalk, pers\u00f6nliche Beratung & zuverl\u00e4ssige Lieferung f\u00fcr Bau und Industrie.","og_url":"https:\/\/www.avg.eu\/de\/kalk\/","og_site_name":"AVG","article_publisher":"https:\/\/www.facebook.com\/AVG.Heijen\/","article_modified_time":"2025-11-03T14:40:59+00:00","og_image":[{"width":1152,"height":768,"url":"https:\/\/www.avg.eu\/wp-content\/uploads\/2025\/07\/kalk_baustoff_mineralischer_silofahrzeug_6-1.jpg","type":"image\/jpeg"}],"twitter_card":"summary_large_image","twitter_misc":{"Gesch\u00e4tzte Lesezeit":"8\u00a0Minuten"},"schema":{"@context":"https:\/\/schema.org","@graph":[{"@type":"WebPage","@id":"https:\/\/www.avg.eu\/de\/kalk\/","url":"https:\/\/www.avg.eu\/de\/kalk\/","name":"Kalk kaufen - gel\u00f6schter & gebrannter \u2013 p\u00fcnktliche Lieferung | AVG","isPartOf":{"@id":"https:\/\/www.avg.eu\/de\/#website"},"primaryImageOfPage":{"@id":"https:\/\/www.avg.eu\/de\/kalk\/#primaryimage"},"image":{"@id":"https:\/\/www.avg.eu\/de\/kalk\/#primaryimage"},"thumbnailUrl":"https:\/\/www.avg.eu\/wp-content\/uploads\/2025\/07\/kalk_baustoff_mineralischer_silofahrzeug_6-1.jpg","datePublished":"2025-07-30T12:07:10+00:00","dateModified":"2025-11-03T14:40:59+00:00","description":"Kalk kaufen bei AVG Mineralische Baustoffe: Gel\u00f6schter & gebrannter Kalk, pers\u00f6nliche Beratung & zuverl\u00e4ssige Lieferung f\u00fcr Bau und Industrie.","breadcrumb":{"@id":"https:\/\/www.avg.eu\/de\/kalk\/#breadcrumb"},"inLanguage":"de","potentialAction":[{"@type":"ReadAction","target":["https:\/\/www.avg.eu\/de\/kalk\/"]}]},{"@type":"ImageObject","inLanguage":"de","@id":"https:\/\/www.avg.eu\/de\/kalk\/#primaryimage","url":"https:\/\/www.avg.eu\/wp-content\/uploads\/2025\/07\/kalk_baustoff_mineralischer_silofahrzeug_6-1.jpg","contentUrl":"https:\/\/www.avg.eu\/wp-content\/uploads\/2025\/07\/kalk_baustoff_mineralischer_silofahrzeug_6-1.jpg","width":1152,"height":768},{"@type":"BreadcrumbList","@id":"https:\/\/www.avg.eu\/de\/kalk\/#breadcrumb","itemListElement":[{"@type":"ListItem","position":1,"name":"Home","item":"https:\/\/www.avg.eu\/"},{"@type":"ListItem","position":2,"name":"Kalk"}]},{"@type":"WebSite","@id":"https:\/\/www.avg.eu\/de\/#website","url":"https:\/\/www.avg.eu\/de\/","name":"AVG","description":"","publisher":{"@id":"https:\/\/www.avg.eu\/de\/#organization"},"potentialAction":[{"@type":"SearchAction","target":{"@type":"EntryPoint","urlTemplate":"https:\/\/www.avg.eu\/de\/?s={search_term_string}"},"query-input":{"@type":"PropertyValueSpecification","valueRequired":true,"valueName":"search_term_string"}}],"inLanguage":"de"},{"@type":"Organization","@id":"https:\/\/www.avg.eu\/de\/#organization","name":"AVG","url":"https:\/\/www.avg.eu\/de\/","logo":{"@type":"ImageObject","inLanguage":"de","@id":"https:\/\/www.avg.eu\/de\/#\/schema\/logo\/image\/","url":"https:\/\/www.avg.eu\/wp-content\/uploads\/2024\/06\/logo-avg-1.png","contentUrl":"https:\/\/www.avg.eu\/wp-content\/uploads\/2024\/06\/logo-avg-1.png","width":375,"height":219,"caption":"AVG"},"image":{"@id":"https:\/\/www.avg.eu\/de\/#\/schema\/logo\/image\/"},"sameAs":["https:\/\/www.facebook.com\/AVG.Heijen\/","https:\/\/www.instagram.com\/avgheijen\/","https:\/\/www.linkedin.com\/company\/avg-bv\/","https:\/\/www.tiktok.com\/@avgheijen"]}]}},"_links":{"self":[{"href":"https:\/\/www.avg.eu\/de\/wp-json\/wp\/v2\/product\/19769","targetHints":{"allow":["GET"]}}],"collection":[{"href":"https:\/\/www.avg.eu\/de\/wp-json\/wp\/v2\/product"}],"about":[{"href":"https:\/\/www.avg.eu\/de\/wp-json\/wp\/v2\/types\/product"}],"version-history":[{"count":5,"href":"https:\/\/www.avg.eu\/de\/wp-json\/wp\/v2\/product\/19769\/revisions"}],"predecessor-version":[{"id":23869,"href":"https:\/\/www.avg.eu\/de\/wp-json\/wp\/v2\/product\/19769\/revisions\/23869"}],"wp:featuredmedia":[{"embeddable":true,"href":"https:\/\/www.avg.eu\/de\/wp-json\/wp\/v2\/media\/20104"}],"wp:attachment":[{"href":"https:\/\/www.avg.eu\/de\/wp-json\/wp\/v2\/media?parent=19769"}],"wp:term":[{"taxonomy":"category","embeddable":true,"href":"https:\/\/www.avg.eu\/de\/wp-json\/wp\/v2\/categories?post=19769"}],"curies":[{"name":"wp","href":"https:\/\/api.w.org\/{rel}","templated":true}]}}