{"id":9232,"date":"2023-12-15T10:40:24","date_gmt":"2023-12-15T10:40:24","guid":{"rendered":"https:\/\/www.avg.eu\/?post_type=nieuws&#038;p=9232"},"modified":"2025-09-22T11:43:13","modified_gmt":"2025-09-22T11:43:13","slug":"avg-setzt-auf-nachhaltigkeit-im-transport","status":"publish","type":"nieuws","link":"https:\/\/www.avg.eu\/de\/nachhaltigkeit-im-transportwesen-investitionen-in-elektrische-fahrmischer-und-hybridtechnologien\/","title":{"rendered":"Nachhaltigkeit im Transportwesen \u2013 Investitionen in elektrische Fahrmischer und Hybridtechnologien"},"content":{"rendered":"\t\t<div data-elementor-type=\"wp-post\" data-elementor-id=\"9232\" class=\"elementor elementor-9232 elementor-9231\" data-elementor-post-type=\"nieuws\">\n\t\t\t\t<div class=\"elementor-element elementor-element-d90a723 margin-top-2 default-padding-left-right e-flex e-con-boxed e-con e-parent\" data-id=\"d90a723\" data-element_type=\"container\" data-e-type=\"container\">\n\t\t\t\t\t<div class=\"e-con-inner\">\n\t\t\t\t<div class=\"elementor-element elementor-element-8c61341 elementor-widget elementor-widget-text-editor\" data-id=\"8c61341\" data-element_type=\"widget\" data-e-type=\"widget\" data-widget_type=\"text-editor.default\">\n\t\t\t\t\t\t\t\t\t<div><div class='breadcrumb'><a href='https:\/\/www.avg.eu\/de\/'>Home<\/a> > <a href='https:\/\/www.avg.eu\/de\/aktuelles'>Aktuelles<\/a> > Nachhaltigkeit im Transportwesen \u2013 Investitionen in elektrische Fahrmischer und Hybridtechnologien<\/div><\/div>\t\t\t\t\t\t\t\t<\/div>\n\t\t\t\t\t<\/div>\n\t\t\t\t<\/div>\n\t\t<div class=\"elementor-element elementor-element-fc1e7ff default-padding-left-right margin-top-4 padding-bottom-6 e-flex e-con-boxed elementor-invisible e-con e-parent\" data-id=\"fc1e7ff\" data-element_type=\"container\" data-e-type=\"container\" data-settings=\"{&quot;animation&quot;:&quot;fadeInUp&quot;,&quot;background_background&quot;:&quot;classic&quot;}\">\n\t\t\t\t\t<div class=\"e-con-inner\">\n\t\t<div class=\"elementor-element elementor-element-90f8623 e-con-full padding-top-4 e-flex e-con e-child\" data-id=\"90f8623\" data-element_type=\"container\" data-e-type=\"container\">\n\t\t\t\t<div class=\"elementor-element elementor-element-a6eb2e8 margin-bottom-3 font-size-4 elementor-widget-mobile__width-initial elementor-widget elementor-widget-heading\" data-id=\"a6eb2e8\" data-element_type=\"widget\" data-e-type=\"widget\" data-widget_type=\"heading.default\">\n\t\t\t\t\t<h1 class=\"elementor-heading-title elementor-size-default\">Nachhaltigkeit im Transportwesen \u2013 Investitionen in elektrische Fahrmischer und Hybridtechnologien<\/h1>\t\t\t\t<\/div>\n\t\t\t\t<div class=\"elementor-element elementor-element-ae90ce8 category-list font-color-1 margin-bottom-3 elementor-widget elementor-widget-text-editor\" data-id=\"ae90ce8\" data-element_type=\"widget\" data-e-type=\"widget\" data-widget_type=\"text-editor.default\">\n\t\t\t\t\t<ul><li class='single-category'>Nachhaltigkeit<\/li><\/ul>\t\t\t\t<p><\/p>\t\t\t\t\t\t\t\t<\/div>\n\t\t\t\t<div class=\"elementor-element elementor-element-7c28335 margin-bottom-3 elementor--h-position-center elementor--v-position-middle elementor-arrows-position-inside elementor-widget elementor-widget-slides\" data-id=\"7c28335\" data-element_type=\"widget\" data-e-type=\"widget\" data-settings=\"{&quot;navigation&quot;:&quot;arrows&quot;,&quot;autoplay&quot;:&quot;yes&quot;,&quot;pause_on_hover&quot;:&quot;yes&quot;,&quot;pause_on_interaction&quot;:&quot;yes&quot;,&quot;autoplay_speed&quot;:5000,&quot;infinite&quot;:&quot;yes&quot;,&quot;transition&quot;:&quot;slide&quot;,&quot;transition_speed&quot;:500}\" data-widget_type=\"slides.default\">\n\t\t\t\t\t\t\t\t\t\t<div class=\"elementor-slides-wrapper elementor-main-swiper swiper\" role=\"region\" aria-roledescription=\"carousel\" aria-label=\"Slides\" dir=\"ltr\" data-animation=\"fadeInUp\">\n\t\t\t\t<div class=\"swiper-wrapper elementor-slides\">\n\t\t\t\t\t\t\t\t\t\t<div class=\"elementor-repeater-item-765b920 swiper-slide\" role=\"group\" aria-roledescription=\"slide\"><div class=\"swiper-slide-bg\" role=\"img\" aria-label=\"Nachhaltiger_Transport_ElektrischerMischer_CO2Reduktion_HVOBrennstoff_Hybrid_Nachhaltigkeit\"><\/div><div class=\"swiper-slide-inner\" ><div class=\"swiper-slide-contents\"><\/div><\/div><\/div><div class=\"elementor-repeater-item-c95aed8 swiper-slide\" role=\"group\" aria-roledescription=\"slide\"><div class=\"swiper-slide-bg\" role=\"img\" aria-label=\"Nachhaltiger_Transport_ElektrischerMischer_CO2Reduktion_HVOBrennstoff_Hybrid_Nachhaltigkeit\"><\/div><div class=\"swiper-slide-inner\" ><div class=\"swiper-slide-contents\"><\/div><\/div><\/div><div class=\"elementor-repeater-item-c793baf swiper-slide\" role=\"group\" aria-roledescription=\"slide\"><div class=\"swiper-slide-bg\" role=\"img\" aria-label=\"Nachhaltiger_Transport_ElektrischerMischer_CO2Reduktion_HVOBrennstoff_Hybrid_Nachhaltigkeit\"><\/div><div class=\"swiper-slide-inner\" ><div class=\"swiper-slide-contents\"><\/div><\/div><\/div>\t\t\t\t<\/div>\n\t\t\t\t\t\t\t\t\t\t\t\t\t\t\t<div class=\"elementor-swiper-button elementor-swiper-button-prev\" role=\"button\" tabindex=\"0\" aria-label=\"Vorheriger Slide\">\n\t\t\t\t\t\t\t<i aria-hidden=\"true\" class=\"eicon-chevron-left\"><\/i>\t\t\t\t\t\t<\/div>\n\t\t\t\t\t\t<div class=\"elementor-swiper-button elementor-swiper-button-next\" role=\"button\" tabindex=\"0\" aria-label=\"N\u00e4chster Slide\">\n\t\t\t\t\t\t\t<i aria-hidden=\"true\" class=\"eicon-chevron-right\"><\/i>\t\t\t\t\t\t<\/div>\n\t\t\t\t\t\t\t\t\t\t\t\t\t\t\t\t\t<\/div>\n\t\t\t\t\t\t\t\t<\/div>\n\t\t\t\t<div class=\"elementor-element elementor-element-ccac20f p-remove-bottom-margin margin-bottom-3 elementor-widget elementor-widget-text-editor\" data-id=\"ccac20f\" data-element_type=\"widget\" data-e-type=\"widget\" data-widget_type=\"text-editor.default\">\n\t\t\t\t\t\t\t\t\t<p><strong>Wir befassen uns kontinuierlich und auf unterschiedlichen Ebenen mit dem Thema Nachhaltigkeit. So haben wir im vergangenen Jahr in gro\u00dfem Ma\u00dfe in die Modernisierung unseres Fuhrparks investiert. Unsere neuen Fahrzeuge sind mit den neuesten Technologien und den kraftstoffsparendsten Motoren ausgestattet, wodurch sich unsere CO\u2082-Bilanz deutlich verbessert.<\/strong><\/p><p>Au\u00dferdem erweitern wir unsere Flotte von 4 auf insgesamt 11 elektrische Fahrmischer. Wir verabschieden uns von alten Dieselmotoren und \u00fcberholen die Mischer von Grund auf, inklusive einer neuen Lackierung und des Einbaus eines elektrischen Antriebs. Auf diese Weise hauchen wir ihnen sozusagen ein zweites Leben ein und leisten einen Beitrag zu einem nachhaltigeren Verkehrssektor.<\/p><p><strong>Senkung der CO\u2082-Emissionen durch HVO<\/strong><br \/>Wir pr\u00fcfen auch die M\u00f6glichkeiten f\u00fcr die Verwendung von HVO (Hydrotreated Vegetable Oil), einem erneuerbaren und klimafreundlichen Kraftstoff. Durch den Einsatz von HVO verringern wir unsere CO\u2082-Emissionen\u00a0und tragen zu einer saubereren Luft und einer besseren Umwelt bei. HVO kann sich positiv auf den Verkehrssektor auswirken, Damit m\u00f6chten wir unseren Beitrag zu dieser Entwicklung leisten.<\/p><p><strong>Test mit Hybrid-Lkw<\/strong><br \/>Vor kurzem haben wir einen zweiw\u00f6chigen Test mit einem Hybrid-Lkw durchgef\u00fchrt, um zu pr\u00fcfen, ob dieser Fahrzeugtyp f\u00fcr unser Familienunternehmen von Interesse sein k\u00f6nnte. Bei diesem Test fuhren wir die gleichen Strecken mit einem normalen neuen Lkw und dem Hybrid-Lkw\u00a0Anschlie\u00dfend verglichen wir den Kraftstoffverbrauch der beiden Fahrzeuge, um die Vorteile der Hybridtechnologie identifizieren zu k\u00f6nnen.<\/p><p><strong>Elektromobilit\u00e4t bietet immer mehr M\u00f6glichkeiten<\/strong><br \/>Ein interessanter Nebeneffekt dieses Tests war, dass wir den Lkw\u00a0ausschlie\u00dflich in Kombination mit unseren elektrischen Mischaufliegern eingesetzt haben, so dass wir unsere Kunden komplett elektrisch anfahren konnten. Der Lkw\u00a0ist sogar in der Lage, vollelektrisch zu fahren.\u00a0Die Entwicklung der Elektromobilit\u00e4t er\u00f6ffnet neue Perspektiven f\u00fcr einen nachhaltigen Transport in unserer Branche.<\/p><p><strong>Nachhaltigkeit spielt im Transportwesen eine wichtige Rolle<\/strong><br \/>Alles in allem spannende Entwicklungen, die zeigen, dass Nachhaltigkeit im Verkehrswesen eine wichtige Rolle spielt. Wir setzen uns weiterhin f\u00fcr eine gr\u00fcnere Zukunft ein und wollen die Einf\u00fchrung und Umsetzung umweltfreundlicher L\u00f6sungen forcieren und weiter testen.<\/p><p><em>Derzeit laufen die Vorbereitungen f\u00fcr ein vollelektrisches Logistikkonzept zwischen unseren Standorten Goch und Rheinberg im Jahr 2024. Weitere Infos folgen!<\/em><\/p><p>Mehr Informationen? <a href=\"https:\/\/www.avg.eu\/de\/kontakt\/\" target=\"_blank\" rel=\"noopener\">Kontaktieren<\/a>\u00a0Sie uns.<\/p>\t\t\t\t\t\t\t\t<\/div>\n\t\t\t\t<div class=\"elementor-element elementor-element-422dba2 elementor-widget elementor-widget-button\" data-id=\"422dba2\" data-element_type=\"widget\" data-e-type=\"widget\" data-widget_type=\"button.default\">\n\t\t\t\t\t\t\t\t\t\t<a class=\"elementor-button elementor-button-link elementor-size-sm\" href=\"https:\/\/www.avg.eu\/de\/aktuelles\/\">\n\t\t\t\t\t\t<span class=\"elementor-button-content-wrapper\">\n\t\t\t\t\t\t\t\t\t<span class=\"elementor-button-text\">Zur\u00fcck zu Aktuelles<\/span>\n\t\t\t\t\t<\/span>\n\t\t\t\t\t<\/a>\n\t\t\t\t\t\t\t\t<\/div>\n\t\t\t\t<\/div>\n\t\t\t\t\t<\/div>\n\t\t\t\t<\/div>\n\t\t\t\t<\/div>\n\t\t","protected":false},"excerpt":{"rendered":"<p>Wir befassen uns kontinuierlich und auf unterschiedlichen Ebenen mit dem Thema Nachhaltigkeit. So haben wir im vergangenen Jahr in gro\u00dfem Ma\u00dfe in die Modernisierung unseres Fuhrparks investiert. Unsere neuen Fahrzeuge sind mit den neuesten Technologien und den kraftstoffsparendsten Motoren ausgestattet, wodurch sich unsere CO\u2082-Bilanz deutlich verbessert.<\/p>\n","protected":false},"featured_media":12050,"template":"elementor_header_footer","meta":{"_acf_changed":false,"inline_featured_image":false,"site-sidebar-layout":"no-sidebar","site-content-layout":"page-builder","ast-site-content-layout":"full-width-container","site-content-style":"default","site-sidebar-style":"default","ast-global-header-display":"","ast-banner-title-visibility":"","ast-main-header-display":"","ast-hfb-above-header-display":"","ast-hfb-below-header-display":"","ast-hfb-mobile-header-display":"","site-post-title":"","ast-breadcrumbs-content":"","ast-featured-img":"disabled","footer-sml-layout":"","ast-disable-related-posts":"","theme-transparent-header-meta":"default","adv-header-id-meta":"","stick-header-meta":"","header-above-stick-meta":"","header-main-stick-meta":"","header-below-stick-meta":"","astra-migrate-meta-layouts":"set","ast-page-background-enabled":"default","ast-page-background-meta":{"desktop":{"background-color":"var(--ast-global-color-4)","background-image":"","background-repeat":"repeat","background-position":"center center","background-size":"auto","background-attachment":"scroll","background-type":"","background-media":"","overlay-type":"","overlay-color":"","overlay-opacity":"","overlay-gradient":""},"tablet":{"background-color":"","background-image":"","background-repeat":"repeat","background-position":"center center","background-size":"auto","background-attachment":"scroll","background-type":"","background-media":"","overlay-type":"","overlay-color":"","overlay-opacity":"","overlay-gradient":""},"mobile":{"background-color":"","background-image":"","background-repeat":"repeat","background-position":"center center","background-size":"auto","background-attachment":"scroll","background-type":"","background-media":"","overlay-type":"","overlay-color":"","overlay-opacity":"","overlay-gradient":""}},"ast-content-background-meta":{"desktop":{"background-color":"var(--ast-global-color-5)","background-image":"","background-repeat":"repeat","background-position":"center center","background-size":"auto","background-attachment":"scroll","background-type":"","background-media":"","overlay-type":"","overlay-color":"","overlay-opacity":"","overlay-gradient":""},"tablet":{"background-color":"var(--ast-global-color-5)","background-image":"","background-repeat":"repeat","background-position":"center center","background-size":"auto","background-attachment":"scroll","background-type":"","background-media":"","overlay-type":"","overlay-color":"","overlay-opacity":"","overlay-gradient":""},"mobile":{"background-color":"var(--ast-global-color-5)","background-image":"","background-repeat":"repeat","background-position":"center center","background-size":"auto","background-attachment":"scroll","background-type":"","background-media":"","overlay-type":"","overlay-color":"","overlay-opacity":"","overlay-gradient":""}}},"categories":[151],"class_list":["post-9232","nieuws","type-nieuws","status-publish","has-post-thumbnail","hentry","category-nachhaltigkeit"],"acf":[],"yoast_head":"<!-- This site is optimized with the Yoast SEO plugin v27.3 - https:\/\/yoast.com\/product\/yoast-seo-wordpress\/ -->\n<title>Nachhaltigkeit im Transport - AVG<\/title>\n<meta name=\"description\" content=\"AVG senkt die CO\u00b2-Emissionen durch den Einsatz von HVO-Diesel. Zust\u00e4zlich sind Hybrid-LKW und ein elektrischer Mischauflieger im Einsatz...\" \/>\n<meta name=\"robots\" content=\"index, follow, max-snippet:-1, max-image-preview:large, max-video-preview:-1\" \/>\n<link rel=\"canonical\" href=\"https:\/\/www.avg.eu\/de\/nachhaltigkeit-im-transportwesen-investitionen-in-elektrische-fahrmischer-und-hybridtechnologien\/\" \/>\n<meta property=\"og:locale\" content=\"de_DE\" \/>\n<meta property=\"og:type\" content=\"article\" \/>\n<meta property=\"og:title\" content=\"Nachhaltigkeit im Transport - AVG\" \/>\n<meta property=\"og:description\" content=\"AVG senkt die CO\u00b2-Emissionen durch den Einsatz von HVO-Diesel. Zust\u00e4zlich sind Hybrid-LKW und ein elektrischer Mischauflieger im Einsatz...\" \/>\n<meta property=\"og:url\" content=\"https:\/\/www.avg.eu\/de\/nachhaltigkeit-im-transportwesen-investitionen-in-elektrische-fahrmischer-und-hybridtechnologien\/\" \/>\n<meta property=\"og:site_name\" content=\"AVG\" \/>\n<meta property=\"article:publisher\" content=\"https:\/\/www.facebook.com\/AVG.Heijen\/\" \/>\n<meta property=\"article:modified_time\" content=\"2025-09-22T11:43:13+00:00\" \/>\n<meta property=\"og:image\" content=\"https:\/\/www.avg.eu\/wp-content\/uploads\/2025\/02\/Nachhaltiger_Transport_ElektrischerMischer_CO2Reduktion_HVOBrennstoff_Hybrid_Nachhaltigkeit_03.jpg\" \/>\n\t<meta property=\"og:image:width\" content=\"1920\" \/>\n\t<meta property=\"og:image:height\" content=\"1280\" \/>\n\t<meta property=\"og:image:type\" content=\"image\/jpeg\" \/>\n<meta name=\"twitter:card\" content=\"summary_large_image\" \/>\n<meta name=\"twitter:label1\" content=\"Gesch\u00e4tzte Lesezeit\" \/>\n\t<meta name=\"twitter:data1\" content=\"3\u00a0Minuten\" \/>\n<script type=\"application\/ld+json\" class=\"yoast-schema-graph\">{\"@context\":\"https:\\\/\\\/schema.org\",\"@graph\":[{\"@type\":\"WebPage\",\"@id\":\"https:\\\/\\\/www.avg.eu\\\/de\\\/nachhaltigkeit-im-transportwesen-investitionen-in-elektrische-fahrmischer-und-hybridtechnologien\\\/\",\"url\":\"https:\\\/\\\/www.avg.eu\\\/de\\\/nachhaltigkeit-im-transportwesen-investitionen-in-elektrische-fahrmischer-und-hybridtechnologien\\\/\",\"name\":\"Nachhaltigkeit im Transport - AVG\",\"isPartOf\":{\"@id\":\"https:\\\/\\\/www.avg.eu\\\/de\\\/#website\"},\"primaryImageOfPage\":{\"@id\":\"https:\\\/\\\/www.avg.eu\\\/de\\\/nachhaltigkeit-im-transportwesen-investitionen-in-elektrische-fahrmischer-und-hybridtechnologien\\\/#primaryimage\"},\"image\":{\"@id\":\"https:\\\/\\\/www.avg.eu\\\/de\\\/nachhaltigkeit-im-transportwesen-investitionen-in-elektrische-fahrmischer-und-hybridtechnologien\\\/#primaryimage\"},\"thumbnailUrl\":\"https:\\\/\\\/www.avg.eu\\\/wp-content\\\/uploads\\\/2025\\\/02\\\/Nachhaltiger_Transport_ElektrischerMischer_CO2Reduktion_HVOBrennstoff_Hybrid_Nachhaltigkeit_03.jpg\",\"datePublished\":\"2023-12-15T10:40:24+00:00\",\"dateModified\":\"2025-09-22T11:43:13+00:00\",\"description\":\"AVG senkt die CO\u00b2-Emissionen durch den Einsatz von HVO-Diesel. Zust\u00e4zlich sind Hybrid-LKW und ein elektrischer Mischauflieger im Einsatz...\",\"breadcrumb\":{\"@id\":\"https:\\\/\\\/www.avg.eu\\\/de\\\/nachhaltigkeit-im-transportwesen-investitionen-in-elektrische-fahrmischer-und-hybridtechnologien\\\/#breadcrumb\"},\"inLanguage\":\"de\",\"potentialAction\":[{\"@type\":\"ReadAction\",\"target\":[\"https:\\\/\\\/www.avg.eu\\\/de\\\/nachhaltigkeit-im-transportwesen-investitionen-in-elektrische-fahrmischer-und-hybridtechnologien\\\/\"]}]},{\"@type\":\"ImageObject\",\"inLanguage\":\"de\",\"@id\":\"https:\\\/\\\/www.avg.eu\\\/de\\\/nachhaltigkeit-im-transportwesen-investitionen-in-elektrische-fahrmischer-und-hybridtechnologien\\\/#primaryimage\",\"url\":\"https:\\\/\\\/www.avg.eu\\\/wp-content\\\/uploads\\\/2025\\\/02\\\/Nachhaltiger_Transport_ElektrischerMischer_CO2Reduktion_HVOBrennstoff_Hybrid_Nachhaltigkeit_03.jpg\",\"contentUrl\":\"https:\\\/\\\/www.avg.eu\\\/wp-content\\\/uploads\\\/2025\\\/02\\\/Nachhaltiger_Transport_ElektrischerMischer_CO2Reduktion_HVOBrennstoff_Hybrid_Nachhaltigkeit_03.jpg\",\"width\":1920,\"height\":1280,\"caption\":\"Nachhaltiger_Transport_ElektrischerMischer_CO2Reduktion_HVOBrennstoff_Hybrid_Nachhaltigkeit\"},{\"@type\":\"BreadcrumbList\",\"@id\":\"https:\\\/\\\/www.avg.eu\\\/de\\\/nachhaltigkeit-im-transportwesen-investitionen-in-elektrische-fahrmischer-und-hybridtechnologien\\\/#breadcrumb\",\"itemListElement\":[{\"@type\":\"ListItem\",\"position\":1,\"name\":\"Home\",\"item\":\"https:\\\/\\\/www.avg.eu\\\/\"},{\"@type\":\"ListItem\",\"position\":2,\"name\":\"Nachhaltigkeit im Transportwesen \u2013 Investitionen in elektrische Fahrmischer und Hybridtechnologien\"}]},{\"@type\":\"WebSite\",\"@id\":\"https:\\\/\\\/www.avg.eu\\\/de\\\/#website\",\"url\":\"https:\\\/\\\/www.avg.eu\\\/de\\\/\",\"name\":\"AVG\",\"description\":\"\",\"publisher\":{\"@id\":\"https:\\\/\\\/www.avg.eu\\\/de\\\/#organization\"},\"potentialAction\":[{\"@type\":\"SearchAction\",\"target\":{\"@type\":\"EntryPoint\",\"urlTemplate\":\"https:\\\/\\\/www.avg.eu\\\/de\\\/?s={search_term_string}\"},\"query-input\":{\"@type\":\"PropertyValueSpecification\",\"valueRequired\":true,\"valueName\":\"search_term_string\"}}],\"inLanguage\":\"de\"},{\"@type\":\"Organization\",\"@id\":\"https:\\\/\\\/www.avg.eu\\\/de\\\/#organization\",\"name\":\"AVG\",\"url\":\"https:\\\/\\\/www.avg.eu\\\/de\\\/\",\"logo\":{\"@type\":\"ImageObject\",\"inLanguage\":\"de\",\"@id\":\"https:\\\/\\\/www.avg.eu\\\/de\\\/#\\\/schema\\\/logo\\\/image\\\/\",\"url\":\"https:\\\/\\\/www.avg.eu\\\/wp-content\\\/uploads\\\/2024\\\/06\\\/logo-avg-1.png\",\"contentUrl\":\"https:\\\/\\\/www.avg.eu\\\/wp-content\\\/uploads\\\/2024\\\/06\\\/logo-avg-1.png\",\"width\":375,\"height\":219,\"caption\":\"AVG\"},\"image\":{\"@id\":\"https:\\\/\\\/www.avg.eu\\\/de\\\/#\\\/schema\\\/logo\\\/image\\\/\"},\"sameAs\":[\"https:\\\/\\\/www.facebook.com\\\/AVG.Heijen\\\/\",\"https:\\\/\\\/www.instagram.com\\\/avgheijen\\\/\",\"https:\\\/\\\/www.linkedin.com\\\/company\\\/avg-bv\\\/\",\"https:\\\/\\\/www.tiktok.com\\\/@avgheijen\"]}]}<\/script>\n<!-- \/ Yoast SEO plugin. -->","yoast_head_json":{"title":"Nachhaltigkeit im Transport - AVG","description":"AVG senkt die CO\u00b2-Emissionen durch den Einsatz von HVO-Diesel. Zust\u00e4zlich sind Hybrid-LKW und ein elektrischer Mischauflieger im Einsatz...","robots":{"index":"index","follow":"follow","max-snippet":"max-snippet:-1","max-image-preview":"max-image-preview:large","max-video-preview":"max-video-preview:-1"},"canonical":"https:\/\/www.avg.eu\/de\/nachhaltigkeit-im-transportwesen-investitionen-in-elektrische-fahrmischer-und-hybridtechnologien\/","og_locale":"de_DE","og_type":"article","og_title":"Nachhaltigkeit im Transport - AVG","og_description":"AVG senkt die CO\u00b2-Emissionen durch den Einsatz von HVO-Diesel. Zust\u00e4zlich sind Hybrid-LKW und ein elektrischer Mischauflieger im Einsatz...","og_url":"https:\/\/www.avg.eu\/de\/nachhaltigkeit-im-transportwesen-investitionen-in-elektrische-fahrmischer-und-hybridtechnologien\/","og_site_name":"AVG","article_publisher":"https:\/\/www.facebook.com\/AVG.Heijen\/","article_modified_time":"2025-09-22T11:43:13+00:00","og_image":[{"width":1920,"height":1280,"url":"https:\/\/www.avg.eu\/wp-content\/uploads\/2025\/02\/Nachhaltiger_Transport_ElektrischerMischer_CO2Reduktion_HVOBrennstoff_Hybrid_Nachhaltigkeit_03.jpg","type":"image\/jpeg"}],"twitter_card":"summary_large_image","twitter_misc":{"Gesch\u00e4tzte Lesezeit":"3\u00a0Minuten"},"schema":{"@context":"https:\/\/schema.org","@graph":[{"@type":"WebPage","@id":"https:\/\/www.avg.eu\/de\/nachhaltigkeit-im-transportwesen-investitionen-in-elektrische-fahrmischer-und-hybridtechnologien\/","url":"https:\/\/www.avg.eu\/de\/nachhaltigkeit-im-transportwesen-investitionen-in-elektrische-fahrmischer-und-hybridtechnologien\/","name":"Nachhaltigkeit im Transport - AVG","isPartOf":{"@id":"https:\/\/www.avg.eu\/de\/#website"},"primaryImageOfPage":{"@id":"https:\/\/www.avg.eu\/de\/nachhaltigkeit-im-transportwesen-investitionen-in-elektrische-fahrmischer-und-hybridtechnologien\/#primaryimage"},"image":{"@id":"https:\/\/www.avg.eu\/de\/nachhaltigkeit-im-transportwesen-investitionen-in-elektrische-fahrmischer-und-hybridtechnologien\/#primaryimage"},"thumbnailUrl":"https:\/\/www.avg.eu\/wp-content\/uploads\/2025\/02\/Nachhaltiger_Transport_ElektrischerMischer_CO2Reduktion_HVOBrennstoff_Hybrid_Nachhaltigkeit_03.jpg","datePublished":"2023-12-15T10:40:24+00:00","dateModified":"2025-09-22T11:43:13+00:00","description":"AVG senkt die CO\u00b2-Emissionen durch den Einsatz von HVO-Diesel. Zust\u00e4zlich sind Hybrid-LKW und ein elektrischer Mischauflieger im Einsatz...","breadcrumb":{"@id":"https:\/\/www.avg.eu\/de\/nachhaltigkeit-im-transportwesen-investitionen-in-elektrische-fahrmischer-und-hybridtechnologien\/#breadcrumb"},"inLanguage":"de","potentialAction":[{"@type":"ReadAction","target":["https:\/\/www.avg.eu\/de\/nachhaltigkeit-im-transportwesen-investitionen-in-elektrische-fahrmischer-und-hybridtechnologien\/"]}]},{"@type":"ImageObject","inLanguage":"de","@id":"https:\/\/www.avg.eu\/de\/nachhaltigkeit-im-transportwesen-investitionen-in-elektrische-fahrmischer-und-hybridtechnologien\/#primaryimage","url":"https:\/\/www.avg.eu\/wp-content\/uploads\/2025\/02\/Nachhaltiger_Transport_ElektrischerMischer_CO2Reduktion_HVOBrennstoff_Hybrid_Nachhaltigkeit_03.jpg","contentUrl":"https:\/\/www.avg.eu\/wp-content\/uploads\/2025\/02\/Nachhaltiger_Transport_ElektrischerMischer_CO2Reduktion_HVOBrennstoff_Hybrid_Nachhaltigkeit_03.jpg","width":1920,"height":1280,"caption":"Nachhaltiger_Transport_ElektrischerMischer_CO2Reduktion_HVOBrennstoff_Hybrid_Nachhaltigkeit"},{"@type":"BreadcrumbList","@id":"https:\/\/www.avg.eu\/de\/nachhaltigkeit-im-transportwesen-investitionen-in-elektrische-fahrmischer-und-hybridtechnologien\/#breadcrumb","itemListElement":[{"@type":"ListItem","position":1,"name":"Home","item":"https:\/\/www.avg.eu\/"},{"@type":"ListItem","position":2,"name":"Nachhaltigkeit im Transportwesen \u2013 Investitionen in elektrische Fahrmischer und Hybridtechnologien"}]},{"@type":"WebSite","@id":"https:\/\/www.avg.eu\/de\/#website","url":"https:\/\/www.avg.eu\/de\/","name":"AVG","description":"","publisher":{"@id":"https:\/\/www.avg.eu\/de\/#organization"},"potentialAction":[{"@type":"SearchAction","target":{"@type":"EntryPoint","urlTemplate":"https:\/\/www.avg.eu\/de\/?s={search_term_string}"},"query-input":{"@type":"PropertyValueSpecification","valueRequired":true,"valueName":"search_term_string"}}],"inLanguage":"de"},{"@type":"Organization","@id":"https:\/\/www.avg.eu\/de\/#organization","name":"AVG","url":"https:\/\/www.avg.eu\/de\/","logo":{"@type":"ImageObject","inLanguage":"de","@id":"https:\/\/www.avg.eu\/de\/#\/schema\/logo\/image\/","url":"https:\/\/www.avg.eu\/wp-content\/uploads\/2024\/06\/logo-avg-1.png","contentUrl":"https:\/\/www.avg.eu\/wp-content\/uploads\/2024\/06\/logo-avg-1.png","width":375,"height":219,"caption":"AVG"},"image":{"@id":"https:\/\/www.avg.eu\/de\/#\/schema\/logo\/image\/"},"sameAs":["https:\/\/www.facebook.com\/AVG.Heijen\/","https:\/\/www.instagram.com\/avgheijen\/","https:\/\/www.linkedin.com\/company\/avg-bv\/","https:\/\/www.tiktok.com\/@avgheijen"]}]}},"_links":{"self":[{"href":"https:\/\/www.avg.eu\/de\/wp-json\/wp\/v2\/nieuws\/9232","targetHints":{"allow":["GET"]}}],"collection":[{"href":"https:\/\/www.avg.eu\/de\/wp-json\/wp\/v2\/nieuws"}],"about":[{"href":"https:\/\/www.avg.eu\/de\/wp-json\/wp\/v2\/types\/nieuws"}],"version-history":[{"count":5,"href":"https:\/\/www.avg.eu\/de\/wp-json\/wp\/v2\/nieuws\/9232\/revisions"}],"predecessor-version":[{"id":22377,"href":"https:\/\/www.avg.eu\/de\/wp-json\/wp\/v2\/nieuws\/9232\/revisions\/22377"}],"wp:featuredmedia":[{"embeddable":true,"href":"https:\/\/www.avg.eu\/de\/wp-json\/wp\/v2\/media\/12050"}],"wp:attachment":[{"href":"https:\/\/www.avg.eu\/de\/wp-json\/wp\/v2\/media?parent=9232"}],"wp:term":[{"taxonomy":"category","embeddable":true,"href":"https:\/\/www.avg.eu\/de\/wp-json\/wp\/v2\/categories?post=9232"}],"curies":[{"name":"wp","href":"https:\/\/api.w.org\/{rel}","templated":true}]}}