{"id":9117,"date":"2023-07-14T09:50:29","date_gmt":"2023-07-14T09:50:29","guid":{"rendered":"https:\/\/www.avg.eu\/?post_type=nieuws&#038;p=9117"},"modified":"2025-07-17T09:12:01","modified_gmt":"2025-07-17T09:12:01","slug":"das-verhaengnisvolle-erbe-krieges-blindgaenger","status":"publish","type":"nieuws","link":"https:\/\/www.avg.eu\/de\/nieuws\/das-verhaengnisvolle-erbe-krieges\/","title":{"rendered":"Das verh\u00e4ngnisvolle Erbe des Krieges"},"content":{"rendered":"\t\t<div data-elementor-type=\"wp-post\" data-elementor-id=\"9117\" class=\"elementor elementor-9117 elementor-9116\" data-elementor-post-type=\"nieuws\">\n\t\t\t\t<div class=\"elementor-element elementor-element-d90a723 margin-top-2 default-padding-left-right e-flex e-con-boxed e-con e-parent\" data-id=\"d90a723\" data-element_type=\"container\" data-e-type=\"container\">\n\t\t\t\t\t<div class=\"e-con-inner\">\n\t\t\t\t<div class=\"elementor-element elementor-element-8c61341 elementor-widget elementor-widget-text-editor\" data-id=\"8c61341\" data-element_type=\"widget\" data-e-type=\"widget\" data-widget_type=\"text-editor.default\">\n\t\t\t\t\t\t\t\t\t<div><div class='breadcrumb'><a href='https:\/\/www.avg.eu\/de\/'>Home<\/a> > <a href='https:\/\/www.avg.eu\/de\/aktuelles'>Aktuelles<\/a> > Das verh\u00e4ngnisvolle Erbe des Krieges<\/div><\/div>\t\t\t\t\t\t\t\t<\/div>\n\t\t\t\t\t<\/div>\n\t\t\t\t<\/div>\n\t\t<div class=\"elementor-element elementor-element-fc1e7ff default-padding-left-right margin-top-4 padding-bottom-6 e-flex e-con-boxed elementor-invisible e-con e-parent\" data-id=\"fc1e7ff\" data-element_type=\"container\" data-e-type=\"container\" data-settings=\"{&quot;animation&quot;:&quot;fadeInUp&quot;,&quot;background_background&quot;:&quot;classic&quot;}\">\n\t\t\t\t\t<div class=\"e-con-inner\">\n\t\t<div class=\"elementor-element elementor-element-90f8623 e-con-full padding-top-4 e-flex e-con e-child\" data-id=\"90f8623\" data-element_type=\"container\" data-e-type=\"container\">\n\t\t\t\t<div class=\"elementor-element elementor-element-a6eb2e8 margin-bottom-3 font-size-4 elementor-widget-mobile__width-initial elementor-widget elementor-widget-heading\" data-id=\"a6eb2e8\" data-element_type=\"widget\" data-e-type=\"widget\" data-widget_type=\"heading.default\">\n\t\t\t\t\t<h1 class=\"elementor-heading-title elementor-size-default\">Das verh\u00e4ngnisvolle Erbe des Krieges<\/h1>\t\t\t\t<\/div>\n\t\t\t\t<div class=\"elementor-element elementor-element-ae90ce8 category-list font-color-1 margin-bottom-3 elementor-widget elementor-widget-text-editor\" data-id=\"ae90ce8\" data-element_type=\"widget\" data-e-type=\"widget\" data-widget_type=\"text-editor.default\">\n\t\t\t\t\t<ul><li class='single-category'>Geschichte<\/li><\/ul>\t\t\t\t<p><\/p>\t\t\t\t\t\t\t\t<\/div>\n\t\t\t\t<div class=\"elementor-element elementor-element-7c28335 margin-bottom-3 elementor--h-position-center elementor--v-position-middle elementor-arrows-position-inside elementor-widget elementor-widget-slides\" data-id=\"7c28335\" data-element_type=\"widget\" data-e-type=\"widget\" data-settings=\"{&quot;navigation&quot;:&quot;arrows&quot;,&quot;autoplay&quot;:&quot;yes&quot;,&quot;pause_on_hover&quot;:&quot;yes&quot;,&quot;pause_on_interaction&quot;:&quot;yes&quot;,&quot;autoplay_speed&quot;:5000,&quot;infinite&quot;:&quot;yes&quot;,&quot;transition&quot;:&quot;slide&quot;,&quot;transition_speed&quot;:500}\" data-widget_type=\"slides.default\">\n\t\t\t\t\t\t\t\t\t\t<div class=\"elementor-slides-wrapper elementor-main-swiper swiper\" role=\"region\" aria-roledescription=\"carousel\" aria-label=\"Slides\" dir=\"ltr\" data-animation=\"fadeInUp\">\n\t\t\t\t<div class=\"swiper-wrapper elementor-slides\">\n\t\t\t\t\t\t\t\t\t\t<div class=\"elementor-repeater-item-765b920 swiper-slide\" role=\"group\" aria-roledescription=\"slide\"><div class=\"swiper-slide-bg\" role=\"img\" aria-label=\"ZweiterWeltkrieg_Heijen_Flugzeugabstu\u0308rze_Bombardierungen_Munitionsbergung_OperationVeritable\"><\/div><div class=\"swiper-slide-inner\" ><div class=\"swiper-slide-contents\"><\/div><\/div><\/div><div class=\"elementor-repeater-item-c95aed8 swiper-slide\" role=\"group\" aria-roledescription=\"slide\"><div class=\"swiper-slide-bg\" role=\"img\" aria-label=\"ZweiterWeltkrieg_Heijen_Flugzeugabstu\u0308rze_Bombardierungen_Munitionsbergung_OperationVeritable\"><\/div><div class=\"swiper-slide-inner\" ><div class=\"swiper-slide-contents\"><\/div><\/div><\/div>\t\t\t\t<\/div>\n\t\t\t\t\t\t\t\t\t\t\t\t\t\t\t<div class=\"elementor-swiper-button elementor-swiper-button-prev\" role=\"button\" tabindex=\"0\" aria-label=\"Vorheriger Slide\">\n\t\t\t\t\t\t\t<i aria-hidden=\"true\" class=\"eicon-chevron-left\"><\/i>\t\t\t\t\t\t<\/div>\n\t\t\t\t\t\t<div class=\"elementor-swiper-button elementor-swiper-button-next\" role=\"button\" tabindex=\"0\" aria-label=\"N\u00e4chster Slide\">\n\t\t\t\t\t\t\t<i aria-hidden=\"true\" class=\"eicon-chevron-right\"><\/i>\t\t\t\t\t\t<\/div>\n\t\t\t\t\t\t\t\t\t\t\t\t\t\t\t\t\t<\/div>\n\t\t\t\t\t\t\t\t<\/div>\n\t\t\t\t<div class=\"elementor-element elementor-element-ccac20f p-remove-bottom-margin margin-bottom-3 elementor-widget elementor-widget-text-editor\" data-id=\"ccac20f\" data-element_type=\"widget\" data-e-type=\"widget\" data-widget_type=\"text-editor.default\">\n\t\t\t\t\t\t\t\t\t<p><strong>Obwohl der Zweite Weltkrieg nun schon seit 83 Jahren\u00a0<\/strong><strong>vorbei ist, kommen wir bei unserer Arbeit immer noch\u00a0<\/strong><strong>t\u00e4glich mit Spuren und \u00dcberresten aus dieser Zeit in\u00a0<\/strong><strong>Ber\u00fchrung. F\u00fcr uns Grund genug, einen Moment \u00fcber die\u00a0<\/strong><strong>Ereignisse in der Umgebung von Heijen, dem Dorf in der\u00a0<\/strong><strong>Gemeinde Gennep, in dem AVG seit vielen Jahren ans\u00e4ssig ist,\u00a0<\/strong><strong>nachzudenken.<\/strong><\/p><p>Am 10. Mai 1940 fand der deutsche \u00dcberfall auf die Niederlande statt \u2013 und noch am selben Tag \u00fcberquerten deutsche Soldaten die Maas. Einen Tag sp\u00e4ter wurde eine Pontonbr\u00fccke \u00fcber den Fluss gelegt. Obwohl niederl\u00e4ndische Offiziere einen Luftangriff auf diesen Wasser\u00fcbergang forderten, blieb das Bombardement aus.<\/p><p><strong>Flugzeugabst\u00fcrze und Bombenangriffe<\/strong><br \/>W\u00e4hrend des Zweiten Weltkriegs st\u00fcrzten mehrere Flugzeuge in Heijen ab. Zum Beispiel, weil sie von deutschen Flakgesch\u00fctzen oder einem Nachtj\u00e4ger abgeschossen wurden. In der Nacht vom 20. auf den 21. Dezember 1942 st\u00fcrzte ein Wellington-Bomber des Geschwaders 156 in der N\u00e4he der Villa \u201eHelios\u201c in Heijen ab. Dieses Flugzeug hatte an einem Angriff auf Duisburg teilgenommen, kehrte aber, wie elf andere Maschinen, nicht zur\u00fcck.<\/p><p>Der deutsche Pilot Reinhold Knacke schoss den Bomber mit seiner Messerschmitt ab. Die Wellington brannte vollst\u00e4ndig aus, und mehrere Besatzungsmitglieder \u00fcberlebten das Feuer nicht. Sie sind heute auf dem Soldatenfriedhof Jonkerbos in Nimwegen begraben. Im September 1944 st\u00fcrzten drei weitere Flugzeuge ab: eine amerikanische P-51 (Nieuw Erf), eine deutsche Bf 109 (Einde Heesweg) und eine britische Typhoon (Diekendaal).<\/p><p><strong>Die Zeit als Frontdorf<\/strong><br \/>Im Oktober 1944 waren die meisten Einwohner von Heijen evakuiert worden. Im Februar 1945 wurde das Dorf zur Front \u2013 und im Rahmen der Operation \u201eVeritable\u201c durch die Alliierten befreit. Das Ziel der \u201eReichswaldschlacht\u201c bestand darin, das Gebiet zwischen Rhein und Ruhr durch eine Zangenbewegung zu befreien.<\/p><p>Am 12. Februar 1945 stie\u00dfen britische Soldaten der 5th Black Watch auf heftigen Widerstand der deutschen Verteidiger. Sie beschossen ihre Gegner aus H\u00e4usern und Sch\u00fctzengr\u00e4ben, unter anderem am Rijksweg in Heijen. Ein deutsches Maschinengewehr, das aus der Kirche von Heijen feuerte, wurde unsch\u00e4dlich gemacht. Auch in Huize Heijen kam es zu K\u00e4mpfen, bei denen gro\u00dfe Sch\u00e4den entstanden. Die deutschen Truppen setzten in einem Gegenangriff mechanisierte Artillerie ein, jedoch ohne Erfolg. Heijen wurde am 14. Februar 1945 befreit; die deutschen Besatzer wurden in Richtung Afferden zur\u00fcckgedr\u00e4ngt.<\/p><p><strong>Verh\u00e4ngnisvolle Explosion<\/strong><br \/>Der Zweite Weltkrieg hinterlie\u00df in Heijen ein unerw\u00fcnschtes Kriegserbe in Form von Sprengstoffresten. Etwa zehn Prozent der damals eingesetzten Munition waren Blindg\u00e4nger, von denen einige noch heute im niederl\u00e4ndischen Boden liegen. Im Jahr 1980 berichtete die Tageszeitung \u201eLimburgsch dagblad\u201c \u00fcber einen tragischen Unfall. Ein junger Mann war bei einer Granatenexplosion in der N\u00e4he der Maas in Heijen ums Leben gekommen. Er hatte einen r\u00f6hrenf\u00f6rmigen Gegenstand aus einem am Maasufer liegenden Sandhaufen ausgegraben. Anschlie\u00dfend ging er mit dem Gegenstand zum Wasser, um ihn abzusp\u00fclen, woraufhin eine Explosion ihn sofort t\u00f6tete. Die Polizei vermutete, dass es sich um eine Sprenggranate handelte.<\/p><p>Dieses Beispiel zeigt, dass Sprengstoffe aus dem Zweiten Weltkrieg auch heute noch eine Gefahr darstellen. AVG Explosieven Opsporing Nederland tr\u00e4gt durch Voruntersuchungen und das Aufsp\u00fcren von Sprengstoffen dazu bei, die Niederlande jeden Tag ein bisschen sicherer zu machen. Auch in Heijen und Umgebung hat AVG Explosieven Opsporing Nederland mehrere Projekte durchgef\u00fchrt, bei denen Sprengstoffreste aus dem Krieg gefunden wurden.<\/p><p>Mehr Informationen? <a href=\"https:\/\/www.avg.eu\/de\/kontakt\/\" target=\"_blank\" rel=\"noopener\">Kontaktieren<\/a>\u00a0Sie uns.<\/p>\t\t\t\t\t\t\t\t<\/div>\n\t\t\t\t<div class=\"elementor-element elementor-element-422dba2 elementor-widget elementor-widget-button\" data-id=\"422dba2\" data-element_type=\"widget\" data-e-type=\"widget\" data-widget_type=\"button.default\">\n\t\t\t\t\t\t\t\t\t\t<a class=\"elementor-button elementor-button-link elementor-size-sm\" href=\"https:\/\/www.avg.eu\/de\/aktuelles\/\">\n\t\t\t\t\t\t<span class=\"elementor-button-content-wrapper\">\n\t\t\t\t\t\t\t\t\t<span class=\"elementor-button-text\">Zur\u00fcck zu Aktuelles<\/span>\n\t\t\t\t\t<\/span>\n\t\t\t\t\t<\/a>\n\t\t\t\t\t\t\t\t<\/div>\n\t\t\t\t<\/div>\n\t\t\t\t\t<\/div>\n\t\t\t\t<\/div>\n\t\t\t\t<\/div>\n\t\t","protected":false},"excerpt":{"rendered":"<p>Obwohl der Zweite Weltkrieg nun schon seit 83 Jahren vorbei ist, kommen wir bei unserer Arbeit immer noch t\u00e4glich mit Spuren und \u00dcberresten aus dieser Zeit in Ber\u00fchrung. F\u00fcr uns Grund genug, einen Moment \u00fcber die Ereignisse in der Umgebung von Heijen, dem Dorf in der Gemeinde Gennep, in dem AVG seit vielen Jahren ans\u00e4ssig ist, nachzudenken.<\/p>\n","protected":false},"featured_media":12552,"template":"elementor_header_footer","meta":{"_acf_changed":false,"inline_featured_image":false,"site-sidebar-layout":"no-sidebar","site-content-layout":"page-builder","ast-site-content-layout":"full-width-container","site-content-style":"default","site-sidebar-style":"default","ast-global-header-display":"","ast-banner-title-visibility":"","ast-main-header-display":"","ast-hfb-above-header-display":"","ast-hfb-below-header-display":"","ast-hfb-mobile-header-display":"","site-post-title":"","ast-breadcrumbs-content":"","ast-featured-img":"disabled","footer-sml-layout":"","ast-disable-related-posts":"","theme-transparent-header-meta":"default","adv-header-id-meta":"","stick-header-meta":"","header-above-stick-meta":"","header-main-stick-meta":"","header-below-stick-meta":"","astra-migrate-meta-layouts":"set","ast-page-background-enabled":"default","ast-page-background-meta":{"desktop":{"background-color":"var(--ast-global-color-4)","background-image":"","background-repeat":"repeat","background-position":"center center","background-size":"auto","background-attachment":"scroll","background-type":"","background-media":"","overlay-type":"","overlay-color":"","overlay-opacity":"","overlay-gradient":""},"tablet":{"background-color":"","background-image":"","background-repeat":"repeat","background-position":"center center","background-size":"auto","background-attachment":"scroll","background-type":"","background-media":"","overlay-type":"","overlay-color":"","overlay-opacity":"","overlay-gradient":""},"mobile":{"background-color":"","background-image":"","background-repeat":"repeat","background-position":"center center","background-size":"auto","background-attachment":"scroll","background-type":"","background-media":"","overlay-type":"","overlay-color":"","overlay-opacity":"","overlay-gradient":""}},"ast-content-background-meta":{"desktop":{"background-color":"var(--ast-global-color-5)","background-image":"","background-repeat":"repeat","background-position":"center center","background-size":"auto","background-attachment":"scroll","background-type":"","background-media":"","overlay-type":"","overlay-color":"","overlay-opacity":"","overlay-gradient":""},"tablet":{"background-color":"var(--ast-global-color-5)","background-image":"","background-repeat":"repeat","background-position":"center center","background-size":"auto","background-attachment":"scroll","background-type":"","background-media":"","overlay-type":"","overlay-color":"","overlay-opacity":"","overlay-gradient":""},"mobile":{"background-color":"var(--ast-global-color-5)","background-image":"","background-repeat":"repeat","background-position":"center center","background-size":"auto","background-attachment":"scroll","background-type":"","background-media":"","overlay-type":"","overlay-color":"","overlay-opacity":"","overlay-gradient":""}}},"categories":[156],"class_list":["post-9117","nieuws","type-nieuws","status-publish","has-post-thumbnail","hentry","category-geschichte"],"acf":[],"yoast_head":"<!-- This site is optimized with the Yoast SEO plugin v27.3 - https:\/\/yoast.com\/product\/yoast-seo-wordpress\/ -->\n<title>Das verh\u00e4ngnisvolle Erbe des Krieges - AVG entfternt Blindg\u00e4nger<\/title>\n<meta name=\"description\" content=\"AVG Explosieven Opsporing entfernt gef\u00e4hrliche Blindg\u00e4nger in Heijen. Der Zweite Weltkrieg hinterlie\u00df Spuren. Wir sorgen f\u00fcr sichere B\u00f6den...\" \/>\n<meta name=\"robots\" content=\"index, follow, max-snippet:-1, max-image-preview:large, max-video-preview:-1\" \/>\n<link rel=\"canonical\" href=\"https:\/\/www.avg.eu\/de\/nieuws\/das-verhaengnisvolle-erbe-krieges\/\" \/>\n<meta property=\"og:locale\" content=\"de_DE\" \/>\n<meta property=\"og:type\" content=\"article\" \/>\n<meta property=\"og:title\" content=\"Das verh\u00e4ngnisvolle Erbe des Krieges - AVG entfternt Blindg\u00e4nger\" \/>\n<meta property=\"og:description\" content=\"AVG Explosieven Opsporing entfernt gef\u00e4hrliche Blindg\u00e4nger in Heijen. Der Zweite Weltkrieg hinterlie\u00df Spuren. Wir sorgen f\u00fcr sichere B\u00f6den...\" \/>\n<meta property=\"og:url\" content=\"https:\/\/www.avg.eu\/de\/nieuws\/das-verhaengnisvolle-erbe-krieges\/\" \/>\n<meta property=\"og:site_name\" content=\"AVG\" \/>\n<meta property=\"article:publisher\" content=\"https:\/\/www.facebook.com\/AVG.Heijen\/\" \/>\n<meta property=\"article:modified_time\" content=\"2025-07-17T09:12:01+00:00\" \/>\n<meta property=\"og:image\" content=\"https:\/\/www.avg.eu\/wp-content\/uploads\/2025\/02\/ZweiterWeltkrieg_Heijen_Flugzeugabstu\u0308rze_Bombardierungen_Munitionsbergung_OperationVeritable_02.jpg\" \/>\n\t<meta property=\"og:image:width\" content=\"1417\" \/>\n\t<meta property=\"og:image:height\" content=\"1063\" \/>\n\t<meta property=\"og:image:type\" content=\"image\/jpeg\" \/>\n<meta name=\"twitter:card\" content=\"summary_large_image\" \/>\n<meta name=\"twitter:label1\" content=\"Gesch\u00e4tzte Lesezeit\" \/>\n\t<meta name=\"twitter:data1\" content=\"3\u00a0Minuten\" \/>\n<script type=\"application\/ld+json\" class=\"yoast-schema-graph\">{\"@context\":\"https:\\\/\\\/schema.org\",\"@graph\":[{\"@type\":\"WebPage\",\"@id\":\"https:\\\/\\\/www.avg.eu\\\/de\\\/nieuws\\\/das-verhaengnisvolle-erbe-krieges\\\/\",\"url\":\"https:\\\/\\\/www.avg.eu\\\/de\\\/nieuws\\\/das-verhaengnisvolle-erbe-krieges\\\/\",\"name\":\"Das verh\u00e4ngnisvolle Erbe des Krieges - AVG entfternt Blindg\u00e4nger\",\"isPartOf\":{\"@id\":\"https:\\\/\\\/www.avg.eu\\\/de\\\/#website\"},\"primaryImageOfPage\":{\"@id\":\"https:\\\/\\\/www.avg.eu\\\/de\\\/nieuws\\\/das-verhaengnisvolle-erbe-krieges\\\/#primaryimage\"},\"image\":{\"@id\":\"https:\\\/\\\/www.avg.eu\\\/de\\\/nieuws\\\/das-verhaengnisvolle-erbe-krieges\\\/#primaryimage\"},\"thumbnailUrl\":\"https:\\\/\\\/www.avg.eu\\\/wp-content\\\/uploads\\\/2025\\\/02\\\/ZweiterWeltkrieg_Heijen_Flugzeugabstu\u0308rze_Bombardierungen_Munitionsbergung_OperationVeritable_02.jpg\",\"datePublished\":\"2023-07-14T09:50:29+00:00\",\"dateModified\":\"2025-07-17T09:12:01+00:00\",\"description\":\"AVG Explosieven Opsporing entfernt gef\u00e4hrliche Blindg\u00e4nger in Heijen. Der Zweite Weltkrieg hinterlie\u00df Spuren. Wir sorgen f\u00fcr sichere B\u00f6den...\",\"breadcrumb\":{\"@id\":\"https:\\\/\\\/www.avg.eu\\\/de\\\/nieuws\\\/das-verhaengnisvolle-erbe-krieges\\\/#breadcrumb\"},\"inLanguage\":\"de\",\"potentialAction\":[{\"@type\":\"ReadAction\",\"target\":[\"https:\\\/\\\/www.avg.eu\\\/de\\\/nieuws\\\/das-verhaengnisvolle-erbe-krieges\\\/\"]}]},{\"@type\":\"ImageObject\",\"inLanguage\":\"de\",\"@id\":\"https:\\\/\\\/www.avg.eu\\\/de\\\/nieuws\\\/das-verhaengnisvolle-erbe-krieges\\\/#primaryimage\",\"url\":\"https:\\\/\\\/www.avg.eu\\\/wp-content\\\/uploads\\\/2025\\\/02\\\/ZweiterWeltkrieg_Heijen_Flugzeugabstu\u0308rze_Bombardierungen_Munitionsbergung_OperationVeritable_02.jpg\",\"contentUrl\":\"https:\\\/\\\/www.avg.eu\\\/wp-content\\\/uploads\\\/2025\\\/02\\\/ZweiterWeltkrieg_Heijen_Flugzeugabstu\u0308rze_Bombardierungen_Munitionsbergung_OperationVeritable_02.jpg\",\"width\":1417,\"height\":1063,\"caption\":\"ZweiterWeltkrieg_Heijen_Flugzeugabstu\u0308rze_Bombardierungen_Munitionsbergung_OperationVeritable\"},{\"@type\":\"BreadcrumbList\",\"@id\":\"https:\\\/\\\/www.avg.eu\\\/de\\\/nieuws\\\/das-verhaengnisvolle-erbe-krieges\\\/#breadcrumb\",\"itemListElement\":[{\"@type\":\"ListItem\",\"position\":1,\"name\":\"Home\",\"item\":\"https:\\\/\\\/www.avg.eu\\\/\"},{\"@type\":\"ListItem\",\"position\":2,\"name\":\"Das verh\u00e4ngnisvolle Erbe des Krieges\"}]},{\"@type\":\"WebSite\",\"@id\":\"https:\\\/\\\/www.avg.eu\\\/de\\\/#website\",\"url\":\"https:\\\/\\\/www.avg.eu\\\/de\\\/\",\"name\":\"AVG\",\"description\":\"\",\"publisher\":{\"@id\":\"https:\\\/\\\/www.avg.eu\\\/de\\\/#organization\"},\"potentialAction\":[{\"@type\":\"SearchAction\",\"target\":{\"@type\":\"EntryPoint\",\"urlTemplate\":\"https:\\\/\\\/www.avg.eu\\\/de\\\/?s={search_term_string}\"},\"query-input\":{\"@type\":\"PropertyValueSpecification\",\"valueRequired\":true,\"valueName\":\"search_term_string\"}}],\"inLanguage\":\"de\"},{\"@type\":\"Organization\",\"@id\":\"https:\\\/\\\/www.avg.eu\\\/de\\\/#organization\",\"name\":\"AVG\",\"url\":\"https:\\\/\\\/www.avg.eu\\\/de\\\/\",\"logo\":{\"@type\":\"ImageObject\",\"inLanguage\":\"de\",\"@id\":\"https:\\\/\\\/www.avg.eu\\\/de\\\/#\\\/schema\\\/logo\\\/image\\\/\",\"url\":\"https:\\\/\\\/www.avg.eu\\\/wp-content\\\/uploads\\\/2024\\\/06\\\/logo-avg-1.png\",\"contentUrl\":\"https:\\\/\\\/www.avg.eu\\\/wp-content\\\/uploads\\\/2024\\\/06\\\/logo-avg-1.png\",\"width\":375,\"height\":219,\"caption\":\"AVG\"},\"image\":{\"@id\":\"https:\\\/\\\/www.avg.eu\\\/de\\\/#\\\/schema\\\/logo\\\/image\\\/\"},\"sameAs\":[\"https:\\\/\\\/www.facebook.com\\\/AVG.Heijen\\\/\",\"https:\\\/\\\/www.instagram.com\\\/avgheijen\\\/\",\"https:\\\/\\\/www.linkedin.com\\\/company\\\/avg-bv\\\/\",\"https:\\\/\\\/www.tiktok.com\\\/@avgheijen\"]}]}<\/script>\n<!-- \/ Yoast SEO plugin. -->","yoast_head_json":{"title":"Das verh\u00e4ngnisvolle Erbe des Krieges - AVG entfternt Blindg\u00e4nger","description":"AVG Explosieven Opsporing entfernt gef\u00e4hrliche Blindg\u00e4nger in Heijen. Der Zweite Weltkrieg hinterlie\u00df Spuren. Wir sorgen f\u00fcr sichere B\u00f6den...","robots":{"index":"index","follow":"follow","max-snippet":"max-snippet:-1","max-image-preview":"max-image-preview:large","max-video-preview":"max-video-preview:-1"},"canonical":"https:\/\/www.avg.eu\/de\/nieuws\/das-verhaengnisvolle-erbe-krieges\/","og_locale":"de_DE","og_type":"article","og_title":"Das verh\u00e4ngnisvolle Erbe des Krieges - AVG entfternt Blindg\u00e4nger","og_description":"AVG Explosieven Opsporing entfernt gef\u00e4hrliche Blindg\u00e4nger in Heijen. Der Zweite Weltkrieg hinterlie\u00df Spuren. Wir sorgen f\u00fcr sichere B\u00f6den...","og_url":"https:\/\/www.avg.eu\/de\/nieuws\/das-verhaengnisvolle-erbe-krieges\/","og_site_name":"AVG","article_publisher":"https:\/\/www.facebook.com\/AVG.Heijen\/","article_modified_time":"2025-07-17T09:12:01+00:00","og_image":[{"width":1417,"height":1063,"url":"https:\/\/www.avg.eu\/wp-content\/uploads\/2025\/02\/ZweiterWeltkrieg_Heijen_Flugzeugabstu\u0308rze_Bombardierungen_Munitionsbergung_OperationVeritable_02.jpg","type":"image\/jpeg"}],"twitter_card":"summary_large_image","twitter_misc":{"Gesch\u00e4tzte Lesezeit":"3\u00a0Minuten"},"schema":{"@context":"https:\/\/schema.org","@graph":[{"@type":"WebPage","@id":"https:\/\/www.avg.eu\/de\/nieuws\/das-verhaengnisvolle-erbe-krieges\/","url":"https:\/\/www.avg.eu\/de\/nieuws\/das-verhaengnisvolle-erbe-krieges\/","name":"Das verh\u00e4ngnisvolle Erbe des Krieges - AVG entfternt Blindg\u00e4nger","isPartOf":{"@id":"https:\/\/www.avg.eu\/de\/#website"},"primaryImageOfPage":{"@id":"https:\/\/www.avg.eu\/de\/nieuws\/das-verhaengnisvolle-erbe-krieges\/#primaryimage"},"image":{"@id":"https:\/\/www.avg.eu\/de\/nieuws\/das-verhaengnisvolle-erbe-krieges\/#primaryimage"},"thumbnailUrl":"https:\/\/www.avg.eu\/wp-content\/uploads\/2025\/02\/ZweiterWeltkrieg_Heijen_Flugzeugabstu\u0308rze_Bombardierungen_Munitionsbergung_OperationVeritable_02.jpg","datePublished":"2023-07-14T09:50:29+00:00","dateModified":"2025-07-17T09:12:01+00:00","description":"AVG Explosieven Opsporing entfernt gef\u00e4hrliche Blindg\u00e4nger in Heijen. Der Zweite Weltkrieg hinterlie\u00df Spuren. Wir sorgen f\u00fcr sichere B\u00f6den...","breadcrumb":{"@id":"https:\/\/www.avg.eu\/de\/nieuws\/das-verhaengnisvolle-erbe-krieges\/#breadcrumb"},"inLanguage":"de","potentialAction":[{"@type":"ReadAction","target":["https:\/\/www.avg.eu\/de\/nieuws\/das-verhaengnisvolle-erbe-krieges\/"]}]},{"@type":"ImageObject","inLanguage":"de","@id":"https:\/\/www.avg.eu\/de\/nieuws\/das-verhaengnisvolle-erbe-krieges\/#primaryimage","url":"https:\/\/www.avg.eu\/wp-content\/uploads\/2025\/02\/ZweiterWeltkrieg_Heijen_Flugzeugabstu\u0308rze_Bombardierungen_Munitionsbergung_OperationVeritable_02.jpg","contentUrl":"https:\/\/www.avg.eu\/wp-content\/uploads\/2025\/02\/ZweiterWeltkrieg_Heijen_Flugzeugabstu\u0308rze_Bombardierungen_Munitionsbergung_OperationVeritable_02.jpg","width":1417,"height":1063,"caption":"ZweiterWeltkrieg_Heijen_Flugzeugabstu\u0308rze_Bombardierungen_Munitionsbergung_OperationVeritable"},{"@type":"BreadcrumbList","@id":"https:\/\/www.avg.eu\/de\/nieuws\/das-verhaengnisvolle-erbe-krieges\/#breadcrumb","itemListElement":[{"@type":"ListItem","position":1,"name":"Home","item":"https:\/\/www.avg.eu\/"},{"@type":"ListItem","position":2,"name":"Das verh\u00e4ngnisvolle Erbe des Krieges"}]},{"@type":"WebSite","@id":"https:\/\/www.avg.eu\/de\/#website","url":"https:\/\/www.avg.eu\/de\/","name":"AVG","description":"","publisher":{"@id":"https:\/\/www.avg.eu\/de\/#organization"},"potentialAction":[{"@type":"SearchAction","target":{"@type":"EntryPoint","urlTemplate":"https:\/\/www.avg.eu\/de\/?s={search_term_string}"},"query-input":{"@type":"PropertyValueSpecification","valueRequired":true,"valueName":"search_term_string"}}],"inLanguage":"de"},{"@type":"Organization","@id":"https:\/\/www.avg.eu\/de\/#organization","name":"AVG","url":"https:\/\/www.avg.eu\/de\/","logo":{"@type":"ImageObject","inLanguage":"de","@id":"https:\/\/www.avg.eu\/de\/#\/schema\/logo\/image\/","url":"https:\/\/www.avg.eu\/wp-content\/uploads\/2024\/06\/logo-avg-1.png","contentUrl":"https:\/\/www.avg.eu\/wp-content\/uploads\/2024\/06\/logo-avg-1.png","width":375,"height":219,"caption":"AVG"},"image":{"@id":"https:\/\/www.avg.eu\/de\/#\/schema\/logo\/image\/"},"sameAs":["https:\/\/www.facebook.com\/AVG.Heijen\/","https:\/\/www.instagram.com\/avgheijen\/","https:\/\/www.linkedin.com\/company\/avg-bv\/","https:\/\/www.tiktok.com\/@avgheijen"]}]}},"_links":{"self":[{"href":"https:\/\/www.avg.eu\/de\/wp-json\/wp\/v2\/nieuws\/9117","targetHints":{"allow":["GET"]}}],"collection":[{"href":"https:\/\/www.avg.eu\/de\/wp-json\/wp\/v2\/nieuws"}],"about":[{"href":"https:\/\/www.avg.eu\/de\/wp-json\/wp\/v2\/types\/nieuws"}],"version-history":[{"count":5,"href":"https:\/\/www.avg.eu\/de\/wp-json\/wp\/v2\/nieuws\/9117\/revisions"}],"predecessor-version":[{"id":19176,"href":"https:\/\/www.avg.eu\/de\/wp-json\/wp\/v2\/nieuws\/9117\/revisions\/19176"}],"wp:featuredmedia":[{"embeddable":true,"href":"https:\/\/www.avg.eu\/de\/wp-json\/wp\/v2\/media\/12552"}],"wp:attachment":[{"href":"https:\/\/www.avg.eu\/de\/wp-json\/wp\/v2\/media?parent=9117"}],"wp:term":[{"taxonomy":"category","embeddable":true,"href":"https:\/\/www.avg.eu\/de\/wp-json\/wp\/v2\/categories?post=9117"}],"curies":[{"name":"wp","href":"https:\/\/api.w.org\/{rel}","templated":true}]}}