{"id":24662,"date":"2025-12-11T13:09:27","date_gmt":"2025-12-11T13:09:27","guid":{"rendered":"https:\/\/www.avg.eu\/?post_type=nieuws&#038;p=24662"},"modified":"2025-12-11T13:35:40","modified_gmt":"2025-12-11T13:35:40","slug":"jubilaeumsausgabe-des-maasduinen-laufs-ein-grosser-erfolg","status":"publish","type":"nieuws","link":"https:\/\/www.avg.eu\/de\/jubilaumsausgabe-des-maasduinen-laufs-ein-groser-erfolg\/","title":{"rendered":"Jubil\u00e4umsausgabe des Maasduinen-Laufs ein gro\u00dfer Erfolg"},"content":{"rendered":"\t\t<div data-elementor-type=\"wp-post\" data-elementor-id=\"24662\" class=\"elementor elementor-24662 elementor-24661\" data-elementor-post-type=\"nieuws\">\n\t\t\t\t<div class=\"elementor-element elementor-element-d90a723 margin-top-2 default-padding-left-right e-flex e-con-boxed e-con e-parent\" data-id=\"d90a723\" data-element_type=\"container\" data-e-type=\"container\">\n\t\t\t\t\t<div class=\"e-con-inner\">\n\t\t\t\t<div class=\"elementor-element elementor-element-8c61341 elementor-widget elementor-widget-text-editor\" data-id=\"8c61341\" data-element_type=\"widget\" data-e-type=\"widget\" data-widget_type=\"text-editor.default\">\n\t\t\t\t\t\t\t\t\t<div><div class='breadcrumb'><a href='https:\/\/www.avg.eu\/de\/'>Home<\/a> > <a href='https:\/\/www.avg.eu\/de\/aktuelles'>Aktuelles<\/a> > Jubil\u00e4umsausgabe des Maasduinen-Laufs ein gro\u00dfer Erfolg<\/div><\/div>\t\t\t\t\t\t\t\t<\/div>\n\t\t\t\t\t<\/div>\n\t\t\t\t<\/div>\n\t\t<div class=\"elementor-element elementor-element-fc1e7ff default-padding-left-right margin-top-4 padding-bottom-6 e-flex e-con-boxed elementor-invisible e-con e-parent\" data-id=\"fc1e7ff\" data-element_type=\"container\" data-e-type=\"container\" data-settings=\"{&quot;animation&quot;:&quot;fadeInUp&quot;,&quot;background_background&quot;:&quot;classic&quot;}\">\n\t\t\t\t\t<div class=\"e-con-inner\">\n\t\t<div class=\"elementor-element elementor-element-90f8623 e-con-full padding-top-4 e-flex e-con e-child\" data-id=\"90f8623\" data-element_type=\"container\" data-e-type=\"container\">\n\t\t\t\t<div class=\"elementor-element elementor-element-a6eb2e8 margin-bottom-3 font-size-4 elementor-widget-mobile__width-initial elementor-widget elementor-widget-heading\" data-id=\"a6eb2e8\" data-element_type=\"widget\" data-e-type=\"widget\" data-widget_type=\"heading.default\">\n\t\t\t\t\t<h1 class=\"elementor-heading-title elementor-size-default\">Jubil\u00e4umsausgabe des Maasduinen-Laufs ein gro\u00dfer Erfolg<\/h1>\t\t\t\t<\/div>\n\t\t\t\t<div class=\"elementor-element elementor-element-ae90ce8 category-list font-color-1 margin-bottom-3 elementor-widget elementor-widget-text-editor\" data-id=\"ae90ce8\" data-element_type=\"widget\" data-e-type=\"widget\" data-widget_type=\"text-editor.default\">\n\t\t\t\t\t<ul><li class='single-category'>Sozial<\/li><\/ul>\t\t\t\t<p><\/p>\t\t\t\t\t\t\t\t<\/div>\n\t\t\t\t<div class=\"elementor-element elementor-element-7c28335 margin-bottom-3 elementor--h-position-center elementor--v-position-middle elementor-arrows-position-inside elementor-widget elementor-widget-slides\" data-id=\"7c28335\" data-element_type=\"widget\" data-e-type=\"widget\" data-settings=\"{&quot;navigation&quot;:&quot;arrows&quot;,&quot;autoplay&quot;:&quot;yes&quot;,&quot;pause_on_hover&quot;:&quot;yes&quot;,&quot;pause_on_interaction&quot;:&quot;yes&quot;,&quot;autoplay_speed&quot;:5000,&quot;infinite&quot;:&quot;yes&quot;,&quot;transition&quot;:&quot;slide&quot;,&quot;transition_speed&quot;:500}\" data-widget_type=\"slides.default\">\n\t\t\t\t\t\t\t\t\t\t<div class=\"elementor-slides-wrapper elementor-main-swiper swiper\" role=\"region\" aria-roledescription=\"carousel\" aria-label=\"Slides\" dir=\"ltr\" data-animation=\"fadeInUp\">\n\t\t\t\t<div class=\"swiper-wrapper elementor-slides\">\n\t\t\t\t\t\t\t\t\t\t<div class=\"elementor-repeater-item-765b920 swiper-slide\" role=\"group\" aria-roledescription=\"slide\"><div class=\"swiper-slide-bg\" role=\"img\" aria-label=\"Maasduinenlaufs_jubilaum_nationaal_park_Laufen_rekord\"><\/div><div class=\"swiper-slide-inner\" ><div class=\"swiper-slide-contents\"><\/div><\/div><\/div><div class=\"elementor-repeater-item-75c5c52 swiper-slide\" role=\"group\" aria-roledescription=\"slide\"><div class=\"swiper-slide-bg\" role=\"img\" aria-label=\"Maasduinenlaufs_jubilaum_nationaal_park_Laufen_rekord\"><\/div><div class=\"swiper-slide-inner\" ><div class=\"swiper-slide-contents\"><\/div><\/div><\/div><div class=\"elementor-repeater-item-13bf11b swiper-slide\" role=\"group\" aria-roledescription=\"slide\"><div class=\"swiper-slide-bg\" role=\"img\" aria-label=\"Maasduinenlaufs_jubilaum_nationaal_park_Laufen_rekord\"><\/div><div class=\"swiper-slide-inner\" ><div class=\"swiper-slide-contents\"><\/div><\/div><\/div>\t\t\t\t<\/div>\n\t\t\t\t\t\t\t\t\t\t\t\t\t\t\t<div class=\"elementor-swiper-button elementor-swiper-button-prev\" role=\"button\" tabindex=\"0\" aria-label=\"Vorheriger Slide\">\n\t\t\t\t\t\t\t<i aria-hidden=\"true\" class=\"eicon-chevron-left\"><\/i>\t\t\t\t\t\t<\/div>\n\t\t\t\t\t\t<div class=\"elementor-swiper-button elementor-swiper-button-next\" role=\"button\" tabindex=\"0\" aria-label=\"N\u00e4chster Slide\">\n\t\t\t\t\t\t\t<i aria-hidden=\"true\" class=\"eicon-chevron-right\"><\/i>\t\t\t\t\t\t<\/div>\n\t\t\t\t\t\t\t\t\t\t\t\t\t\t\t\t\t<\/div>\n\t\t\t\t\t\t\t\t<\/div>\n\t\t\t\t<div class=\"elementor-element elementor-element-7b6f656 p-remove-bottom-margin margin-bottom-3 elementor-widget elementor-widget-text-editor\" data-id=\"7b6f656\" data-element_type=\"widget\" data-e-type=\"widget\" data-widget_type=\"text-editor.default\">\n\t\t\t\t\t\t\t\t\t<h3><em>Zehnte Ausgabe zieht Rekordzahl an Teilnehmern in den<\/em><br \/><em>Nationalpark De Maasduinen<\/em><\/h3>\t\t\t\t\t\t\t\t<\/div>\n\t\t\t\t<div class=\"elementor-element elementor-element-ccac20f p-remove-bottom-margin margin-bottom-3 elementor-widget elementor-widget-text-editor\" data-id=\"ccac20f\" data-element_type=\"widget\" data-e-type=\"widget\" data-widget_type=\"text-editor.default\">\n\t\t\t\t\t\t\t\t\t<p><strong>Am Samstag, dem 2. November, fand die 10. Ausgabe des Kiwanis Maasduinen-Laufs statt. Mit einer Rekordzahl von 323 Teilnehmern wurde diese Jubil\u00e4umsausgabe zu einem Tag voller Sport, Natur und Verbundenheit. Nat\u00fcrlich war auch AVG wieder mit auf der Strecke.<\/strong><\/p>\t\t\t\t\t\t\t\t<\/div>\n\t\t\t\t<div class=\"elementor-element elementor-element-95f201e p-remove-bottom-margin margin-bottom-3 elementor-widget elementor-widget-text-editor\" data-id=\"95f201e\" data-element_type=\"widget\" data-e-type=\"widget\" data-widget_type=\"text-editor.default\">\n\t\t\t\t\t\t\t\t\t<p>Der Maasduinen-Lauf hat sich mittlerweile zu einem festen Bestandteil des regionalen Sportkalenders entwickelt. Und das aus gutem Grund: Die Strecke schl\u00e4ngelt sich quer durch den wundersch\u00f6nen Nationalpark De Maasduinen \u2013 mit Start und Ziel auf dem malerischen Golfplatz Bleijenbeek in Afferden. Ein Ort, an dem Natur, Geselligkeit und gesunde Bewegung zu einem besonderen Gesamterlebnis verschmelzen.<\/p>\t\t\t\t\t\t\t\t<\/div>\n\t\t\t\t<div class=\"elementor-element elementor-element-7280844 elementor-widget elementor-widget-heading\" data-id=\"7280844\" data-element_type=\"widget\" data-e-type=\"widget\" data-widget_type=\"heading.default\">\n\t\t\t\t\t<h2 class=\"elementor-heading-title elementor-size-default\">Teamgeist bei AVG<\/h2>\t\t\t\t<\/div>\n\t\t\t\t<div class=\"elementor-element elementor-element-d9726ec p-remove-bottom-margin margin-bottom-3 elementor-widget elementor-widget-text-editor\" data-id=\"d9726ec\" data-element_type=\"widget\" data-e-type=\"widget\" data-widget_type=\"text-editor.default\">\n\t\t\t\t\t\t\t\t\t<p data-start=\"867\" data-end=\"1283\">Auch mehrere Kolleginnen und Kollegen von AVG waren am Start. Von links nach rechts: Patrick Janssen (Goch), Marcha van Dijk (Transport), Manon Koks, Loes de Groot, Gerid van de Weegh, Nick Janssen, Katrien Medendorp und Corinne Jaspers. Eine sportliche Leistung, auf die das gesamte Team stolz sein kann!<\/p>\t\t\t\t\t\t\t\t<\/div>\n\t\t\t\t<div class=\"elementor-element elementor-element-1f76506 elementor-widget elementor-widget-heading\" data-id=\"1f76506\" data-element_type=\"widget\" data-e-type=\"widget\" data-widget_type=\"heading.default\">\n\t\t\t\t\t<h2 class=\"elementor-heading-title elementor-size-default\">Neue Strecken und perfekte Wetterbedingungen<\/h2>\t\t\t\t<\/div>\n\t\t\t\t<div class=\"elementor-element elementor-element-76076e9 p-remove-bottom-margin margin-bottom-3 elementor-widget elementor-widget-text-editor\" data-id=\"76076e9\" data-element_type=\"widget\" data-e-type=\"widget\" data-widget_type=\"text-editor.default\">\n\t\t\t\t\t\t\t\t\t<p data-start=\"867\" data-end=\"1283\">Mit neuen Strecken f\u00fcr alle Distanzen, von den fr\u00f6hlichen Kinderl\u00e4ufen bis zum anspruchsvollen 10-Kilometer-Lauf, gab es f\u00fcr jeden L\u00e4ufer etwas Neues zu erleben. Besonders der neue 10-Kilometer-Lauf, der zum ersten Mal aus einer Runde bestand, kam gut an. Der Maasduinen-Lauf ist jedes Jahr ein echtes Gemeinschaftsprojekt: Dank des Einsatzes vieler ehrenamtlicher Helfer und Sponsoren wird die Veranstaltung jedes Mal zu einem Erfolg. AVG leistet gerne einen Beitrag dazu.<\/p>\t\t\t\t\t\t\t\t<\/div>\n\t\t\t\t<div class=\"elementor-element elementor-element-ff61a4c elementor-widget elementor-widget-heading\" data-id=\"ff61a4c\" data-element_type=\"widget\" data-e-type=\"widget\" data-widget_type=\"heading.default\">\n\t\t\t\t\t<h2 class=\"elementor-heading-title elementor-size-default\">Vom Laufen zur Herzensangelegenheit<\/h2>\t\t\t\t<\/div>\n\t\t\t\t<div class=\"elementor-element elementor-element-49b7e44 p-remove-bottom-margin margin-bottom-3 elementor-widget elementor-widget-text-editor\" data-id=\"49b7e44\" data-element_type=\"widget\" data-e-type=\"widget\" data-widget_type=\"text-editor.default\">\n\t\t\t\t\t\t\t\t\t<p>Wie jedes Jahr stand der Lauf nicht nur im Zeichen des Sports, sondern auch der guten Sache. Der gesamte Erl\u00f6s kommt der Stiftung Vincentius Bergen zugute. Die Stiftung unterst\u00fctzt Familien, f\u00fcr die der Beginn des Schuljahres mit all seinen Kosten eine finanzielle Herausforderung darstellt.<\/p><p>Auf die n\u00e4chsten zehn Jahre Maasduinen-Lauf!<\/p>\t\t\t\t\t\t\t\t<\/div>\n\t\t\t\t<div class=\"elementor-element elementor-element-74a52d8 p-remove-bottom-margin margin-bottom-3 elementor-widget elementor-widget-text-editor\" data-id=\"74a52d8\" data-element_type=\"widget\" data-e-type=\"widget\" data-widget_type=\"text-editor.default\">\n\t\t\t\t\t\t\t\t\t<p data-start=\"867\" data-end=\"1283\"><em><strong>Mehr Informationen? Bitte\u00a0<a href=\"https:\/\/www.avg.eu\/de\/kontakt\/\" target=\"_blank\" rel=\"noopener\">kontaktieren<\/a>\u00a0Sie uns.<\/strong><\/em><\/p>\t\t\t\t\t\t\t\t<\/div>\n\t\t\t\t<div class=\"elementor-element elementor-element-422dba2 elementor-widget elementor-widget-button\" data-id=\"422dba2\" data-element_type=\"widget\" data-e-type=\"widget\" data-widget_type=\"button.default\">\n\t\t\t\t\t\t\t\t\t\t<a class=\"elementor-button elementor-button-link elementor-size-sm\" href=\"https:\/\/www.avg.eu\/de\/aktuelles\/\">\n\t\t\t\t\t\t<span class=\"elementor-button-content-wrapper\">\n\t\t\t\t\t\t\t\t\t<span class=\"elementor-button-text\">Zur\u00fcck zu Aktuelles<\/span>\n\t\t\t\t\t<\/span>\n\t\t\t\t\t<\/a>\n\t\t\t\t\t\t\t\t<\/div>\n\t\t\t\t<\/div>\n\t\t\t\t\t<\/div>\n\t\t\t\t<\/div>\n\t\t\t\t<\/div>\n\t\t","protected":false},"excerpt":{"rendered":"<p>Am Samstag, dem 2. November, fand die 10. Ausgabe des Kiwanis Maasduinen-Laufs statt. Mit einer Rekordzahl von 323 Teilnehmern wurde diese Jubil\u00e4umsausgabe zu einem Tag voller Sport, Natur und Verbundenheit. Nat\u00fcrlich war auch AVG wieder mit auf der Strecke.<\/p>\n","protected":false},"featured_media":24680,"template":"elementor_header_footer","meta":{"_acf_changed":false,"inline_featured_image":false,"site-sidebar-layout":"no-sidebar","site-content-layout":"page-builder","ast-site-content-layout":"full-width-container","site-content-style":"default","site-sidebar-style":"default","ast-global-header-display":"","ast-banner-title-visibility":"","ast-main-header-display":"","ast-hfb-above-header-display":"","ast-hfb-below-header-display":"","ast-hfb-mobile-header-display":"","site-post-title":"","ast-breadcrumbs-content":"","ast-featured-img":"disabled","footer-sml-layout":"","ast-disable-related-posts":"","theme-transparent-header-meta":"default","adv-header-id-meta":"","stick-header-meta":"","header-above-stick-meta":"","header-main-stick-meta":"","header-below-stick-meta":"","astra-migrate-meta-layouts":"set","ast-page-background-enabled":"default","ast-page-background-meta":{"desktop":{"background-color":"var(--ast-global-color-4)","background-image":"","background-repeat":"repeat","background-position":"center center","background-size":"auto","background-attachment":"scroll","background-type":"","background-media":"","overlay-type":"","overlay-color":"","overlay-opacity":"","overlay-gradient":""},"tablet":{"background-color":"","background-image":"","background-repeat":"repeat","background-position":"center center","background-size":"auto","background-attachment":"scroll","background-type":"","background-media":"","overlay-type":"","overlay-color":"","overlay-opacity":"","overlay-gradient":""},"mobile":{"background-color":"","background-image":"","background-repeat":"repeat","background-position":"center center","background-size":"auto","background-attachment":"scroll","background-type":"","background-media":"","overlay-type":"","overlay-color":"","overlay-opacity":"","overlay-gradient":""}},"ast-content-background-meta":{"desktop":{"background-color":"var(--ast-global-color-5)","background-image":"","background-repeat":"repeat","background-position":"center center","background-size":"auto","background-attachment":"scroll","background-type":"","background-media":"","overlay-type":"","overlay-color":"","overlay-opacity":"","overlay-gradient":""},"tablet":{"background-color":"var(--ast-global-color-5)","background-image":"","background-repeat":"repeat","background-position":"center center","background-size":"auto","background-attachment":"scroll","background-type":"","background-media":"","overlay-type":"","overlay-color":"","overlay-opacity":"","overlay-gradient":""},"mobile":{"background-color":"var(--ast-global-color-5)","background-image":"","background-repeat":"repeat","background-position":"center center","background-size":"auto","background-attachment":"scroll","background-type":"","background-media":"","overlay-type":"","overlay-color":"","overlay-opacity":"","overlay-gradient":""}}},"categories":[159],"class_list":["post-24662","nieuws","type-nieuws","status-publish","has-post-thumbnail","hentry","category-sozial-de"],"acf":[],"yoast_head":"<!-- This site is optimized with the Yoast SEO plugin v27.3 - https:\/\/yoast.com\/product\/yoast-seo-wordpress\/ -->\n<title>Jubil\u00e4umsausgabe des Maasduinen-Laufs ein gro\u00dfer Erfolg<\/title>\n<meta name=\"description\" content=\"Am Samstag, dem 2. November, fand die 10. Ausgabe des Kiwanis Maasduinen-Laufs statt. Mit einer Rekordzahl von 323 Teilnehmern wurde diese...\" \/>\n<meta name=\"robots\" content=\"index, follow, max-snippet:-1, max-image-preview:large, max-video-preview:-1\" \/>\n<link rel=\"canonical\" href=\"https:\/\/www.avg.eu\/de\/jubilaumsausgabe-des-maasduinen-laufs-ein-groser-erfolg\/\" \/>\n<meta property=\"og:locale\" content=\"de_DE\" \/>\n<meta property=\"og:type\" content=\"article\" \/>\n<meta property=\"og:title\" content=\"Jubil\u00e4umsausgabe des Maasduinen-Laufs ein gro\u00dfer Erfolg\" \/>\n<meta property=\"og:description\" content=\"Am Samstag, dem 2. November, fand die 10. Ausgabe des Kiwanis Maasduinen-Laufs statt. Mit einer Rekordzahl von 323 Teilnehmern wurde diese...\" \/>\n<meta property=\"og:url\" content=\"https:\/\/www.avg.eu\/de\/jubilaumsausgabe-des-maasduinen-laufs-ein-groser-erfolg\/\" \/>\n<meta property=\"og:site_name\" content=\"AVG\" \/>\n<meta property=\"article:publisher\" content=\"https:\/\/www.facebook.com\/AVG.Heijen\/\" \/>\n<meta property=\"article:modified_time\" content=\"2025-12-11T13:35:40+00:00\" \/>\n<meta property=\"og:image\" content=\"https:\/\/www.avg.eu\/wp-content\/uploads\/2025\/12\/Maasduinenlaufs_jubilaum_nationaal_park_Laufen_rekord_01.jpg\" \/>\n\t<meta property=\"og:image:width\" content=\"1500\" \/>\n\t<meta property=\"og:image:height\" content=\"2000\" \/>\n\t<meta property=\"og:image:type\" content=\"image\/jpeg\" \/>\n<meta name=\"twitter:card\" content=\"summary_large_image\" \/>\n<meta name=\"twitter:label1\" content=\"Gesch\u00e4tzte Lesezeit\" \/>\n\t<meta name=\"twitter:data1\" content=\"2\u00a0Minuten\" \/>\n<script type=\"application\/ld+json\" class=\"yoast-schema-graph\">{\"@context\":\"https:\\\/\\\/schema.org\",\"@graph\":[{\"@type\":\"WebPage\",\"@id\":\"https:\\\/\\\/www.avg.eu\\\/de\\\/jubilaumsausgabe-des-maasduinen-laufs-ein-groser-erfolg\\\/\",\"url\":\"https:\\\/\\\/www.avg.eu\\\/de\\\/jubilaumsausgabe-des-maasduinen-laufs-ein-groser-erfolg\\\/\",\"name\":\"Jubil\u00e4umsausgabe des Maasduinen-Laufs ein gro\u00dfer Erfolg\",\"isPartOf\":{\"@id\":\"https:\\\/\\\/www.avg.eu\\\/de\\\/#website\"},\"primaryImageOfPage\":{\"@id\":\"https:\\\/\\\/www.avg.eu\\\/de\\\/jubilaumsausgabe-des-maasduinen-laufs-ein-groser-erfolg\\\/#primaryimage\"},\"image\":{\"@id\":\"https:\\\/\\\/www.avg.eu\\\/de\\\/jubilaumsausgabe-des-maasduinen-laufs-ein-groser-erfolg\\\/#primaryimage\"},\"thumbnailUrl\":\"https:\\\/\\\/www.avg.eu\\\/wp-content\\\/uploads\\\/2025\\\/12\\\/Maasduinenlaufs_jubilaum_nationaal_park_Laufen_rekord_01.jpg\",\"datePublished\":\"2025-12-11T13:09:27+00:00\",\"dateModified\":\"2025-12-11T13:35:40+00:00\",\"description\":\"Am Samstag, dem 2. November, fand die 10. Ausgabe des Kiwanis Maasduinen-Laufs statt. Mit einer Rekordzahl von 323 Teilnehmern wurde diese...\",\"breadcrumb\":{\"@id\":\"https:\\\/\\\/www.avg.eu\\\/de\\\/jubilaumsausgabe-des-maasduinen-laufs-ein-groser-erfolg\\\/#breadcrumb\"},\"inLanguage\":\"de\",\"potentialAction\":[{\"@type\":\"ReadAction\",\"target\":[\"https:\\\/\\\/www.avg.eu\\\/de\\\/jubilaumsausgabe-des-maasduinen-laufs-ein-groser-erfolg\\\/\"]}]},{\"@type\":\"ImageObject\",\"inLanguage\":\"de\",\"@id\":\"https:\\\/\\\/www.avg.eu\\\/de\\\/jubilaumsausgabe-des-maasduinen-laufs-ein-groser-erfolg\\\/#primaryimage\",\"url\":\"https:\\\/\\\/www.avg.eu\\\/wp-content\\\/uploads\\\/2025\\\/12\\\/Maasduinenlaufs_jubilaum_nationaal_park_Laufen_rekord_01.jpg\",\"contentUrl\":\"https:\\\/\\\/www.avg.eu\\\/wp-content\\\/uploads\\\/2025\\\/12\\\/Maasduinenlaufs_jubilaum_nationaal_park_Laufen_rekord_01.jpg\",\"width\":1500,\"height\":2000,\"caption\":\"Maasduinenlaufs_jubilaum_nationaal_park_Laufen_rekord\"},{\"@type\":\"BreadcrumbList\",\"@id\":\"https:\\\/\\\/www.avg.eu\\\/de\\\/jubilaumsausgabe-des-maasduinen-laufs-ein-groser-erfolg\\\/#breadcrumb\",\"itemListElement\":[{\"@type\":\"ListItem\",\"position\":1,\"name\":\"Home\",\"item\":\"https:\\\/\\\/www.avg.eu\\\/\"},{\"@type\":\"ListItem\",\"position\":2,\"name\":\"Jubil\u00e4umsausgabe des Maasduinen-Laufs ein gro\u00dfer Erfolg\"}]},{\"@type\":\"WebSite\",\"@id\":\"https:\\\/\\\/www.avg.eu\\\/de\\\/#website\",\"url\":\"https:\\\/\\\/www.avg.eu\\\/de\\\/\",\"name\":\"AVG\",\"description\":\"\",\"publisher\":{\"@id\":\"https:\\\/\\\/www.avg.eu\\\/de\\\/#organization\"},\"potentialAction\":[{\"@type\":\"SearchAction\",\"target\":{\"@type\":\"EntryPoint\",\"urlTemplate\":\"https:\\\/\\\/www.avg.eu\\\/de\\\/?s={search_term_string}\"},\"query-input\":{\"@type\":\"PropertyValueSpecification\",\"valueRequired\":true,\"valueName\":\"search_term_string\"}}],\"inLanguage\":\"de\"},{\"@type\":\"Organization\",\"@id\":\"https:\\\/\\\/www.avg.eu\\\/de\\\/#organization\",\"name\":\"AVG\",\"url\":\"https:\\\/\\\/www.avg.eu\\\/de\\\/\",\"logo\":{\"@type\":\"ImageObject\",\"inLanguage\":\"de\",\"@id\":\"https:\\\/\\\/www.avg.eu\\\/de\\\/#\\\/schema\\\/logo\\\/image\\\/\",\"url\":\"https:\\\/\\\/www.avg.eu\\\/wp-content\\\/uploads\\\/2024\\\/06\\\/logo-avg-1.png\",\"contentUrl\":\"https:\\\/\\\/www.avg.eu\\\/wp-content\\\/uploads\\\/2024\\\/06\\\/logo-avg-1.png\",\"width\":375,\"height\":219,\"caption\":\"AVG\"},\"image\":{\"@id\":\"https:\\\/\\\/www.avg.eu\\\/de\\\/#\\\/schema\\\/logo\\\/image\\\/\"},\"sameAs\":[\"https:\\\/\\\/www.facebook.com\\\/AVG.Heijen\\\/\",\"https:\\\/\\\/www.instagram.com\\\/avgheijen\\\/\",\"https:\\\/\\\/www.linkedin.com\\\/company\\\/avg-bv\\\/\",\"https:\\\/\\\/www.tiktok.com\\\/@avgheijen\"]}]}<\/script>\n<!-- \/ Yoast SEO plugin. -->","yoast_head_json":{"title":"Jubil\u00e4umsausgabe des Maasduinen-Laufs ein gro\u00dfer Erfolg","description":"Am Samstag, dem 2. November, fand die 10. Ausgabe des Kiwanis Maasduinen-Laufs statt. Mit einer Rekordzahl von 323 Teilnehmern wurde diese...","robots":{"index":"index","follow":"follow","max-snippet":"max-snippet:-1","max-image-preview":"max-image-preview:large","max-video-preview":"max-video-preview:-1"},"canonical":"https:\/\/www.avg.eu\/de\/jubilaumsausgabe-des-maasduinen-laufs-ein-groser-erfolg\/","og_locale":"de_DE","og_type":"article","og_title":"Jubil\u00e4umsausgabe des Maasduinen-Laufs ein gro\u00dfer Erfolg","og_description":"Am Samstag, dem 2. November, fand die 10. Ausgabe des Kiwanis Maasduinen-Laufs statt. Mit einer Rekordzahl von 323 Teilnehmern wurde diese...","og_url":"https:\/\/www.avg.eu\/de\/jubilaumsausgabe-des-maasduinen-laufs-ein-groser-erfolg\/","og_site_name":"AVG","article_publisher":"https:\/\/www.facebook.com\/AVG.Heijen\/","article_modified_time":"2025-12-11T13:35:40+00:00","og_image":[{"width":1500,"height":2000,"url":"https:\/\/www.avg.eu\/wp-content\/uploads\/2025\/12\/Maasduinenlaufs_jubilaum_nationaal_park_Laufen_rekord_01.jpg","type":"image\/jpeg"}],"twitter_card":"summary_large_image","twitter_misc":{"Gesch\u00e4tzte Lesezeit":"2\u00a0Minuten"},"schema":{"@context":"https:\/\/schema.org","@graph":[{"@type":"WebPage","@id":"https:\/\/www.avg.eu\/de\/jubilaumsausgabe-des-maasduinen-laufs-ein-groser-erfolg\/","url":"https:\/\/www.avg.eu\/de\/jubilaumsausgabe-des-maasduinen-laufs-ein-groser-erfolg\/","name":"Jubil\u00e4umsausgabe des Maasduinen-Laufs ein gro\u00dfer Erfolg","isPartOf":{"@id":"https:\/\/www.avg.eu\/de\/#website"},"primaryImageOfPage":{"@id":"https:\/\/www.avg.eu\/de\/jubilaumsausgabe-des-maasduinen-laufs-ein-groser-erfolg\/#primaryimage"},"image":{"@id":"https:\/\/www.avg.eu\/de\/jubilaumsausgabe-des-maasduinen-laufs-ein-groser-erfolg\/#primaryimage"},"thumbnailUrl":"https:\/\/www.avg.eu\/wp-content\/uploads\/2025\/12\/Maasduinenlaufs_jubilaum_nationaal_park_Laufen_rekord_01.jpg","datePublished":"2025-12-11T13:09:27+00:00","dateModified":"2025-12-11T13:35:40+00:00","description":"Am Samstag, dem 2. November, fand die 10. Ausgabe des Kiwanis Maasduinen-Laufs statt. Mit einer Rekordzahl von 323 Teilnehmern wurde diese...","breadcrumb":{"@id":"https:\/\/www.avg.eu\/de\/jubilaumsausgabe-des-maasduinen-laufs-ein-groser-erfolg\/#breadcrumb"},"inLanguage":"de","potentialAction":[{"@type":"ReadAction","target":["https:\/\/www.avg.eu\/de\/jubilaumsausgabe-des-maasduinen-laufs-ein-groser-erfolg\/"]}]},{"@type":"ImageObject","inLanguage":"de","@id":"https:\/\/www.avg.eu\/de\/jubilaumsausgabe-des-maasduinen-laufs-ein-groser-erfolg\/#primaryimage","url":"https:\/\/www.avg.eu\/wp-content\/uploads\/2025\/12\/Maasduinenlaufs_jubilaum_nationaal_park_Laufen_rekord_01.jpg","contentUrl":"https:\/\/www.avg.eu\/wp-content\/uploads\/2025\/12\/Maasduinenlaufs_jubilaum_nationaal_park_Laufen_rekord_01.jpg","width":1500,"height":2000,"caption":"Maasduinenlaufs_jubilaum_nationaal_park_Laufen_rekord"},{"@type":"BreadcrumbList","@id":"https:\/\/www.avg.eu\/de\/jubilaumsausgabe-des-maasduinen-laufs-ein-groser-erfolg\/#breadcrumb","itemListElement":[{"@type":"ListItem","position":1,"name":"Home","item":"https:\/\/www.avg.eu\/"},{"@type":"ListItem","position":2,"name":"Jubil\u00e4umsausgabe des Maasduinen-Laufs ein gro\u00dfer Erfolg"}]},{"@type":"WebSite","@id":"https:\/\/www.avg.eu\/de\/#website","url":"https:\/\/www.avg.eu\/de\/","name":"AVG","description":"","publisher":{"@id":"https:\/\/www.avg.eu\/de\/#organization"},"potentialAction":[{"@type":"SearchAction","target":{"@type":"EntryPoint","urlTemplate":"https:\/\/www.avg.eu\/de\/?s={search_term_string}"},"query-input":{"@type":"PropertyValueSpecification","valueRequired":true,"valueName":"search_term_string"}}],"inLanguage":"de"},{"@type":"Organization","@id":"https:\/\/www.avg.eu\/de\/#organization","name":"AVG","url":"https:\/\/www.avg.eu\/de\/","logo":{"@type":"ImageObject","inLanguage":"de","@id":"https:\/\/www.avg.eu\/de\/#\/schema\/logo\/image\/","url":"https:\/\/www.avg.eu\/wp-content\/uploads\/2024\/06\/logo-avg-1.png","contentUrl":"https:\/\/www.avg.eu\/wp-content\/uploads\/2024\/06\/logo-avg-1.png","width":375,"height":219,"caption":"AVG"},"image":{"@id":"https:\/\/www.avg.eu\/de\/#\/schema\/logo\/image\/"},"sameAs":["https:\/\/www.facebook.com\/AVG.Heijen\/","https:\/\/www.instagram.com\/avgheijen\/","https:\/\/www.linkedin.com\/company\/avg-bv\/","https:\/\/www.tiktok.com\/@avgheijen"]}]}},"_links":{"self":[{"href":"https:\/\/www.avg.eu\/de\/wp-json\/wp\/v2\/nieuws\/24662","targetHints":{"allow":["GET"]}}],"collection":[{"href":"https:\/\/www.avg.eu\/de\/wp-json\/wp\/v2\/nieuws"}],"about":[{"href":"https:\/\/www.avg.eu\/de\/wp-json\/wp\/v2\/types\/nieuws"}],"version-history":[{"count":5,"href":"https:\/\/www.avg.eu\/de\/wp-json\/wp\/v2\/nieuws\/24662\/revisions"}],"predecessor-version":[{"id":24687,"href":"https:\/\/www.avg.eu\/de\/wp-json\/wp\/v2\/nieuws\/24662\/revisions\/24687"}],"wp:featuredmedia":[{"embeddable":true,"href":"https:\/\/www.avg.eu\/de\/wp-json\/wp\/v2\/media\/24680"}],"wp:attachment":[{"href":"https:\/\/www.avg.eu\/de\/wp-json\/wp\/v2\/media?parent=24662"}],"wp:term":[{"taxonomy":"category","embeddable":true,"href":"https:\/\/www.avg.eu\/de\/wp-json\/wp\/v2\/categories?post=24662"}],"curies":[{"name":"wp","href":"https:\/\/api.w.org\/{rel}","templated":true}]}}