{"id":22737,"date":"2025-09-21T09:34:31","date_gmt":"2025-09-21T09:34:31","guid":{"rendered":"https:\/\/www.avg.eu\/?post_type=nieuws&#038;p=22737"},"modified":"2025-10-09T09:46:13","modified_gmt":"2025-10-09T09:46:13","slug":"avg-beim-36-truckrun-boxmeer","status":"publish","type":"nieuws","link":"https:\/\/www.avg.eu\/de\/avg-beim-36-truckrun-boxmeer\/","title":{"rendered":"AVG beim 36. Truckrun Boxmeer"},"content":{"rendered":"\t\t<div data-elementor-type=\"wp-post\" data-elementor-id=\"22737\" class=\"elementor elementor-22737 elementor-22736\" data-elementor-post-type=\"nieuws\">\n\t\t\t\t<div class=\"elementor-element elementor-element-d90a723 margin-top-2 default-padding-left-right e-flex e-con-boxed e-con e-parent\" data-id=\"d90a723\" data-element_type=\"container\" data-e-type=\"container\">\n\t\t\t\t\t<div class=\"e-con-inner\">\n\t\t\t\t<div class=\"elementor-element elementor-element-8c61341 elementor-widget elementor-widget-text-editor\" data-id=\"8c61341\" data-element_type=\"widget\" data-e-type=\"widget\" data-widget_type=\"text-editor.default\">\n\t\t\t\t\t\t\t\t\t<div><div class='breadcrumb'><a href='https:\/\/www.avg.eu\/de\/'>Home<\/a> > <a href='https:\/\/www.avg.eu\/de\/aktuelles'>Aktuelles<\/a> > AVG beim 36. Truckrun Boxmeer<\/div><\/div>\t\t\t\t\t\t\t\t<\/div>\n\t\t\t\t\t<\/div>\n\t\t\t\t<\/div>\n\t\t<div class=\"elementor-element elementor-element-fc1e7ff default-padding-left-right margin-top-4 padding-bottom-6 e-flex e-con-boxed elementor-invisible e-con e-parent\" data-id=\"fc1e7ff\" data-element_type=\"container\" data-e-type=\"container\" data-settings=\"{&quot;animation&quot;:&quot;fadeInUp&quot;,&quot;background_background&quot;:&quot;classic&quot;}\">\n\t\t\t\t\t<div class=\"e-con-inner\">\n\t\t<div class=\"elementor-element elementor-element-90f8623 e-con-full padding-top-4 e-flex e-con e-child\" data-id=\"90f8623\" data-element_type=\"container\" data-e-type=\"container\">\n\t\t\t\t<div class=\"elementor-element elementor-element-a6eb2e8 margin-bottom-3 font-size-4 elementor-widget-mobile__width-initial elementor-widget elementor-widget-heading\" data-id=\"a6eb2e8\" data-element_type=\"widget\" data-e-type=\"widget\" data-widget_type=\"heading.default\">\n\t\t\t\t\t<h1 class=\"elementor-heading-title elementor-size-default\">AVG beim 36. Truckrun Boxmeer<\/h1>\t\t\t\t<\/div>\n\t\t\t\t<div class=\"elementor-element elementor-element-ae90ce8 category-list font-color-1 margin-bottom-3 elementor-widget elementor-widget-text-editor\" data-id=\"ae90ce8\" data-element_type=\"widget\" data-e-type=\"widget\" data-widget_type=\"text-editor.default\">\n\t\t\t\t\t<ul><li class='single-category'>Sozial<\/li><\/ul>\t\t\t\t<p><\/p>\t\t\t\t\t\t\t\t<\/div>\n\t\t\t\t<div class=\"elementor-element elementor-element-7c28335 margin-bottom-3 elementor--h-position-center elementor--v-position-middle elementor-arrows-position-inside elementor-widget elementor-widget-slides\" data-id=\"7c28335\" data-element_type=\"widget\" data-e-type=\"widget\" data-settings=\"{&quot;navigation&quot;:&quot;arrows&quot;,&quot;autoplay&quot;:&quot;yes&quot;,&quot;pause_on_hover&quot;:&quot;yes&quot;,&quot;pause_on_interaction&quot;:&quot;yes&quot;,&quot;autoplay_speed&quot;:5000,&quot;infinite&quot;:&quot;yes&quot;,&quot;transition&quot;:&quot;slide&quot;,&quot;transition_speed&quot;:500}\" data-widget_type=\"slides.default\">\n\t\t\t\t\t\t\t\t\t\t<div class=\"elementor-slides-wrapper elementor-main-swiper swiper\" role=\"region\" aria-roledescription=\"carousel\" aria-label=\"Slides\" dir=\"ltr\" data-animation=\"fadeInUp\">\n\t\t\t\t<div class=\"swiper-wrapper elementor-slides\">\n\t\t\t\t\t\t\t\t\t\t<div class=\"elementor-repeater-item-765b920 swiper-slide\" role=\"group\" aria-roledescription=\"slide\"><div class=\"swiper-slide-bg\" role=\"img\" aria-label=\"AVG_Truckrun_Boxmeer_Veranstaltung_Lastwagen_Niederlande\"><\/div><div class=\"swiper-slide-inner\" ><div class=\"swiper-slide-contents\"><\/div><\/div><\/div><div class=\"elementor-repeater-item-13bf11b swiper-slide\" role=\"group\" aria-roledescription=\"slide\"><div class=\"swiper-slide-bg\" role=\"img\" aria-label=\"AVG_Truckrun_Boxmeer_Veranstaltung_Lastwagen_Niederlande\"><\/div><div class=\"swiper-slide-inner\" ><div class=\"swiper-slide-contents\"><\/div><\/div><\/div>\t\t\t\t<\/div>\n\t\t\t\t\t\t\t\t\t\t\t\t\t\t\t<div class=\"elementor-swiper-button elementor-swiper-button-prev\" role=\"button\" tabindex=\"0\" aria-label=\"Vorheriger Slide\">\n\t\t\t\t\t\t\t<i aria-hidden=\"true\" class=\"eicon-chevron-left\"><\/i>\t\t\t\t\t\t<\/div>\n\t\t\t\t\t\t<div class=\"elementor-swiper-button elementor-swiper-button-next\" role=\"button\" tabindex=\"0\" aria-label=\"N\u00e4chster Slide\">\n\t\t\t\t\t\t\t<i aria-hidden=\"true\" class=\"eicon-chevron-right\"><\/i>\t\t\t\t\t\t<\/div>\n\t\t\t\t\t\t\t\t\t\t\t\t\t\t\t\t\t<\/div>\n\t\t\t\t\t\t\t\t<\/div>\n\t\t\t\t<div class=\"elementor-element elementor-element-ccac20f p-remove-bottom-margin margin-bottom-3 elementor-widget elementor-widget-text-editor\" data-id=\"ccac20f\" data-element_type=\"widget\" data-e-type=\"widget\" data-widget_type=\"text-editor.default\">\n\t\t\t\t\t\t\t\t\t<p><strong>Am Sonntag, den 21. September, fand in Boxmeer die 36. Ausgabe des Truckrun statt. Dieses j\u00e4hrliche Ereignis ist mittlerweile ein fester Begriff im Land van Cuijk. Jedes Jahr setzen sich \u00fcber 200 Lkw-Fahrer daf\u00fcr ein, Menschen mit Behinderung einen unvergesslichen Tag zu bereiten. Sie nehmen in der Fahrerkabine Platz und fahren gemeinsam in einem beeindruckenden Konvoi von mehr als vierzig Kilometern durch die Region.<\/strong><\/p>\t\t\t\t\t\t\t\t<\/div>\n\t\t\t\t<div class=\"elementor-element elementor-element-9507870 elementor-widget elementor-widget-heading\" data-id=\"9507870\" data-element_type=\"widget\" data-e-type=\"widget\" data-widget_type=\"heading.default\">\n\t\t\t\t\t<h2 class=\"elementor-heading-title elementor-size-default\">Neun Lkw von AVG<\/h2>\t\t\t\t<\/div>\n\t\t\t\t<div class=\"elementor-element elementor-element-95f201e p-remove-bottom-margin margin-bottom-3 elementor-widget elementor-widget-text-editor\" data-id=\"95f201e\" data-element_type=\"widget\" data-e-type=\"widget\" data-widget_type=\"text-editor.default\">\n\t\t\t\t\t\t\t\t\t<p data-start=\"607\" data-end=\"1016\">Auch AVG hat in diesem Jahr mit Stolz ihren Beitrag geleistet. Mit nicht weniger als neun Lkw war unser Unternehmen im Konvoi stark vertreten. Unsere Fahrer fuhren gemeinsam mit den anderen Teilnehmern vom Industriegebiet Saxe Gotha in Boxmeer \u00fcber Ortschaften wie Sint Anthonis, Ledeacker, Wanroij, Mill, Beers, Cuijk, Oeffelt und Beugen, um anschlie\u00dfend wieder nach Boxmeer zur\u00fcckzukehren. Entlang der Strecke standen Zuschauer, von Familie und Freunden bis hin zu zuf\u00e4lligen Passanten. Sie machten die Fahrt sowohl f\u00fcr die Fahrer als auch f\u00fcr die Passagiere zu einem ganz besonderen Erlebnis.<\/p>\t\t\t\t\t\t\t\t<\/div>\n\t\t\t\t<div class=\"elementor-element elementor-element-7d0cfc8 elementor-widget elementor-widget-heading\" data-id=\"7d0cfc8\" data-element_type=\"widget\" data-e-type=\"widget\" data-widget_type=\"heading.default\">\n\t\t\t\t\t<h2 class=\"elementor-heading-title elementor-size-default\">Neun Lkw von AVG<\/h2>\t\t\t\t<\/div>\n\t\t\t\t<div class=\"elementor-element elementor-element-d9726ec p-remove-bottom-margin margin-bottom-3 elementor-widget elementor-widget-text-editor\" data-id=\"d9726ec\" data-element_type=\"widget\" data-e-type=\"widget\" data-widget_type=\"text-editor.default\">\n\t\t\t\t\t\t\t\t\t<p data-start=\"1276\" data-end=\"1575\">Neben den Fahrten mit den Lkw gab es auch hinter den Kulissen vollen Einsatz von AVG. So sorgte unser Fahrer Frans Roelofs mit seiner Begeisterung und seinem Engagement f\u00fcr k\u00f6stliche Wurstbr\u00f6tchen und Hamburger. Damit machte er den Tag nicht nur geselliger, sondern auch besonders schmackhaft. Die Veranstaltung kann nur dank der Unterst\u00fctzung von Freiwilligen, Sponsoren und Unternehmen bestehen, die sich uneigenn\u00fctzig einsetzen. Wir sind stolz darauf, dass AVG mit neun Lkw und dem Einsatz engagierter Teammitglieder erneut zu einem Tag voller gl\u00fccklicher Gesichter und besonderer Erlebnisse beigetragen hat.<\/p>\t\t\t\t\t\t\t\t<\/div>\n\t\t\t\t<div class=\"elementor-element elementor-element-0230755 p-remove-bottom-margin margin-bottom-3 elementor-widget elementor-widget-text-editor\" data-id=\"0230755\" data-element_type=\"widget\" data-e-type=\"widget\" data-widget_type=\"text-editor.default\">\n\t\t\t\t\t\t\t\t\t<p><em><strong>Mehr Informationen? Bitte\u00a0<a href=\"https:\/\/www.avg.eu\/de\/kontakt\/\" target=\"_blank\" rel=\"noopener\">kontaktieren<\/a>\u00a0Sie uns.<\/strong><\/em><\/p>\t\t\t\t\t\t\t\t<\/div>\n\t\t\t\t<div class=\"elementor-element elementor-element-422dba2 elementor-widget elementor-widget-button\" data-id=\"422dba2\" data-element_type=\"widget\" data-e-type=\"widget\" data-widget_type=\"button.default\">\n\t\t\t\t\t\t\t\t\t\t<a class=\"elementor-button elementor-button-link elementor-size-sm\" href=\"https:\/\/www.avg.eu\/de\/aktuelles\/\">\n\t\t\t\t\t\t<span class=\"elementor-button-content-wrapper\">\n\t\t\t\t\t\t\t\t\t<span class=\"elementor-button-text\">Zur\u00fcck zu Aktuelles<\/span>\n\t\t\t\t\t<\/span>\n\t\t\t\t\t<\/a>\n\t\t\t\t\t\t\t\t<\/div>\n\t\t\t\t<\/div>\n\t\t\t\t\t<\/div>\n\t\t\t\t<\/div>\n\t\t\t\t<\/div>\n\t\t","protected":false},"excerpt":{"rendered":"<p>Am Sonntag, den 21. September, fand in Boxmeer die 36. Ausgabe des Truckrun statt. Dieses j\u00e4hrliche Ereignis ist mittlerweile ein fester Begriff im Land van Cuijk. Jedes Jahr setzen sich \u00fcber 200 Lkw-Fahrer daf\u00fcr ein, Menschen mit Behinderung einen unvergesslichen Tag zu bereiten. Sie nehmen in der Fahrerkabine Platz und fahren gemeinsam in einem beeindruckenden Konvoi von mehr als vierzig Kilometern durch die Region.<\/p>\n","protected":false},"featured_media":22759,"template":"elementor_header_footer","meta":{"_acf_changed":false,"inline_featured_image":false,"site-sidebar-layout":"no-sidebar","site-content-layout":"page-builder","ast-site-content-layout":"full-width-container","site-content-style":"default","site-sidebar-style":"default","ast-global-header-display":"","ast-banner-title-visibility":"","ast-main-header-display":"","ast-hfb-above-header-display":"","ast-hfb-below-header-display":"","ast-hfb-mobile-header-display":"","site-post-title":"","ast-breadcrumbs-content":"","ast-featured-img":"disabled","footer-sml-layout":"","ast-disable-related-posts":"","theme-transparent-header-meta":"default","adv-header-id-meta":"","stick-header-meta":"","header-above-stick-meta":"","header-main-stick-meta":"","header-below-stick-meta":"","astra-migrate-meta-layouts":"set","ast-page-background-enabled":"default","ast-page-background-meta":{"desktop":{"background-color":"var(--ast-global-color-4)","background-image":"","background-repeat":"repeat","background-position":"center center","background-size":"auto","background-attachment":"scroll","background-type":"","background-media":"","overlay-type":"","overlay-color":"","overlay-opacity":"","overlay-gradient":""},"tablet":{"background-color":"","background-image":"","background-repeat":"repeat","background-position":"center center","background-size":"auto","background-attachment":"scroll","background-type":"","background-media":"","overlay-type":"","overlay-color":"","overlay-opacity":"","overlay-gradient":""},"mobile":{"background-color":"","background-image":"","background-repeat":"repeat","background-position":"center center","background-size":"auto","background-attachment":"scroll","background-type":"","background-media":"","overlay-type":"","overlay-color":"","overlay-opacity":"","overlay-gradient":""}},"ast-content-background-meta":{"desktop":{"background-color":"var(--ast-global-color-5)","background-image":"","background-repeat":"repeat","background-position":"center center","background-size":"auto","background-attachment":"scroll","background-type":"","background-media":"","overlay-type":"","overlay-color":"","overlay-opacity":"","overlay-gradient":""},"tablet":{"background-color":"var(--ast-global-color-5)","background-image":"","background-repeat":"repeat","background-position":"center center","background-size":"auto","background-attachment":"scroll","background-type":"","background-media":"","overlay-type":"","overlay-color":"","overlay-opacity":"","overlay-gradient":""},"mobile":{"background-color":"var(--ast-global-color-5)","background-image":"","background-repeat":"repeat","background-position":"center center","background-size":"auto","background-attachment":"scroll","background-type":"","background-media":"","overlay-type":"","overlay-color":"","overlay-opacity":"","overlay-gradient":""}}},"categories":[159],"class_list":["post-22737","nieuws","type-nieuws","status-publish","has-post-thumbnail","hentry","category-sozial-de"],"acf":[],"yoast_head":"<!-- This site is optimized with the Yoast SEO plugin v27.3 - https:\/\/yoast.com\/product\/yoast-seo-wordpress\/ -->\n<title>AVG beim 36. Truckrun Boxmeer<\/title>\n<meta name=\"description\" content=\"Am Sonntag, den 21. September, fand in Boxmeer die 36. Ausgabe des Truckrun statt. Dieses j\u00e4hrliche Ereignis ist mittlerweile ein fester...\" \/>\n<meta name=\"robots\" content=\"index, follow, max-snippet:-1, max-image-preview:large, max-video-preview:-1\" \/>\n<link rel=\"canonical\" href=\"https:\/\/www.avg.eu\/de\/avg-beim-36-truckrun-boxmeer\/\" \/>\n<meta property=\"og:locale\" content=\"de_DE\" \/>\n<meta property=\"og:type\" content=\"article\" \/>\n<meta property=\"og:title\" content=\"AVG beim 36. Truckrun Boxmeer\" \/>\n<meta property=\"og:description\" content=\"Am Sonntag, den 21. September, fand in Boxmeer die 36. Ausgabe des Truckrun statt. Dieses j\u00e4hrliche Ereignis ist mittlerweile ein fester...\" \/>\n<meta property=\"og:url\" content=\"https:\/\/www.avg.eu\/de\/avg-beim-36-truckrun-boxmeer\/\" \/>\n<meta property=\"og:site_name\" content=\"AVG\" \/>\n<meta property=\"article:publisher\" content=\"https:\/\/www.facebook.com\/AVG.Heijen\/\" \/>\n<meta property=\"article:modified_time\" content=\"2025-10-09T09:46:13+00:00\" \/>\n<meta property=\"og:image\" content=\"https:\/\/www.avg.eu\/wp-content\/uploads\/2025\/09\/AVG_Truckrun_Boxmeer_Veranstaltung_Lastwagen_Niederlande_02.jpg\" \/>\n\t<meta property=\"og:image:width\" content=\"2000\" \/>\n\t<meta property=\"og:image:height\" content=\"1333\" \/>\n\t<meta property=\"og:image:type\" content=\"image\/jpeg\" \/>\n<meta name=\"twitter:card\" content=\"summary_large_image\" \/>\n<meta name=\"twitter:label1\" content=\"Gesch\u00e4tzte Lesezeit\" \/>\n\t<meta name=\"twitter:data1\" content=\"2\u00a0Minuten\" \/>\n<script type=\"application\/ld+json\" class=\"yoast-schema-graph\">{\"@context\":\"https:\\\/\\\/schema.org\",\"@graph\":[{\"@type\":\"WebPage\",\"@id\":\"https:\\\/\\\/www.avg.eu\\\/de\\\/avg-beim-36-truckrun-boxmeer\\\/\",\"url\":\"https:\\\/\\\/www.avg.eu\\\/de\\\/avg-beim-36-truckrun-boxmeer\\\/\",\"name\":\"AVG beim 36. Truckrun Boxmeer\",\"isPartOf\":{\"@id\":\"https:\\\/\\\/www.avg.eu\\\/de\\\/#website\"},\"primaryImageOfPage\":{\"@id\":\"https:\\\/\\\/www.avg.eu\\\/de\\\/avg-beim-36-truckrun-boxmeer\\\/#primaryimage\"},\"image\":{\"@id\":\"https:\\\/\\\/www.avg.eu\\\/de\\\/avg-beim-36-truckrun-boxmeer\\\/#primaryimage\"},\"thumbnailUrl\":\"https:\\\/\\\/www.avg.eu\\\/wp-content\\\/uploads\\\/2025\\\/09\\\/AVG_Truckrun_Boxmeer_Veranstaltung_Lastwagen_Niederlande_02.jpg\",\"datePublished\":\"2025-09-21T09:34:31+00:00\",\"dateModified\":\"2025-10-09T09:46:13+00:00\",\"description\":\"Am Sonntag, den 21. September, fand in Boxmeer die 36. Ausgabe des Truckrun statt. Dieses j\u00e4hrliche Ereignis ist mittlerweile ein fester...\",\"breadcrumb\":{\"@id\":\"https:\\\/\\\/www.avg.eu\\\/de\\\/avg-beim-36-truckrun-boxmeer\\\/#breadcrumb\"},\"inLanguage\":\"de\",\"potentialAction\":[{\"@type\":\"ReadAction\",\"target\":[\"https:\\\/\\\/www.avg.eu\\\/de\\\/avg-beim-36-truckrun-boxmeer\\\/\"]}]},{\"@type\":\"ImageObject\",\"inLanguage\":\"de\",\"@id\":\"https:\\\/\\\/www.avg.eu\\\/de\\\/avg-beim-36-truckrun-boxmeer\\\/#primaryimage\",\"url\":\"https:\\\/\\\/www.avg.eu\\\/wp-content\\\/uploads\\\/2025\\\/09\\\/AVG_Truckrun_Boxmeer_Veranstaltung_Lastwagen_Niederlande_02.jpg\",\"contentUrl\":\"https:\\\/\\\/www.avg.eu\\\/wp-content\\\/uploads\\\/2025\\\/09\\\/AVG_Truckrun_Boxmeer_Veranstaltung_Lastwagen_Niederlande_02.jpg\",\"width\":2000,\"height\":1333,\"caption\":\"AVG_Truckrun_Boxmeer_Veranstaltung_Lastwagen_Niederlande\"},{\"@type\":\"BreadcrumbList\",\"@id\":\"https:\\\/\\\/www.avg.eu\\\/de\\\/avg-beim-36-truckrun-boxmeer\\\/#breadcrumb\",\"itemListElement\":[{\"@type\":\"ListItem\",\"position\":1,\"name\":\"Home\",\"item\":\"https:\\\/\\\/www.avg.eu\\\/\"},{\"@type\":\"ListItem\",\"position\":2,\"name\":\"AVG beim 36. Truckrun Boxmeer\"}]},{\"@type\":\"WebSite\",\"@id\":\"https:\\\/\\\/www.avg.eu\\\/de\\\/#website\",\"url\":\"https:\\\/\\\/www.avg.eu\\\/de\\\/\",\"name\":\"AVG\",\"description\":\"\",\"publisher\":{\"@id\":\"https:\\\/\\\/www.avg.eu\\\/de\\\/#organization\"},\"potentialAction\":[{\"@type\":\"SearchAction\",\"target\":{\"@type\":\"EntryPoint\",\"urlTemplate\":\"https:\\\/\\\/www.avg.eu\\\/de\\\/?s={search_term_string}\"},\"query-input\":{\"@type\":\"PropertyValueSpecification\",\"valueRequired\":true,\"valueName\":\"search_term_string\"}}],\"inLanguage\":\"de\"},{\"@type\":\"Organization\",\"@id\":\"https:\\\/\\\/www.avg.eu\\\/de\\\/#organization\",\"name\":\"AVG\",\"url\":\"https:\\\/\\\/www.avg.eu\\\/de\\\/\",\"logo\":{\"@type\":\"ImageObject\",\"inLanguage\":\"de\",\"@id\":\"https:\\\/\\\/www.avg.eu\\\/de\\\/#\\\/schema\\\/logo\\\/image\\\/\",\"url\":\"https:\\\/\\\/www.avg.eu\\\/wp-content\\\/uploads\\\/2024\\\/06\\\/logo-avg-1.png\",\"contentUrl\":\"https:\\\/\\\/www.avg.eu\\\/wp-content\\\/uploads\\\/2024\\\/06\\\/logo-avg-1.png\",\"width\":375,\"height\":219,\"caption\":\"AVG\"},\"image\":{\"@id\":\"https:\\\/\\\/www.avg.eu\\\/de\\\/#\\\/schema\\\/logo\\\/image\\\/\"},\"sameAs\":[\"https:\\\/\\\/www.facebook.com\\\/AVG.Heijen\\\/\",\"https:\\\/\\\/www.instagram.com\\\/avgheijen\\\/\",\"https:\\\/\\\/www.linkedin.com\\\/company\\\/avg-bv\\\/\",\"https:\\\/\\\/www.tiktok.com\\\/@avgheijen\"]}]}<\/script>\n<!-- \/ Yoast SEO plugin. -->","yoast_head_json":{"title":"AVG beim 36. Truckrun Boxmeer","description":"Am Sonntag, den 21. September, fand in Boxmeer die 36. Ausgabe des Truckrun statt. Dieses j\u00e4hrliche Ereignis ist mittlerweile ein fester...","robots":{"index":"index","follow":"follow","max-snippet":"max-snippet:-1","max-image-preview":"max-image-preview:large","max-video-preview":"max-video-preview:-1"},"canonical":"https:\/\/www.avg.eu\/de\/avg-beim-36-truckrun-boxmeer\/","og_locale":"de_DE","og_type":"article","og_title":"AVG beim 36. Truckrun Boxmeer","og_description":"Am Sonntag, den 21. September, fand in Boxmeer die 36. Ausgabe des Truckrun statt. Dieses j\u00e4hrliche Ereignis ist mittlerweile ein fester...","og_url":"https:\/\/www.avg.eu\/de\/avg-beim-36-truckrun-boxmeer\/","og_site_name":"AVG","article_publisher":"https:\/\/www.facebook.com\/AVG.Heijen\/","article_modified_time":"2025-10-09T09:46:13+00:00","og_image":[{"width":2000,"height":1333,"url":"https:\/\/www.avg.eu\/wp-content\/uploads\/2025\/09\/AVG_Truckrun_Boxmeer_Veranstaltung_Lastwagen_Niederlande_02.jpg","type":"image\/jpeg"}],"twitter_card":"summary_large_image","twitter_misc":{"Gesch\u00e4tzte Lesezeit":"2\u00a0Minuten"},"schema":{"@context":"https:\/\/schema.org","@graph":[{"@type":"WebPage","@id":"https:\/\/www.avg.eu\/de\/avg-beim-36-truckrun-boxmeer\/","url":"https:\/\/www.avg.eu\/de\/avg-beim-36-truckrun-boxmeer\/","name":"AVG beim 36. Truckrun Boxmeer","isPartOf":{"@id":"https:\/\/www.avg.eu\/de\/#website"},"primaryImageOfPage":{"@id":"https:\/\/www.avg.eu\/de\/avg-beim-36-truckrun-boxmeer\/#primaryimage"},"image":{"@id":"https:\/\/www.avg.eu\/de\/avg-beim-36-truckrun-boxmeer\/#primaryimage"},"thumbnailUrl":"https:\/\/www.avg.eu\/wp-content\/uploads\/2025\/09\/AVG_Truckrun_Boxmeer_Veranstaltung_Lastwagen_Niederlande_02.jpg","datePublished":"2025-09-21T09:34:31+00:00","dateModified":"2025-10-09T09:46:13+00:00","description":"Am Sonntag, den 21. September, fand in Boxmeer die 36. Ausgabe des Truckrun statt. Dieses j\u00e4hrliche Ereignis ist mittlerweile ein fester...","breadcrumb":{"@id":"https:\/\/www.avg.eu\/de\/avg-beim-36-truckrun-boxmeer\/#breadcrumb"},"inLanguage":"de","potentialAction":[{"@type":"ReadAction","target":["https:\/\/www.avg.eu\/de\/avg-beim-36-truckrun-boxmeer\/"]}]},{"@type":"ImageObject","inLanguage":"de","@id":"https:\/\/www.avg.eu\/de\/avg-beim-36-truckrun-boxmeer\/#primaryimage","url":"https:\/\/www.avg.eu\/wp-content\/uploads\/2025\/09\/AVG_Truckrun_Boxmeer_Veranstaltung_Lastwagen_Niederlande_02.jpg","contentUrl":"https:\/\/www.avg.eu\/wp-content\/uploads\/2025\/09\/AVG_Truckrun_Boxmeer_Veranstaltung_Lastwagen_Niederlande_02.jpg","width":2000,"height":1333,"caption":"AVG_Truckrun_Boxmeer_Veranstaltung_Lastwagen_Niederlande"},{"@type":"BreadcrumbList","@id":"https:\/\/www.avg.eu\/de\/avg-beim-36-truckrun-boxmeer\/#breadcrumb","itemListElement":[{"@type":"ListItem","position":1,"name":"Home","item":"https:\/\/www.avg.eu\/"},{"@type":"ListItem","position":2,"name":"AVG beim 36. Truckrun Boxmeer"}]},{"@type":"WebSite","@id":"https:\/\/www.avg.eu\/de\/#website","url":"https:\/\/www.avg.eu\/de\/","name":"AVG","description":"","publisher":{"@id":"https:\/\/www.avg.eu\/de\/#organization"},"potentialAction":[{"@type":"SearchAction","target":{"@type":"EntryPoint","urlTemplate":"https:\/\/www.avg.eu\/de\/?s={search_term_string}"},"query-input":{"@type":"PropertyValueSpecification","valueRequired":true,"valueName":"search_term_string"}}],"inLanguage":"de"},{"@type":"Organization","@id":"https:\/\/www.avg.eu\/de\/#organization","name":"AVG","url":"https:\/\/www.avg.eu\/de\/","logo":{"@type":"ImageObject","inLanguage":"de","@id":"https:\/\/www.avg.eu\/de\/#\/schema\/logo\/image\/","url":"https:\/\/www.avg.eu\/wp-content\/uploads\/2024\/06\/logo-avg-1.png","contentUrl":"https:\/\/www.avg.eu\/wp-content\/uploads\/2024\/06\/logo-avg-1.png","width":375,"height":219,"caption":"AVG"},"image":{"@id":"https:\/\/www.avg.eu\/de\/#\/schema\/logo\/image\/"},"sameAs":["https:\/\/www.facebook.com\/AVG.Heijen\/","https:\/\/www.instagram.com\/avgheijen\/","https:\/\/www.linkedin.com\/company\/avg-bv\/","https:\/\/www.tiktok.com\/@avgheijen"]}]}},"_links":{"self":[{"href":"https:\/\/www.avg.eu\/de\/wp-json\/wp\/v2\/nieuws\/22737","targetHints":{"allow":["GET"]}}],"collection":[{"href":"https:\/\/www.avg.eu\/de\/wp-json\/wp\/v2\/nieuws"}],"about":[{"href":"https:\/\/www.avg.eu\/de\/wp-json\/wp\/v2\/types\/nieuws"}],"version-history":[{"count":5,"href":"https:\/\/www.avg.eu\/de\/wp-json\/wp\/v2\/nieuws\/22737\/revisions"}],"predecessor-version":[{"id":22768,"href":"https:\/\/www.avg.eu\/de\/wp-json\/wp\/v2\/nieuws\/22737\/revisions\/22768"}],"wp:featuredmedia":[{"embeddable":true,"href":"https:\/\/www.avg.eu\/de\/wp-json\/wp\/v2\/media\/22759"}],"wp:attachment":[{"href":"https:\/\/www.avg.eu\/de\/wp-json\/wp\/v2\/media?parent=22737"}],"wp:term":[{"taxonomy":"category","embeddable":true,"href":"https:\/\/www.avg.eu\/de\/wp-json\/wp\/v2\/categories?post=22737"}],"curies":[{"name":"wp","href":"https:\/\/api.w.org\/{rel}","templated":true}]}}