{"id":22517,"date":"2025-07-01T13:59:45","date_gmt":"2025-07-01T13:59:45","guid":{"rendered":"https:\/\/www.avg.eu\/?post_type=nieuws&#038;p=22517"},"modified":"2025-10-08T14:41:17","modified_gmt":"2025-10-08T14:41:17","slug":"buergermeister-und-beigeordnete-von-gennep-besuchen-avg-gruppe","status":"publish","type":"nieuws","link":"https:\/\/www.avg.eu\/de\/buergermeister-und-beigeordnete-von-gennep-besuchen-avg-gruppe\/","title":{"rendered":"B\u00fcrgermeister und Beigeordnete von Gennep besuchen AVG-Gruppe"},"content":{"rendered":"\t\t<div data-elementor-type=\"wp-post\" data-elementor-id=\"22517\" class=\"elementor elementor-22517 elementor-22516\" data-elementor-post-type=\"nieuws\">\n\t\t\t\t<div class=\"elementor-element elementor-element-d90a723 margin-top-2 default-padding-left-right e-flex e-con-boxed e-con e-parent\" data-id=\"d90a723\" data-element_type=\"container\" data-e-type=\"container\">\n\t\t\t\t\t<div class=\"e-con-inner\">\n\t\t\t\t<div class=\"elementor-element elementor-element-8c61341 elementor-widget elementor-widget-text-editor\" data-id=\"8c61341\" data-element_type=\"widget\" data-e-type=\"widget\" data-widget_type=\"text-editor.default\">\n\t\t\t\t\t\t\t\t\t<div><div class='breadcrumb'><a href='https:\/\/www.avg.eu\/de\/'>Home<\/a> > <a href='https:\/\/www.avg.eu\/de\/aktuelles'>Aktuelles<\/a> > B\u00fcrgermeister und Beigeordnete von Gennep besuchen AVG-Gruppe<\/div><\/div>\t\t\t\t\t\t\t\t<\/div>\n\t\t\t\t\t<\/div>\n\t\t\t\t<\/div>\n\t\t<div class=\"elementor-element elementor-element-fc1e7ff default-padding-left-right margin-top-4 padding-bottom-6 e-flex e-con-boxed elementor-invisible e-con e-parent\" data-id=\"fc1e7ff\" data-element_type=\"container\" data-e-type=\"container\" data-settings=\"{&quot;animation&quot;:&quot;fadeInUp&quot;,&quot;background_background&quot;:&quot;classic&quot;}\">\n\t\t\t\t\t<div class=\"e-con-inner\">\n\t\t<div class=\"elementor-element elementor-element-90f8623 e-con-full padding-top-4 e-flex e-con e-child\" data-id=\"90f8623\" data-element_type=\"container\" data-e-type=\"container\">\n\t\t\t\t<div class=\"elementor-element elementor-element-a6eb2e8 margin-bottom-3 font-size-4 elementor-widget-mobile__width-initial elementor-widget elementor-widget-heading\" data-id=\"a6eb2e8\" data-element_type=\"widget\" data-e-type=\"widget\" data-widget_type=\"heading.default\">\n\t\t\t\t\t<h1 class=\"elementor-heading-title elementor-size-default\">B\u00fcrgermeister und Beigeordnete von Gennep besuchen AVG-Gruppe<\/h1>\t\t\t\t<\/div>\n\t\t\t\t<div class=\"elementor-element elementor-element-ae90ce8 category-list font-color-1 margin-bottom-3 elementor-widget elementor-widget-text-editor\" data-id=\"ae90ce8\" data-element_type=\"widget\" data-e-type=\"widget\" data-widget_type=\"text-editor.default\">\n\t\t\t\t\t<ul><li class='single-category'>Allgemein<\/li><\/ul>\t\t\t\t<p><\/p>\t\t\t\t\t\t\t\t<\/div>\n\t\t\t\t<div class=\"elementor-element elementor-element-7c28335 margin-bottom-3 elementor--h-position-center elementor--v-position-middle elementor-arrows-position-inside elementor-widget elementor-widget-slides\" data-id=\"7c28335\" data-element_type=\"widget\" data-e-type=\"widget\" data-settings=\"{&quot;navigation&quot;:&quot;arrows&quot;,&quot;autoplay&quot;:&quot;yes&quot;,&quot;pause_on_hover&quot;:&quot;yes&quot;,&quot;pause_on_interaction&quot;:&quot;yes&quot;,&quot;autoplay_speed&quot;:5000,&quot;infinite&quot;:&quot;yes&quot;,&quot;transition&quot;:&quot;slide&quot;,&quot;transition_speed&quot;:500}\" data-widget_type=\"slides.default\">\n\t\t\t\t\t\t\t\t\t\t<div class=\"elementor-slides-wrapper elementor-main-swiper swiper\" role=\"region\" aria-roledescription=\"carousel\" aria-label=\"Slides\" dir=\"ltr\" data-animation=\"fadeInUp\">\n\t\t\t\t<div class=\"swiper-wrapper elementor-slides\">\n\t\t\t\t\t\t\t\t\t\t<div class=\"elementor-repeater-item-765b920 swiper-slide\" role=\"group\" aria-roledescription=\"slide\"><div class=\"swiper-slide-bg\" role=\"img\" aria-label=\"AVG_Kollegium_B\u00fcrgermeister_Beigeordnete_Gennep_Besuch_AVG-Gruppe_Gemeinde\"><\/div><div class=\"swiper-slide-inner\" ><div class=\"swiper-slide-contents\"><\/div><\/div><\/div>\t\t\t\t<\/div>\n\t\t\t\t\t\t\t<\/div>\n\t\t\t\t\t\t\t\t<\/div>\n\t\t\t\t<div class=\"elementor-element elementor-element-ccac20f p-remove-bottom-margin margin-bottom-3 elementor-widget elementor-widget-text-editor\" data-id=\"ccac20f\" data-element_type=\"widget\" data-e-type=\"widget\" data-widget_type=\"text-editor.default\">\n\t\t\t\t\t\t\t\t\t<p><strong>Am Dienstag, 1. Juli 2025, statteten der B\u00fcrgermeister und die Beigeordneten der Gemeindeverwaltung Gennep der AVG-Gruppe in Heijen einen Besuch ab. Ziel war es, mehr Einblick in die Unternehmensf\u00fchrung sowie in soziale Initiativen und die Nachhaltigkeitsziele von AVG zu gewinnen. Der Unternehmensbesuch fand bei MPG statt, einem der Unternehmen, an denen AVG zusammen mit Partnern beteiligt ist.<\/strong><\/p>\t\t\t\t\t\t\t\t<\/div>\n\t\t\t\t<div class=\"elementor-element elementor-element-986ef22 elementor-widget elementor-widget-heading\" data-id=\"986ef22\" data-element_type=\"widget\" data-e-type=\"widget\" data-widget_type=\"heading.default\">\n\t\t\t\t\t<h2 class=\"elementor-heading-title elementor-size-default\">AVG-Gruppe und MPG: Unternehmen in der Region<\/h2>\t\t\t\t<\/div>\n\t\t\t\t<div class=\"elementor-element elementor-element-0d11a8b p-remove-bottom-margin margin-bottom-3 elementor-widget elementor-widget-text-editor\" data-id=\"0d11a8b\" data-element_type=\"widget\" data-e-type=\"widget\" data-widget_type=\"text-editor.default\">\n\t\t\t\t\t\t\t\t\t<p data-start=\"761\" data-end=\"1033\">AVG ist seit 105 Jahren in Gennep ans\u00e4ssig und hat sich im Laufe der Jahre als bedeutendes Unternehmen in der Region etabliert. AVG ist in verschiedenen Branchen in den Niederlanden und Deutschland t\u00e4tig und regional vor allem f\u00fcr Beton, Recycling und Transport bekannt. MPG ist j\u00fcnger und produziert und verkauft Baustoffe. Ende 2024 hat MPG eine Mahlanlage f\u00fcr die Produktion von Kalksteinmehl und Zement in Betrieb genommen.<\/p><p data-start=\"1195\" data-end=\"1470\">W\u00e4hrend des Besuchs der Verwaltungsspitze wurde deutlich, dass sich beide Unternehmen auf unterschiedliche Weise f\u00fcr Innovation und die Zukunft der Region einsetzen. Dies wird durch das Engagement der Mitarbeitenden, die gr\u00f6\u00dftenteils aus der Region stammen, noch verst\u00e4rkt.<\/p>\t\t\t\t\t\t\t\t<\/div>\n\t\t\t\t<div class=\"elementor-element elementor-element-ac80167 elementor-widget elementor-widget-heading\" data-id=\"ac80167\" data-element_type=\"widget\" data-e-type=\"widget\" data-widget_type=\"heading.default\">\n\t\t\t\t\t<h2 class=\"elementor-heading-title elementor-size-default\">Nachhaltige Nutzung von Rohstoffen<\/h2>\t\t\t\t<\/div>\n\t\t\t\t<div class=\"elementor-element elementor-element-4ec15a4 p-remove-bottom-margin margin-bottom-3 elementor-widget elementor-widget-text-editor\" data-id=\"4ec15a4\" data-element_type=\"widget\" data-e-type=\"widget\" data-widget_type=\"text-editor.default\">\n\t\t\t\t\t\t\t\t\t<p data-start=\"761\" data-end=\"1033\">Im Rahmen ihrer Pr\u00e4sentation stellten die Vertreter von AVG und MPG die Ma\u00dfnahmen zur Nutzung sekund\u00e4rer Rohstoffe und zur Nachhaltigkeit der Produktionsprozesse vor. So wird beispielsweise zunehmend recycelter Betonbruch anstelle von Sand und Kies in der Betonproduktion verwendet. Dar\u00fcber hinaus wird in der Zementproduktion immer h\u00e4ufiger Kalkstein eingesetzt, was zu einer Verringerung der CO2-Emissionen beitr\u00e4gt.<\/p>\t\t\t\t\t\t\t\t<\/div>\n\t\t\t\t<div class=\"elementor-element elementor-element-46cdf16 elementor-widget elementor-widget-heading\" data-id=\"46cdf16\" data-element_type=\"widget\" data-e-type=\"widget\" data-widget_type=\"heading.default\">\n\t\t\t\t\t<h2 class=\"elementor-heading-title elementor-size-default\">Innovationen im Transportwesen und im Energieverbrauch<\/h2>\t\t\t\t<\/div>\n\t\t\t\t<div class=\"elementor-element elementor-element-19c261f p-remove-bottom-margin margin-bottom-3 elementor-widget elementor-widget-text-editor\" data-id=\"19c261f\" data-element_type=\"widget\" data-e-type=\"widget\" data-widget_type=\"text-editor.default\">\n\t\t\t\t\t\t\t\t\t<p>AVG und MPG zeigten, wie sie auf sich \u00e4ndernde Marktbedingungen reagieren. So hat beispielsweise ein wichtiger Partner in Deutschland den Umstieg von Kohle auf alternative Energien vollzogen, wobei AVG nicht wiederverwertbares Altholz als nachhaltigere Energiequelle liefert. Dar\u00fcber hinaus wurde die Nutzung der Binnenschifffahrt f\u00fcr den Transport von Zement von Heijen nach Friesland erl\u00e4utert, was zur Verringerung des Stra\u00dfenverkehrs beitr\u00e4gt.<\/p>\t\t\t\t\t\t\t\t<\/div>\n\t\t\t\t<div class=\"elementor-element elementor-element-0724d21 elementor-widget elementor-widget-heading\" data-id=\"0724d21\" data-element_type=\"widget\" data-e-type=\"widget\" data-widget_type=\"heading.default\">\n\t\t\t\t\t<h2 class=\"elementor-heading-title elementor-size-default\">Hafenentwicklung und Mahlwerk<\/h2>\t\t\t\t<\/div>\n\t\t\t\t<div class=\"elementor-element elementor-element-1e1b8b8 p-remove-bottom-margin margin-bottom-3 elementor-widget elementor-widget-text-editor\" data-id=\"1e1b8b8\" data-element_type=\"widget\" data-e-type=\"widget\" data-widget_type=\"text-editor.default\">\n\t\t\t\t\t\t\t\t\t<p>W\u00e4hrend des Besuchs wurden auch kurz die Entwicklungen rund um den Hafen und das Mahlwerk von MPG angesprochen. \u00dcber die geplante Erweiterung des Hafens wird demn\u00e4chst die Verwaltungsrechtsabteilung des \u201eRaad van State\u201c in Den Haag entscheiden. Zum Mahlwerk hat MPG seinen Standpunkt dargelegt, so wie bereits in Gennepnews.<\/p>\t\t\t\t\t\t\t\t<\/div>\n\t\t\t\t<div class=\"elementor-element elementor-element-b9b1742 elementor-widget elementor-widget-heading\" data-id=\"b9b1742\" data-element_type=\"widget\" data-e-type=\"widget\" data-widget_type=\"heading.default\">\n\t\t\t\t\t<h2 class=\"elementor-heading-title elementor-size-default\">Gemeinsam an der Zukunft bauen\n<\/h2>\t\t\t\t<\/div>\n\t\t\t\t<div class=\"elementor-element elementor-element-6601196 p-remove-bottom-margin margin-bottom-3 elementor-widget elementor-widget-text-editor\" data-id=\"6601196\" data-element_type=\"widget\" data-e-type=\"widget\" data-widget_type=\"text-editor.default\">\n\t\t\t\t\t\t\t\t\t<p>Der Besuch vermittelte der kommunalen Verwaltungsspitze einen guten Eindruck von den Bem\u00fchungen von AVG und MPG in den Bereichen Nachhaltigkeit, Innovation und regionales Engagement. Die Erl\u00e4uterungen zur Mahlanlage, zur Hafenentwicklung und zu den Transportentscheidungen zeigen laut der Gemeinde, wie wir als Unternehmen auf aktuelle Fragen in unserer Branche reagieren.<\/p>\t\t\t\t\t\t\t\t<\/div>\n\t\t\t\t<div class=\"elementor-element elementor-element-b037869 p-remove-bottom-margin margin-bottom-3 elementor-widget elementor-widget-text-editor\" data-id=\"b037869\" data-element_type=\"widget\" data-e-type=\"widget\" data-widget_type=\"text-editor.default\">\n\t\t\t\t\t\t\t\t\t<p><strong>Mehr Informationen? Bitte\u00a0<a href=\"https:\/\/www.avg.eu\/de\/kontakt\/\" target=\"_blank\" rel=\"noopener\">kontaktieren<\/a>\u00a0Sie uns.<\/strong><\/p>\t\t\t\t\t\t\t\t<\/div>\n\t\t\t\t<div class=\"elementor-element elementor-element-422dba2 elementor-widget elementor-widget-button\" data-id=\"422dba2\" data-element_type=\"widget\" data-e-type=\"widget\" data-widget_type=\"button.default\">\n\t\t\t\t\t\t\t\t\t\t<a class=\"elementor-button elementor-button-link elementor-size-sm\" href=\"https:\/\/www.avg.eu\/de\/aktuelles\/\">\n\t\t\t\t\t\t<span class=\"elementor-button-content-wrapper\">\n\t\t\t\t\t\t\t\t\t<span class=\"elementor-button-text\">Zur\u00fcck zu Aktuelles<\/span>\n\t\t\t\t\t<\/span>\n\t\t\t\t\t<\/a>\n\t\t\t\t\t\t\t\t<\/div>\n\t\t\t\t<\/div>\n\t\t\t\t\t<\/div>\n\t\t\t\t<\/div>\n\t\t\t\t<\/div>\n\t\t","protected":false},"excerpt":{"rendered":"<p>Am Dienstag, 1. Juli 2025, statteten der B\u00fcrgermeister und die Beigeordneten der Gemeindeverwaltung Gennep der AVG-Gruppe in Heijen einen Besuch ab. Ziel war es, mehr Einblick in die Unternehmensf\u00fchrung sowie in soziale Initiativen und die Nachhaltigkeitsziele von AVG zu gewinnen. Der Unternehmensbesuch fand bei MPG statt, einem der Unternehmen, an denen AVG zusammen mit Partnern beteiligt ist.<\/p>\n","protected":false},"featured_media":22529,"template":"elementor_header_footer","meta":{"_acf_changed":false,"inline_featured_image":false,"site-sidebar-layout":"no-sidebar","site-content-layout":"page-builder","ast-site-content-layout":"full-width-container","site-content-style":"default","site-sidebar-style":"default","ast-global-header-display":"","ast-banner-title-visibility":"","ast-main-header-display":"","ast-hfb-above-header-display":"","ast-hfb-below-header-display":"","ast-hfb-mobile-header-display":"","site-post-title":"","ast-breadcrumbs-content":"","ast-featured-img":"disabled","footer-sml-layout":"","ast-disable-related-posts":"","theme-transparent-header-meta":"default","adv-header-id-meta":"","stick-header-meta":"","header-above-stick-meta":"","header-main-stick-meta":"","header-below-stick-meta":"","astra-migrate-meta-layouts":"set","ast-page-background-enabled":"default","ast-page-background-meta":{"desktop":{"background-color":"var(--ast-global-color-4)","background-image":"","background-repeat":"repeat","background-position":"center center","background-size":"auto","background-attachment":"scroll","background-type":"","background-media":"","overlay-type":"","overlay-color":"","overlay-opacity":"","overlay-gradient":""},"tablet":{"background-color":"","background-image":"","background-repeat":"repeat","background-position":"center center","background-size":"auto","background-attachment":"scroll","background-type":"","background-media":"","overlay-type":"","overlay-color":"","overlay-opacity":"","overlay-gradient":""},"mobile":{"background-color":"","background-image":"","background-repeat":"repeat","background-position":"center center","background-size":"auto","background-attachment":"scroll","background-type":"","background-media":"","overlay-type":"","overlay-color":"","overlay-opacity":"","overlay-gradient":""}},"ast-content-background-meta":{"desktop":{"background-color":"var(--ast-global-color-5)","background-image":"","background-repeat":"repeat","background-position":"center center","background-size":"auto","background-attachment":"scroll","background-type":"","background-media":"","overlay-type":"","overlay-color":"","overlay-opacity":"","overlay-gradient":""},"tablet":{"background-color":"var(--ast-global-color-5)","background-image":"","background-repeat":"repeat","background-position":"center center","background-size":"auto","background-attachment":"scroll","background-type":"","background-media":"","overlay-type":"","overlay-color":"","overlay-opacity":"","overlay-gradient":""},"mobile":{"background-color":"var(--ast-global-color-5)","background-image":"","background-repeat":"repeat","background-position":"center center","background-size":"auto","background-attachment":"scroll","background-type":"","background-media":"","overlay-type":"","overlay-color":"","overlay-opacity":"","overlay-gradient":""}}},"categories":[152],"class_list":["post-22517","nieuws","type-nieuws","status-publish","has-post-thumbnail","hentry","category-allgemein"],"acf":[],"yoast_head":"<!-- This site is optimized with the Yoast SEO plugin v27.3 - https:\/\/yoast.com\/product\/yoast-seo-wordpress\/ -->\n<title>Dr. Michael Lichtmann verst\u00e4rkt AVG-Team<\/title>\n<meta name=\"description\" content=\"Am Dienstag, 1. Juli 2025, statteten der B\u00fcrgermeister und die Beigeordneten der Gemeindeverwaltung Gennep der AVG-Gruppe in Heijen einen...\" \/>\n<meta name=\"robots\" content=\"index, follow, max-snippet:-1, max-image-preview:large, max-video-preview:-1\" \/>\n<link rel=\"canonical\" href=\"https:\/\/www.avg.eu\/de\/buergermeister-und-beigeordnete-von-gennep-besuchen-avg-gruppe\/\" \/>\n<meta property=\"og:locale\" content=\"de_DE\" \/>\n<meta property=\"og:type\" content=\"article\" \/>\n<meta property=\"og:title\" content=\"Dr. Michael Lichtmann verst\u00e4rkt AVG-Team\" \/>\n<meta property=\"og:description\" content=\"Am Dienstag, 1. Juli 2025, statteten der B\u00fcrgermeister und die Beigeordneten der Gemeindeverwaltung Gennep der AVG-Gruppe in Heijen einen...\" \/>\n<meta property=\"og:url\" content=\"https:\/\/www.avg.eu\/de\/buergermeister-und-beigeordnete-von-gennep-besuchen-avg-gruppe\/\" \/>\n<meta property=\"og:site_name\" content=\"AVG\" \/>\n<meta property=\"article:publisher\" content=\"https:\/\/www.facebook.com\/AVG.Heijen\/\" \/>\n<meta property=\"article:modified_time\" content=\"2025-10-08T14:41:17+00:00\" \/>\n<meta property=\"og:image\" content=\"https:\/\/www.avg.eu\/wp-content\/uploads\/2025\/10\/AVG_Kollegium_Burgermeister_Beigeordnete_Gennep_Besuch_AVG-Gruppe_Gemeinde_01.jpg\" \/>\n\t<meta property=\"og:image:width\" content=\"2000\" \/>\n\t<meta property=\"og:image:height\" content=\"1333\" \/>\n\t<meta property=\"og:image:type\" content=\"image\/jpeg\" \/>\n<meta name=\"twitter:card\" content=\"summary_large_image\" \/>\n<meta name=\"twitter:label1\" content=\"Gesch\u00e4tzte Lesezeit\" \/>\n\t<meta name=\"twitter:data1\" content=\"3\u00a0Minuten\" \/>\n<script type=\"application\/ld+json\" class=\"yoast-schema-graph\">{\"@context\":\"https:\\\/\\\/schema.org\",\"@graph\":[{\"@type\":\"WebPage\",\"@id\":\"https:\\\/\\\/www.avg.eu\\\/de\\\/buergermeister-und-beigeordnete-von-gennep-besuchen-avg-gruppe\\\/\",\"url\":\"https:\\\/\\\/www.avg.eu\\\/de\\\/buergermeister-und-beigeordnete-von-gennep-besuchen-avg-gruppe\\\/\",\"name\":\"Dr. Michael Lichtmann verst\u00e4rkt AVG-Team\",\"isPartOf\":{\"@id\":\"https:\\\/\\\/www.avg.eu\\\/de\\\/#website\"},\"primaryImageOfPage\":{\"@id\":\"https:\\\/\\\/www.avg.eu\\\/de\\\/buergermeister-und-beigeordnete-von-gennep-besuchen-avg-gruppe\\\/#primaryimage\"},\"image\":{\"@id\":\"https:\\\/\\\/www.avg.eu\\\/de\\\/buergermeister-und-beigeordnete-von-gennep-besuchen-avg-gruppe\\\/#primaryimage\"},\"thumbnailUrl\":\"https:\\\/\\\/www.avg.eu\\\/wp-content\\\/uploads\\\/2025\\\/10\\\/AVG_Kollegium_Burgermeister_Beigeordnete_Gennep_Besuch_AVG-Gruppe_Gemeinde_01.jpg\",\"datePublished\":\"2025-07-01T13:59:45+00:00\",\"dateModified\":\"2025-10-08T14:41:17+00:00\",\"description\":\"Am Dienstag, 1. Juli 2025, statteten der B\u00fcrgermeister und die Beigeordneten der Gemeindeverwaltung Gennep der AVG-Gruppe in Heijen einen...\",\"breadcrumb\":{\"@id\":\"https:\\\/\\\/www.avg.eu\\\/de\\\/buergermeister-und-beigeordnete-von-gennep-besuchen-avg-gruppe\\\/#breadcrumb\"},\"inLanguage\":\"de\",\"potentialAction\":[{\"@type\":\"ReadAction\",\"target\":[\"https:\\\/\\\/www.avg.eu\\\/de\\\/buergermeister-und-beigeordnete-von-gennep-besuchen-avg-gruppe\\\/\"]}]},{\"@type\":\"ImageObject\",\"inLanguage\":\"de\",\"@id\":\"https:\\\/\\\/www.avg.eu\\\/de\\\/buergermeister-und-beigeordnete-von-gennep-besuchen-avg-gruppe\\\/#primaryimage\",\"url\":\"https:\\\/\\\/www.avg.eu\\\/wp-content\\\/uploads\\\/2025\\\/10\\\/AVG_Kollegium_Burgermeister_Beigeordnete_Gennep_Besuch_AVG-Gruppe_Gemeinde_01.jpg\",\"contentUrl\":\"https:\\\/\\\/www.avg.eu\\\/wp-content\\\/uploads\\\/2025\\\/10\\\/AVG_Kollegium_Burgermeister_Beigeordnete_Gennep_Besuch_AVG-Gruppe_Gemeinde_01.jpg\",\"width\":2000,\"height\":1333,\"caption\":\"AVG_Kollegium_B\u00fcrgermeister_Beigeordnete_Gennep_Besuch_AVG-Gruppe_Gemeinde\"},{\"@type\":\"BreadcrumbList\",\"@id\":\"https:\\\/\\\/www.avg.eu\\\/de\\\/buergermeister-und-beigeordnete-von-gennep-besuchen-avg-gruppe\\\/#breadcrumb\",\"itemListElement\":[{\"@type\":\"ListItem\",\"position\":1,\"name\":\"Home\",\"item\":\"https:\\\/\\\/www.avg.eu\\\/\"},{\"@type\":\"ListItem\",\"position\":2,\"name\":\"B\u00fcrgermeister und Beigeordnete von Gennep besuchen AVG-Gruppe\"}]},{\"@type\":\"WebSite\",\"@id\":\"https:\\\/\\\/www.avg.eu\\\/de\\\/#website\",\"url\":\"https:\\\/\\\/www.avg.eu\\\/de\\\/\",\"name\":\"AVG\",\"description\":\"\",\"publisher\":{\"@id\":\"https:\\\/\\\/www.avg.eu\\\/de\\\/#organization\"},\"potentialAction\":[{\"@type\":\"SearchAction\",\"target\":{\"@type\":\"EntryPoint\",\"urlTemplate\":\"https:\\\/\\\/www.avg.eu\\\/de\\\/?s={search_term_string}\"},\"query-input\":{\"@type\":\"PropertyValueSpecification\",\"valueRequired\":true,\"valueName\":\"search_term_string\"}}],\"inLanguage\":\"de\"},{\"@type\":\"Organization\",\"@id\":\"https:\\\/\\\/www.avg.eu\\\/de\\\/#organization\",\"name\":\"AVG\",\"url\":\"https:\\\/\\\/www.avg.eu\\\/de\\\/\",\"logo\":{\"@type\":\"ImageObject\",\"inLanguage\":\"de\",\"@id\":\"https:\\\/\\\/www.avg.eu\\\/de\\\/#\\\/schema\\\/logo\\\/image\\\/\",\"url\":\"https:\\\/\\\/www.avg.eu\\\/wp-content\\\/uploads\\\/2024\\\/06\\\/logo-avg-1.png\",\"contentUrl\":\"https:\\\/\\\/www.avg.eu\\\/wp-content\\\/uploads\\\/2024\\\/06\\\/logo-avg-1.png\",\"width\":375,\"height\":219,\"caption\":\"AVG\"},\"image\":{\"@id\":\"https:\\\/\\\/www.avg.eu\\\/de\\\/#\\\/schema\\\/logo\\\/image\\\/\"},\"sameAs\":[\"https:\\\/\\\/www.facebook.com\\\/AVG.Heijen\\\/\",\"https:\\\/\\\/www.instagram.com\\\/avgheijen\\\/\",\"https:\\\/\\\/www.linkedin.com\\\/company\\\/avg-bv\\\/\",\"https:\\\/\\\/www.tiktok.com\\\/@avgheijen\"]}]}<\/script>\n<!-- \/ Yoast SEO plugin. -->","yoast_head_json":{"title":"Dr. Michael Lichtmann verst\u00e4rkt AVG-Team","description":"Am Dienstag, 1. Juli 2025, statteten der B\u00fcrgermeister und die Beigeordneten der Gemeindeverwaltung Gennep der AVG-Gruppe in Heijen einen...","robots":{"index":"index","follow":"follow","max-snippet":"max-snippet:-1","max-image-preview":"max-image-preview:large","max-video-preview":"max-video-preview:-1"},"canonical":"https:\/\/www.avg.eu\/de\/buergermeister-und-beigeordnete-von-gennep-besuchen-avg-gruppe\/","og_locale":"de_DE","og_type":"article","og_title":"Dr. Michael Lichtmann verst\u00e4rkt AVG-Team","og_description":"Am Dienstag, 1. Juli 2025, statteten der B\u00fcrgermeister und die Beigeordneten der Gemeindeverwaltung Gennep der AVG-Gruppe in Heijen einen...","og_url":"https:\/\/www.avg.eu\/de\/buergermeister-und-beigeordnete-von-gennep-besuchen-avg-gruppe\/","og_site_name":"AVG","article_publisher":"https:\/\/www.facebook.com\/AVG.Heijen\/","article_modified_time":"2025-10-08T14:41:17+00:00","og_image":[{"width":2000,"height":1333,"url":"https:\/\/www.avg.eu\/wp-content\/uploads\/2025\/10\/AVG_Kollegium_Burgermeister_Beigeordnete_Gennep_Besuch_AVG-Gruppe_Gemeinde_01.jpg","type":"image\/jpeg"}],"twitter_card":"summary_large_image","twitter_misc":{"Gesch\u00e4tzte Lesezeit":"3\u00a0Minuten"},"schema":{"@context":"https:\/\/schema.org","@graph":[{"@type":"WebPage","@id":"https:\/\/www.avg.eu\/de\/buergermeister-und-beigeordnete-von-gennep-besuchen-avg-gruppe\/","url":"https:\/\/www.avg.eu\/de\/buergermeister-und-beigeordnete-von-gennep-besuchen-avg-gruppe\/","name":"Dr. Michael Lichtmann verst\u00e4rkt AVG-Team","isPartOf":{"@id":"https:\/\/www.avg.eu\/de\/#website"},"primaryImageOfPage":{"@id":"https:\/\/www.avg.eu\/de\/buergermeister-und-beigeordnete-von-gennep-besuchen-avg-gruppe\/#primaryimage"},"image":{"@id":"https:\/\/www.avg.eu\/de\/buergermeister-und-beigeordnete-von-gennep-besuchen-avg-gruppe\/#primaryimage"},"thumbnailUrl":"https:\/\/www.avg.eu\/wp-content\/uploads\/2025\/10\/AVG_Kollegium_Burgermeister_Beigeordnete_Gennep_Besuch_AVG-Gruppe_Gemeinde_01.jpg","datePublished":"2025-07-01T13:59:45+00:00","dateModified":"2025-10-08T14:41:17+00:00","description":"Am Dienstag, 1. Juli 2025, statteten der B\u00fcrgermeister und die Beigeordneten der Gemeindeverwaltung Gennep der AVG-Gruppe in Heijen einen...","breadcrumb":{"@id":"https:\/\/www.avg.eu\/de\/buergermeister-und-beigeordnete-von-gennep-besuchen-avg-gruppe\/#breadcrumb"},"inLanguage":"de","potentialAction":[{"@type":"ReadAction","target":["https:\/\/www.avg.eu\/de\/buergermeister-und-beigeordnete-von-gennep-besuchen-avg-gruppe\/"]}]},{"@type":"ImageObject","inLanguage":"de","@id":"https:\/\/www.avg.eu\/de\/buergermeister-und-beigeordnete-von-gennep-besuchen-avg-gruppe\/#primaryimage","url":"https:\/\/www.avg.eu\/wp-content\/uploads\/2025\/10\/AVG_Kollegium_Burgermeister_Beigeordnete_Gennep_Besuch_AVG-Gruppe_Gemeinde_01.jpg","contentUrl":"https:\/\/www.avg.eu\/wp-content\/uploads\/2025\/10\/AVG_Kollegium_Burgermeister_Beigeordnete_Gennep_Besuch_AVG-Gruppe_Gemeinde_01.jpg","width":2000,"height":1333,"caption":"AVG_Kollegium_B\u00fcrgermeister_Beigeordnete_Gennep_Besuch_AVG-Gruppe_Gemeinde"},{"@type":"BreadcrumbList","@id":"https:\/\/www.avg.eu\/de\/buergermeister-und-beigeordnete-von-gennep-besuchen-avg-gruppe\/#breadcrumb","itemListElement":[{"@type":"ListItem","position":1,"name":"Home","item":"https:\/\/www.avg.eu\/"},{"@type":"ListItem","position":2,"name":"B\u00fcrgermeister und Beigeordnete von Gennep besuchen AVG-Gruppe"}]},{"@type":"WebSite","@id":"https:\/\/www.avg.eu\/de\/#website","url":"https:\/\/www.avg.eu\/de\/","name":"AVG","description":"","publisher":{"@id":"https:\/\/www.avg.eu\/de\/#organization"},"potentialAction":[{"@type":"SearchAction","target":{"@type":"EntryPoint","urlTemplate":"https:\/\/www.avg.eu\/de\/?s={search_term_string}"},"query-input":{"@type":"PropertyValueSpecification","valueRequired":true,"valueName":"search_term_string"}}],"inLanguage":"de"},{"@type":"Organization","@id":"https:\/\/www.avg.eu\/de\/#organization","name":"AVG","url":"https:\/\/www.avg.eu\/de\/","logo":{"@type":"ImageObject","inLanguage":"de","@id":"https:\/\/www.avg.eu\/de\/#\/schema\/logo\/image\/","url":"https:\/\/www.avg.eu\/wp-content\/uploads\/2024\/06\/logo-avg-1.png","contentUrl":"https:\/\/www.avg.eu\/wp-content\/uploads\/2024\/06\/logo-avg-1.png","width":375,"height":219,"caption":"AVG"},"image":{"@id":"https:\/\/www.avg.eu\/de\/#\/schema\/logo\/image\/"},"sameAs":["https:\/\/www.facebook.com\/AVG.Heijen\/","https:\/\/www.instagram.com\/avgheijen\/","https:\/\/www.linkedin.com\/company\/avg-bv\/","https:\/\/www.tiktok.com\/@avgheijen"]}]}},"_links":{"self":[{"href":"https:\/\/www.avg.eu\/de\/wp-json\/wp\/v2\/nieuws\/22517","targetHints":{"allow":["GET"]}}],"collection":[{"href":"https:\/\/www.avg.eu\/de\/wp-json\/wp\/v2\/nieuws"}],"about":[{"href":"https:\/\/www.avg.eu\/de\/wp-json\/wp\/v2\/types\/nieuws"}],"version-history":[{"count":5,"href":"https:\/\/www.avg.eu\/de\/wp-json\/wp\/v2\/nieuws\/22517\/revisions"}],"predecessor-version":[{"id":22679,"href":"https:\/\/www.avg.eu\/de\/wp-json\/wp\/v2\/nieuws\/22517\/revisions\/22679"}],"wp:featuredmedia":[{"embeddable":true,"href":"https:\/\/www.avg.eu\/de\/wp-json\/wp\/v2\/media\/22529"}],"wp:attachment":[{"href":"https:\/\/www.avg.eu\/de\/wp-json\/wp\/v2\/media?parent=22517"}],"wp:term":[{"taxonomy":"category","embeddable":true,"href":"https:\/\/www.avg.eu\/de\/wp-json\/wp\/v2\/categories?post=22517"}],"curies":[{"name":"wp","href":"https:\/\/api.w.org\/{rel}","templated":true}]}}