{"id":16540,"date":"2023-10-24T14:25:36","date_gmt":"2023-10-24T14:25:36","guid":{"rendered":"https:\/\/www.avg.eu\/?post_type=nieuws&#038;p=16540"},"modified":"2025-07-17T09:11:16","modified_gmt":"2025-07-17T09:11:16","slug":"avg-haucht-dem-alten-betonwerk-in-wanssum-neues-leben-ein","status":"publish","type":"nieuws","link":"https:\/\/www.avg.eu\/de\/avg-haucht-dem-alten-betonwerk-in-wanssum-neues-leben-ein\/","title":{"rendered":"AVG haucht dem alten Betonwerk in Wanssum neues Leben ein"},"content":{"rendered":"\t\t<div data-elementor-type=\"wp-post\" data-elementor-id=\"16540\" class=\"elementor elementor-16540 elementor-16539\" data-elementor-post-type=\"nieuws\">\n\t\t\t\t<div class=\"elementor-element elementor-element-d90a723 margin-top-2 default-padding-left-right e-flex e-con-boxed e-con e-parent\" data-id=\"d90a723\" data-element_type=\"container\" data-e-type=\"container\">\n\t\t\t\t\t<div class=\"e-con-inner\">\n\t\t\t\t<div class=\"elementor-element elementor-element-8c61341 elementor-widget elementor-widget-text-editor\" data-id=\"8c61341\" data-element_type=\"widget\" data-e-type=\"widget\" data-widget_type=\"text-editor.default\">\n\t\t\t\t\t\t\t\t\t<div><div class='breadcrumb'><a href='https:\/\/www.avg.eu\/de\/'>Home<\/a> > <a href='https:\/\/www.avg.eu\/de\/aktuelles'>Aktuelles<\/a> > AVG haucht dem alten Betonwerk in Wanssum neues Leben ein<\/div><\/div>\t\t\t\t\t\t\t\t<\/div>\n\t\t\t\t\t<\/div>\n\t\t\t\t<\/div>\n\t\t<div class=\"elementor-element elementor-element-fc1e7ff default-padding-left-right margin-top-4 padding-bottom-6 e-flex e-con-boxed elementor-invisible e-con e-parent\" data-id=\"fc1e7ff\" data-element_type=\"container\" data-e-type=\"container\" data-settings=\"{&quot;animation&quot;:&quot;fadeInUp&quot;,&quot;background_background&quot;:&quot;classic&quot;}\">\n\t\t\t\t\t<div class=\"e-con-inner\">\n\t\t<div class=\"elementor-element elementor-element-90f8623 e-con-full padding-top-4 e-flex e-con e-child\" data-id=\"90f8623\" data-element_type=\"container\" data-e-type=\"container\">\n\t\t\t\t<div class=\"elementor-element elementor-element-a6eb2e8 margin-bottom-3 font-size-4 elementor-widget-mobile__width-initial elementor-widget elementor-widget-heading\" data-id=\"a6eb2e8\" data-element_type=\"widget\" data-e-type=\"widget\" data-widget_type=\"heading.default\">\n\t\t\t\t\t<h1 class=\"elementor-heading-title elementor-size-default\">AVG haucht dem alten Betonwerk in Wanssum neues Leben ein<\/h1>\t\t\t\t<\/div>\n\t\t\t\t<div class=\"elementor-element elementor-element-ae90ce8 category-list font-color-1 margin-bottom-3 elementor-widget elementor-widget-text-editor\" data-id=\"ae90ce8\" data-element_type=\"widget\" data-e-type=\"widget\" data-widget_type=\"text-editor.default\">\n\t\t\t\t\t<ul><li class='single-category'>Beton<\/li><li class='single-category'>Standorte<\/li><\/ul>\t\t\t\t<p><\/p>\t\t\t\t\t\t\t\t<\/div>\n\t\t\t\t<div class=\"elementor-element elementor-element-7c28335 margin-bottom-3 elementor--h-position-center elementor--v-position-middle elementor-arrows-position-inside elementor-widget elementor-widget-slides\" data-id=\"7c28335\" data-element_type=\"widget\" data-e-type=\"widget\" data-settings=\"{&quot;navigation&quot;:&quot;arrows&quot;,&quot;autoplay&quot;:&quot;yes&quot;,&quot;pause_on_hover&quot;:&quot;yes&quot;,&quot;pause_on_interaction&quot;:&quot;yes&quot;,&quot;autoplay_speed&quot;:5000,&quot;infinite&quot;:&quot;yes&quot;,&quot;transition&quot;:&quot;slide&quot;,&quot;transition_speed&quot;:500}\" data-widget_type=\"slides.default\">\n\t\t\t\t\t\t\t\t\t\t<div class=\"elementor-slides-wrapper elementor-main-swiper swiper\" role=\"region\" aria-roledescription=\"carousel\" aria-label=\"Slides\" dir=\"ltr\" data-animation=\"fadeInUp\">\n\t\t\t\t<div class=\"swiper-wrapper elementor-slides\">\n\t\t\t\t\t\t\t\t\t\t<div class=\"elementor-repeater-item-765b920 swiper-slide\" role=\"group\" aria-roledescription=\"slide\"><div class=\"swiper-slide-bg\" role=\"img\" aria-label=\"Wanssum_Holcim_betonwerj_AVG_ubernahme_nachhaltigkeit\"><\/div><div class=\"swiper-slide-inner\" ><div class=\"swiper-slide-contents\"><\/div><\/div><\/div><div class=\"elementor-repeater-item-c95aed8 swiper-slide\" role=\"group\" aria-roledescription=\"slide\"><div class=\"swiper-slide-bg\" role=\"img\" aria-label=\"Wanssum_Holcim_betonwerj_AVG_ubernahme_nachhaltigkeit\"><\/div><div class=\"swiper-slide-inner\" ><div class=\"swiper-slide-contents\"><\/div><\/div><\/div><div class=\"elementor-repeater-item-c793baf swiper-slide\" role=\"group\" aria-roledescription=\"slide\"><div class=\"swiper-slide-bg\" role=\"img\" aria-label=\"Wanssum_Holcim_betonwerj_AVG_ubernahme_nachhaltigkeit\"><\/div><div class=\"swiper-slide-inner\" ><div class=\"swiper-slide-contents\"><\/div><\/div><\/div>\t\t\t\t<\/div>\n\t\t\t\t\t\t\t\t\t\t\t\t\t\t\t<div class=\"elementor-swiper-button elementor-swiper-button-prev\" role=\"button\" tabindex=\"0\" aria-label=\"Vorheriger Slide\">\n\t\t\t\t\t\t\t<i aria-hidden=\"true\" class=\"eicon-chevron-left\"><\/i>\t\t\t\t\t\t<\/div>\n\t\t\t\t\t\t<div class=\"elementor-swiper-button elementor-swiper-button-next\" role=\"button\" tabindex=\"0\" aria-label=\"N\u00e4chster Slide\">\n\t\t\t\t\t\t\t<i aria-hidden=\"true\" class=\"eicon-chevron-right\"><\/i>\t\t\t\t\t\t<\/div>\n\t\t\t\t\t\t\t\t\t\t\t\t\t\t\t\t\t<\/div>\n\t\t\t\t\t\t\t\t<\/div>\n\t\t\t\t<div class=\"elementor-element elementor-element-ccac20f p-remove-bottom-margin margin-bottom-3 elementor-widget elementor-widget-text-editor\" data-id=\"ccac20f\" data-element_type=\"widget\" data-e-type=\"widget\" data-widget_type=\"text-editor.default\">\n\t\t\t\t\t\t\t\t\t<p><strong>Es ist schon wieder ein Jahr her, dass AVG das Betonwerk in Wanssum von Holcim \u00fcbernommen hat. Unmittelbar nach der \u00dcbernahme wurden die \u00c4rmel hochgekrempelt und begonnen, dem Standort neues Leben einzuhauchen.<\/strong><\/p><p><strong>Ver\u00e4nderungen im vergangenen Jahr<\/strong><br \/>Im vergangenen Jahr wurde damit begonnen, die Lagerbereiche zu erneuern, das Gel\u00e4nde gr\u00fcndlich zu s\u00e4ubern und das Werk mit hochwertigen Rohstoffen aufzuf\u00fcllen, um die Qualit\u00e4t unseres Betons sicherzustellen. Der veraltete Schaufellader wurde ersetzt und eine neue Software zur optimalen Steuerung des Betonwerks eingef\u00fchrt.<\/p><p><strong>Transformation fortgesetzt<\/strong><br \/>In diesem Jahr wurde die Umgestaltung fortgesetzt, in dem die Au\u00dfenlager versetzt und dem gesamten Werk mit einem neuen Anstrich ein frisches Aussehen verliehen haben. Au\u00dferdem wurden unsere Prozesse deutlich optimiert. Das Ergebnis: Alles l\u00e4uft reibungsloser und unsere Betonmischer k\u00f6nnen schneller beladen werden.<\/p><p><strong>Bedeutende und sichere Zukunft<\/strong><br \/>Mit diesen Anpassungen wurde ein weiterer Meilenstein erreicht, auf den wir stolz sind. Von unseren beiden Standorten in Heijen und Wanssum aus k\u00f6nnen wir nun Beton in der gleichen bew\u00e4hrten Qualit\u00e4t und mit dem gleichen Service liefern. Wir freuen uns darauf, unsere Kunden weiterhin mit Betonl\u00f6sungen zu bedienen, die ihren h\u00f6chsten Anspr\u00fcchen gerecht werden und uns gleichzeitig f\u00fcr eine nachhaltigere Zukunft der Bauindustrie einzusetzen. Gemeinsam mit unseren gesch\u00e4tzten Kunden werden wir auf diesem Fundament aufbauen und eine bedeutungsvolle und sichere Zukunft anstreben.<\/p><p><strong>Mehr informationen? Bitte\u00a0<a href=\"https:\/\/www.avg.eu\/de\/kontakt\/\" target=\"_blank\" rel=\"noopener\">kontaktieren<\/a>\u00a0Sie uns.<\/strong><\/p>\t\t\t\t\t\t\t\t<\/div>\n\t\t\t\t<div class=\"elementor-element elementor-element-422dba2 elementor-widget elementor-widget-button\" data-id=\"422dba2\" data-element_type=\"widget\" data-e-type=\"widget\" data-widget_type=\"button.default\">\n\t\t\t\t\t\t\t\t\t\t<a class=\"elementor-button elementor-button-link elementor-size-sm\" href=\"https:\/\/www.avg.eu\/de\/aktuelles\/\">\n\t\t\t\t\t\t<span class=\"elementor-button-content-wrapper\">\n\t\t\t\t\t\t\t\t\t<span class=\"elementor-button-text\">Zur\u00fcck zu Aktuelles<\/span>\n\t\t\t\t\t<\/span>\n\t\t\t\t\t<\/a>\n\t\t\t\t\t\t\t\t<\/div>\n\t\t\t\t<\/div>\n\t\t\t\t\t<\/div>\n\t\t\t\t<\/div>\n\t\t\t\t<\/div>\n\t\t","protected":false},"excerpt":{"rendered":"<p>Es ist schon wieder ein Jahr her, dass AVG das Betonwerk in Wanssum von Holcim \u00fcbernommen hat. Unmittelbar nach der \u00dcbernahme wurden die \u00c4rmel hochgekrempelt und begonnen, dem Standort neues Leben einzuhauchen.<\/p>\n","protected":false},"featured_media":16557,"template":"elementor_header_footer","meta":{"_acf_changed":false,"inline_featured_image":false,"site-sidebar-layout":"no-sidebar","site-content-layout":"page-builder","ast-site-content-layout":"full-width-container","site-content-style":"default","site-sidebar-style":"default","ast-global-header-display":"","ast-banner-title-visibility":"","ast-main-header-display":"","ast-hfb-above-header-display":"","ast-hfb-below-header-display":"","ast-hfb-mobile-header-display":"","site-post-title":"","ast-breadcrumbs-content":"","ast-featured-img":"disabled","footer-sml-layout":"","ast-disable-related-posts":"","theme-transparent-header-meta":"default","adv-header-id-meta":"","stick-header-meta":"","header-above-stick-meta":"","header-main-stick-meta":"","header-below-stick-meta":"","astra-migrate-meta-layouts":"set","ast-page-background-enabled":"default","ast-page-background-meta":{"desktop":{"background-color":"var(--ast-global-color-4)","background-image":"","background-repeat":"repeat","background-position":"center center","background-size":"auto","background-attachment":"scroll","background-type":"","background-media":"","overlay-type":"","overlay-color":"","overlay-opacity":"","overlay-gradient":""},"tablet":{"background-color":"","background-image":"","background-repeat":"repeat","background-position":"center center","background-size":"auto","background-attachment":"scroll","background-type":"","background-media":"","overlay-type":"","overlay-color":"","overlay-opacity":"","overlay-gradient":""},"mobile":{"background-color":"","background-image":"","background-repeat":"repeat","background-position":"center center","background-size":"auto","background-attachment":"scroll","background-type":"","background-media":"","overlay-type":"","overlay-color":"","overlay-opacity":"","overlay-gradient":""}},"ast-content-background-meta":{"desktop":{"background-color":"var(--ast-global-color-5)","background-image":"","background-repeat":"repeat","background-position":"center center","background-size":"auto","background-attachment":"scroll","background-type":"","background-media":"","overlay-type":"","overlay-color":"","overlay-opacity":"","overlay-gradient":""},"tablet":{"background-color":"var(--ast-global-color-5)","background-image":"","background-repeat":"repeat","background-position":"center center","background-size":"auto","background-attachment":"scroll","background-type":"","background-media":"","overlay-type":"","overlay-color":"","overlay-opacity":"","overlay-gradient":""},"mobile":{"background-color":"var(--ast-global-color-5)","background-image":"","background-repeat":"repeat","background-position":"center center","background-size":"auto","background-attachment":"scroll","background-type":"","background-media":"","overlay-type":"","overlay-color":"","overlay-opacity":"","overlay-gradient":""}}},"categories":[167,149],"class_list":["post-16540","nieuws","type-nieuws","status-publish","has-post-thumbnail","hentry","category-beton-nieuws-de","category-standorte"],"acf":[],"yoast_head":"<!-- This site is optimized with the Yoast SEO plugin v27.3 - https:\/\/yoast.com\/product\/yoast-seo-wordpress\/ -->\n<title>AVG haucht dem alten Betonwerk in Wanssum neues Leben ein<\/title>\n<meta name=\"description\" content=\"Ein Jahr nach der \u00dcbernahme: AVG modernisiert das Betonwerk Wanssum mit neuer Technik, optimierten Prozessen und Beton in bew\u00e4hrter Qualit\u00e4t.\" \/>\n<meta name=\"robots\" content=\"index, follow, max-snippet:-1, max-image-preview:large, max-video-preview:-1\" \/>\n<link rel=\"canonical\" href=\"https:\/\/www.avg.eu\/de\/avg-haucht-dem-alten-betonwerk-in-wanssum-neues-leben-ein\/\" \/>\n<meta property=\"og:locale\" content=\"de_DE\" \/>\n<meta property=\"og:type\" content=\"article\" \/>\n<meta property=\"og:title\" content=\"AVG haucht dem alten Betonwerk in Wanssum neues Leben ein\" \/>\n<meta property=\"og:description\" content=\"Ein Jahr nach der \u00dcbernahme: AVG modernisiert das Betonwerk Wanssum mit neuer Technik, optimierten Prozessen und Beton in bew\u00e4hrter Qualit\u00e4t.\" \/>\n<meta property=\"og:url\" content=\"https:\/\/www.avg.eu\/de\/avg-haucht-dem-alten-betonwerk-in-wanssum-neues-leben-ein\/\" \/>\n<meta property=\"og:site_name\" content=\"AVG\" \/>\n<meta property=\"article:publisher\" content=\"https:\/\/www.facebook.com\/AVG.Heijen\/\" \/>\n<meta property=\"article:modified_time\" content=\"2025-07-17T09:11:16+00:00\" \/>\n<meta property=\"og:image\" content=\"https:\/\/www.avg.eu\/wp-content\/uploads\/2025\/06\/Wanssum_Holcim_betonwerj_AVG_ubernahme_nachhaltigkeit_01.jpg\" \/>\n\t<meta property=\"og:image:width\" content=\"1000\" \/>\n\t<meta property=\"og:image:height\" content=\"667\" \/>\n\t<meta property=\"og:image:type\" content=\"image\/jpeg\" \/>\n<meta name=\"twitter:card\" content=\"summary_large_image\" \/>\n<meta name=\"twitter:label1\" content=\"Gesch\u00e4tzte Lesezeit\" \/>\n\t<meta name=\"twitter:data1\" content=\"2\u00a0Minuten\" \/>\n<script type=\"application\/ld+json\" class=\"yoast-schema-graph\">{\"@context\":\"https:\\\/\\\/schema.org\",\"@graph\":[{\"@type\":\"WebPage\",\"@id\":\"https:\\\/\\\/www.avg.eu\\\/de\\\/avg-haucht-dem-alten-betonwerk-in-wanssum-neues-leben-ein\\\/\",\"url\":\"https:\\\/\\\/www.avg.eu\\\/de\\\/avg-haucht-dem-alten-betonwerk-in-wanssum-neues-leben-ein\\\/\",\"name\":\"AVG haucht dem alten Betonwerk in Wanssum neues Leben ein\",\"isPartOf\":{\"@id\":\"https:\\\/\\\/www.avg.eu\\\/de\\\/#website\"},\"primaryImageOfPage\":{\"@id\":\"https:\\\/\\\/www.avg.eu\\\/de\\\/avg-haucht-dem-alten-betonwerk-in-wanssum-neues-leben-ein\\\/#primaryimage\"},\"image\":{\"@id\":\"https:\\\/\\\/www.avg.eu\\\/de\\\/avg-haucht-dem-alten-betonwerk-in-wanssum-neues-leben-ein\\\/#primaryimage\"},\"thumbnailUrl\":\"https:\\\/\\\/www.avg.eu\\\/wp-content\\\/uploads\\\/2025\\\/06\\\/Wanssum_Holcim_betonwerj_AVG_ubernahme_nachhaltigkeit_01.jpg\",\"datePublished\":\"2023-10-24T14:25:36+00:00\",\"dateModified\":\"2025-07-17T09:11:16+00:00\",\"description\":\"Ein Jahr nach der \u00dcbernahme: AVG modernisiert das Betonwerk Wanssum mit neuer Technik, optimierten Prozessen und Beton in bew\u00e4hrter Qualit\u00e4t.\",\"breadcrumb\":{\"@id\":\"https:\\\/\\\/www.avg.eu\\\/de\\\/avg-haucht-dem-alten-betonwerk-in-wanssum-neues-leben-ein\\\/#breadcrumb\"},\"inLanguage\":\"de\",\"potentialAction\":[{\"@type\":\"ReadAction\",\"target\":[\"https:\\\/\\\/www.avg.eu\\\/de\\\/avg-haucht-dem-alten-betonwerk-in-wanssum-neues-leben-ein\\\/\"]}]},{\"@type\":\"ImageObject\",\"inLanguage\":\"de\",\"@id\":\"https:\\\/\\\/www.avg.eu\\\/de\\\/avg-haucht-dem-alten-betonwerk-in-wanssum-neues-leben-ein\\\/#primaryimage\",\"url\":\"https:\\\/\\\/www.avg.eu\\\/wp-content\\\/uploads\\\/2025\\\/06\\\/Wanssum_Holcim_betonwerj_AVG_ubernahme_nachhaltigkeit_01.jpg\",\"contentUrl\":\"https:\\\/\\\/www.avg.eu\\\/wp-content\\\/uploads\\\/2025\\\/06\\\/Wanssum_Holcim_betonwerj_AVG_ubernahme_nachhaltigkeit_01.jpg\",\"width\":1000,\"height\":667,\"caption\":\"Wanssum_Holcim_betonwerj_AVG_ubernahme_nachhaltigkeit\"},{\"@type\":\"BreadcrumbList\",\"@id\":\"https:\\\/\\\/www.avg.eu\\\/de\\\/avg-haucht-dem-alten-betonwerk-in-wanssum-neues-leben-ein\\\/#breadcrumb\",\"itemListElement\":[{\"@type\":\"ListItem\",\"position\":1,\"name\":\"Home\",\"item\":\"https:\\\/\\\/www.avg.eu\\\/\"},{\"@type\":\"ListItem\",\"position\":2,\"name\":\"AVG haucht dem alten Betonwerk in Wanssum neues Leben ein\"}]},{\"@type\":\"WebSite\",\"@id\":\"https:\\\/\\\/www.avg.eu\\\/de\\\/#website\",\"url\":\"https:\\\/\\\/www.avg.eu\\\/de\\\/\",\"name\":\"AVG\",\"description\":\"\",\"publisher\":{\"@id\":\"https:\\\/\\\/www.avg.eu\\\/de\\\/#organization\"},\"potentialAction\":[{\"@type\":\"SearchAction\",\"target\":{\"@type\":\"EntryPoint\",\"urlTemplate\":\"https:\\\/\\\/www.avg.eu\\\/de\\\/?s={search_term_string}\"},\"query-input\":{\"@type\":\"PropertyValueSpecification\",\"valueRequired\":true,\"valueName\":\"search_term_string\"}}],\"inLanguage\":\"de\"},{\"@type\":\"Organization\",\"@id\":\"https:\\\/\\\/www.avg.eu\\\/de\\\/#organization\",\"name\":\"AVG\",\"url\":\"https:\\\/\\\/www.avg.eu\\\/de\\\/\",\"logo\":{\"@type\":\"ImageObject\",\"inLanguage\":\"de\",\"@id\":\"https:\\\/\\\/www.avg.eu\\\/de\\\/#\\\/schema\\\/logo\\\/image\\\/\",\"url\":\"https:\\\/\\\/www.avg.eu\\\/wp-content\\\/uploads\\\/2024\\\/06\\\/logo-avg-1.png\",\"contentUrl\":\"https:\\\/\\\/www.avg.eu\\\/wp-content\\\/uploads\\\/2024\\\/06\\\/logo-avg-1.png\",\"width\":375,\"height\":219,\"caption\":\"AVG\"},\"image\":{\"@id\":\"https:\\\/\\\/www.avg.eu\\\/de\\\/#\\\/schema\\\/logo\\\/image\\\/\"},\"sameAs\":[\"https:\\\/\\\/www.facebook.com\\\/AVG.Heijen\\\/\",\"https:\\\/\\\/www.instagram.com\\\/avgheijen\\\/\",\"https:\\\/\\\/www.linkedin.com\\\/company\\\/avg-bv\\\/\",\"https:\\\/\\\/www.tiktok.com\\\/@avgheijen\"]}]}<\/script>\n<!-- \/ Yoast SEO plugin. -->","yoast_head_json":{"title":"AVG haucht dem alten Betonwerk in Wanssum neues Leben ein","description":"Ein Jahr nach der \u00dcbernahme: AVG modernisiert das Betonwerk Wanssum mit neuer Technik, optimierten Prozessen und Beton in bew\u00e4hrter Qualit\u00e4t.","robots":{"index":"index","follow":"follow","max-snippet":"max-snippet:-1","max-image-preview":"max-image-preview:large","max-video-preview":"max-video-preview:-1"},"canonical":"https:\/\/www.avg.eu\/de\/avg-haucht-dem-alten-betonwerk-in-wanssum-neues-leben-ein\/","og_locale":"de_DE","og_type":"article","og_title":"AVG haucht dem alten Betonwerk in Wanssum neues Leben ein","og_description":"Ein Jahr nach der \u00dcbernahme: AVG modernisiert das Betonwerk Wanssum mit neuer Technik, optimierten Prozessen und Beton in bew\u00e4hrter Qualit\u00e4t.","og_url":"https:\/\/www.avg.eu\/de\/avg-haucht-dem-alten-betonwerk-in-wanssum-neues-leben-ein\/","og_site_name":"AVG","article_publisher":"https:\/\/www.facebook.com\/AVG.Heijen\/","article_modified_time":"2025-07-17T09:11:16+00:00","og_image":[{"width":1000,"height":667,"url":"https:\/\/www.avg.eu\/wp-content\/uploads\/2025\/06\/Wanssum_Holcim_betonwerj_AVG_ubernahme_nachhaltigkeit_01.jpg","type":"image\/jpeg"}],"twitter_card":"summary_large_image","twitter_misc":{"Gesch\u00e4tzte Lesezeit":"2\u00a0Minuten"},"schema":{"@context":"https:\/\/schema.org","@graph":[{"@type":"WebPage","@id":"https:\/\/www.avg.eu\/de\/avg-haucht-dem-alten-betonwerk-in-wanssum-neues-leben-ein\/","url":"https:\/\/www.avg.eu\/de\/avg-haucht-dem-alten-betonwerk-in-wanssum-neues-leben-ein\/","name":"AVG haucht dem alten Betonwerk in Wanssum neues Leben ein","isPartOf":{"@id":"https:\/\/www.avg.eu\/de\/#website"},"primaryImageOfPage":{"@id":"https:\/\/www.avg.eu\/de\/avg-haucht-dem-alten-betonwerk-in-wanssum-neues-leben-ein\/#primaryimage"},"image":{"@id":"https:\/\/www.avg.eu\/de\/avg-haucht-dem-alten-betonwerk-in-wanssum-neues-leben-ein\/#primaryimage"},"thumbnailUrl":"https:\/\/www.avg.eu\/wp-content\/uploads\/2025\/06\/Wanssum_Holcim_betonwerj_AVG_ubernahme_nachhaltigkeit_01.jpg","datePublished":"2023-10-24T14:25:36+00:00","dateModified":"2025-07-17T09:11:16+00:00","description":"Ein Jahr nach der \u00dcbernahme: AVG modernisiert das Betonwerk Wanssum mit neuer Technik, optimierten Prozessen und Beton in bew\u00e4hrter Qualit\u00e4t.","breadcrumb":{"@id":"https:\/\/www.avg.eu\/de\/avg-haucht-dem-alten-betonwerk-in-wanssum-neues-leben-ein\/#breadcrumb"},"inLanguage":"de","potentialAction":[{"@type":"ReadAction","target":["https:\/\/www.avg.eu\/de\/avg-haucht-dem-alten-betonwerk-in-wanssum-neues-leben-ein\/"]}]},{"@type":"ImageObject","inLanguage":"de","@id":"https:\/\/www.avg.eu\/de\/avg-haucht-dem-alten-betonwerk-in-wanssum-neues-leben-ein\/#primaryimage","url":"https:\/\/www.avg.eu\/wp-content\/uploads\/2025\/06\/Wanssum_Holcim_betonwerj_AVG_ubernahme_nachhaltigkeit_01.jpg","contentUrl":"https:\/\/www.avg.eu\/wp-content\/uploads\/2025\/06\/Wanssum_Holcim_betonwerj_AVG_ubernahme_nachhaltigkeit_01.jpg","width":1000,"height":667,"caption":"Wanssum_Holcim_betonwerj_AVG_ubernahme_nachhaltigkeit"},{"@type":"BreadcrumbList","@id":"https:\/\/www.avg.eu\/de\/avg-haucht-dem-alten-betonwerk-in-wanssum-neues-leben-ein\/#breadcrumb","itemListElement":[{"@type":"ListItem","position":1,"name":"Home","item":"https:\/\/www.avg.eu\/"},{"@type":"ListItem","position":2,"name":"AVG haucht dem alten Betonwerk in Wanssum neues Leben ein"}]},{"@type":"WebSite","@id":"https:\/\/www.avg.eu\/de\/#website","url":"https:\/\/www.avg.eu\/de\/","name":"AVG","description":"","publisher":{"@id":"https:\/\/www.avg.eu\/de\/#organization"},"potentialAction":[{"@type":"SearchAction","target":{"@type":"EntryPoint","urlTemplate":"https:\/\/www.avg.eu\/de\/?s={search_term_string}"},"query-input":{"@type":"PropertyValueSpecification","valueRequired":true,"valueName":"search_term_string"}}],"inLanguage":"de"},{"@type":"Organization","@id":"https:\/\/www.avg.eu\/de\/#organization","name":"AVG","url":"https:\/\/www.avg.eu\/de\/","logo":{"@type":"ImageObject","inLanguage":"de","@id":"https:\/\/www.avg.eu\/de\/#\/schema\/logo\/image\/","url":"https:\/\/www.avg.eu\/wp-content\/uploads\/2024\/06\/logo-avg-1.png","contentUrl":"https:\/\/www.avg.eu\/wp-content\/uploads\/2024\/06\/logo-avg-1.png","width":375,"height":219,"caption":"AVG"},"image":{"@id":"https:\/\/www.avg.eu\/de\/#\/schema\/logo\/image\/"},"sameAs":["https:\/\/www.facebook.com\/AVG.Heijen\/","https:\/\/www.instagram.com\/avgheijen\/","https:\/\/www.linkedin.com\/company\/avg-bv\/","https:\/\/www.tiktok.com\/@avgheijen"]}]}},"_links":{"self":[{"href":"https:\/\/www.avg.eu\/de\/wp-json\/wp\/v2\/nieuws\/16540","targetHints":{"allow":["GET"]}}],"collection":[{"href":"https:\/\/www.avg.eu\/de\/wp-json\/wp\/v2\/nieuws"}],"about":[{"href":"https:\/\/www.avg.eu\/de\/wp-json\/wp\/v2\/types\/nieuws"}],"version-history":[{"count":5,"href":"https:\/\/www.avg.eu\/de\/wp-json\/wp\/v2\/nieuws\/16540\/revisions"}],"predecessor-version":[{"id":19175,"href":"https:\/\/www.avg.eu\/de\/wp-json\/wp\/v2\/nieuws\/16540\/revisions\/19175"}],"wp:featuredmedia":[{"embeddable":true,"href":"https:\/\/www.avg.eu\/de\/wp-json\/wp\/v2\/media\/16557"}],"wp:attachment":[{"href":"https:\/\/www.avg.eu\/de\/wp-json\/wp\/v2\/media?parent=16540"}],"wp:term":[{"taxonomy":"category","embeddable":true,"href":"https:\/\/www.avg.eu\/de\/wp-json\/wp\/v2\/categories?post=16540"}],"curies":[{"name":"wp","href":"https:\/\/api.w.org\/{rel}","templated":true}]}}